{"id":463,"date":"2023-02-20T21:38:36","date_gmt":"2023-02-20T21:38:36","guid":{"rendered":"https:\/\/www.entrearteycultura.es\/?page_id=463"},"modified":"2023-02-27T18:40:44","modified_gmt":"2023-02-27T18:40:44","slug":"que-hacemos-2","status":"publish","type":"page","link":"https:\/\/www.entrearteycultura.es\/?page_id=463","title":{"rendered":"Qu\u00e9 hacemos"},"content":{"rendered":"\t\t<div data-elementor-type=\"wp-page\" data-elementor-id=\"463\" class=\"elementor elementor-463\">\n\t\t\t\t\t\t<section class=\"elementor-section elementor-top-section elementor-element elementor-element-4310543 elementor-section-boxed elementor-section-height-default elementor-section-height-default\" data-id=\"4310543\" data-element_type=\"section\" data-e-type=\"section\">\n\t\t\t\t\t\t<div class=\"elementor-container elementor-column-gap-default\">\n\t\t\t\t\t<div class=\"elementor-column elementor-col-50 elementor-top-column elementor-element elementor-element-c1aa146\" data-id=\"c1aa146\" data-element_type=\"column\" data-e-type=\"column\">\n\t\t\t<div class=\"elementor-widget-wrap elementor-element-populated\">\n\t\t\t\t\t\t<div class=\"elementor-element elementor-element-9eaf2e8 elementor-widget elementor-widget-text-editor\" data-id=\"9eaf2e8\" data-element_type=\"widget\" data-e-type=\"widget\" data-widget_type=\"text-editor.default\">\n\t\t\t\t<div class=\"elementor-widget-container\">\n\t\t\t\t\t\t\t\t\t<p><b>Desarrollo de proyectos<\/b>\u00a0espec\u00edficos y de gesti\u00f3n cultural alrededor del arte y la cultura para particulares y empresas.<\/p><p><span style=\"color: var( --e-global-color-text ); font-weight: var( --e-global-typography-text-font-weight );\"><span style=\"font-family: 'Arial',sans-serif;\">Recorridos<\/span><b><span style=\"color: var( --e-global-color-text );\">\u00a0tem\u00e1ticos y acompa\u00f1amiento de visitas<\/span><\/b> por Madrid y otras ciudades (museos, colecciones, patrimonio, teatros).<\/span><\/p><p><b>Asesoramiento y visitas especializadas<\/b>\u00a0en arte contempor\u00e1neo (galer\u00edas, exposiciones, estudios de artistas, museos).<\/p><p><b>Actividades y viajes<\/b>\u00a0en torno al arte, patrimonio hist\u00f3rico, paisajismo y jardines, m\u00fasica, etc.<\/p><p><b>Conferencias y tertulias<\/b>\u00a0sobre temas de actualidad.<\/p><p><b>Actividades gastron\u00f3micas<\/b>\u00a0(visitas a mercados, catas de vino y productos).<\/p><p>Organizamos\u00a0<b>visitas guiadas individuales y para grupos<\/b>\u00a0en varios idiomas:\u00a0<b>Espa\u00f1ol, Ingl\u00e9s y Franc\u00e9s<\/b><\/p>\t\t\t\t\t\t\t\t<\/div>\n\t\t\t\t<\/div>\n\t\t\t\t\t<\/div>\n\t\t<\/div>\n\t\t\t\t<div class=\"elementor-column elementor-col-50 elementor-top-column elementor-element elementor-element-0cf40f0\" data-id=\"0cf40f0\" data-element_type=\"column\" data-e-type=\"column\">\n\t\t\t<div class=\"elementor-widget-wrap elementor-element-populated\">\n\t\t\t\t\t\t<div class=\"elementor-element elementor-element-e5c906a elementor-widget elementor-widget-image\" data-id=\"e5c906a\" data-element_type=\"widget\" data-e-type=\"widget\" data-widget_type=\"image.default\">\n\t\t\t\t<div class=\"elementor-widget-container\">\n\t\t\t\t\t\t\t\t\t\t\t\t\t\t\t<img fetchpriority=\"high\" decoding=\"async\" width=\"800\" height=\"600\" src=\"https:\/\/www.entrearteycultura.es\/wp-content\/uploads\/2023\/02\/20230120_112257-1024x768.jpg\" class=\"attachment-large size-large wp-image-442\" alt=\"\" srcset=\"https:\/\/www.entrearteycultura.es\/wp-content\/uploads\/2023\/02\/20230120_112257-1024x768.jpg 1024w, https:\/\/www.entrearteycultura.es\/wp-content\/uploads\/2023\/02\/20230120_112257-300x225.jpg 300w, https:\/\/www.entrearteycultura.es\/wp-content\/uploads\/2023\/02\/20230120_112257-768x576.jpg 768w, https:\/\/www.entrearteycultura.es\/wp-content\/uploads\/2023\/02\/20230120_112257-1536x1152.jpg 1536w, https:\/\/www.entrearteycultura.es\/wp-content\/uploads\/2023\/02\/20230120_112257-2048x1536.jpg 2048w, https:\/\/www.entrearteycultura.es\/wp-content\/uploads\/2023\/02\/20230120_112257-80x60.jpg 80w\" sizes=\"(max-width: 800px) 100vw, 800px\" \/>\t\t\t\t\t\t\t\t\t\t\t\t\t\t\t<\/div>\n\t\t\t\t<\/div>\n\t\t\t\t\t<\/div>\n\t\t<\/div>\n\t\t\t\t\t<\/div>\n\t\t<\/section>\n\t\t\t\t<\/div>\n\t\t","protected":false},"excerpt":{"rendered":"<p>Desarrollo de proyectos\u00a0espec\u00edficos y de gesti\u00f3n cultural alrededor del arte y la cultura para particulares y empresas. Recorridos\u00a0tem\u00e1ticos y acompa\u00f1amiento de visitas por Madrid y otras ciudades (museos, colecciones, patrimonio, teatros). Asesoramiento y visitas especializadas\u00a0en arte contempor\u00e1neo (galer\u00edas, exposiciones, estudios de artistas, museos). Actividades y viajes\u00a0en torno al arte, patrimonio hist\u00f3rico, paisajismo y jardines, m\u00fasica, [&hellip;]<\/p>\n","protected":false},"author":1,"featured_media":0,"parent":0,"menu_order":0,"comment_status":"closed","ping_status":"closed","template":"","meta":{"footnotes":""},"class_list":["post-463","page","type-page","status-publish","hentry"],"yoast_head":"<!-- This site is optimized with the Yoast SEO plugin v27.5 - https:\/\/yoast.com\/product\/yoast-seo-wordpress\/ -->\n<title>Qu\u00e9 hacemos - Entre Arte y cultura<\/title>\n<meta name=\"robots\" content=\"index, follow, max-snippet:-1, max-image-preview:large, max-video-preview:-1\" \/>\n<link rel=\"canonical\" href=\"https:\/\/www.entrearteycultura.es\/?page_id=463\" \/>\n<meta property=\"og:locale\" content=\"en_US\" \/>\n<meta property=\"og:type\" content=\"article\" \/>\n<meta property=\"og:title\" content=\"Qu\u00e9 hacemos - Entre Arte y cultura\" \/>\n<meta property=\"og:description\" content=\"Desarrollo de proyectos\u00a0espec\u00edficos y de gesti\u00f3n cultural alrededor del arte y la cultura para particulares y empresas. Recorridos\u00a0tem\u00e1ticos y acompa\u00f1amiento de visitas por Madrid y otras ciudades (museos, colecciones, patrimonio, teatros). Asesoramiento y visitas especializadas\u00a0en arte contempor\u00e1neo (galer\u00edas, exposiciones, estudios de artistas, museos). Actividades y viajes\u00a0en torno al arte, patrimonio hist\u00f3rico, paisajismo y jardines, m\u00fasica, [&hellip;]\" \/>\n<meta property=\"og:url\" content=\"https:\/\/www.entrearteycultura.es\/?page_id=463\" \/>\n<meta property=\"og:site_name\" content=\"Entre Arte y cultura\" \/>\n<meta property=\"article:modified_time\" content=\"2023-02-27T18:40:44+00:00\" \/>\n<meta property=\"og:image\" content=\"https:\/\/www.entrearteycultura.es\/wp-content\/uploads\/2023\/02\/20230120_112257-1024x768.jpg\" \/>\n<meta name=\"twitter:card\" content=\"summary_large_image\" \/>\n<meta name=\"twitter:label1\" content=\"Est. reading time\" \/>\n\t<meta name=\"twitter:data1\" content=\"1 minute\" \/>\n<script type=\"application\/ld+json\" class=\"yoast-schema-graph\">{\"@context\":\"https:\\\/\\\/schema.org\",\"@graph\":[{\"@type\":\"WebPage\",\"@id\":\"https:\\\/\\\/www.entrearteycultura.es\\\/?page_id=463\",\"url\":\"https:\\\/\\\/www.entrearteycultura.es\\\/?page_id=463\",\"name\":\"Qu\u00e9 hacemos - Entre Arte y cultura\",\"isPartOf\":{\"@id\":\"https:\\\/\\\/www.entrearteycultura.es\\\/#website\"},\"primaryImageOfPage\":{\"@id\":\"https:\\\/\\\/www.entrearteycultura.es\\\/?page_id=463#primaryimage\"},\"image\":{\"@id\":\"https:\\\/\\\/www.entrearteycultura.es\\\/?page_id=463#primaryimage\"},\"thumbnailUrl\":\"https:\\\/\\\/www.entrearteycultura.es\\\/wp-content\\\/uploads\\\/2023\\\/02\\\/20230120_112257-1024x768.jpg\",\"datePublished\":\"2023-02-20T21:38:36+00:00\",\"dateModified\":\"2023-02-27T18:40:44+00:00\",\"breadcrumb\":{\"@id\":\"https:\\\/\\\/www.entrearteycultura.es\\\/?page_id=463#breadcrumb\"},\"inLanguage\":\"en-US\",\"potentialAction\":[{\"@type\":\"ReadAction\",\"target\":[\"https:\\\/\\\/www.entrearteycultura.es\\\/?page_id=463\"]}]},{\"@type\":\"ImageObject\",\"inLanguage\":\"en-US\",\"@id\":\"https:\\\/\\\/www.entrearteycultura.es\\\/?page_id=463#primaryimage\",\"url\":\"https:\\\/\\\/www.entrearteycultura.es\\\/wp-content\\\/uploads\\\/2023\\\/02\\\/20230120_112257-1024x768.jpg\",\"contentUrl\":\"https:\\\/\\\/www.entrearteycultura.es\\\/wp-content\\\/uploads\\\/2023\\\/02\\\/20230120_112257-1024x768.jpg\"},{\"@type\":\"BreadcrumbList\",\"@id\":\"https:\\\/\\\/www.entrearteycultura.es\\\/?page_id=463#breadcrumb\",\"itemListElement\":[{\"@type\":\"ListItem\",\"position\":1,\"name\":\"Portada\",\"item\":\"https:\\\/\\\/www.entrearteycultura.es\\\/\"},{\"@type\":\"ListItem\",\"position\":2,\"name\":\"Qu\u00e9 hacemos\"}]},{\"@type\":\"WebSite\",\"@id\":\"https:\\\/\\\/www.entrearteycultura.es\\\/#website\",\"url\":\"https:\\\/\\\/www.entrearteycultura.es\\\/\",\"name\":\"Entre Arte y cultura\",\"description\":\"Viajes, eventos cuturales, conferencias y tertulias\",\"potentialAction\":[{\"@type\":\"SearchAction\",\"target\":{\"@type\":\"EntryPoint\",\"urlTemplate\":\"https:\\\/\\\/www.entrearteycultura.es\\\/?s={search_term_string}\"},\"query-input\":{\"@type\":\"PropertyValueSpecification\",\"valueRequired\":true,\"valueName\":\"search_term_string\"}}],\"inLanguage\":\"en-US\"}]}<\/script>\n<!-- \/ Yoast SEO plugin. -->","yoast_head_json":{"title":"Qu\u00e9 hacemos - Entre Arte y cultura","robots":{"index":"index","follow":"follow","max-snippet":"max-snippet:-1","max-image-preview":"max-image-preview:large","max-video-preview":"max-video-preview:-1"},"canonical":"https:\/\/www.entrearteycultura.es\/?page_id=463","og_locale":"en_US","og_type":"article","og_title":"Qu\u00e9 hacemos - Entre Arte y cultura","og_description":"Desarrollo de proyectos\u00a0espec\u00edficos y de gesti\u00f3n cultural alrededor del arte y la cultura para particulares y empresas. Recorridos\u00a0tem\u00e1ticos y acompa\u00f1amiento de visitas por Madrid y otras ciudades (museos, colecciones, patrimonio, teatros). Asesoramiento y visitas especializadas\u00a0en arte contempor\u00e1neo (galer\u00edas, exposiciones, estudios de artistas, museos). Actividades y viajes\u00a0en torno al arte, patrimonio hist\u00f3rico, paisajismo y jardines, m\u00fasica, [&hellip;]","og_url":"https:\/\/www.entrearteycultura.es\/?page_id=463","og_site_name":"Entre Arte y cultura","article_modified_time":"2023-02-27T18:40:44+00:00","og_image":[{"url":"https:\/\/www.entrearteycultura.es\/wp-content\/uploads\/2023\/02\/20230120_112257-1024x768.jpg","type":"","width":"","height":""}],"twitter_card":"summary_large_image","twitter_misc":{"Est. reading time":"1 minute"},"schema":{"@context":"https:\/\/schema.org","@graph":[{"@type":"WebPage","@id":"https:\/\/www.entrearteycultura.es\/?page_id=463","url":"https:\/\/www.entrearteycultura.es\/?page_id=463","name":"Qu\u00e9 hacemos - Entre Arte y cultura","isPartOf":{"@id":"https:\/\/www.entrearteycultura.es\/#website"},"primaryImageOfPage":{"@id":"https:\/\/www.entrearteycultura.es\/?page_id=463#primaryimage"},"image":{"@id":"https:\/\/www.entrearteycultura.es\/?page_id=463#primaryimage"},"thumbnailUrl":"https:\/\/www.entrearteycultura.es\/wp-content\/uploads\/2023\/02\/20230120_112257-1024x768.jpg","datePublished":"2023-02-20T21:38:36+00:00","dateModified":"2023-02-27T18:40:44+00:00","breadcrumb":{"@id":"https:\/\/www.entrearteycultura.es\/?page_id=463#breadcrumb"},"inLanguage":"en-US","potentialAction":[{"@type":"ReadAction","target":["https:\/\/www.entrearteycultura.es\/?page_id=463"]}]},{"@type":"ImageObject","inLanguage":"en-US","@id":"https:\/\/www.entrearteycultura.es\/?page_id=463#primaryimage","url":"https:\/\/www.entrearteycultura.es\/wp-content\/uploads\/2023\/02\/20230120_112257-1024x768.jpg","contentUrl":"https:\/\/www.entrearteycultura.es\/wp-content\/uploads\/2023\/02\/20230120_112257-1024x768.jpg"},{"@type":"BreadcrumbList","@id":"https:\/\/www.entrearteycultura.es\/?page_id=463#breadcrumb","itemListElement":[{"@type":"ListItem","position":1,"name":"Portada","item":"https:\/\/www.entrearteycultura.es\/"},{"@type":"ListItem","position":2,"name":"Qu\u00e9 hacemos"}]},{"@type":"WebSite","@id":"https:\/\/www.entrearteycultura.es\/#website","url":"https:\/\/www.entrearteycultura.es\/","name":"Entre Arte y cultura","description":"Viajes, eventos cuturales, conferencias y tertulias","potentialAction":[{"@type":"SearchAction","target":{"@type":"EntryPoint","urlTemplate":"https:\/\/www.entrearteycultura.es\/?s={search_term_string}"},"query-input":{"@type":"PropertyValueSpecification","valueRequired":true,"valueName":"search_term_string"}}],"inLanguage":"en-US"}]}},"_links":{"self":[{"href":"https:\/\/www.entrearteycultura.es\/index.php?rest_route=\/wp\/v2\/pages\/463","targetHints":{"allow":["GET"]}}],"collection":[{"href":"https:\/\/www.entrearteycultura.es\/index.php?rest_route=\/wp\/v2\/pages"}],"about":[{"href":"https:\/\/www.entrearteycultura.es\/index.php?rest_route=\/wp\/v2\/types\/page"}],"author":[{"embeddable":true,"href":"https:\/\/www.entrearteycultura.es\/index.php?rest_route=\/wp\/v2\/users\/1"}],"replies":[{"embeddable":true,"href":"https:\/\/www.entrearteycultura.es\/index.php?rest_route=%2Fwp%2Fv2%2Fcomments&post=463"}],"version-history":[{"count":7,"href":"https:\/\/www.entrearteycultura.es\/index.php?rest_route=\/wp\/v2\/pages\/463\/revisions"}],"predecessor-version":[{"id":499,"href":"https:\/\/www.entrearteycultura.es\/index.php?rest_route=\/wp\/v2\/pages\/463\/revisions\/499"}],"wp:attachment":[{"href":"https:\/\/www.entrearteycultura.es\/index.php?rest_route=%2Fwp%2Fv2%2Fmedia&parent=463"}],"curies":[{"name":"wp","href":"https:\/\/api.w.org\/{rel}","templated":true}]}}