{"id":322,"date":"2023-01-09T19:05:50","date_gmt":"2023-01-09T19:05:50","guid":{"rendered":"http:\/\/www.entrearteycultura.es\/?page_id=322"},"modified":"2023-01-09T19:06:51","modified_gmt":"2023-01-09T19:06:51","slug":"eventos-pasados","status":"publish","type":"page","link":"https:\/\/www.entrearteycultura.es\/?page_id=322","title":{"rendered":"Eventos pasados"},"content":{"rendered":"\t\t<div data-elementor-type=\"wp-page\" data-elementor-id=\"322\" class=\"elementor elementor-322\">\n\t\t\t\t\t\t<section class=\"elementor-section elementor-top-section elementor-element elementor-element-cc9f83b elementor-section-boxed elementor-section-height-default elementor-section-height-default\" data-id=\"cc9f83b\" data-element_type=\"section\" data-e-type=\"section\">\n\t\t\t\t\t\t<div class=\"elementor-container elementor-column-gap-default\">\n\t\t\t\t\t<div class=\"elementor-column elementor-col-100 elementor-top-column elementor-element elementor-element-39973655\" data-id=\"39973655\" data-element_type=\"column\" data-e-type=\"column\">\n\t\t\t<div class=\"elementor-widget-wrap elementor-element-populated\">\n\t\t\t\t\t\t<div class=\"elementor-element elementor-element-19f2e030 elementor-widget elementor-widget-text-editor\" data-id=\"19f2e030\" data-element_type=\"widget\" data-e-type=\"widget\" data-widget_type=\"text-editor.default\">\n\t\t\t\t<div class=\"elementor-widget-container\">\n\t\t\t\t\t\t\t\t\t\n<p>Descubre algunos de nuestros eventos pasados ya realizados<\/p>\n\t\t\t\t\t\t\t\t<\/div>\n\t\t\t\t<\/div>\n\t\t\t\t\t<\/div>\n\t\t<\/div>\n\t\t\t\t\t<\/div>\n\t\t<\/section>\n\t\t\t\t<section class=\"elementor-section elementor-top-section elementor-element elementor-element-189ebec elementor-section-boxed elementor-section-height-default elementor-section-height-default\" data-id=\"189ebec\" data-element_type=\"section\" data-e-type=\"section\">\n\t\t\t\t\t\t<div class=\"elementor-container elementor-column-gap-default\">\n\t\t\t\t\t<div class=\"elementor-column elementor-col-100 elementor-top-column elementor-element elementor-element-b428756\" data-id=\"b428756\" data-element_type=\"column\" data-e-type=\"column\">\n\t\t\t<div class=\"elementor-widget-wrap elementor-element-populated\">\n\t\t\t\t\t\t<div class=\"elementor-element elementor-element-fdd214e elementor-widget elementor-widget-text-editor\" data-id=\"fdd214e\" data-element_type=\"widget\" data-e-type=\"widget\" data-widget_type=\"text-editor.default\">\n\t\t\t\t<div class=\"elementor-widget-container\">\n\t\t\t\t\t\t\t\t\t\n        <div class=\"eap__list\">\n            \n<div id=\"post-360\" class=\"eap__event\">\n    <div class=\"eap__img\">\n        <img fetchpriority=\"high\" decoding=\"async\" width=\"1543\" height=\"616\" src=\"https:\/\/www.entrearteycultura.es\/wp-content\/uploads\/2023\/01\/sorolla-1.jpg\" class=\"attachment-post-thumbnail size-post-thumbnail wp-post-image\" alt=\"\" srcset=\"https:\/\/www.entrearteycultura.es\/wp-content\/uploads\/2023\/01\/sorolla-1.jpg 1543w, https:\/\/www.entrearteycultura.es\/wp-content\/uploads\/2023\/01\/sorolla-1-300x120.jpg 300w, https:\/\/www.entrearteycultura.es\/wp-content\/uploads\/2023\/01\/sorolla-1-1024x409.jpg 1024w, https:\/\/www.entrearteycultura.es\/wp-content\/uploads\/2023\/01\/sorolla-1-768x307.jpg 768w, https:\/\/www.entrearteycultura.es\/wp-content\/uploads\/2023\/01\/sorolla-1-1536x613.jpg 1536w, https:\/\/www.entrearteycultura.es\/wp-content\/uploads\/2023\/01\/sorolla-1-150x60.jpg 150w\" sizes=\"(max-width: 1543px) 100vw, 1543px\" \/>    <\/div>\n\n    <div class=\"eap__content\">\n        <!-- header -->\n        <header class=\"eap__header\">\n            <h2 class=\"eap__title\"><a href=\"https:\/\/www.entrearteycultura.es\/?eap_event=visitas-madrid-monumentos-exposiciones\" rel=\"bookmark\">Visitas Madrid 2022<\/a><\/h2>\n            \n                <p class=\"eap__category\">\n                    Eventos pasados                <\/p>\n                            \n<!-- event meta -->\n<p class=\"eap__meta\">\n    \n    <br>\n\n    <\/p>\n\n        <\/header>\n\n        <!-- main -->\n        <main class=\"eap__excerpt\">\n                            <p class=\"eap__more\">\n                    <a href=\"https:\/\/www.entrearteycultura.es\/?eap_event=visitas-madrid-monumentos-exposiciones\">Read more<\/a>\n                <\/p>\n                        <\/main>\n    <\/div>\n<\/div>\n\n<div id=\"post-423\" class=\"eap__event\">\n    <div class=\"eap__img\">\n        <img decoding=\"async\" width=\"960\" height=\"525\" src=\"https:\/\/www.entrearteycultura.es\/wp-content\/uploads\/2023\/02\/Ente-arte-coferencias.jpg\" class=\"attachment-post-thumbnail size-post-thumbnail wp-post-image\" alt=\"\" srcset=\"https:\/\/www.entrearteycultura.es\/wp-content\/uploads\/2023\/02\/Ente-arte-coferencias.jpg 960w, https:\/\/www.entrearteycultura.es\/wp-content\/uploads\/2023\/02\/Ente-arte-coferencias-300x164.jpg 300w, https:\/\/www.entrearteycultura.es\/wp-content\/uploads\/2023\/02\/Ente-arte-coferencias-768x420.jpg 768w, https:\/\/www.entrearteycultura.es\/wp-content\/uploads\/2023\/02\/Ente-arte-coferencias-110x60.jpg 110w\" sizes=\"(max-width: 960px) 100vw, 960px\" \/>    <\/div>\n\n    <div class=\"eap__content\">\n        <!-- header -->\n        <header class=\"eap__header\">\n            <h2 class=\"eap__title\"><a href=\"https:\/\/www.entrearteycultura.es\/?eap_event=conferencias-y-experiencias-2022\" rel=\"bookmark\">Conferencias y experiencias 2022<\/a><\/h2>\n            \n                <p class=\"eap__category\">\n                    Eventos pasados                <\/p>\n                            \n<!-- event meta -->\n<p class=\"eap__meta\">\n    \n    <br>\n\n    <\/p>\n\n        <\/header>\n\n        <!-- main -->\n        <main class=\"eap__excerpt\">\n                            <p class=\"eap__more\">\n                    <a href=\"https:\/\/www.entrearteycultura.es\/?eap_event=conferencias-y-experiencias-2022\">Read more<\/a>\n                <\/p>\n                        <\/main>\n    <\/div>\n<\/div>\n\n<div id=\"post-426\" class=\"eap__event\">\n    <div class=\"eap__img\">\n        <img decoding=\"async\" width=\"1147\" height=\"568\" src=\"https:\/\/www.entrearteycultura.es\/wp-content\/uploads\/2023\/02\/castillo-.jpg\" class=\"attachment-post-thumbnail size-post-thumbnail wp-post-image\" alt=\"\" srcset=\"https:\/\/www.entrearteycultura.es\/wp-content\/uploads\/2023\/02\/castillo-.jpg 1147w, https:\/\/www.entrearteycultura.es\/wp-content\/uploads\/2023\/02\/castillo--300x149.jpg 300w, https:\/\/www.entrearteycultura.es\/wp-content\/uploads\/2023\/02\/castillo--1024x507.jpg 1024w, https:\/\/www.entrearteycultura.es\/wp-content\/uploads\/2023\/02\/castillo--768x380.jpg 768w, https:\/\/www.entrearteycultura.es\/wp-content\/uploads\/2023\/02\/castillo--121x60.jpg 121w\" sizes=\"(max-width: 1147px) 100vw, 1147px\" \/>    <\/div>\n\n    <div class=\"eap__content\">\n        <!-- header -->\n        <header class=\"eap__header\">\n            <h2 class=\"eap__title\"><a href=\"https:\/\/www.entrearteycultura.es\/?eap_event=viajes-y-escapadas-2022\" rel=\"bookmark\">Viajes y escapadas 2022<\/a><\/h2>\n            \n                <p class=\"eap__category\">\n                    Eventos pasados                <\/p>\n                            \n<!-- event meta -->\n<p class=\"eap__meta\">\n    \n    <br>\n\n    <\/p>\n\n        <\/header>\n\n        <!-- main -->\n        <main class=\"eap__excerpt\">\n                            <p class=\"eap__more\">\n                    <a href=\"https:\/\/www.entrearteycultura.es\/?eap_event=viajes-y-escapadas-2022\">Read more<\/a>\n                <\/p>\n                        <\/main>\n    <\/div>\n<\/div>\n\n<div id=\"post-703\" class=\"eap__event\">\n    <div class=\"eap__img\">\n        <img loading=\"lazy\" decoding=\"async\" width=\"942\" height=\"331\" src=\"https:\/\/www.entrearteycultura.es\/wp-content\/uploads\/2023\/10\/Imagen1.png\" class=\"attachment-post-thumbnail size-post-thumbnail wp-post-image\" alt=\"\" srcset=\"https:\/\/www.entrearteycultura.es\/wp-content\/uploads\/2023\/10\/Imagen1.png 942w, https:\/\/www.entrearteycultura.es\/wp-content\/uploads\/2023\/10\/Imagen1-300x105.png 300w, https:\/\/www.entrearteycultura.es\/wp-content\/uploads\/2023\/10\/Imagen1-768x270.png 768w, https:\/\/www.entrearteycultura.es\/wp-content\/uploads\/2023\/10\/Imagen1-171x60.png 171w\" sizes=\"(max-width: 942px) 100vw, 942px\" \/>    <\/div>\n\n    <div class=\"eap__content\">\n        <!-- header -->\n        <header class=\"eap__header\">\n            <h2 class=\"eap__title\"><a href=\"https:\/\/www.entrearteycultura.es\/?eap_event=toledo-privado\" rel=\"bookmark\">TOLEDO DESCONOCIDO<\/a><\/h2>\n            \n                <p class=\"eap__category\">\n                    Eventos pasados                <\/p>\n                            \n<!-- event meta -->\n<p class=\"eap__meta\">\n    \n    <br>\n\n    <\/p>\n\n        <\/header>\n\n        <!-- main -->\n        <main class=\"eap__excerpt\">\n                            <p class=\"eap__more\">\n                    <a href=\"https:\/\/www.entrearteycultura.es\/?eap_event=toledo-privado\">Read more<\/a>\n                <\/p>\n                        <\/main>\n    <\/div>\n<\/div>\n\n<div id=\"post-170\" class=\"eap__event\">\n    <div class=\"eap__img\">\n        <img loading=\"lazy\" decoding=\"async\" width=\"811\" height=\"573\" src=\"https:\/\/www.entrearteycultura.es\/wp-content\/uploads\/2023\/01\/lazaro-galdiano.jpg\" class=\"attachment-post-thumbnail size-post-thumbnail wp-post-image\" alt=\"\" srcset=\"https:\/\/www.entrearteycultura.es\/wp-content\/uploads\/2023\/01\/lazaro-galdiano.jpg 811w, https:\/\/www.entrearteycultura.es\/wp-content\/uploads\/2023\/01\/lazaro-galdiano-300x212.jpg 300w, https:\/\/www.entrearteycultura.es\/wp-content\/uploads\/2023\/01\/lazaro-galdiano-768x543.jpg 768w, https:\/\/www.entrearteycultura.es\/wp-content\/uploads\/2023\/01\/lazaro-galdiano-85x60.jpg 85w\" sizes=\"(max-width: 811px) 100vw, 811px\" \/>    <\/div>\n\n    <div class=\"eap__content\">\n        <!-- header -->\n        <header class=\"eap__header\">\n            <h2 class=\"eap__title\"><a href=\"https:\/\/www.entrearteycultura.es\/?eap_event=visita-al-museo-lazaro-galdiano\" rel=\"bookmark\">Visita al Museo L\u00e1zaro Galdiano<\/a><\/h2>\n            \n                <p class=\"eap__category\">\n                    Eventos pasados                <\/p>\n                            \n<!-- event meta -->\n<p class=\"eap__meta\">\n            <span class=\"eap__date no-wrap\">\n            <span class=\"dashicons dashicons-calendar-alt\"><\/span> Saturday 14 January, 2023        <\/span>\n         |         <span class=\"eap__time no-wrap\">\n            <span class=\"dashicons dashicons-clock\"><\/span> 11:00         <\/span>\n        \n    <br>\n\n    Museo L\u00e1zaro Galdiano<\/p>\n\n        <\/header>\n\n        <!-- main -->\n        <main class=\"eap__excerpt\">\n                            <p class=\"eap__more\">\n                    <a href=\"https:\/\/www.entrearteycultura.es\/?eap_event=visita-al-museo-lazaro-galdiano\">Read more<\/a>\n                <\/p>\n                        <\/main>\n    <\/div>\n<\/div>\n\n<div id=\"post-257\" class=\"eap__event\">\n    <div class=\"eap__img\">\n        <img loading=\"lazy\" decoding=\"async\" width=\"1019\" height=\"841\" src=\"https:\/\/www.entrearteycultura.es\/wp-content\/uploads\/2023\/01\/celeste.jpg\" class=\"attachment-post-thumbnail size-post-thumbnail wp-post-image\" alt=\"\" srcset=\"https:\/\/www.entrearteycultura.es\/wp-content\/uploads\/2023\/01\/celeste.jpg 1019w, https:\/\/www.entrearteycultura.es\/wp-content\/uploads\/2023\/01\/celeste-300x248.jpg 300w, https:\/\/www.entrearteycultura.es\/wp-content\/uploads\/2023\/01\/celeste-768x634.jpg 768w, https:\/\/www.entrearteycultura.es\/wp-content\/uploads\/2023\/01\/celeste-73x60.jpg 73w\" sizes=\"(max-width: 1019px) 100vw, 1019px\" \/>    <\/div>\n\n    <div class=\"eap__content\">\n        <!-- header -->\n        <header class=\"eap__header\">\n            <h2 class=\"eap__title\"><a href=\"https:\/\/www.entrearteycultura.es\/?eap_event=confeydnzacelestecerezo\" rel=\"bookmark\">Conferencia y exhibici\u00f3n: \u201cLa magia de la danza espa\u00f1ola, \u00fanica en el Mundo&#8221;<\/a><\/h2>\n            \n                <p class=\"eap__category\">\n                    Eventos pasados                <\/p>\n                            \n<!-- event meta -->\n<p class=\"eap__meta\">\n            <span class=\"eap__date no-wrap\">\n            <span class=\"dashicons dashicons-calendar-alt\"><\/span> Tuesday 17 January, 2023        <\/span>\n         |         <span class=\"eap__time no-wrap\">\n            <span class=\"dashicons dashicons-clock\"><\/span> 19:30         <\/span>\n        \n    <br>\n\n    Rinc\u00f3n de Entre Arte<\/p>\n\n        <\/header>\n\n        <!-- main -->\n        <main class=\"eap__excerpt\">\n                            <p class=\"eap__more\">\n                    <a href=\"https:\/\/www.entrearteycultura.es\/?eap_event=confeydnzacelestecerezo\">Read more<\/a>\n                <\/p>\n                        <\/main>\n    <\/div>\n<\/div>\n\n<div id=\"post-259\" class=\"eap__event\">\n    <div class=\"eap__img\">\n        <img loading=\"lazy\" decoding=\"async\" width=\"1289\" height=\"732\" src=\"https:\/\/www.entrearteycultura.es\/wp-content\/uploads\/2023\/01\/col-banco-santander.jpg\" class=\"attachment-post-thumbnail size-post-thumbnail wp-post-image\" alt=\"\" srcset=\"https:\/\/www.entrearteycultura.es\/wp-content\/uploads\/2023\/01\/col-banco-santander.jpg 1289w, https:\/\/www.entrearteycultura.es\/wp-content\/uploads\/2023\/01\/col-banco-santander-300x170.jpg 300w, https:\/\/www.entrearteycultura.es\/wp-content\/uploads\/2023\/01\/col-banco-santander-1024x582.jpg 1024w, https:\/\/www.entrearteycultura.es\/wp-content\/uploads\/2023\/01\/col-banco-santander-768x436.jpg 768w, https:\/\/www.entrearteycultura.es\/wp-content\/uploads\/2023\/01\/col-banco-santander-106x60.jpg 106w\" sizes=\"(max-width: 1289px) 100vw, 1289px\" \/>    <\/div>\n\n    <div class=\"eap__content\">\n        <!-- header -->\n        <header class=\"eap__header\">\n            <h2 class=\"eap__title\"><a href=\"https:\/\/www.entrearteycultura.es\/?eap_event=visita-arte-santander-2023\" rel=\"bookmark\">Visita a la colecci\u00f3n de arte del Banco Santander<\/a><\/h2>\n            \n                <p class=\"eap__category\">\n                    Eventos pasados                <\/p>\n                            \n<!-- event meta -->\n<p class=\"eap__meta\">\n            <span class=\"eap__date no-wrap\">\n            <span class=\"dashicons dashicons-calendar-alt\"><\/span> Friday 20 January, 2023        <\/span>\n         |         <span class=\"eap__time no-wrap\">\n            <span class=\"dashicons dashicons-clock\"><\/span> 10:45         <\/span>\n        \n    <br>\n\n    <\/p>\n\n        <\/header>\n\n        <!-- main -->\n        <main class=\"eap__excerpt\">\n                            <p class=\"eap__more\">\n                    <a href=\"https:\/\/www.entrearteycultura.es\/?eap_event=visita-arte-santander-2023\">Read more<\/a>\n                <\/p>\n                        <\/main>\n    <\/div>\n<\/div>\n\n<div id=\"post-185\" class=\"eap__event\">\n    <div class=\"eap__img\">\n        <img loading=\"lazy\" decoding=\"async\" width=\"296\" height=\"151\" src=\"https:\/\/www.entrearteycultura.es\/wp-content\/uploads\/2023\/01\/Captura-de-pantalla-2023-01-07-a-las-13.42.33.png\" class=\"attachment-post-thumbnail size-post-thumbnail wp-post-image\" alt=\"\" srcset=\"https:\/\/www.entrearteycultura.es\/wp-content\/uploads\/2023\/01\/Captura-de-pantalla-2023-01-07-a-las-13.42.33.png 296w, https:\/\/www.entrearteycultura.es\/wp-content\/uploads\/2023\/01\/Captura-de-pantalla-2023-01-07-a-las-13.42.33-118x60.png 118w\" sizes=\"(max-width: 296px) 100vw, 296px\" \/>    <\/div>\n\n    <div class=\"eap__content\">\n        <!-- header -->\n        <header class=\"eap__header\">\n            <h2 class=\"eap__title\"><a href=\"https:\/\/www.entrearteycultura.es\/?eap_event=viajemarrakech2023\" rel=\"bookmark\">MARRAKECH,\u00a0arte y jardines<\/a><\/h2>\n            \n                <p class=\"eap__category\">\n                    Eventos pasados                <\/p>\n                            \n<!-- event meta -->\n<p class=\"eap__meta\">\n            <span class=\"eap__date no-wrap\">\n            <span class=\"dashicons dashicons-calendar-alt\"><\/span> Saturday 28 January, 2023        <\/span>\n         \u2013         <span class=\"eap__date no-wrap\">\n            <span class=\"dashicons dashicons-calendar-alt\"><\/span> Wednesday 1 February, 2023        <\/span>\n        \n    <br>\n\n    Marrakech<\/p>\n\n        <\/header>\n\n        <!-- main -->\n        <main class=\"eap__excerpt\">\n                            <p class=\"eap__more\">\n                    <a href=\"https:\/\/www.entrearteycultura.es\/?eap_event=viajemarrakech2023\">Read more<\/a>\n                <\/p>\n                        <\/main>\n    <\/div>\n<\/div>\n\n<div id=\"post-261\" class=\"eap__event\">\n    <div class=\"eap__img\">\n        <img loading=\"lazy\" decoding=\"async\" width=\"578\" height=\"756\" src=\"https:\/\/www.entrearteycultura.es\/wp-content\/uploads\/2023\/01\/picasso-Beneyto.png\" class=\"attachment-post-thumbnail size-post-thumbnail wp-post-image\" alt=\"\" srcset=\"https:\/\/www.entrearteycultura.es\/wp-content\/uploads\/2023\/01\/picasso-Beneyto.png 578w, https:\/\/www.entrearteycultura.es\/wp-content\/uploads\/2023\/01\/picasso-Beneyto-229x300.png 229w, https:\/\/www.entrearteycultura.es\/wp-content\/uploads\/2023\/01\/picasso-Beneyto-46x60.png 46w\" sizes=\"(max-width: 578px) 100vw, 578px\" \/>    <\/div>\n\n    <div class=\"eap__content\">\n        <!-- header -->\n        <header class=\"eap__header\">\n            <h2 class=\"eap__title\"><a href=\"https:\/\/www.entrearteycultura.es\/?eap_event=conferencia-entender-el-arte-de-picasso-rincon-de-entre-arte\" rel=\"bookmark\">Conferencia: \u201cEntender el arte de Picasso\u201d<\/a><\/h2>\n            \n                <p class=\"eap__category\">\n                    Eventos pasados                <\/p>\n                            \n<!-- event meta -->\n<p class=\"eap__meta\">\n            <span class=\"eap__date no-wrap\">\n            <span class=\"dashicons dashicons-calendar-alt\"><\/span> Tuesday 7 February, 2023        <\/span>\n         |         <span class=\"eap__time no-wrap\">\n            <span class=\"dashicons dashicons-clock\"><\/span> 19:30         <\/span>\n        \n    <br>\n\n                <a href=\"Coraz\u00f3n de Mar\u00eda,6. Madrid\" target=\"_blank\" class=\"eap__location\">Rinc\u00f3n de Entre Arte<\/a>\n            <\/p>\n\n        <\/header>\n\n        <!-- main -->\n        <main class=\"eap__excerpt\">\n                            <p class=\"eap__more\">\n                    <a href=\"https:\/\/www.entrearteycultura.es\/?eap_event=conferencia-entender-el-arte-de-picasso-rincon-de-entre-arte\">Read more<\/a>\n                <\/p>\n                        <\/main>\n    <\/div>\n<\/div>\n\n<div id=\"post-357\" class=\"eap__event\">\n    <div class=\"eap__img\">\n        <img loading=\"lazy\" decoding=\"async\" width=\"294\" height=\"171\" src=\"https:\/\/www.entrearteycultura.es\/wp-content\/uploads\/2023\/02\/reina-sofia.jpeg\" class=\"attachment-post-thumbnail size-post-thumbnail wp-post-image\" alt=\"\" srcset=\"https:\/\/www.entrearteycultura.es\/wp-content\/uploads\/2023\/02\/reina-sofia.jpeg 294w, https:\/\/www.entrearteycultura.es\/wp-content\/uploads\/2023\/02\/reina-sofia-103x60.jpeg 103w\" sizes=\"(max-width: 294px) 100vw, 294px\" \/>    <\/div>\n\n    <div class=\"eap__content\">\n        <!-- header -->\n        <header class=\"eap__header\">\n            <h2 class=\"eap__title\"><a href=\"https:\/\/www.entrearteycultura.es\/?eap_event=picasso-cubismo-visita-aprender-arte-pintura\" rel=\"bookmark\">Visita guiada a la colecci\u00f3n de Picasso en el Museo Reina Sof\u00eda<\/a><\/h2>\n            \n                <p class=\"eap__category\">\n                    Eventos pasados                <\/p>\n                            \n<!-- event meta -->\n<p class=\"eap__meta\">\n            <span class=\"eap__date no-wrap\">\n            <span class=\"dashicons dashicons-calendar-alt\"><\/span> Thursday 9 February, 2023        <\/span>\n         |         <span class=\"eap__time no-wrap\">\n            <span class=\"dashicons dashicons-clock\"><\/span> 19:00         <\/span>\n        \n    <br>\n\n    Museo Nacional Centro de Arte Reina Sof\u00eda<\/p>\n\n        <\/header>\n\n        <!-- main -->\n        <main class=\"eap__excerpt\">\n                            <p class=\"eap__more\">\n                    <a href=\"https:\/\/www.entrearteycultura.es\/?eap_event=picasso-cubismo-visita-aprender-arte-pintura\">Read more<\/a>\n                <\/p>\n                        <\/main>\n    <\/div>\n<\/div>\n\n<div id=\"post-267\" class=\"eap__event\">\n    <div class=\"eap__img\">\n        <img loading=\"lazy\" decoding=\"async\" width=\"836\" height=\"520\" src=\"https:\/\/www.entrearteycultura.es\/wp-content\/uploads\/2023\/01\/arco23.jpg\" class=\"attachment-post-thumbnail size-post-thumbnail wp-post-image\" alt=\"\" srcset=\"https:\/\/www.entrearteycultura.es\/wp-content\/uploads\/2023\/01\/arco23.jpg 836w, https:\/\/www.entrearteycultura.es\/wp-content\/uploads\/2023\/01\/arco23-300x187.jpg 300w, https:\/\/www.entrearteycultura.es\/wp-content\/uploads\/2023\/01\/arco23-768x478.jpg 768w, https:\/\/www.entrearteycultura.es\/wp-content\/uploads\/2023\/01\/arco23-96x60.jpg 96w\" sizes=\"(max-width: 836px) 100vw, 836px\" \/>    <\/div>\n\n    <div class=\"eap__content\">\n        <!-- header -->\n        <header class=\"eap__header\">\n            <h2 class=\"eap__title\"><a href=\"https:\/\/www.entrearteycultura.es\/?eap_event=visita-arco-2023\" rel=\"bookmark\">Visita a ARCO (Feria de Arte Contempor\u00e1neo)<\/a><\/h2>\n            \n                <p class=\"eap__category\">\n                    Eventos pasados                <\/p>\n                            \n<!-- event meta -->\n<p class=\"eap__meta\">\n            <span class=\"eap__date no-wrap\">\n            <span class=\"dashicons dashicons-calendar-alt\"><\/span> Friday 24 February, 2023        <\/span>\n         |         <span class=\"eap__time no-wrap\">\n            <span class=\"dashicons dashicons-clock\"><\/span> 17:00         <\/span>\n        \n    <br>\n\n    ARCO<\/p>\n\n        <\/header>\n\n        <!-- main -->\n        <main class=\"eap__excerpt\">\n                            <p class=\"eap__more\">\n                    <a href=\"https:\/\/www.entrearteycultura.es\/?eap_event=visita-arco-2023\">Read more<\/a>\n                <\/p>\n                        <\/main>\n    <\/div>\n<\/div>\n\n<div id=\"post-342\" class=\"eap__event\">\n    <div class=\"eap__img\">\n        <img loading=\"lazy\" decoding=\"async\" width=\"2133\" height=\"941\" src=\"https:\/\/www.entrearteycultura.es\/wp-content\/uploads\/2023\/01\/SOLO.jpg\" class=\"attachment-post-thumbnail size-post-thumbnail wp-post-image\" alt=\"\" srcset=\"https:\/\/www.entrearteycultura.es\/wp-content\/uploads\/2023\/01\/SOLO.jpg 2133w, https:\/\/www.entrearteycultura.es\/wp-content\/uploads\/2023\/01\/SOLO-300x132.jpg 300w, https:\/\/www.entrearteycultura.es\/wp-content\/uploads\/2023\/01\/SOLO-1024x452.jpg 1024w, https:\/\/www.entrearteycultura.es\/wp-content\/uploads\/2023\/01\/SOLO-768x339.jpg 768w, https:\/\/www.entrearteycultura.es\/wp-content\/uploads\/2023\/01\/SOLO-1536x678.jpg 1536w, https:\/\/www.entrearteycultura.es\/wp-content\/uploads\/2023\/01\/SOLO-2048x904.jpg 2048w, https:\/\/www.entrearteycultura.es\/wp-content\/uploads\/2023\/01\/SOLO-136x60.jpg 136w\" sizes=\"(max-width: 2133px) 100vw, 2133px\" \/>    <\/div>\n\n    <div class=\"eap__content\">\n        <!-- header -->\n        <header class=\"eap__header\">\n            <h2 class=\"eap__title\"><a href=\"https:\/\/www.entrearteycultura.es\/?eap_event=visita-coleccion-privada-arte-contemporaneo-madrid-marzo\" rel=\"bookmark\"><strong>Visita a la colecci\u00f3n SOLO<\/strong><\/a><\/h2>\n            \n                <p class=\"eap__category\">\n                    Eventos pasados                <\/p>\n                            \n<!-- event meta -->\n<p class=\"eap__meta\">\n            <span class=\"eap__date no-wrap\">\n            <span class=\"dashicons dashicons-calendar-alt\"><\/span> Friday 3 March, 2023        <\/span>\n         |         <span class=\"eap__time no-wrap\">\n            <span class=\"dashicons dashicons-clock\"><\/span> 19:00         <\/span>\n        \n    <br>\n\n    <\/p>\n\n        <\/header>\n\n        <!-- main -->\n        <main class=\"eap__excerpt\">\n                            <p class=\"eap__more\">\n                    <a href=\"https:\/\/www.entrearteycultura.es\/?eap_event=visita-coleccion-privada-arte-contemporaneo-madrid-marzo\">Read more<\/a>\n                <\/p>\n                        <\/main>\n    <\/div>\n<\/div>\n\n<div id=\"post-349\" class=\"eap__event\">\n    <div class=\"eap__img\">\n        <img loading=\"lazy\" decoding=\"async\" width=\"825\" height=\"432\" src=\"https:\/\/www.entrearteycultura.es\/wp-content\/uploads\/2023\/01\/foto-quesos-1.jpg\" class=\"attachment-post-thumbnail size-post-thumbnail wp-post-image\" alt=\"\" srcset=\"https:\/\/www.entrearteycultura.es\/wp-content\/uploads\/2023\/01\/foto-quesos-1.jpg 825w, https:\/\/www.entrearteycultura.es\/wp-content\/uploads\/2023\/01\/foto-quesos-1-300x157.jpg 300w, https:\/\/www.entrearteycultura.es\/wp-content\/uploads\/2023\/01\/foto-quesos-1-768x402.jpg 768w, https:\/\/www.entrearteycultura.es\/wp-content\/uploads\/2023\/01\/foto-quesos-1-115x60.jpg 115w\" sizes=\"(max-width: 825px) 100vw, 825px\" \/>    <\/div>\n\n    <div class=\"eap__content\">\n        <!-- header -->\n        <header class=\"eap__header\">\n            <h2 class=\"eap__title\"><a href=\"https:\/\/www.entrearteycultura.es\/?eap_event=cata-de-quesos\" rel=\"bookmark\">Cata de quesos<\/a><\/h2>\n            \n                <p class=\"eap__category\">\n                    Eventos pasados                <\/p>\n                            \n<!-- event meta -->\n<p class=\"eap__meta\">\n            <span class=\"eap__date no-wrap\">\n            <span class=\"dashicons dashicons-calendar-alt\"><\/span> Tuesday 7 March, 2023        <\/span>\n         |         <span class=\"eap__time no-wrap\">\n            <span class=\"dashicons dashicons-clock\"><\/span> 19:30         <\/span>\n        \n    <br>\n\n    Rinc\u00f3n de Entre Arte, Coraz\u00f3n de Maria,6. Madrid<\/p>\n\n        <\/header>\n\n        <!-- main -->\n        <main class=\"eap__excerpt\">\n                            <p class=\"eap__more\">\n                    <a href=\"https:\/\/www.entrearteycultura.es\/?eap_event=cata-de-quesos\">Read more<\/a>\n                <\/p>\n                        <\/main>\n    <\/div>\n<\/div>\n\n<div id=\"post-390\" class=\"eap__event\">\n    <div class=\"eap__img\">\n        <img loading=\"lazy\" decoding=\"async\" width=\"961\" height=\"429\" src=\"https:\/\/www.entrearteycultura.es\/wp-content\/uploads\/2023\/02\/lucian-freud.jpg\" class=\"attachment-post-thumbnail size-post-thumbnail wp-post-image\" alt=\"\" srcset=\"https:\/\/www.entrearteycultura.es\/wp-content\/uploads\/2023\/02\/lucian-freud.jpg 961w, https:\/\/www.entrearteycultura.es\/wp-content\/uploads\/2023\/02\/lucian-freud-300x134.jpg 300w, https:\/\/www.entrearteycultura.es\/wp-content\/uploads\/2023\/02\/lucian-freud-768x343.jpg 768w, https:\/\/www.entrearteycultura.es\/wp-content\/uploads\/2023\/02\/lucian-freud-134x60.jpg 134w\" sizes=\"(max-width: 961px) 100vw, 961px\" \/>    <\/div>\n\n    <div class=\"eap__content\">\n        <!-- header -->\n        <header class=\"eap__header\">\n            <h2 class=\"eap__title\"><a href=\"https:\/\/www.entrearteycultura.es\/?eap_event=retrospectiva-lucianfreud-evolucion-tematica-obra-retratos-estudio-thyssenbornemisza-visita\" rel=\"bookmark\">Visita a la exposici\u00f3n Lucian Freud. Nuevas Perspectivas<\/a><\/h2>\n            \n                <p class=\"eap__category\">\n                    Eventos pasados                <\/p>\n                            \n<!-- event meta -->\n<p class=\"eap__meta\">\n            <span class=\"eap__date no-wrap\">\n            <span class=\"dashicons dashicons-calendar-alt\"><\/span> Tuesday 14 March, 2023        <\/span>\n         |         <span class=\"eap__time no-wrap\">\n            <span class=\"dashicons dashicons-clock\"><\/span> 17:00         <\/span>\n        \n    <br>\n\n    Museo Thyssen Bornemisza<\/p>\n\n        <\/header>\n\n        <!-- main -->\n        <main class=\"eap__excerpt\">\n                            <p class=\"eap__more\">\n                    <a href=\"https:\/\/www.entrearteycultura.es\/?eap_event=retrospectiva-lucianfreud-evolucion-tematica-obra-retratos-estudio-thyssenbornemisza-visita\">Read more<\/a>\n                <\/p>\n                        <\/main>\n    <\/div>\n<\/div>\n\n<div id=\"post-241\" class=\"eap__event\">\n    <div class=\"eap__img\">\n        <img loading=\"lazy\" decoding=\"async\" width=\"1855\" height=\"1536\" src=\"https:\/\/www.entrearteycultura.es\/wp-content\/uploads\/2023\/01\/PROVENZA-abadia-sanenque.jpg\" class=\"attachment-post-thumbnail size-post-thumbnail wp-post-image\" alt=\"\" srcset=\"https:\/\/www.entrearteycultura.es\/wp-content\/uploads\/2023\/01\/PROVENZA-abadia-sanenque.jpg 1855w, https:\/\/www.entrearteycultura.es\/wp-content\/uploads\/2023\/01\/PROVENZA-abadia-sanenque-300x248.jpg 300w, https:\/\/www.entrearteycultura.es\/wp-content\/uploads\/2023\/01\/PROVENZA-abadia-sanenque-1024x848.jpg 1024w, https:\/\/www.entrearteycultura.es\/wp-content\/uploads\/2023\/01\/PROVENZA-abadia-sanenque-768x636.jpg 768w, https:\/\/www.entrearteycultura.es\/wp-content\/uploads\/2023\/01\/PROVENZA-abadia-sanenque-1536x1272.jpg 1536w, https:\/\/www.entrearteycultura.es\/wp-content\/uploads\/2023\/01\/PROVENZA-abadia-sanenque-72x60.jpg 72w\" sizes=\"(max-width: 1855px) 100vw, 1855px\" \/>    <\/div>\n\n    <div class=\"eap__content\">\n        <!-- header -->\n        <header class=\"eap__header\">\n            <h2 class=\"eap__title\"><a href=\"https:\/\/www.entrearteycultura.es\/?eap_event=provenza-tierra-de-artistas-2\" rel=\"bookmark\">VIAJE A PROVENZA,\u00a0tierra de artistas<\/a><\/h2>\n            \n                <p class=\"eap__category\">\n                    Eventos pasados                <\/p>\n                            \n<!-- event meta -->\n<p class=\"eap__meta\">\n            <span class=\"eap__date no-wrap\">\n            <span class=\"dashicons dashicons-calendar-alt\"><\/span> Friday 17 March, 2023        <\/span>\n         \u2013         <span class=\"eap__date no-wrap\">\n            <span class=\"dashicons dashicons-calendar-alt\"><\/span> Monday 20 March, 2023        <\/span>\n        \n    <br>\n\n    Provenza<\/p>\n\n        <\/header>\n\n        <!-- main -->\n        <main class=\"eap__excerpt\">\n                            <p class=\"eap__more\">\n                    <a href=\"https:\/\/www.entrearteycultura.es\/?eap_event=provenza-tierra-de-artistas-2\">Read more<\/a>\n                <\/p>\n                        <\/main>\n    <\/div>\n<\/div>\n\n<div id=\"post-265\" class=\"eap__event\">\n    <div class=\"eap__img\">\n        <img loading=\"lazy\" decoding=\"async\" width=\"1743\" height=\"889\" src=\"https:\/\/www.entrearteycultura.es\/wp-content\/uploads\/2023\/01\/foto-escorial.jpg\" class=\"attachment-post-thumbnail size-post-thumbnail wp-post-image\" alt=\"\" srcset=\"https:\/\/www.entrearteycultura.es\/wp-content\/uploads\/2023\/01\/foto-escorial.jpg 1743w, https:\/\/www.entrearteycultura.es\/wp-content\/uploads\/2023\/01\/foto-escorial-300x153.jpg 300w, https:\/\/www.entrearteycultura.es\/wp-content\/uploads\/2023\/01\/foto-escorial-1024x522.jpg 1024w, https:\/\/www.entrearteycultura.es\/wp-content\/uploads\/2023\/01\/foto-escorial-768x392.jpg 768w, https:\/\/www.entrearteycultura.es\/wp-content\/uploads\/2023\/01\/foto-escorial-1536x783.jpg 1536w, https:\/\/www.entrearteycultura.es\/wp-content\/uploads\/2023\/01\/foto-escorial-118x60.jpg 118w\" sizes=\"(max-width: 1743px) 100vw, 1743px\" \/>    <\/div>\n\n    <div class=\"eap__content\">\n        <!-- header -->\n        <header class=\"eap__header\">\n            <h2 class=\"eap__title\"><a href=\"https:\/\/www.entrearteycultura.es\/?eap_event=escapada-escorial-marzo-2023\" rel=\"bookmark\">Escapada de d\u00eda \u201cEl Escorial oculto\u201d<\/a><\/h2>\n            \n                <p class=\"eap__category\">\n                    Eventos pasados                <\/p>\n                            \n<!-- event meta -->\n<p class=\"eap__meta\">\n            <span class=\"eap__date no-wrap\">\n            <span class=\"dashicons dashicons-calendar-alt\"><\/span> Saturday 25 March, 2023        <\/span>\n        \n    <br>\n\n    El Escorial<\/p>\n\n        <\/header>\n\n        <!-- main -->\n        <main class=\"eap__excerpt\">\n                            <p class=\"eap__more\">\n                    <a href=\"https:\/\/www.entrearteycultura.es\/?eap_event=escapada-escorial-marzo-2023\">Read more<\/a>\n                <\/p>\n                        <\/main>\n    <\/div>\n<\/div>\n\n<div id=\"post-592\" class=\"eap__event\">\n    <div class=\"eap__img\">\n        <img loading=\"lazy\" decoding=\"async\" width=\"670\" height=\"335\" src=\"https:\/\/www.entrearteycultura.es\/wp-content\/uploads\/2023\/03\/iglesias.jpg\" class=\"attachment-post-thumbnail size-post-thumbnail wp-post-image\" alt=\"\" srcset=\"https:\/\/www.entrearteycultura.es\/wp-content\/uploads\/2023\/03\/iglesias.jpg 670w, https:\/\/www.entrearteycultura.es\/wp-content\/uploads\/2023\/03\/iglesias-300x150.jpg 300w, https:\/\/www.entrearteycultura.es\/wp-content\/uploads\/2023\/03\/iglesias-120x60.jpg 120w\" sizes=\"(max-width: 670px) 100vw, 670px\" \/>    <\/div>\n\n    <div class=\"eap__content\">\n        <!-- header -->\n        <header class=\"eap__header\">\n            <h2 class=\"eap__title\"><a href=\"https:\/\/www.entrearteycultura.es\/?eap_event=visita-alcala-calle-barroco-neoclasico\" rel=\"bookmark\"><strong>Tr\u00edo de iglesias en la calle de Alcal\u00e1 de los siglos XVII y XVIII<\/strong><\/a><\/h2>\n            \n                <p class=\"eap__category\">\n                    Eventos pasados                <\/p>\n                            \n<!-- event meta -->\n<p class=\"eap__meta\">\n            <span class=\"eap__date no-wrap\">\n            <span class=\"dashicons dashicons-calendar-alt\"><\/span> Tuesday 28 March, 2023        <\/span>\n         |         <span class=\"eap__time no-wrap\">\n            <span class=\"dashicons dashicons-clock\"><\/span> 18:30         <\/span>\n        \n    <br>\n\n    Calle de Alcal\u00e1 43, Iglesia de San Jos\u00e9<\/p>\n\n        <\/header>\n\n        <!-- main -->\n        <main class=\"eap__excerpt\">\n                            <p class=\"eap__more\">\n                    <a href=\"https:\/\/www.entrearteycultura.es\/?eap_event=visita-alcala-calle-barroco-neoclasico\">Read more<\/a>\n                <\/p>\n                        <\/main>\n    <\/div>\n<\/div>\n\n<div id=\"post-585\" class=\"eap__event\">\n    <div class=\"eap__img\">\n        <img loading=\"lazy\" decoding=\"async\" width=\"1033\" height=\"787\" src=\"https:\/\/www.entrearteycultura.es\/wp-content\/uploads\/2023\/03\/joli-abello.jpg\" class=\"attachment-post-thumbnail size-post-thumbnail wp-post-image\" alt=\"Cat\u00e1logo\" srcset=\"https:\/\/www.entrearteycultura.es\/wp-content\/uploads\/2023\/03\/joli-abello.jpg 1033w, https:\/\/www.entrearteycultura.es\/wp-content\/uploads\/2023\/03\/joli-abello-300x229.jpg 300w, https:\/\/www.entrearteycultura.es\/wp-content\/uploads\/2023\/03\/joli-abello-1024x780.jpg 1024w, https:\/\/www.entrearteycultura.es\/wp-content\/uploads\/2023\/03\/joli-abello-768x585.jpg 768w, https:\/\/www.entrearteycultura.es\/wp-content\/uploads\/2023\/03\/joli-abello-79x60.jpg 79w\" sizes=\"(max-width: 1033px) 100vw, 1033px\" \/>    <\/div>\n\n    <div class=\"eap__content\">\n        <!-- header -->\n        <header class=\"eap__header\">\n            <h2 class=\"eap__title\"><a href=\"https:\/\/www.entrearteycultura.es\/?eap_event=visita-a-la-exposicion-madrid-en-la-coleccion-abello\" rel=\"bookmark\"><br><strong>Visita a la exposici\u00f3n \u201cMadrid en la colecci\u00f3n Abell\u00f3\u201d<\/strong><\/a><\/h2>\n            \n                <p class=\"eap__category\">\n                    Eventos pasados                <\/p>\n                            \n<!-- event meta -->\n<p class=\"eap__meta\">\n            <span class=\"eap__date no-wrap\">\n            <span class=\"dashicons dashicons-calendar-alt\"><\/span> Friday 14 April, 2023        <\/span>\n         |         <span class=\"eap__time no-wrap\">\n            <span class=\"dashicons dashicons-clock\"><\/span> 18:30         <\/span>\n        \n    <br>\n\n    Casa de Correos<\/p>\n\n        <\/header>\n\n        <!-- main -->\n        <main class=\"eap__excerpt\">\n                            <p class=\"eap__more\">\n                    <a href=\"https:\/\/www.entrearteycultura.es\/?eap_event=visita-a-la-exposicion-madrid-en-la-coleccion-abello\">Read more<\/a>\n                <\/p>\n                        <\/main>\n    <\/div>\n<\/div>\n\n<div id=\"post-508\" class=\"eap__event\">\n    <div class=\"eap__img\">\n        <img loading=\"lazy\" decoding=\"async\" width=\"1254\" height=\"600\" src=\"https:\/\/www.entrearteycultura.es\/wp-content\/uploads\/2023\/02\/AREVALO.jpg\" class=\"attachment-post-thumbnail size-post-thumbnail wp-post-image\" alt=\"\" srcset=\"https:\/\/www.entrearteycultura.es\/wp-content\/uploads\/2023\/02\/AREVALO.jpg 1254w, https:\/\/www.entrearteycultura.es\/wp-content\/uploads\/2023\/02\/AREVALO-300x144.jpg 300w, https:\/\/www.entrearteycultura.es\/wp-content\/uploads\/2023\/02\/AREVALO-1024x490.jpg 1024w, https:\/\/www.entrearteycultura.es\/wp-content\/uploads\/2023\/02\/AREVALO-768x367.jpg 768w, https:\/\/www.entrearteycultura.es\/wp-content\/uploads\/2023\/02\/AREVALO-125x60.jpg 125w\" sizes=\"(max-width: 1254px) 100vw, 1254px\" \/>    <\/div>\n\n    <div class=\"eap__content\">\n        <!-- header -->\n        <header class=\"eap__header\">\n            <h2 class=\"eap__title\"><a href=\"https:\/\/www.entrearteycultura.es\/?eap_event=arevalo-visita-mudejar-contemporaneo-collegium\" rel=\"bookmark\"><strong>Escapada de d\u00eda: Ar\u00e9valo<\/strong><\/a><\/h2>\n            \n                <p class=\"eap__category\">\n                    Eventos pasados                <\/p>\n                            \n<!-- event meta -->\n<p class=\"eap__meta\">\n            <span class=\"eap__date no-wrap\">\n            <span class=\"dashicons dashicons-calendar-alt\"><\/span> Saturday 22 April, 2023        <\/span>\n        \n    <br>\n\n    Ar\u00e9valo (\u00c1vila)<\/p>\n\n        <\/header>\n\n        <!-- main -->\n        <main class=\"eap__excerpt\">\n                            <p class=\"eap__more\">\n                    <a href=\"https:\/\/www.entrearteycultura.es\/?eap_event=arevalo-visita-mudejar-contemporaneo-collegium\">Read more<\/a>\n                <\/p>\n                        <\/main>\n    <\/div>\n<\/div>\n\n<div id=\"post-238\" class=\"eap__event\">\n    <div class=\"eap__img\">\n        <img loading=\"lazy\" decoding=\"async\" width=\"487\" height=\"359\" src=\"https:\/\/www.entrearteycultura.es\/wp-content\/uploads\/2023\/01\/Flandes.jpg\" class=\"attachment-post-thumbnail size-post-thumbnail wp-post-image\" alt=\"\" srcset=\"https:\/\/www.entrearteycultura.es\/wp-content\/uploads\/2023\/01\/Flandes.jpg 487w, https:\/\/www.entrearteycultura.es\/wp-content\/uploads\/2023\/01\/Flandes-300x221.jpg 300w, https:\/\/www.entrearteycultura.es\/wp-content\/uploads\/2023\/01\/Flandes-81x60.jpg 81w\" sizes=\"(max-width: 487px) 100vw, 487px\" \/>    <\/div>\n\n    <div class=\"eap__content\">\n        <!-- header -->\n        <header class=\"eap__header\">\n            <h2 class=\"eap__title\"><a href=\"https:\/\/www.entrearteycultura.es\/?eap_event=flandes-2023\" rel=\"bookmark\">VIAJE A FLANDES, primavera de lujo en sus jardines, arte y nuevos museos<\/a><\/h2>\n            \n                <p class=\"eap__category\">\n                    Eventos pasados                <\/p>\n                            \n<!-- event meta -->\n<p class=\"eap__meta\">\n            <span class=\"eap__date no-wrap\">\n            <span class=\"dashicons dashicons-calendar-alt\"><\/span> Friday 28 April, 2023        <\/span>\n         \u2013         <span class=\"eap__date no-wrap\">\n            <span class=\"dashicons dashicons-calendar-alt\"><\/span> Tuesday 2 May, 2023        <\/span>\n        \n    <br>\n\n    Flandes<\/p>\n\n        <\/header>\n\n        <!-- main -->\n        <main class=\"eap__excerpt\">\n                            <p class=\"eap__more\">\n                    <a href=\"https:\/\/www.entrearteycultura.es\/?eap_event=flandes-2023\">Read more<\/a>\n                <\/p>\n                        <\/main>\n    <\/div>\n<\/div>\n\n<div id=\"post-512\" class=\"eap__event\">\n    <div class=\"eap__img\">\n        <img loading=\"lazy\" decoding=\"async\" width=\"1018\" height=\"374\" src=\"https:\/\/www.entrearteycultura.es\/wp-content\/uploads\/2023\/02\/cORNEJO.jpg\" class=\"attachment-post-thumbnail size-post-thumbnail wp-post-image\" alt=\"\" srcset=\"https:\/\/www.entrearteycultura.es\/wp-content\/uploads\/2023\/02\/cORNEJO.jpg 1018w, https:\/\/www.entrearteycultura.es\/wp-content\/uploads\/2023\/02\/cORNEJO-300x110.jpg 300w, https:\/\/www.entrearteycultura.es\/wp-content\/uploads\/2023\/02\/cORNEJO-768x282.jpg 768w, https:\/\/www.entrearteycultura.es\/wp-content\/uploads\/2023\/02\/cORNEJO-163x60.jpg 163w\" sizes=\"(max-width: 1018px) 100vw, 1018px\" \/>    <\/div>\n\n    <div class=\"eap__content\">\n        <!-- header -->\n        <header class=\"eap__header\">\n            <h2 class=\"eap__title\"><a href=\"https:\/\/www.entrearteycultura.es\/?eap_event=cornejo-vestuaro-sastreria-cine-teatro\" rel=\"bookmark\">Visita a las naves de Cornejo, el sastre que viste a las estrellas de cine y teatro<\/a><\/h2>\n            \n                <p class=\"eap__category\">\n                    Eventos pasados                <\/p>\n                            \n<!-- event meta -->\n<p class=\"eap__meta\">\n            <span class=\"eap__date no-wrap\">\n            <span class=\"dashicons dashicons-calendar-alt\"><\/span> Thursday 4 May, 2023        <\/span>\n         |         <span class=\"eap__time no-wrap\">\n            <span class=\"dashicons dashicons-clock\"><\/span> 11:00         <\/span>\n        \n    <br>\n\n    <\/p>\n\n        <\/header>\n\n        <!-- main -->\n        <main class=\"eap__excerpt\">\n                            <p class=\"eap__more\">\n                    <a href=\"https:\/\/www.entrearteycultura.es\/?eap_event=cornejo-vestuaro-sastreria-cine-teatro\">Read more<\/a>\n                <\/p>\n                        <\/main>\n    <\/div>\n<\/div>\n\n<div id=\"post-504\" class=\"eap__event\">\n    <div class=\"eap__img\">\n        <img loading=\"lazy\" decoding=\"async\" width=\"844\" height=\"396\" src=\"https:\/\/www.entrearteycultura.es\/wp-content\/uploads\/2023\/02\/carabanchezl.jpg\" class=\"attachment-post-thumbnail size-post-thumbnail wp-post-image\" alt=\"\" srcset=\"https:\/\/www.entrearteycultura.es\/wp-content\/uploads\/2023\/02\/carabanchezl.jpg 844w, https:\/\/www.entrearteycultura.es\/wp-content\/uploads\/2023\/02\/carabanchezl-300x141.jpg 300w, https:\/\/www.entrearteycultura.es\/wp-content\/uploads\/2023\/02\/carabanchezl-768x360.jpg 768w, https:\/\/www.entrearteycultura.es\/wp-content\/uploads\/2023\/02\/carabanchezl-128x60.jpg 128w\" sizes=\"(max-width: 844px) 100vw, 844px\" \/>    <\/div>\n\n    <div class=\"eap__content\">\n        <!-- header -->\n        <header class=\"eap__header\">\n            <h2 class=\"eap__title\"><a href=\"https:\/\/www.entrearteycultura.es\/?eap_event=arte-contemporaneo-galerias-carabanchel\" rel=\"bookmark\">Visita a las Galer\u00edas de arte en Carabanchel<\/a><\/h2>\n            \n                <p class=\"eap__category\">\n                    Eventos pasados                <\/p>\n                            \n<!-- event meta -->\n<p class=\"eap__meta\">\n            <span class=\"eap__date no-wrap\">\n            <span class=\"dashicons dashicons-calendar-alt\"><\/span> Saturday 6 May, 2023        <\/span>\n         |         <span class=\"eap__time no-wrap\">\n            <span class=\"dashicons dashicons-clock\"><\/span> 11:30         <\/span>\n        \n    <br>\n\n    <\/p>\n\n        <\/header>\n\n        <!-- main -->\n        <main class=\"eap__excerpt\">\n                            <p class=\"eap__more\">\n                    <a href=\"https:\/\/www.entrearteycultura.es\/?eap_event=arte-contemporaneo-galerias-carabanchel\">Read more<\/a>\n                <\/p>\n                        <\/main>\n    <\/div>\n<\/div>\n\n<div id=\"post-515\" class=\"eap__event\">\n    <div class=\"eap__img\">\n        <img loading=\"lazy\" decoding=\"async\" width=\"684\" height=\"261\" src=\"https:\/\/www.entrearteycultura.es\/wp-content\/uploads\/2023\/03\/Flamenco-1.jpg\" class=\"attachment-post-thumbnail size-post-thumbnail wp-post-image\" alt=\"\" srcset=\"https:\/\/www.entrearteycultura.es\/wp-content\/uploads\/2023\/03\/Flamenco-1.jpg 684w, https:\/\/www.entrearteycultura.es\/wp-content\/uploads\/2023\/03\/Flamenco-1-300x114.jpg 300w, https:\/\/www.entrearteycultura.es\/wp-content\/uploads\/2023\/03\/Flamenco-1-157x60.jpg 157w\" sizes=\"(max-width: 684px) 100vw, 684px\" \/>    <\/div>\n\n    <div class=\"eap__content\">\n        <!-- header -->\n        <header class=\"eap__header\">\n            <h2 class=\"eap__title\"><a href=\"https:\/\/www.entrearteycultura.es\/?eap_event=conferencia-flamenco-pena-patrimonio-inmaterial\" rel=\"bookmark\"><strong>El Flamenco, Patrimonio Inmaterial de la Unesco<\/strong><\/a><\/h2>\n            \n                <p class=\"eap__category\">\n                    Eventos pasados                <\/p>\n                            \n<!-- event meta -->\n<p class=\"eap__meta\">\n            <span class=\"eap__date no-wrap\">\n            <span class=\"dashicons dashicons-calendar-alt\"><\/span> Tuesday 9 May, 2023        <\/span>\n         |         <span class=\"eap__time no-wrap\">\n            <span class=\"dashicons dashicons-clock\"><\/span> 19:30         <\/span>\n        \n    <br>\n\n    Rinc\u00f3n de Entre Arte, Coraz\u00f3n de Mar\u00eda 6. Madrid<\/p>\n\n        <\/header>\n\n        <!-- main -->\n        <main class=\"eap__excerpt\">\n                            <p class=\"eap__more\">\n                    <a href=\"https:\/\/www.entrearteycultura.es\/?eap_event=conferencia-flamenco-pena-patrimonio-inmaterial\">Read more<\/a>\n                <\/p>\n                        <\/main>\n    <\/div>\n<\/div>\n\n<div id=\"post-610\" class=\"eap__event\">\n    <div class=\"eap__img\">\n        <img loading=\"lazy\" decoding=\"async\" width=\"886\" height=\"429\" src=\"https:\/\/www.entrearteycultura.es\/wp-content\/uploads\/2023\/04\/juanbaraja.png\" class=\"attachment-post-thumbnail size-post-thumbnail wp-post-image\" alt=\"\" srcset=\"https:\/\/www.entrearteycultura.es\/wp-content\/uploads\/2023\/04\/juanbaraja.png 886w, https:\/\/www.entrearteycultura.es\/wp-content\/uploads\/2023\/04\/juanbaraja-300x145.png 300w, https:\/\/www.entrearteycultura.es\/wp-content\/uploads\/2023\/04\/juanbaraja-768x372.png 768w, https:\/\/www.entrearteycultura.es\/wp-content\/uploads\/2023\/04\/juanbaraja-124x60.png 124w\" sizes=\"(max-width: 886px) 100vw, 886px\" \/>    <\/div>\n\n    <div class=\"eap__content\">\n        <!-- header -->\n        <header class=\"eap__header\">\n            <h2 class=\"eap__title\"><a href=\"https:\/\/www.entrearteycultura.es\/?eap_event=visita-al-estudio-del-artista-juan-baraja\" rel=\"bookmark\">Visita al estudio del artista Juan Baraja<\/a><\/h2>\n            \n                <p class=\"eap__category\">\n                    Eventos pasados                <\/p>\n                            \n<!-- event meta -->\n<p class=\"eap__meta\">\n            <span class=\"eap__date no-wrap\">\n            <span class=\"dashicons dashicons-calendar-alt\"><\/span> Thursday 11 May, 2023        <\/span>\n         |         <span class=\"eap__time no-wrap\">\n            <span class=\"dashicons dashicons-clock\"><\/span> 18:30         <\/span>\n        \n    <br>\n\n    Estudio de Juan Baraja, Madrid<\/p>\n\n        <\/header>\n\n        <!-- main -->\n        <main class=\"eap__excerpt\">\n                            <p class=\"eap__more\">\n                    <a href=\"https:\/\/www.entrearteycultura.es\/?eap_event=visita-al-estudio-del-artista-juan-baraja\">Read more<\/a>\n                <\/p>\n                        <\/main>\n    <\/div>\n<\/div>\n\n<div id=\"post-599\" class=\"eap__event\">\n    <div class=\"eap__img\">\n        <img loading=\"lazy\" decoding=\"async\" width=\"698\" height=\"237\" src=\"https:\/\/www.entrearteycultura.es\/wp-content\/uploads\/2023\/03\/productos.jpg\" class=\"attachment-post-thumbnail size-post-thumbnail wp-post-image\" alt=\"\" srcset=\"https:\/\/www.entrearteycultura.es\/wp-content\/uploads\/2023\/03\/productos.jpg 698w, https:\/\/www.entrearteycultura.es\/wp-content\/uploads\/2023\/03\/productos-300x102.jpg 300w, https:\/\/www.entrearteycultura.es\/wp-content\/uploads\/2023\/03\/productos-177x60.jpg 177w\" sizes=\"(max-width: 698px) 100vw, 698px\" \/>    <\/div>\n\n    <div class=\"eap__content\">\n        <!-- header -->\n        <header class=\"eap__header\">\n            <h2 class=\"eap__title\"><a href=\"https:\/\/www.entrearteycultura.es\/?eap_event=cata-productos-comunidad-madrid-proximidad\" rel=\"bookmark\"><strong>Cata de productos madrile\u00f1os porque son de proximidad<\/strong><\/a><\/h2>\n            \n                <p class=\"eap__category\">\n                    Eventos pasados                <\/p>\n                            \n<!-- event meta -->\n<p class=\"eap__meta\">\n            <span class=\"eap__date no-wrap\">\n            <span class=\"dashicons dashicons-calendar-alt\"><\/span> Wednesday 17 May, 2023        <\/span>\n         |         <span class=\"eap__time no-wrap\">\n            <span class=\"dashicons dashicons-clock\"><\/span> 19:00         <\/span>\n        \n    <br>\n\n    El Rinc\u00f3n de Entre Arte, Coraz\u00f3n de Mar\u00eda, 6<\/p>\n\n        <\/header>\n\n        <!-- main -->\n        <main class=\"eap__excerpt\">\n                            <p class=\"eap__more\">\n                    <a href=\"https:\/\/www.entrearteycultura.es\/?eap_event=cata-productos-comunidad-madrid-proximidad\">Read more<\/a>\n                <\/p>\n                        <\/main>\n    <\/div>\n<\/div>\n\n<div id=\"post-521\" class=\"eap__event\">\n    <div class=\"eap__img\">\n        <img loading=\"lazy\" decoding=\"async\" width=\"1134\" height=\"427\" src=\"https:\/\/www.entrearteycultura.es\/wp-content\/uploads\/2023\/03\/capricho.jpg\" class=\"attachment-post-thumbnail size-post-thumbnail wp-post-image\" alt=\"\" srcset=\"https:\/\/www.entrearteycultura.es\/wp-content\/uploads\/2023\/03\/capricho.jpg 1134w, https:\/\/www.entrearteycultura.es\/wp-content\/uploads\/2023\/03\/capricho-300x113.jpg 300w, https:\/\/www.entrearteycultura.es\/wp-content\/uploads\/2023\/03\/capricho-1024x386.jpg 1024w, https:\/\/www.entrearteycultura.es\/wp-content\/uploads\/2023\/03\/capricho-768x289.jpg 768w, https:\/\/www.entrearteycultura.es\/wp-content\/uploads\/2023\/03\/capricho-159x60.jpg 159w\" sizes=\"(max-width: 1134px) 100vw, 1134px\" \/>    <\/div>\n\n    <div class=\"eap__content\">\n        <!-- header -->\n        <header class=\"eap__header\">\n            <h2 class=\"eap__title\"><a href=\"https:\/\/www.entrearteycultura.es\/?eap_event=capricho-visita-jardin-historico-osuna\" rel=\"bookmark\"><strong>Visita guiada al parque del Capricho<\/strong><\/a><\/h2>\n            \n                <p class=\"eap__category\">\n                    Eventos pasados                <\/p>\n                            \n<!-- event meta -->\n<p class=\"eap__meta\">\n            <span class=\"eap__date no-wrap\">\n            <span class=\"dashicons dashicons-calendar-alt\"><\/span> Saturday 20 May, 2023        <\/span>\n         |         <span class=\"eap__time no-wrap\">\n            <span class=\"dashicons dashicons-clock\"><\/span> 10:30         <\/span>\n        \n    <br>\n\n    Parque del Capricho, Paseo de la Alameda de Osuna 25<\/p>\n\n        <\/header>\n\n        <!-- main -->\n        <main class=\"eap__excerpt\">\n                            <p class=\"eap__more\">\n                    <a href=\"https:\/\/www.entrearteycultura.es\/?eap_event=capricho-visita-jardin-historico-osuna\">Read more<\/a>\n                <\/p>\n                        <\/main>\n    <\/div>\n<\/div>\n\n<div id=\"post-607\" class=\"eap__event\">\n    <div class=\"eap__img\">\n        <img loading=\"lazy\" decoding=\"async\" width=\"1129\" height=\"410\" src=\"https:\/\/www.entrearteycultura.es\/wp-content\/uploads\/2023\/04\/Imagen3.jpg\" class=\"attachment-post-thumbnail size-post-thumbnail wp-post-image\" alt=\"\" srcset=\"https:\/\/www.entrearteycultura.es\/wp-content\/uploads\/2023\/04\/Imagen3.jpg 1129w, https:\/\/www.entrearteycultura.es\/wp-content\/uploads\/2023\/04\/Imagen3-300x109.jpg 300w, https:\/\/www.entrearteycultura.es\/wp-content\/uploads\/2023\/04\/Imagen3-1024x372.jpg 1024w, https:\/\/www.entrearteycultura.es\/wp-content\/uploads\/2023\/04\/Imagen3-768x279.jpg 768w, https:\/\/www.entrearteycultura.es\/wp-content\/uploads\/2023\/04\/Imagen3-165x60.jpg 165w\" sizes=\"(max-width: 1129px) 100vw, 1129px\" \/>    <\/div>\n\n    <div class=\"eap__content\">\n        <!-- header -->\n        <header class=\"eap__header\">\n            <h2 class=\"eap__title\"><a href=\"https:\/\/www.entrearteycultura.es\/?eap_event=visita-al-museo-arqueologico-nacional\" rel=\"bookmark\">Visita al Museo Arqueol\u00f3gico Nacional<\/a><\/h2>\n            \n                <p class=\"eap__category\">\n                    Eventos pasados                <\/p>\n                            \n<!-- event meta -->\n<p class=\"eap__meta\">\n            <span class=\"eap__date no-wrap\">\n            <span class=\"dashicons dashicons-calendar-alt\"><\/span> Wednesday 24 May, 2023        <\/span>\n         |         <span class=\"eap__time no-wrap\">\n            <span class=\"dashicons dashicons-clock\"><\/span> 11:00         <\/span>\n        \n    <br>\n\n    Museo Arqueol\u00f3gico Nacional, Serrano 13<\/p>\n\n        <\/header>\n\n        <!-- main -->\n        <main class=\"eap__excerpt\">\n                            <p class=\"eap__more\">\n                    <a href=\"https:\/\/www.entrearteycultura.es\/?eap_event=visita-al-museo-arqueologico-nacional\">Read more<\/a>\n                <\/p>\n                        <\/main>\n    <\/div>\n<\/div>\n\n<div id=\"post-518\" class=\"eap__event\">\n    <div class=\"eap__img\">\n        <img loading=\"lazy\" decoding=\"async\" width=\"972\" height=\"398\" src=\"https:\/\/www.entrearteycultura.es\/wp-content\/uploads\/2023\/03\/Senado.jpg\" class=\"attachment-post-thumbnail size-post-thumbnail wp-post-image\" alt=\"\" srcset=\"https:\/\/www.entrearteycultura.es\/wp-content\/uploads\/2023\/03\/Senado.jpg 972w, https:\/\/www.entrearteycultura.es\/wp-content\/uploads\/2023\/03\/Senado-300x123.jpg 300w, https:\/\/www.entrearteycultura.es\/wp-content\/uploads\/2023\/03\/Senado-768x314.jpg 768w, https:\/\/www.entrearteycultura.es\/wp-content\/uploads\/2023\/03\/Senado-147x60.jpg 147w\" sizes=\"(max-width: 972px) 100vw, 972px\" \/>    <\/div>\n\n    <div class=\"eap__content\">\n        <!-- header -->\n        <header class=\"eap__header\">\n            <h2 class=\"eap__title\"><a href=\"https:\/\/www.entrearteycultura.es\/?eap_event=senado-hemiciclo-coleccion-biblioteca-convento\" rel=\"bookmark\"><strong>Visita al palacio del Senado y su colecci\u00f3n de arte<\/strong><\/a><\/h2>\n            \n                <p class=\"eap__category\">\n                    Eventos pasados                <\/p>\n                            \n<!-- event meta -->\n<p class=\"eap__meta\">\n            <span class=\"eap__date no-wrap\">\n            <span class=\"dashicons dashicons-calendar-alt\"><\/span> Monday 29 May, 2023        <\/span>\n         |         <span class=\"eap__time no-wrap\">\n            <span class=\"dashicons dashicons-clock\"><\/span> 16:00         <\/span>\n        \n    <br>\n\n    Palacio del Senado, Calle Bail\u00e9n 3<\/p>\n\n        <\/header>\n\n        <!-- main -->\n        <main class=\"eap__excerpt\">\n                            <p class=\"eap__more\">\n                    <a href=\"https:\/\/www.entrearteycultura.es\/?eap_event=senado-hemiciclo-coleccion-biblioteca-convento\">Read more<\/a>\n                <\/p>\n                        <\/main>\n    <\/div>\n<\/div>\n\n<div id=\"post-527\" class=\"eap__event\">\n    <div class=\"eap__img\">\n        <img loading=\"lazy\" decoding=\"async\" width=\"557\" height=\"184\" src=\"https:\/\/www.entrearteycultura.es\/wp-content\/uploads\/2023\/03\/IMagen.jpg\" class=\"attachment-post-thumbnail size-post-thumbnail wp-post-image\" alt=\"\" srcset=\"https:\/\/www.entrearteycultura.es\/wp-content\/uploads\/2023\/03\/IMagen.jpg 557w, https:\/\/www.entrearteycultura.es\/wp-content\/uploads\/2023\/03\/IMagen-300x99.jpg 300w, https:\/\/www.entrearteycultura.es\/wp-content\/uploads\/2023\/03\/IMagen-182x60.jpg 182w\" sizes=\"(max-width: 557px) 100vw, 557px\" \/>    <\/div>\n\n    <div class=\"eap__content\">\n        <!-- header -->\n        <header class=\"eap__header\">\n            <h2 class=\"eap__title\"><a href=\"https:\/\/www.entrearteycultura.es\/?eap_event=leyenda-negra-imagen-espana\" rel=\"bookmark\"><strong>CONFERENCIA\/TERTULIA: el Laberinto de la Imagen de Espa\u00f1a y de la Leyenda negra<\/strong><\/a><\/h2>\n            \n                <p class=\"eap__category\">\n                    Eventos pasados                <\/p>\n                            \n<!-- event meta -->\n<p class=\"eap__meta\">\n            <span class=\"eap__date no-wrap\">\n            <span class=\"dashicons dashicons-calendar-alt\"><\/span> Tuesday 6 June, 2023        <\/span>\n         |         <span class=\"eap__time no-wrap\">\n            <span class=\"dashicons dashicons-clock\"><\/span> 19:30         <\/span>\n        \n    <br>\n\n    Rinc\u00f3n de Entre Arte, Coraz\u00f3n de Mar\u00eda 6<\/p>\n\n        <\/header>\n\n        <!-- main -->\n        <main class=\"eap__excerpt\">\n                            <p class=\"eap__more\">\n                    <a href=\"https:\/\/www.entrearteycultura.es\/?eap_event=leyenda-negra-imagen-espana\">Read more<\/a>\n                <\/p>\n                        <\/main>\n    <\/div>\n<\/div>\n\n<div id=\"post-626\" class=\"eap__event\">\n    <div class=\"eap__img\">\n        <img loading=\"lazy\" decoding=\"async\" width=\"1141\" height=\"582\" src=\"https:\/\/www.entrearteycultura.es\/wp-content\/uploads\/2023\/05\/Imagen1.jpg\" class=\"attachment-post-thumbnail size-post-thumbnail wp-post-image\" alt=\"\" srcset=\"https:\/\/www.entrearteycultura.es\/wp-content\/uploads\/2023\/05\/Imagen1.jpg 1141w, https:\/\/www.entrearteycultura.es\/wp-content\/uploads\/2023\/05\/Imagen1-300x153.jpg 300w, https:\/\/www.entrearteycultura.es\/wp-content\/uploads\/2023\/05\/Imagen1-1024x522.jpg 1024w, https:\/\/www.entrearteycultura.es\/wp-content\/uploads\/2023\/05\/Imagen1-768x392.jpg 768w, https:\/\/www.entrearteycultura.es\/wp-content\/uploads\/2023\/05\/Imagen1-118x60.jpg 118w\" sizes=\"(max-width: 1141px) 100vw, 1141px\" \/>    <\/div>\n\n    <div class=\"eap__content\">\n        <!-- header -->\n        <header class=\"eap__header\">\n            <h2 class=\"eap__title\"><a href=\"https:\/\/www.entrearteycultura.es\/?eap_event=visita-a-opera-gallery-la-nueva-galeria-internacional-recientemente-inaugurada\" rel=\"bookmark\">Visita a Opera Gallery, la nueva galer\u00eda internacional recientemente inaugurada<\/a><\/h2>\n            \n                <p class=\"eap__category\">\n                    Eventos pasados                <\/p>\n                            \n<!-- event meta -->\n<p class=\"eap__meta\">\n            <span class=\"eap__date no-wrap\">\n            <span class=\"dashicons dashicons-calendar-alt\"><\/span> Saturday 10 June, 2023        <\/span>\n         |         <span class=\"eap__time no-wrap\">\n            <span class=\"dashicons dashicons-clock\"><\/span> 10:30         <\/span>\n        \n    <br>\n\n    Serrano 56<\/p>\n\n        <\/header>\n\n        <!-- main -->\n        <main class=\"eap__excerpt\">\n                            <p class=\"eap__more\">\n                    <a href=\"https:\/\/www.entrearteycultura.es\/?eap_event=visita-a-opera-gallery-la-nueva-galeria-internacional-recientemente-inaugurada\">Read more<\/a>\n                <\/p>\n                        <\/main>\n    <\/div>\n<\/div>\n\n<div id=\"post-530\" class=\"eap__event\">\n    <div class=\"eap__img\">\n        <img loading=\"lazy\" decoding=\"async\" width=\"1134\" height=\"435\" src=\"https:\/\/www.entrearteycultura.es\/wp-content\/uploads\/2023\/03\/March.jpg\" class=\"attachment-post-thumbnail size-post-thumbnail wp-post-image\" alt=\"\" srcset=\"https:\/\/www.entrearteycultura.es\/wp-content\/uploads\/2023\/03\/March.jpg 1134w, https:\/\/www.entrearteycultura.es\/wp-content\/uploads\/2023\/03\/March-300x115.jpg 300w, https:\/\/www.entrearteycultura.es\/wp-content\/uploads\/2023\/03\/March-1024x393.jpg 1024w, https:\/\/www.entrearteycultura.es\/wp-content\/uploads\/2023\/03\/March-768x295.jpg 768w, https:\/\/www.entrearteycultura.es\/wp-content\/uploads\/2023\/03\/March-156x60.jpg 156w\" sizes=\"(max-width: 1134px) 100vw, 1134px\" \/>    <\/div>\n\n    <div class=\"eap__content\">\n        <!-- header -->\n        <header class=\"eap__header\">\n            <h2 class=\"eap__title\"><a href=\"https:\/\/www.entrearteycultura.es\/?eap_event=fundacion-biblioteca-exposicion-escultura\" rel=\"bookmark\"><strong>VISITA a la Fundaci\u00f3n Juan March de Madrid: Exposici\u00f3n Escala, Escultura (1945-2000) y visita especial de la Biblioteca y Archivo<\/strong><\/a><\/h2>\n            \n                <p class=\"eap__category\">\n                    Eventos pasados                <\/p>\n                            \n<!-- event meta -->\n<p class=\"eap__meta\">\n            <span class=\"eap__date no-wrap\">\n            <span class=\"dashicons dashicons-calendar-alt\"><\/span> Tuesday 13 June, 2023        <\/span>\n         |         <span class=\"eap__time no-wrap\">\n            <span class=\"dashicons dashicons-clock\"><\/span> 18:15         <\/span>\n        \n    <br>\n\n    Fundaci\u00f3n Juan March, Castell\u00f3 77<\/p>\n\n        <\/header>\n\n        <!-- main -->\n        <main class=\"eap__excerpt\">\n                            <p class=\"eap__more\">\n                    <a href=\"https:\/\/www.entrearteycultura.es\/?eap_event=fundacion-biblioteca-exposicion-escultura\">Read more<\/a>\n                <\/p>\n                        <\/main>\n    <\/div>\n<\/div>\n\n<div id=\"post-250\" class=\"eap__event\">\n    <div class=\"eap__img\">\n        <img loading=\"lazy\" decoding=\"async\" width=\"1465\" height=\"667\" src=\"https:\/\/www.entrearteycultura.es\/wp-content\/uploads\/2023\/01\/cerezales.jpg\" class=\"attachment-post-thumbnail size-post-thumbnail wp-post-image\" alt=\"\" srcset=\"https:\/\/www.entrearteycultura.es\/wp-content\/uploads\/2023\/01\/cerezales.jpg 1465w, https:\/\/www.entrearteycultura.es\/wp-content\/uploads\/2023\/01\/cerezales-300x137.jpg 300w, https:\/\/www.entrearteycultura.es\/wp-content\/uploads\/2023\/01\/cerezales-1024x466.jpg 1024w, https:\/\/www.entrearteycultura.es\/wp-content\/uploads\/2023\/01\/cerezales-768x350.jpg 768w, https:\/\/www.entrearteycultura.es\/wp-content\/uploads\/2023\/01\/cerezales-132x60.jpg 132w\" sizes=\"(max-width: 1465px) 100vw, 1465px\" \/>    <\/div>\n\n    <div class=\"eap__content\">\n        <!-- header -->\n        <header class=\"eap__header\">\n            <h2 class=\"eap__title\"><a href=\"https:\/\/www.entrearteycultura.es\/?eap_event=leon-2023\" rel=\"bookmark\">VIAJE A LE\u00d3N, porque siempre hay razones para volver<\/a><\/h2>\n            \n                <p class=\"eap__category\">\n                    Eventos pasados                <\/p>\n                            \n<!-- event meta -->\n<p class=\"eap__meta\">\n            <span class=\"eap__date no-wrap\">\n            <span class=\"dashicons dashicons-calendar-alt\"><\/span> Friday 16 June, 2023        <\/span>\n         \u2013         <span class=\"eap__date no-wrap\">\n            <span class=\"dashicons dashicons-calendar-alt\"><\/span> Sunday 18 June, 2023        <\/span>\n        \n    <br>\n\n    <\/p>\n\n    <!-- additional information -->\n    <p class=\"eap__add-info\">Leon<\/p>\n            <\/header>\n\n        <!-- main -->\n        <main class=\"eap__excerpt\">\n                            <p class=\"eap__more\">\n                    <a href=\"https:\/\/www.entrearteycultura.es\/?eap_event=leon-2023\">Read more<\/a>\n                <\/p>\n                        <\/main>\n    <\/div>\n<\/div>\n\n<div id=\"post-616\" class=\"eap__event\">\n    <div class=\"eap__img\">\n        <img loading=\"lazy\" decoding=\"async\" width=\"1047\" height=\"618\" src=\"https:\/\/www.entrearteycultura.es\/wp-content\/uploads\/2023\/05\/Santona.jpg\" class=\"attachment-post-thumbnail size-post-thumbnail wp-post-image\" alt=\"\" srcset=\"https:\/\/www.entrearteycultura.es\/wp-content\/uploads\/2023\/05\/Santona.jpg 1047w, https:\/\/www.entrearteycultura.es\/wp-content\/uploads\/2023\/05\/Santona-300x177.jpg 300w, https:\/\/www.entrearteycultura.es\/wp-content\/uploads\/2023\/05\/Santona-1024x604.jpg 1024w, https:\/\/www.entrearteycultura.es\/wp-content\/uploads\/2023\/05\/Santona-768x453.jpg 768w, https:\/\/www.entrearteycultura.es\/wp-content\/uploads\/2023\/05\/Santona-102x60.jpg 102w\" sizes=\"(max-width: 1047px) 100vw, 1047px\" \/>    <\/div>\n\n    <div class=\"eap__content\">\n        <!-- header -->\n        <header class=\"eap__header\">\n            <h2 class=\"eap__title\"><a href=\"https:\/\/www.entrearteycultura.es\/?eap_event=visita-al-palacio-de-santona\" rel=\"bookmark\">Visita al Palacio de Santo\u00f1a<\/a><\/h2>\n            \n                <p class=\"eap__category\">\n                    Eventos pasados                <\/p>\n                            \n<!-- event meta -->\n<p class=\"eap__meta\">\n            <span class=\"eap__date no-wrap\">\n            <span class=\"dashicons dashicons-calendar-alt\"><\/span> Friday 23 June, 2023        <\/span>\n         |         <span class=\"eap__time no-wrap\">\n            <span class=\"dashicons dashicons-clock\"><\/span> 17:30         <\/span>\n        \n    <br>\n\n    <\/p>\n\n        <\/header>\n\n        <!-- main -->\n        <main class=\"eap__excerpt\">\n                            <p class=\"eap__more\">\n                    <a href=\"https:\/\/www.entrearteycultura.es\/?eap_event=visita-al-palacio-de-santona\">Read more<\/a>\n                <\/p>\n                        <\/main>\n    <\/div>\n<\/div>\n\n<div id=\"post-663\" class=\"eap__event\">\n    <div class=\"eap__img\">\n        <img loading=\"lazy\" decoding=\"async\" width=\"1134\" height=\"478\" src=\"https:\/\/www.entrearteycultura.es\/wp-content\/uploads\/2023\/07\/Imagen1-2.png\" class=\"attachment-post-thumbnail size-post-thumbnail wp-post-image\" alt=\"\" srcset=\"https:\/\/www.entrearteycultura.es\/wp-content\/uploads\/2023\/07\/Imagen1-2.png 1134w, https:\/\/www.entrearteycultura.es\/wp-content\/uploads\/2023\/07\/Imagen1-2-300x126.png 300w, https:\/\/www.entrearteycultura.es\/wp-content\/uploads\/2023\/07\/Imagen1-2-1024x432.png 1024w, https:\/\/www.entrearteycultura.es\/wp-content\/uploads\/2023\/07\/Imagen1-2-768x324.png 768w, https:\/\/www.entrearteycultura.es\/wp-content\/uploads\/2023\/07\/Imagen1-2-142x60.png 142w\" sizes=\"(max-width: 1134px) 100vw, 1134px\" \/>    <\/div>\n\n    <div class=\"eap__content\">\n        <!-- header -->\n        <header class=\"eap__header\">\n            <h2 class=\"eap__title\"><a href=\"https:\/\/www.entrearteycultura.es\/?eap_event=recorrido-de-galerias-de-arte-en-apertura\" rel=\"bookmark\">Recorrido de galer\u00edas de arte en Apertura<\/a><\/h2>\n            \n                <p class=\"eap__category\">\n                    Eventos pasados                <\/p>\n                            \n<!-- event meta -->\n<p class=\"eap__meta\">\n            <span class=\"eap__date no-wrap\">\n            <span class=\"dashicons dashicons-calendar-alt\"><\/span> Saturday 16 September, 2023        <\/span>\n         |         <span class=\"eap__time no-wrap\">\n            <span class=\"dashicons dashicons-clock\"><\/span> 11:30         <\/span>\n        \n    <br>\n\n    <\/p>\n\n        <\/header>\n\n        <!-- main -->\n        <main class=\"eap__excerpt\">\n                            <p class=\"eap__more\">\n                    <a href=\"https:\/\/www.entrearteycultura.es\/?eap_event=recorrido-de-galerias-de-arte-en-apertura\">Read more<\/a>\n                <\/p>\n                        <\/main>\n    <\/div>\n<\/div>\n\n<div id=\"post-596\" class=\"eap__event\">\n    <div class=\"eap__img\">\n        <img loading=\"lazy\" decoding=\"async\" width=\"978\" height=\"333\" src=\"https:\/\/www.entrearteycultura.es\/wp-content\/uploads\/2023\/03\/quesos.png\" class=\"attachment-post-thumbnail size-post-thumbnail wp-post-image\" alt=\"\" srcset=\"https:\/\/www.entrearteycultura.es\/wp-content\/uploads\/2023\/03\/quesos.png 978w, https:\/\/www.entrearteycultura.es\/wp-content\/uploads\/2023\/03\/quesos-300x102.png 300w, https:\/\/www.entrearteycultura.es\/wp-content\/uploads\/2023\/03\/quesos-768x261.png 768w, https:\/\/www.entrearteycultura.es\/wp-content\/uploads\/2023\/03\/quesos-176x60.png 176w\" sizes=\"(max-width: 978px) 100vw, 978px\" \/>    <\/div>\n\n    <div class=\"eap__content\">\n        <!-- header -->\n        <header class=\"eap__header\">\n            <h2 class=\"eap__title\"><a href=\"https:\/\/www.entrearteycultura.es\/?eap_event=cata-quesos-nacionales-mercado-paz-madrid\" rel=\"bookmark\"><strong>Cata de quesos espa\u00f1oles <\/strong><\/a><\/h2>\n            \n                <p class=\"eap__category\">\n                    Eventos pasados                <\/p>\n                            \n<!-- event meta -->\n<p class=\"eap__meta\">\n            <span class=\"eap__date no-wrap\">\n            <span class=\"dashicons dashicons-calendar-alt\"><\/span> Tuesday 19 September, 2023        <\/span>\n         |         <span class=\"eap__time no-wrap\">\n            <span class=\"dashicons dashicons-clock\"><\/span> 19:30         <\/span>\n        \n    <br>\n\n    El Rinc\u00f3n de Entre Arte, Coraz\u00f3n de Mar\u00eda, 6<\/p>\n\n        <\/header>\n\n        <!-- main -->\n        <main class=\"eap__excerpt\">\n                            <p class=\"eap__more\">\n                    <a href=\"https:\/\/www.entrearteycultura.es\/?eap_event=cata-quesos-nacionales-mercado-paz-madrid\">Read more<\/a>\n                <\/p>\n                        <\/main>\n    <\/div>\n<\/div>\n\n<div id=\"post-675\" class=\"eap__event\">\n    <div class=\"eap__img\">\n        <img loading=\"lazy\" decoding=\"async\" width=\"614\" height=\"370\" src=\"https:\/\/www.entrearteycultura.es\/wp-content\/uploads\/2023\/09\/Imagen1-1.png\" class=\"attachment-post-thumbnail size-post-thumbnail wp-post-image\" alt=\"\" srcset=\"https:\/\/www.entrearteycultura.es\/wp-content\/uploads\/2023\/09\/Imagen1-1.png 614w, https:\/\/www.entrearteycultura.es\/wp-content\/uploads\/2023\/09\/Imagen1-1-300x181.png 300w, https:\/\/www.entrearteycultura.es\/wp-content\/uploads\/2023\/09\/Imagen1-1-100x60.png 100w\" sizes=\"(max-width: 614px) 100vw, 614px\" \/>    <\/div>\n\n    <div class=\"eap__content\">\n        <!-- header -->\n        <header class=\"eap__header\">\n            <h2 class=\"eap__title\"><a href=\"https:\/\/www.entrearteycultura.es\/?eap_event=visita-al-palacio-de-fernan-nunez\" rel=\"bookmark\">Visita al Palacio de Fern\u00e1n Nu\u00f1ez<\/a><\/h2>\n            \n                <p class=\"eap__category\">\n                    Eventos pasados                <\/p>\n                            \n<!-- event meta -->\n<p class=\"eap__meta\">\n            <span class=\"eap__date no-wrap\">\n            <span class=\"dashicons dashicons-calendar-alt\"><\/span> Friday 29 September, 2023        <\/span>\n         |         <span class=\"eap__time no-wrap\">\n            <span class=\"dashicons dashicons-clock\"><\/span> 17:00         <\/span>\n        \n    <br>\n\n    Santa Isabel 44<\/p>\n\n        <\/header>\n\n        <!-- main -->\n        <main class=\"eap__excerpt\">\n                            <p class=\"eap__more\">\n                    <a href=\"https:\/\/www.entrearteycultura.es\/?eap_event=visita-al-palacio-de-fernan-nunez\">Read more<\/a>\n                <\/p>\n                        <\/main>\n    <\/div>\n<\/div>\n\n<div id=\"post-524\" class=\"eap__event\">\n    <div class=\"eap__img\">\n        <img loading=\"lazy\" decoding=\"async\" width=\"968\" height=\"493\" src=\"https:\/\/www.entrearteycultura.es\/wp-content\/uploads\/2023\/03\/Ucles.jpg\" class=\"attachment-post-thumbnail size-post-thumbnail wp-post-image\" alt=\"\" srcset=\"https:\/\/www.entrearteycultura.es\/wp-content\/uploads\/2023\/03\/Ucles.jpg 968w, https:\/\/www.entrearteycultura.es\/wp-content\/uploads\/2023\/03\/Ucles-300x153.jpg 300w, https:\/\/www.entrearteycultura.es\/wp-content\/uploads\/2023\/03\/Ucles-768x391.jpg 768w, https:\/\/www.entrearteycultura.es\/wp-content\/uploads\/2023\/03\/Ucles-118x60.jpg 118w\" sizes=\"(max-width: 968px) 100vw, 968px\" \/>    <\/div>\n\n    <div class=\"eap__content\">\n        <!-- header -->\n        <header class=\"eap__header\">\n            <h2 class=\"eap__title\"><a href=\"https:\/\/www.entrearteycultura.es\/?eap_event=monasterio-ucles-romano-segobriga-jardin\" rel=\"bookmark\">Escapada de d\u00eda: Ucl\u00e9s y Seg\u00f3briga.<\/a><\/h2>\n            \n                <p class=\"eap__category\">\n                    Eventos pasados                <\/p>\n                            \n<!-- event meta -->\n<p class=\"eap__meta\">\n            <span class=\"eap__date no-wrap\">\n            <span class=\"dashicons dashicons-calendar-alt\"><\/span> Saturday 7 October, 2023        <\/span>\n        \n    <br>\n\n    <\/p>\n\n        <\/header>\n\n        <!-- main -->\n        <main class=\"eap__excerpt\">\n                            <p class=\"eap__more\">\n                    <a href=\"https:\/\/www.entrearteycultura.es\/?eap_event=monasterio-ucles-romano-segobriga-jardin\">Read more<\/a>\n                <\/p>\n                        <\/main>\n    <\/div>\n<\/div>\n\n<div id=\"post-685\" class=\"eap__event\">\n    <div class=\"eap__img\">\n        <img loading=\"lazy\" decoding=\"async\" width=\"394\" height=\"209\" src=\"https:\/\/www.entrearteycultura.es\/wp-content\/uploads\/2023\/10\/Imagen-Estampa.jpg\" class=\"attachment-post-thumbnail size-post-thumbnail wp-post-image\" alt=\"\" srcset=\"https:\/\/www.entrearteycultura.es\/wp-content\/uploads\/2023\/10\/Imagen-Estampa.jpg 394w, https:\/\/www.entrearteycultura.es\/wp-content\/uploads\/2023\/10\/Imagen-Estampa-300x159.jpg 300w, https:\/\/www.entrearteycultura.es\/wp-content\/uploads\/2023\/10\/Imagen-Estampa-113x60.jpg 113w\" sizes=\"(max-width: 394px) 100vw, 394px\" \/>    <\/div>\n\n    <div class=\"eap__content\">\n        <!-- header -->\n        <header class=\"eap__header\">\n            <h2 class=\"eap__title\"><a href=\"https:\/\/www.entrearteycultura.es\/?eap_event=visita-a-la-feria-estampa-de-arte-contemporaneo\" rel=\"bookmark\">Visita a la Feria Estampa de Arte Contempor\u00e1neo<\/a><\/h2>\n            \n                <p class=\"eap__category\">\n                    Eventos pasados                <\/p>\n                            \n<!-- event meta -->\n<p class=\"eap__meta\">\n            <span class=\"eap__date no-wrap\">\n            <span class=\"dashicons dashicons-calendar-alt\"><\/span> Friday 20 October, 2023        <\/span>\n         |         <span class=\"eap__time no-wrap\">\n            <span class=\"dashicons dashicons-clock\"><\/span> 17:00         <\/span>\n        \n    <br>\n\n    IFEMA, Pabell\u00f3n 4<\/p>\n\n        <\/header>\n\n        <!-- main -->\n        <main class=\"eap__excerpt\">\n                            <p class=\"eap__more\">\n                    <a href=\"https:\/\/www.entrearteycultura.es\/?eap_event=visita-a-la-feria-estampa-de-arte-contemporaneo\">Read more<\/a>\n                <\/p>\n                        <\/main>\n    <\/div>\n<\/div>\n\n<div id=\"post-697\" class=\"eap__event\">\n    <div class=\"eap__img\">\n        <img loading=\"lazy\" decoding=\"async\" width=\"487\" height=\"286\" src=\"https:\/\/www.entrearteycultura.es\/wp-content\/uploads\/2023\/10\/Imagen1.jpg\" class=\"attachment-post-thumbnail size-post-thumbnail wp-post-image\" alt=\"\" srcset=\"https:\/\/www.entrearteycultura.es\/wp-content\/uploads\/2023\/10\/Imagen1.jpg 487w, https:\/\/www.entrearteycultura.es\/wp-content\/uploads\/2023\/10\/Imagen1-300x176.jpg 300w, https:\/\/www.entrearteycultura.es\/wp-content\/uploads\/2023\/10\/Imagen1-102x60.jpg 102w\" sizes=\"(max-width: 487px) 100vw, 487px\" \/>    <\/div>\n\n    <div class=\"eap__content\">\n        <!-- header -->\n        <header class=\"eap__header\">\n            <h2 class=\"eap__title\"><a href=\"https:\/\/www.entrearteycultura.es\/?eap_event=arte-contemporaneo-segovia\" rel=\"bookmark\">ARTE CONTEMPOR\u00c1NEO SEGOVIA<\/a><\/h2>\n            \n                <p class=\"eap__category\">\n                    Eventos pasados                <\/p>\n                            \n<!-- event meta -->\n<p class=\"eap__meta\">\n            <span class=\"eap__date no-wrap\">\n            <span class=\"dashicons dashicons-calendar-alt\"><\/span> Saturday 21 October, 2023        <\/span>\n        \n    <br>\n\n    <\/p>\n\n        <\/header>\n\n        <!-- main -->\n        <main class=\"eap__excerpt\">\n                            <p class=\"eap__more\">\n                    <a href=\"https:\/\/www.entrearteycultura.es\/?eap_event=arte-contemporaneo-segovia\">Read more<\/a>\n                <\/p>\n                        <\/main>\n    <\/div>\n<\/div>\n\n<div id=\"post-693\" class=\"eap__event\">\n    <div class=\"eap__img\">\n        <img loading=\"lazy\" decoding=\"async\" width=\"1265\" height=\"452\" src=\"https:\/\/www.entrearteycultura.es\/wp-content\/uploads\/2023\/10\/ImagenAtocha.png\" class=\"attachment-post-thumbnail size-post-thumbnail wp-post-image\" alt=\"\" srcset=\"https:\/\/www.entrearteycultura.es\/wp-content\/uploads\/2023\/10\/ImagenAtocha.png 1265w, https:\/\/www.entrearteycultura.es\/wp-content\/uploads\/2023\/10\/ImagenAtocha-300x107.png 300w, https:\/\/www.entrearteycultura.es\/wp-content\/uploads\/2023\/10\/ImagenAtocha-1024x366.png 1024w, https:\/\/www.entrearteycultura.es\/wp-content\/uploads\/2023\/10\/ImagenAtocha-768x274.png 768w, https:\/\/www.entrearteycultura.es\/wp-content\/uploads\/2023\/10\/ImagenAtocha-168x60.png 168w\" sizes=\"(max-width: 1265px) 100vw, 1265px\" \/>    <\/div>\n\n    <div class=\"eap__content\">\n        <!-- header -->\n        <header class=\"eap__header\">\n            <h2 class=\"eap__title\"><a href=\"https:\/\/www.entrearteycultura.es\/?eap_event=paseo-por-un-arte-eclectico-en-el-madrid-del-siglo-xix-visitas-a-la-basilica-de-atocha-pabellon-de-espana-o-de-hombres-ilustres-y-museo-la-neomudejar-centro-de-artes-de-vanguardia-con-la-exposicio\" rel=\"bookmark\">Paseo por un arte ecl\u00e9ctico en el Madrid del siglo XIX: Visitas a la Bas\u00edlica de Atocha, Pabell\u00f3n de Espa\u00f1a o de Hombres Ilustres y Museo la Neomud\u00e9jar (Centro de Artes de Vanguardia, con la exposici\u00f3n del artista Ciria).<\/a><\/h2>\n            \n                <p class=\"eap__category\">\n                    Eventos pasados                <\/p>\n                            \n<!-- event meta -->\n<p class=\"eap__meta\">\n            <span class=\"eap__date no-wrap\">\n            <span class=\"dashicons dashicons-calendar-alt\"><\/span> Wednesday 25 October, 2023        <\/span>\n         |         <span class=\"eap__time no-wrap\">\n            <span class=\"dashicons dashicons-clock\"><\/span> 18:00         <\/span>\n        \n    <br>\n\n    Bas\u00edlica de Atocha<\/p>\n\n        <\/header>\n\n        <!-- main -->\n        <main class=\"eap__excerpt\">\n                            <p class=\"eap__more\">\n                    <a href=\"https:\/\/www.entrearteycultura.es\/?eap_event=paseo-por-un-arte-eclectico-en-el-madrid-del-siglo-xix-visitas-a-la-basilica-de-atocha-pabellon-de-espana-o-de-hombres-ilustres-y-museo-la-neomudejar-centro-de-artes-de-vanguardia-con-la-exposicio\">Read more<\/a>\n                <\/p>\n                        <\/main>\n    <\/div>\n<\/div>\n\n<div id=\"post-681\" class=\"eap__event\">\n    <div class=\"eap__img\">\n        <img loading=\"lazy\" decoding=\"async\" width=\"450\" height=\"227\" src=\"https:\/\/www.entrearteycultura.es\/wp-content\/uploads\/2023\/09\/Imagen1.jpg\" class=\"attachment-post-thumbnail size-post-thumbnail wp-post-image\" alt=\"\" srcset=\"https:\/\/www.entrearteycultura.es\/wp-content\/uploads\/2023\/09\/Imagen1.jpg 450w, https:\/\/www.entrearteycultura.es\/wp-content\/uploads\/2023\/09\/Imagen1-300x151.jpg 300w, https:\/\/www.entrearteycultura.es\/wp-content\/uploads\/2023\/09\/Imagen1-119x60.jpg 119w\" sizes=\"(max-width: 450px) 100vw, 450px\" \/>    <\/div>\n\n    <div class=\"eap__content\">\n        <!-- header -->\n        <header class=\"eap__header\">\n            <h2 class=\"eap__title\"><a href=\"https:\/\/www.entrearteycultura.es\/?eap_event=visita-al-palacio-de-fomento-actual-ministerio-de-agricultura\" rel=\"bookmark\">Visita al Palacio de Fomento (actual Ministerio de Agricultura)<\/a><\/h2>\n            \n                <p class=\"eap__category\">\n                    Eventos pasados                <\/p>\n                            \n<!-- event meta -->\n<p class=\"eap__meta\">\n            <span class=\"eap__date no-wrap\">\n            <span class=\"dashicons dashicons-calendar-alt\"><\/span> Saturday 4 November, 2023        <\/span>\n         |         <span class=\"eap__time no-wrap\">\n            <span class=\"dashicons dashicons-clock\"><\/span> 12:00         <\/span>\n        \n    <br>\n\n    <\/p>\n\n        <\/header>\n\n        <!-- main -->\n        <main class=\"eap__excerpt\">\n                            <p class=\"eap__more\">\n                    <a href=\"https:\/\/www.entrearteycultura.es\/?eap_event=visita-al-palacio-de-fomento-actual-ministerio-de-agricultura\">Read more<\/a>\n                <\/p>\n                        <\/main>\n    <\/div>\n<\/div>\n\n<div id=\"post-645\" class=\"eap__event\">\n    <div class=\"eap__img\">\n        <img loading=\"lazy\" decoding=\"async\" width=\"1134\" height=\"327\" src=\"https:\/\/www.entrearteycultura.es\/wp-content\/uploads\/2023\/07\/Imagen2.png\" class=\"attachment-post-thumbnail size-post-thumbnail wp-post-image\" alt=\"\" srcset=\"https:\/\/www.entrearteycultura.es\/wp-content\/uploads\/2023\/07\/Imagen2.png 1134w, https:\/\/www.entrearteycultura.es\/wp-content\/uploads\/2023\/07\/Imagen2-300x87.png 300w, https:\/\/www.entrearteycultura.es\/wp-content\/uploads\/2023\/07\/Imagen2-1024x295.png 1024w, https:\/\/www.entrearteycultura.es\/wp-content\/uploads\/2023\/07\/Imagen2-768x221.png 768w, https:\/\/www.entrearteycultura.es\/wp-content\/uploads\/2023\/07\/Imagen2-208x60.png 208w, https:\/\/www.entrearteycultura.es\/wp-content\/uploads\/2023\/07\/Imagen2-350x100.png 350w\" sizes=\"(max-width: 1134px) 100vw, 1134px\" \/>    <\/div>\n\n    <div class=\"eap__content\">\n        <!-- header -->\n        <header class=\"eap__header\">\n            <h2 class=\"eap__title\"><a href=\"https:\/\/www.entrearteycultura.es\/?eap_event=un-trio-italiano-por-conocer-bolonia-modena-y-ravena\" rel=\"bookmark\">Un tr\u00edo italiano por conocer: Bolonia, M\u00f3dena y R\u00e1vena<\/a><\/h2>\n            \n                <p class=\"eap__category\">\n                    Eventos pasados                <\/p>\n                            \n<!-- event meta -->\n<p class=\"eap__meta\">\n            <span class=\"eap__date no-wrap\">\n            <span class=\"dashicons dashicons-calendar-alt\"><\/span> Wednesday 8 November, 2023        <\/span>\n         \u2013         <span class=\"eap__date no-wrap\">\n            <span class=\"dashicons dashicons-calendar-alt\"><\/span> Sunday 12 November, 2023        <\/span>\n        \n    <br>\n\n    <\/p>\n\n        <\/header>\n\n        <!-- main -->\n        <main class=\"eap__excerpt\">\n                            <p class=\"eap__more\">\n                    <a href=\"https:\/\/www.entrearteycultura.es\/?eap_event=un-trio-italiano-por-conocer-bolonia-modena-y-ravena\">Read more<\/a>\n                <\/p>\n                        <\/main>\n    <\/div>\n<\/div>\n\n<div id=\"post-707\" class=\"eap__event\">\n    <div class=\"eap__img\">\n        <img loading=\"lazy\" decoding=\"async\" width=\"1222\" height=\"472\" src=\"https:\/\/www.entrearteycultura.es\/wp-content\/uploads\/2023\/10\/Imagen1-1.jpg\" class=\"attachment-post-thumbnail size-post-thumbnail wp-post-image\" alt=\"\" srcset=\"https:\/\/www.entrearteycultura.es\/wp-content\/uploads\/2023\/10\/Imagen1-1.jpg 1222w, https:\/\/www.entrearteycultura.es\/wp-content\/uploads\/2023\/10\/Imagen1-1-300x116.jpg 300w, https:\/\/www.entrearteycultura.es\/wp-content\/uploads\/2023\/10\/Imagen1-1-1024x396.jpg 1024w, https:\/\/www.entrearteycultura.es\/wp-content\/uploads\/2023\/10\/Imagen1-1-768x297.jpg 768w, https:\/\/www.entrearteycultura.es\/wp-content\/uploads\/2023\/10\/Imagen1-1-155x60.jpg 155w, https:\/\/www.entrearteycultura.es\/wp-content\/uploads\/2023\/10\/Imagen1-1-1220x472.jpg 1220w\" sizes=\"(max-width: 1222px) 100vw, 1222px\" \/>    <\/div>\n\n    <div class=\"eap__content\">\n        <!-- header -->\n        <header class=\"eap__header\">\n            <h2 class=\"eap__title\"><a href=\"https:\/\/www.entrearteycultura.es\/?eap_event=visita-al-palacio-de-salamanca-y-la-coleccion-de-arte-antiguo-del-bbva\" rel=\"bookmark\">Visita al Palacio del Marqu\u00e9s de Salamanca y la colecci\u00f3n BBVA<\/a><\/h2>\n            \n                <p class=\"eap__category\">\n                    Eventos pasados                <\/p>\n                            \n<!-- event meta -->\n<p class=\"eap__meta\">\n            <span class=\"eap__date no-wrap\">\n            <span class=\"dashicons dashicons-calendar-alt\"><\/span> Friday 17 November, 2023        <\/span>\n         |         <span class=\"eap__time no-wrap\">\n            <span class=\"dashicons dashicons-clock\"><\/span> 18:30         <\/span>\n        \n    <br>\n\n    Paseo de Recoletos 10, Madrid<\/p>\n\n        <\/header>\n\n        <!-- main -->\n        <main class=\"eap__excerpt\">\n                            <p class=\"eap__more\">\n                    <a href=\"https:\/\/www.entrearteycultura.es\/?eap_event=visita-al-palacio-de-salamanca-y-la-coleccion-de-arte-antiguo-del-bbva\">Read more<\/a>\n                <\/p>\n                        <\/main>\n    <\/div>\n<\/div>\n\n<div id=\"post-715\" class=\"eap__event\">\n    <div class=\"eap__img\">\n        <img loading=\"lazy\" decoding=\"async\" width=\"957\" height=\"396\" src=\"https:\/\/www.entrearteycultura.es\/wp-content\/uploads\/2023\/11\/image-1.png\" class=\"attachment-post-thumbnail size-post-thumbnail wp-post-image\" alt=\"\" srcset=\"https:\/\/www.entrearteycultura.es\/wp-content\/uploads\/2023\/11\/image-1.png 957w, https:\/\/www.entrearteycultura.es\/wp-content\/uploads\/2023\/11\/image-1-300x124.png 300w, https:\/\/www.entrearteycultura.es\/wp-content\/uploads\/2023\/11\/image-1-768x318.png 768w, https:\/\/www.entrearteycultura.es\/wp-content\/uploads\/2023\/11\/image-1-145x60.png 145w\" sizes=\"(max-width: 957px) 100vw, 957px\" \/>    <\/div>\n\n    <div class=\"eap__content\">\n        <!-- header -->\n        <header class=\"eap__header\">\n            <h2 class=\"eap__title\"><a href=\"https:\/\/www.entrearteycultura.es\/?eap_event=visita-al-banco-de-espana-y-su-coleccion-de-arte\" rel=\"bookmark\">Visita al Banco de Espa\u00f1a y su colecci\u00f3n de arte<\/a><\/h2>\n            \n                <p class=\"eap__category\">\n                    Eventos pasados                <\/p>\n                            \n<!-- event meta -->\n<p class=\"eap__meta\">\n            <span class=\"eap__date no-wrap\">\n            <span class=\"dashicons dashicons-calendar-alt\"><\/span> Thursday 23 November, 2023        <\/span>\n         |         <span class=\"eap__time no-wrap\">\n            <span class=\"dashicons dashicons-clock\"><\/span> 17:00         <\/span>\n        \n    <br>\n\n    <\/p>\n\n        <\/header>\n\n        <!-- main -->\n        <main class=\"eap__excerpt\">\n                            <p class=\"eap__more\">\n                    <a href=\"https:\/\/www.entrearteycultura.es\/?eap_event=visita-al-banco-de-espana-y-su-coleccion-de-arte\">Read more<\/a>\n                <\/p>\n                        <\/main>\n    <\/div>\n<\/div>\n\n<div id=\"post-727\" class=\"eap__event\">\n    <div class=\"eap__img\">\n        <img loading=\"lazy\" decoding=\"async\" width=\"1061\" height=\"337\" src=\"https:\/\/www.entrearteycultura.es\/wp-content\/uploads\/2023\/11\/Imagen1.png\" class=\"attachment-post-thumbnail size-post-thumbnail wp-post-image\" alt=\"\" srcset=\"https:\/\/www.entrearteycultura.es\/wp-content\/uploads\/2023\/11\/Imagen1.png 1061w, https:\/\/www.entrearteycultura.es\/wp-content\/uploads\/2023\/11\/Imagen1-300x95.png 300w, https:\/\/www.entrearteycultura.es\/wp-content\/uploads\/2023\/11\/Imagen1-1024x325.png 1024w, https:\/\/www.entrearteycultura.es\/wp-content\/uploads\/2023\/11\/Imagen1-768x244.png 768w, https:\/\/www.entrearteycultura.es\/wp-content\/uploads\/2023\/11\/Imagen1-189x60.png 189w\" sizes=\"(max-width: 1061px) 100vw, 1061px\" \/>    <\/div>\n\n    <div class=\"eap__content\">\n        <!-- header -->\n        <header class=\"eap__header\">\n            <h2 class=\"eap__title\"><a href=\"https:\/\/www.entrearteycultura.es\/?eap_event=visita-al-palacio-de-liria-y-la-exposicion-la-moda-en-la-casa-de-alba\" rel=\"bookmark\">Visita al Palacio de Liria y la exposici\u00f3n la moda en la Casa de Alba<\/a><\/h2>\n            \n                <p class=\"eap__category\">\n                    Eventos pasados                <\/p>\n                            \n<!-- event meta -->\n<p class=\"eap__meta\">\n            <span class=\"eap__date no-wrap\">\n            <span class=\"dashicons dashicons-calendar-alt\"><\/span> Friday 1 December, 2023        <\/span>\n         |         <span class=\"eap__time no-wrap\">\n            <span class=\"dashicons dashicons-clock\"><\/span> 18:00         <\/span>\n        \n    <br>\n\n    Palacio de Liria, Calle de la Princesa 20<\/p>\n\n        <\/header>\n\n        <!-- main -->\n        <main class=\"eap__excerpt\">\n                            <p class=\"eap__more\">\n                    <a href=\"https:\/\/www.entrearteycultura.es\/?eap_event=visita-al-palacio-de-liria-y-la-exposicion-la-moda-en-la-casa-de-alba\">Read more<\/a>\n                <\/p>\n                        <\/main>\n    <\/div>\n<\/div>\n\n<div id=\"post-705\" class=\"eap__event\">\n    <div class=\"eap__img\">\n        <img loading=\"lazy\" decoding=\"async\" width=\"1269\" height=\"361\" src=\"https:\/\/www.entrearteycultura.es\/wp-content\/uploads\/2023\/10\/Imagen3.png\" class=\"attachment-post-thumbnail size-post-thumbnail wp-post-image\" alt=\"\" srcset=\"https:\/\/www.entrearteycultura.es\/wp-content\/uploads\/2023\/10\/Imagen3.png 1269w, https:\/\/www.entrearteycultura.es\/wp-content\/uploads\/2023\/10\/Imagen3-300x85.png 300w, https:\/\/www.entrearteycultura.es\/wp-content\/uploads\/2023\/10\/Imagen3-1024x291.png 1024w, https:\/\/www.entrearteycultura.es\/wp-content\/uploads\/2023\/10\/Imagen3-768x218.png 768w, https:\/\/www.entrearteycultura.es\/wp-content\/uploads\/2023\/10\/Imagen3-211x60.png 211w, https:\/\/www.entrearteycultura.es\/wp-content\/uploads\/2023\/10\/Imagen3-350x100.png 350w\" sizes=\"(max-width: 1269px) 100vw, 1269px\" \/>    <\/div>\n\n    <div class=\"eap__content\">\n        <!-- header -->\n        <header class=\"eap__header\">\n            <h2 class=\"eap__title\"><a href=\"https:\/\/www.entrearteycultura.es\/?eap_event=puerta-de-la-alcarria-torija-y-brihuega\" rel=\"bookmark\">PUERTA DE LA ALCARRIA: Torija y Brihuega<\/a><\/h2>\n            \n                <p class=\"eap__category\">\n                    Eventos pasados                <\/p>\n                            \n<!-- event meta -->\n<p class=\"eap__meta\">\n            <span class=\"eap__date no-wrap\">\n            <span class=\"dashicons dashicons-calendar-alt\"><\/span> Saturday 2 December, 2023        <\/span>\n        \n    <br>\n\n    <\/p>\n\n        <\/header>\n\n        <!-- main -->\n        <main class=\"eap__excerpt\">\n                            <p class=\"eap__more\">\n                    <a href=\"https:\/\/www.entrearteycultura.es\/?eap_event=puerta-de-la-alcarria-torija-y-brihuega\">Read more<\/a>\n                <\/p>\n                        <\/main>\n    <\/div>\n<\/div>\n\n<div id=\"post-695\" class=\"eap__event\">\n    <div class=\"eap__img\">\n        <img loading=\"lazy\" decoding=\"async\" width=\"596\" height=\"315\" src=\"https:\/\/www.entrearteycultura.es\/wp-content\/uploads\/2023\/10\/ImagenMOnet.png\" class=\"attachment-post-thumbnail size-post-thumbnail wp-post-image\" alt=\"\" srcset=\"https:\/\/www.entrearteycultura.es\/wp-content\/uploads\/2023\/10\/ImagenMOnet.png 596w, https:\/\/www.entrearteycultura.es\/wp-content\/uploads\/2023\/10\/ImagenMOnet-300x159.png 300w, https:\/\/www.entrearteycultura.es\/wp-content\/uploads\/2023\/10\/ImagenMOnet-114x60.png 114w\" sizes=\"(max-width: 596px) 100vw, 596px\" \/>    <\/div>\n\n    <div class=\"eap__content\">\n        <!-- header -->\n        <header class=\"eap__header\">\n            <h2 class=\"eap__title\"><a href=\"https:\/\/www.entrearteycultura.es\/?eap_event=visita-a-la-exposicion-monet-obras-maestras-del-museo-marmottan-de-paris\" rel=\"bookmark\">Visita a la Exposici\u00f3n \u201cMonet, obras maestras del Museo Marmottan de Par\u00eds\u201d<\/a><\/h2>\n            \n                <p class=\"eap__category\">\n                    Eventos pasados                <\/p>\n                            \n<!-- event meta -->\n<p class=\"eap__meta\">\n            <span class=\"eap__date no-wrap\">\n            <span class=\"dashicons dashicons-calendar-alt\"><\/span> Monday 11 December, 2023        <\/span>\n         |         <span class=\"eap__time no-wrap\">\n            <span class=\"dashicons dashicons-clock\"><\/span> 18:00         <\/span>\n        \n    <br>\n\n    Salas de Exposiciones Centro-Centro, Palacio de Cibeles<\/p>\n\n        <\/header>\n\n        <!-- main -->\n        <main class=\"eap__excerpt\">\n                            <p class=\"eap__more\">\n                    <a href=\"https:\/\/www.entrearteycultura.es\/?eap_event=visita-a-la-exposicion-monet-obras-maestras-del-museo-marmottan-de-paris\">Read more<\/a>\n                <\/p>\n                        <\/main>\n    <\/div>\n<\/div>\n\n<div id=\"post-394\" class=\"eap__event\">\n    <div class=\"eap__img\">\n        <img loading=\"lazy\" decoding=\"async\" width=\"1064\" height=\"403\" src=\"https:\/\/www.entrearteycultura.es\/wp-content\/uploads\/2023\/02\/Academia.jpg\" class=\"attachment-post-thumbnail size-post-thumbnail wp-post-image\" alt=\"\" srcset=\"https:\/\/www.entrearteycultura.es\/wp-content\/uploads\/2023\/02\/Academia.jpg 1064w, https:\/\/www.entrearteycultura.es\/wp-content\/uploads\/2023\/02\/Academia-300x114.jpg 300w, https:\/\/www.entrearteycultura.es\/wp-content\/uploads\/2023\/02\/Academia-1024x388.jpg 1024w, https:\/\/www.entrearteycultura.es\/wp-content\/uploads\/2023\/02\/Academia-768x291.jpg 768w, https:\/\/www.entrearteycultura.es\/wp-content\/uploads\/2023\/02\/Academia-158x60.jpg 158w\" sizes=\"(max-width: 1064px) 100vw, 1064px\" \/>    <\/div>\n\n    <div class=\"eap__content\">\n        <!-- header -->\n        <header class=\"eap__header\">\n            <h2 class=\"eap__title\"><a href=\"https:\/\/www.entrearteycultura.es\/?eap_event=visita-guiada-coleccion-academia-bellasartes-escuela-espanola-goya-calcografia-desastres-caprichos\" rel=\"bookmark\">Visita al Museo de la Real Academia de Bellas Artes de San Fernando (2\u00aa y 3\u00aa plantas)<\/a><\/h2>\n            \n                <p class=\"eap__category\">\n                    Eventos pasados                <\/p>\n                            \n<!-- event meta -->\n<p class=\"eap__meta\">\n            <span class=\"eap__date no-wrap\">\n            <span class=\"dashicons dashicons-calendar-alt\"><\/span> Saturday 16 December, 2023        <\/span>\n         |         <span class=\"eap__time no-wrap\">\n            <span class=\"dashicons dashicons-clock\"><\/span> 11:30         <\/span>\n        \n    <br>\n\n    Real Academia de Bellas Artes de San Fernando, Alcal\u00e1, 13<\/p>\n\n        <\/header>\n\n        <!-- main -->\n        <main class=\"eap__excerpt\">\n                            <p class=\"eap__more\">\n                    <a href=\"https:\/\/www.entrearteycultura.es\/?eap_event=visita-guiada-coleccion-academia-bellasartes-escuela-espanola-goya-calcografia-desastres-caprichos\">Read more<\/a>\n                <\/p>\n                        <\/main>\n    <\/div>\n<\/div>\n\n<div id=\"post-736\" class=\"eap__event\">\n    <div class=\"eap__img\">\n        <img loading=\"lazy\" decoding=\"async\" width=\"1134\" height=\"430\" src=\"https:\/\/www.entrearteycultura.es\/wp-content\/uploads\/2024\/01\/Imagen1.png\" class=\"attachment-post-thumbnail size-post-thumbnail wp-post-image\" alt=\"\" srcset=\"https:\/\/www.entrearteycultura.es\/wp-content\/uploads\/2024\/01\/Imagen1.png 1134w, https:\/\/www.entrearteycultura.es\/wp-content\/uploads\/2024\/01\/Imagen1-300x114.png 300w, https:\/\/www.entrearteycultura.es\/wp-content\/uploads\/2024\/01\/Imagen1-1024x388.png 1024w, https:\/\/www.entrearteycultura.es\/wp-content\/uploads\/2024\/01\/Imagen1-768x291.png 768w, https:\/\/www.entrearteycultura.es\/wp-content\/uploads\/2024\/01\/Imagen1-158x60.png 158w\" sizes=\"(max-width: 1134px) 100vw, 1134px\" \/>    <\/div>\n\n    <div class=\"eap__content\">\n        <!-- header -->\n        <header class=\"eap__header\">\n            <h2 class=\"eap__title\"><a href=\"https:\/\/www.entrearteycultura.es\/?eap_event=visita-en-la-fundacion-masaveu-a-la-exposicion-de-bodegones-y-floreros-de-los-siglos-xvii-y-xviii\" rel=\"bookmark\">Visita en la Fundaci\u00f3n Masaveu, a la exposici\u00f3n de\u00a0Bodegones y Floreros de los siglos XVII y XVIII.<\/a><\/h2>\n            \n                <p class=\"eap__category\">\n                    Eventos pasados                <\/p>\n                            \n<!-- event meta -->\n<p class=\"eap__meta\">\n            <span class=\"eap__date no-wrap\">\n            <span class=\"dashicons dashicons-calendar-alt\"><\/span> Thursday 4 January, 2024        <\/span>\n         |         <span class=\"eap__time no-wrap\">\n            <span class=\"dashicons dashicons-clock\"><\/span> 17:00         <\/span>\n        \n    <br>\n\n    Fundaci\u00f3n Masaveu, Alcal\u00e1 Galiano 6, Madrid<\/p>\n\n        <\/header>\n\n        <!-- main -->\n        <main class=\"eap__excerpt\">\n                            <p class=\"eap__more\">\n                    <a href=\"https:\/\/www.entrearteycultura.es\/?eap_event=visita-en-la-fundacion-masaveu-a-la-exposicion-de-bodegones-y-floreros-de-los-siglos-xvii-y-xviii\">Read more<\/a>\n                <\/p>\n                        <\/main>\n    <\/div>\n<\/div>\n\n<div id=\"post-739\" class=\"eap__event\">\n    <div class=\"eap__img\">\n        <img loading=\"lazy\" decoding=\"async\" width=\"1134\" height=\"495\" src=\"https:\/\/www.entrearteycultura.es\/wp-content\/uploads\/2024\/01\/Imagen2.png\" class=\"attachment-post-thumbnail size-post-thumbnail wp-post-image\" alt=\"\" srcset=\"https:\/\/www.entrearteycultura.es\/wp-content\/uploads\/2024\/01\/Imagen2.png 1134w, https:\/\/www.entrearteycultura.es\/wp-content\/uploads\/2024\/01\/Imagen2-300x131.png 300w, https:\/\/www.entrearteycultura.es\/wp-content\/uploads\/2024\/01\/Imagen2-1024x447.png 1024w, https:\/\/www.entrearteycultura.es\/wp-content\/uploads\/2024\/01\/Imagen2-768x335.png 768w, https:\/\/www.entrearteycultura.es\/wp-content\/uploads\/2024\/01\/Imagen2-137x60.png 137w\" sizes=\"(max-width: 1134px) 100vw, 1134px\" \/>    <\/div>\n\n    <div class=\"eap__content\">\n        <!-- header -->\n        <header class=\"eap__header\">\n            <h2 class=\"eap__title\"><a href=\"https:\/\/www.entrearteycultura.es\/?eap_event=museo-nacional-reina-sofia-visita-exposicion-picasso-1906-la-gran-transformacion\" rel=\"bookmark\">Museo Nacional Reina Sof\u00eda. Visita exposici\u00f3n: Picasso 1906, la gran transformaci\u00f3n.\u00a0<\/a><\/h2>\n            \n                <p class=\"eap__category\">\n                    Eventos pasados                <\/p>\n                            \n<!-- event meta -->\n<p class=\"eap__meta\">\n            <span class=\"eap__date no-wrap\">\n            <span class=\"dashicons dashicons-calendar-alt\"><\/span> Saturday 27 January, 2024        <\/span>\n         |         <span class=\"eap__time no-wrap\">\n            <span class=\"dashicons dashicons-clock\"><\/span> 00:00         <\/span>\n        \n    <br>\n\n    Museo Reina Sof\u00eda (entrada por Jean Nouvel (Ronda de Atocha)<\/p>\n\n    <!-- additional information -->\n    <p class=\"eap__add-info\">2 grupos: 10:30 h y 12:30 h h.<\/p>\n            <\/header>\n\n        <!-- main -->\n        <main class=\"eap__excerpt\">\n                            <p class=\"eap__more\">\n                    <a href=\"https:\/\/www.entrearteycultura.es\/?eap_event=museo-nacional-reina-sofia-visita-exposicion-picasso-1906-la-gran-transformacion\">Read more<\/a>\n                <\/p>\n                        <\/main>\n    <\/div>\n<\/div>\n\n<div id=\"post-750\" class=\"eap__event\">\n    <div class=\"eap__img\">\n        <img loading=\"lazy\" decoding=\"async\" width=\"1134\" height=\"383\" src=\"https:\/\/www.entrearteycultura.es\/wp-content\/uploads\/2024\/01\/Imagen1.jpg\" class=\"attachment-post-thumbnail size-post-thumbnail wp-post-image\" alt=\"\" srcset=\"https:\/\/www.entrearteycultura.es\/wp-content\/uploads\/2024\/01\/Imagen1.jpg 1134w, https:\/\/www.entrearteycultura.es\/wp-content\/uploads\/2024\/01\/Imagen1-300x101.jpg 300w, https:\/\/www.entrearteycultura.es\/wp-content\/uploads\/2024\/01\/Imagen1-1024x346.jpg 1024w, https:\/\/www.entrearteycultura.es\/wp-content\/uploads\/2024\/01\/Imagen1-768x259.jpg 768w, https:\/\/www.entrearteycultura.es\/wp-content\/uploads\/2024\/01\/Imagen1-178x60.jpg 178w\" sizes=\"(max-width: 1134px) 100vw, 1134px\" \/>    <\/div>\n\n    <div class=\"eap__content\">\n        <!-- header -->\n        <header class=\"eap__header\">\n            <h2 class=\"eap__title\"><a href=\"https:\/\/www.entrearteycultura.es\/?eap_event=valencia-importante-patrimonio-desconocido-y-nuevo-centro-de-arte-contemporaneo\" rel=\"bookmark\">Valencia, importante patrimonio desconocido y nuevo centro de arte contempor\u00e1neo<\/a><\/h2>\n            \n                <p class=\"eap__category\">\n                    Eventos pasados                <\/p>\n                            \n<!-- event meta -->\n<p class=\"eap__meta\">\n            <span class=\"eap__date no-wrap\">\n            <span class=\"dashicons dashicons-calendar-alt\"><\/span> Friday 2 February, 2024        <\/span>\n         \u2013         <span class=\"eap__date no-wrap\">\n            <span class=\"dashicons dashicons-calendar-alt\"><\/span> Sunday 4 February, 2024        <\/span>\n        \n    <br>\n\n    <\/p>\n\n        <\/header>\n\n        <!-- main -->\n        <main class=\"eap__excerpt\">\n                            <p class=\"eap__more\">\n                    <a href=\"https:\/\/www.entrearteycultura.es\/?eap_event=valencia-importante-patrimonio-desconocido-y-nuevo-centro-de-arte-contemporaneo\">Read more<\/a>\n                <\/p>\n                        <\/main>\n    <\/div>\n<\/div>\n\n<div id=\"post-771\" class=\"eap__event\">\n    <div class=\"eap__img\">\n        <img loading=\"lazy\" decoding=\"async\" width=\"1134\" height=\"432\" src=\"https:\/\/www.entrearteycultura.es\/wp-content\/uploads\/2024\/01\/Imagen1-1.png\" class=\"attachment-post-thumbnail size-post-thumbnail wp-post-image\" alt=\"\" srcset=\"https:\/\/www.entrearteycultura.es\/wp-content\/uploads\/2024\/01\/Imagen1-1.png 1134w, https:\/\/www.entrearteycultura.es\/wp-content\/uploads\/2024\/01\/Imagen1-1-300x114.png 300w, https:\/\/www.entrearteycultura.es\/wp-content\/uploads\/2024\/01\/Imagen1-1-1024x390.png 1024w, https:\/\/www.entrearteycultura.es\/wp-content\/uploads\/2024\/01\/Imagen1-1-768x293.png 768w, https:\/\/www.entrearteycultura.es\/wp-content\/uploads\/2024\/01\/Imagen1-1-158x60.png 158w\" sizes=\"(max-width: 1134px) 100vw, 1134px\" \/>    <\/div>\n\n    <div class=\"eap__content\">\n        <!-- header -->\n        <header class=\"eap__header\">\n            <h2 class=\"eap__title\"><a href=\"https:\/\/www.entrearteycultura.es\/?eap_event=cata-de-tomates\" rel=\"bookmark\">Cata de Tomates<\/a><\/h2>\n            \n                <p class=\"eap__category\">\n                    Eventos pasados                <\/p>\n                            \n<!-- event meta -->\n<p class=\"eap__meta\">\n            <span class=\"eap__date no-wrap\">\n            <span class=\"dashicons dashicons-calendar-alt\"><\/span> Thursday 8 February, 2024        <\/span>\n         |         <span class=\"eap__time no-wrap\">\n            <span class=\"dashicons dashicons-clock\"><\/span> 18:30         <\/span>\n        \n    <br>\n\n    Mercado de la Paz, Ayala 28<\/p>\n\n        <\/header>\n\n        <!-- main -->\n        <main class=\"eap__excerpt\">\n                            <p class=\"eap__more\">\n                    <a href=\"https:\/\/www.entrearteycultura.es\/?eap_event=cata-de-tomates\">Read more<\/a>\n                <\/p>\n                        <\/main>\n    <\/div>\n<\/div>\n\n<div id=\"post-666\" class=\"eap__event\">\n    <div class=\"eap__img\">\n        <img loading=\"lazy\" decoding=\"async\" width=\"1134\" height=\"481\" src=\"https:\/\/www.entrearteycultura.es\/wp-content\/uploads\/2023\/07\/Imagen2-1.png\" class=\"attachment-post-thumbnail size-post-thumbnail wp-post-image\" alt=\"\" srcset=\"https:\/\/www.entrearteycultura.es\/wp-content\/uploads\/2023\/07\/Imagen2-1.png 1134w, https:\/\/www.entrearteycultura.es\/wp-content\/uploads\/2023\/07\/Imagen2-1-300x127.png 300w, https:\/\/www.entrearteycultura.es\/wp-content\/uploads\/2023\/07\/Imagen2-1-1024x434.png 1024w, https:\/\/www.entrearteycultura.es\/wp-content\/uploads\/2023\/07\/Imagen2-1-768x326.png 768w, https:\/\/www.entrearteycultura.es\/wp-content\/uploads\/2023\/07\/Imagen2-1-141x60.png 141w\" sizes=\"(max-width: 1134px) 100vw, 1134px\" \/>    <\/div>\n\n    <div class=\"eap__content\">\n        <!-- header -->\n        <header class=\"eap__header\">\n            <h2 class=\"eap__title\"><a href=\"https:\/\/www.entrearteycultura.es\/?eap_event=visita-a-la-galeria-de-las-colecciones-reales-primera-parte\" rel=\"bookmark\">Visita a la Galer\u00eda de las Colecciones Reales\u00a0(\u00c9poca de los Austrias)<\/a><\/h2>\n            \n                <p class=\"eap__category\">\n                    Eventos pasados                <\/p>\n                            \n<!-- event meta -->\n<p class=\"eap__meta\">\n            <span class=\"eap__date no-wrap\">\n            <span class=\"dashicons dashicons-calendar-alt\"><\/span> Saturday 10 February, 2024        <\/span>\n         |         <span class=\"eap__time no-wrap\">\n            <span class=\"dashicons dashicons-clock\"><\/span> 10:15         <\/span>\n        \n    <br>\n\n    <\/p>\n\n        <\/header>\n\n        <!-- main -->\n        <main class=\"eap__excerpt\">\n                            <p class=\"eap__more\">\n                    <a href=\"https:\/\/www.entrearteycultura.es\/?eap_event=visita-a-la-galeria-de-las-colecciones-reales-primera-parte\">Read more<\/a>\n                <\/p>\n                        <\/main>\n    <\/div>\n<\/div>\n\n<div id=\"post-786\" class=\"eap__event\">\n    <div class=\"eap__img\">\n        <img loading=\"lazy\" decoding=\"async\" width=\"850\" height=\"354\" src=\"https:\/\/www.entrearteycultura.es\/wp-content\/uploads\/2024\/02\/unnamed.png\" class=\"attachment-post-thumbnail size-post-thumbnail wp-post-image\" alt=\"\" srcset=\"https:\/\/www.entrearteycultura.es\/wp-content\/uploads\/2024\/02\/unnamed.png 850w, https:\/\/www.entrearteycultura.es\/wp-content\/uploads\/2024\/02\/unnamed-300x125.png 300w, https:\/\/www.entrearteycultura.es\/wp-content\/uploads\/2024\/02\/unnamed-768x320.png 768w, https:\/\/www.entrearteycultura.es\/wp-content\/uploads\/2024\/02\/unnamed-144x60.png 144w\" sizes=\"(max-width: 850px) 100vw, 850px\" \/>    <\/div>\n\n    <div class=\"eap__content\">\n        <!-- header -->\n        <header class=\"eap__header\">\n            <h2 class=\"eap__title\"><a href=\"https:\/\/www.entrearteycultura.es\/?eap_event=visita-a-galerias-de-arte-barrio-de-salamanca\" rel=\"bookmark\">Visita a galer\u00edas de arte (barrio de Salamanca)<\/a><\/h2>\n            \n                <p class=\"eap__category\">\n                    Eventos pasados                <\/p>\n                            \n<!-- event meta -->\n<p class=\"eap__meta\">\n            <span class=\"eap__date no-wrap\">\n            <span class=\"dashicons dashicons-calendar-alt\"><\/span> Friday 16 February, 2024        <\/span>\n         |         <span class=\"eap__time no-wrap\">\n            <span class=\"dashicons dashicons-clock\"><\/span> 18:00         <\/span>\n        \n    <br>\n\n    <\/p>\n\n        <\/header>\n\n        <!-- main -->\n        <main class=\"eap__excerpt\">\n                            <p class=\"eap__more\">\n                    <a href=\"https:\/\/www.entrearteycultura.es\/?eap_event=visita-a-galerias-de-arte-barrio-de-salamanca\">Read more<\/a>\n                <\/p>\n                        <\/main>\n    <\/div>\n<\/div>\n\n<div id=\"post-783\" class=\"eap__event\">\n    <div class=\"eap__img\">\n        <img loading=\"lazy\" decoding=\"async\" width=\"1960\" height=\"1103\" src=\"https:\/\/www.entrearteycultura.es\/wp-content\/uploads\/2024\/02\/Siguenza.jpg\" class=\"attachment-post-thumbnail size-post-thumbnail wp-post-image\" alt=\"\" srcset=\"https:\/\/www.entrearteycultura.es\/wp-content\/uploads\/2024\/02\/Siguenza.jpg 1960w, https:\/\/www.entrearteycultura.es\/wp-content\/uploads\/2024\/02\/Siguenza-300x169.jpg 300w, https:\/\/www.entrearteycultura.es\/wp-content\/uploads\/2024\/02\/Siguenza-1024x576.jpg 1024w, https:\/\/www.entrearteycultura.es\/wp-content\/uploads\/2024\/02\/Siguenza-768x432.jpg 768w, https:\/\/www.entrearteycultura.es\/wp-content\/uploads\/2024\/02\/Siguenza-1536x864.jpg 1536w, https:\/\/www.entrearteycultura.es\/wp-content\/uploads\/2024\/02\/Siguenza-107x60.jpg 107w, https:\/\/www.entrearteycultura.es\/wp-content\/uploads\/2024\/02\/Siguenza-840x473.jpg 840w\" sizes=\"(max-width: 1960px) 100vw, 1960px\" \/>    <\/div>\n\n    <div class=\"eap__content\">\n        <!-- header -->\n        <header class=\"eap__header\">\n            <h2 class=\"eap__title\"><a href=\"https:\/\/www.entrearteycultura.es\/?eap_event=escapada-de-dia-a-siguenza-en-el-ix-centenario-de-su-reconquista-1124-2024\" rel=\"bookmark\">ESCAPADA DE D\u00cdA: SIG\u00dcENZA, \u00a0en el IX centenario de su reconquista, (1124-2024)                            S\u00c1BADO 17 FEBRERO 2024<\/a><\/h2>\n            \n                <p class=\"eap__category\">\n                    Eventos pasados                <\/p>\n                            \n<!-- event meta -->\n<p class=\"eap__meta\">\n            <span class=\"eap__date no-wrap\">\n            <span class=\"dashicons dashicons-calendar-alt\"><\/span> Saturday 17 February, 2024        <\/span>\n        \n    <br>\n\n    <\/p>\n\n        <\/header>\n\n        <!-- main -->\n        <main class=\"eap__excerpt\">\n                            <p class=\"eap__more\">\n                    <a href=\"https:\/\/www.entrearteycultura.es\/?eap_event=escapada-de-dia-a-siguenza-en-el-ix-centenario-de-su-reconquista-1124-2024\">Read more<\/a>\n                <\/p>\n                        <\/main>\n    <\/div>\n<\/div>\n\n<div id=\"post-648\" class=\"eap__event\">\n    <div class=\"eap__img\">\n        <img loading=\"lazy\" decoding=\"async\" width=\"1245\" height=\"516\" src=\"https:\/\/www.entrearteycultura.es\/wp-content\/uploads\/2023\/07\/Imagen1-1.png\" class=\"attachment-post-thumbnail size-post-thumbnail wp-post-image\" alt=\"\" srcset=\"https:\/\/www.entrearteycultura.es\/wp-content\/uploads\/2023\/07\/Imagen1-1.png 1245w, https:\/\/www.entrearteycultura.es\/wp-content\/uploads\/2023\/07\/Imagen1-1-300x124.png 300w, https:\/\/www.entrearteycultura.es\/wp-content\/uploads\/2023\/07\/Imagen1-1-1024x424.png 1024w, https:\/\/www.entrearteycultura.es\/wp-content\/uploads\/2023\/07\/Imagen1-1-768x318.png 768w, https:\/\/www.entrearteycultura.es\/wp-content\/uploads\/2023\/07\/Imagen1-1-145x60.png 145w\" sizes=\"(max-width: 1245px) 100vw, 1245px\" \/>    <\/div>\n\n    <div class=\"eap__content\">\n        <!-- header -->\n        <header class=\"eap__header\">\n            <h2 class=\"eap__title\"><a href=\"https:\/\/www.entrearteycultura.es\/?eap_event=marruecos-atlantico-tanger-rabat-y-casablanca\" rel=\"bookmark\">Marruecos atl\u00e1ntico: T\u00e1nger, Tetu\u00e1n y Rabat<\/a><\/h2>\n            \n                <p class=\"eap__category\">\n                    Eventos pasados                <\/p>\n                            \n<!-- event meta -->\n<p class=\"eap__meta\">\n            <span class=\"eap__date no-wrap\">\n            <span class=\"dashicons dashicons-calendar-alt\"><\/span> Wednesday 21 February, 2024        <\/span>\n         \u2013         <span class=\"eap__date no-wrap\">\n            <span class=\"dashicons dashicons-calendar-alt\"><\/span> Sunday 25 February, 2024        <\/span>\n        \n    <br>\n\n    <\/p>\n\n        <\/header>\n\n        <!-- main -->\n        <main class=\"eap__excerpt\">\n                            <p class=\"eap__more\">\n                    <a href=\"https:\/\/www.entrearteycultura.es\/?eap_event=marruecos-atlantico-tanger-rabat-y-casablanca\">Read more<\/a>\n                <\/p>\n                        <\/main>\n    <\/div>\n<\/div>\n\n<div id=\"post-774\" class=\"eap__event\">\n    <div class=\"eap__img\">\n        <img loading=\"lazy\" decoding=\"async\" width=\"1019\" height=\"320\" src=\"https:\/\/www.entrearteycultura.es\/wp-content\/uploads\/2024\/01\/Imagen2-1.png\" class=\"attachment-post-thumbnail size-post-thumbnail wp-post-image\" alt=\"\" srcset=\"https:\/\/www.entrearteycultura.es\/wp-content\/uploads\/2024\/01\/Imagen2-1.png 1019w, https:\/\/www.entrearteycultura.es\/wp-content\/uploads\/2024\/01\/Imagen2-1-300x94.png 300w, https:\/\/www.entrearteycultura.es\/wp-content\/uploads\/2024\/01\/Imagen2-1-768x241.png 768w, https:\/\/www.entrearteycultura.es\/wp-content\/uploads\/2024\/01\/Imagen2-1-191x60.png 191w\" sizes=\"(max-width: 1019px) 100vw, 1019px\" \/>    <\/div>\n\n    <div class=\"eap__content\">\n        <!-- header -->\n        <header class=\"eap__header\">\n            <h2 class=\"eap__title\"><a href=\"https:\/\/www.entrearteycultura.es\/?eap_event=los-origenes-de-madrid-muralla-arabe-y-museo-de-san-isidro\" rel=\"bookmark\">Los or\u00edgenes de Madrid: Muralla \u00e1rabe y Museo de San Isidro<\/a><\/h2>\n            \n                <p class=\"eap__category\">\n                    Eventos pasados                <\/p>\n                            \n<!-- event meta -->\n<p class=\"eap__meta\">\n            <span class=\"eap__date no-wrap\">\n            <span class=\"dashicons dashicons-calendar-alt\"><\/span> Sunday 25 February, 2024        <\/span>\n         |         <span class=\"eap__time no-wrap\">\n            <span class=\"dashicons dashicons-clock\"><\/span> 11:00         <\/span>\n        \n    <br>\n\n    <\/p>\n\n        <\/header>\n\n        <!-- main -->\n        <main class=\"eap__excerpt\">\n                            <p class=\"eap__more\">\n                    <a href=\"https:\/\/www.entrearteycultura.es\/?eap_event=los-origenes-de-madrid-muralla-arabe-y-museo-de-san-isidro\">Read more<\/a>\n                <\/p>\n                        <\/main>\n    <\/div>\n<\/div>\n\n<div id=\"post-791\" class=\"eap__event\">\n    <div class=\"eap__img\">\n        <img loading=\"lazy\" decoding=\"async\" width=\"920\" height=\"338\" src=\"https:\/\/www.entrearteycultura.es\/wp-content\/uploads\/2024\/02\/Imagen1.png\" class=\"attachment-post-thumbnail size-post-thumbnail wp-post-image\" alt=\"\" srcset=\"https:\/\/www.entrearteycultura.es\/wp-content\/uploads\/2024\/02\/Imagen1.png 920w, https:\/\/www.entrearteycultura.es\/wp-content\/uploads\/2024\/02\/Imagen1-300x110.png 300w, https:\/\/www.entrearteycultura.es\/wp-content\/uploads\/2024\/02\/Imagen1-768x282.png 768w, https:\/\/www.entrearteycultura.es\/wp-content\/uploads\/2024\/02\/Imagen1-163x60.png 163w\" sizes=\"(max-width: 920px) 100vw, 920px\" \/>    <\/div>\n\n    <div class=\"eap__content\">\n        <!-- header -->\n        <header class=\"eap__header\">\n            <h2 class=\"eap__title\"><a href=\"https:\/\/www.entrearteycultura.es\/?eap_event=museo-de-historia-de-madrid-para-ver-lo-que-fue-y-no-fue-nuestra-ciudad\" rel=\"bookmark\">Museo de Historia de Madrid, para ver lo que fue y no fue nuestra ciudad<\/a><\/h2>\n            \n                <p class=\"eap__category\">\n                    Eventos pasados                <\/p>\n                            \n<!-- event meta -->\n<p class=\"eap__meta\">\n            <span class=\"eap__date no-wrap\">\n            <span class=\"dashicons dashicons-calendar-alt\"><\/span> Friday 1 March, 2024        <\/span>\n         |         <span class=\"eap__time no-wrap\">\n            <span class=\"dashicons dashicons-clock\"><\/span> 18:00         <\/span>\n        \n    <br>\n\n    Fuencarral 78<\/p>\n\n        <\/header>\n\n        <!-- main -->\n        <main class=\"eap__excerpt\">\n                            <p class=\"eap__more\">\n                    <a href=\"https:\/\/www.entrearteycultura.es\/?eap_event=museo-de-historia-de-madrid-para-ver-lo-que-fue-y-no-fue-nuestra-ciudad\">Read more<\/a>\n                <\/p>\n                        <\/main>\n    <\/div>\n<\/div>\n\n<div id=\"post-797\" class=\"eap__event\">\n    <div class=\"eap__img\">\n        <img loading=\"lazy\" decoding=\"async\" width=\"567\" height=\"288\" src=\"https:\/\/www.entrearteycultura.es\/wp-content\/uploads\/2024\/02\/Imagen3.jpg\" class=\"attachment-post-thumbnail size-post-thumbnail wp-post-image\" alt=\"\" srcset=\"https:\/\/www.entrearteycultura.es\/wp-content\/uploads\/2024\/02\/Imagen3.jpg 567w, https:\/\/www.entrearteycultura.es\/wp-content\/uploads\/2024\/02\/Imagen3-300x152.jpg 300w, https:\/\/www.entrearteycultura.es\/wp-content\/uploads\/2024\/02\/Imagen3-118x60.jpg 118w\" sizes=\"(max-width: 567px) 100vw, 567px\" \/>    <\/div>\n\n    <div class=\"eap__content\">\n        <!-- header -->\n        <header class=\"eap__header\">\n            <h2 class=\"eap__title\"><a href=\"https:\/\/www.entrearteycultura.es\/?eap_event=visita-a-arco\" rel=\"bookmark\">Visita a ARCO<\/a><\/h2>\n            \n                <p class=\"eap__category\">\n                    Eventos pasados                <\/p>\n                            \n<!-- event meta -->\n<p class=\"eap__meta\">\n            <span class=\"eap__date no-wrap\">\n            <span class=\"dashicons dashicons-calendar-alt\"><\/span> Friday 8 March, 2024        <\/span>\n         |         <span class=\"eap__time no-wrap\">\n            <span class=\"dashicons dashicons-clock\"><\/span> 17:30         <\/span>\n        \n    <br>\n\n    <\/p>\n\n        <\/header>\n\n        <!-- main -->\n        <main class=\"eap__excerpt\">\n                            <p class=\"eap__more\">\n                    <a href=\"https:\/\/www.entrearteycultura.es\/?eap_event=visita-a-arco\">Read more<\/a>\n                <\/p>\n                        <\/main>\n    <\/div>\n<\/div>\n\n<div id=\"post-794\" class=\"eap__event\">\n    <div class=\"eap__img\">\n        <img loading=\"lazy\" decoding=\"async\" width=\"1130\" height=\"335\" src=\"https:\/\/www.entrearteycultura.es\/wp-content\/uploads\/2024\/02\/Imagen2.png\" class=\"attachment-post-thumbnail size-post-thumbnail wp-post-image\" alt=\"\" srcset=\"https:\/\/www.entrearteycultura.es\/wp-content\/uploads\/2024\/02\/Imagen2.png 1130w, https:\/\/www.entrearteycultura.es\/wp-content\/uploads\/2024\/02\/Imagen2-300x89.png 300w, https:\/\/www.entrearteycultura.es\/wp-content\/uploads\/2024\/02\/Imagen2-1024x304.png 1024w, https:\/\/www.entrearteycultura.es\/wp-content\/uploads\/2024\/02\/Imagen2-768x228.png 768w, https:\/\/www.entrearteycultura.es\/wp-content\/uploads\/2024\/02\/Imagen2-202x60.png 202w\" sizes=\"(max-width: 1130px) 100vw, 1130px\" \/>    <\/div>\n\n    <div class=\"eap__content\">\n        <!-- header -->\n        <header class=\"eap__header\">\n            <h2 class=\"eap__title\"><a href=\"https:\/\/www.entrearteycultura.es\/?eap_event=toledo-desconocido-ii\" rel=\"bookmark\">Toledo Desconocido II<\/a><\/h2>\n            \n                <p class=\"eap__category\">\n                    Eventos pasados                <\/p>\n                            \n<!-- event meta -->\n<p class=\"eap__meta\">\n            <span class=\"eap__date no-wrap\">\n            <span class=\"dashicons dashicons-calendar-alt\"><\/span> Saturday 9 March, 2024        <\/span>\n         |         <span class=\"eap__time no-wrap\">\n            <span class=\"dashicons dashicons-clock\"><\/span> 10:00         <\/span>\n         \u2013             <span class=\"eap__time no-wrap\">\n                17:30             <\/span>\n            \n    <br>\n\n    <\/p>\n\n        <\/header>\n\n        <!-- main -->\n        <main class=\"eap__excerpt\">\n                            <p class=\"eap__more\">\n                    <a href=\"https:\/\/www.entrearteycultura.es\/?eap_event=toledo-desconocido-ii\">Read more<\/a>\n                <\/p>\n                        <\/main>\n    <\/div>\n<\/div>\n\n<div id=\"post-801\" class=\"eap__event\">\n    <div class=\"eap__img\">\n        <img loading=\"lazy\" decoding=\"async\" width=\"952\" height=\"324\" src=\"https:\/\/www.entrearteycultura.es\/wp-content\/uploads\/2024\/03\/cata-aceite.png\" class=\"attachment-post-thumbnail size-post-thumbnail wp-post-image\" alt=\"\" srcset=\"https:\/\/www.entrearteycultura.es\/wp-content\/uploads\/2024\/03\/cata-aceite.png 952w, https:\/\/www.entrearteycultura.es\/wp-content\/uploads\/2024\/03\/cata-aceite-300x102.png 300w, https:\/\/www.entrearteycultura.es\/wp-content\/uploads\/2024\/03\/cata-aceite-768x261.png 768w, https:\/\/www.entrearteycultura.es\/wp-content\/uploads\/2024\/03\/cata-aceite-176x60.png 176w\" sizes=\"(max-width: 952px) 100vw, 952px\" \/>    <\/div>\n\n    <div class=\"eap__content\">\n        <!-- header -->\n        <header class=\"eap__header\">\n            <h2 class=\"eap__title\"><a href=\"https:\/\/www.entrearteycultura.es\/?eap_event=cata-de-aceites-y-aceitunas\" rel=\"bookmark\">Cata de aceites y aceitunas<\/a><\/h2>\n            \n                <p class=\"eap__category\">\n                    Eventos pasados                <\/p>\n                            \n<!-- event meta -->\n<p class=\"eap__meta\">\n            <span class=\"eap__date no-wrap\">\n            <span class=\"dashicons dashicons-calendar-alt\"><\/span> Thursday 4 April, 2024        <\/span>\n         |         <span class=\"eap__time no-wrap\">\n            <span class=\"dashicons dashicons-clock\"><\/span> 18:30         <\/span>\n        \n    <br>\n\n    Mercado de la Paz, Ayala 28<\/p>\n\n        <\/header>\n\n        <!-- main -->\n        <main class=\"eap__excerpt\">\n                            <p class=\"eap__more\">\n                    <a href=\"https:\/\/www.entrearteycultura.es\/?eap_event=cata-de-aceites-y-aceitunas\">Read more<\/a>\n                <\/p>\n                        <\/main>\n    <\/div>\n<\/div>\n\n<div id=\"post-805\" class=\"eap__event\">\n    <div class=\"eap__img\">\n        <img loading=\"lazy\" decoding=\"async\" width=\"973\" height=\"399\" src=\"https:\/\/www.entrearteycultura.es\/wp-content\/uploads\/2024\/03\/almacen-col-BBVA.png\" class=\"attachment-post-thumbnail size-post-thumbnail wp-post-image\" alt=\"\" srcset=\"https:\/\/www.entrearteycultura.es\/wp-content\/uploads\/2024\/03\/almacen-col-BBVA.png 973w, https:\/\/www.entrearteycultura.es\/wp-content\/uploads\/2024\/03\/almacen-col-BBVA-300x123.png 300w, https:\/\/www.entrearteycultura.es\/wp-content\/uploads\/2024\/03\/almacen-col-BBVA-768x315.png 768w, https:\/\/www.entrearteycultura.es\/wp-content\/uploads\/2024\/03\/almacen-col-BBVA-146x60.png 146w\" sizes=\"(max-width: 973px) 100vw, 973px\" \/>    <\/div>\n\n    <div class=\"eap__content\">\n        <!-- header -->\n        <header class=\"eap__header\">\n            <h2 class=\"eap__title\"><a href=\"https:\/\/www.entrearteycultura.es\/?eap_event=coleccion-bbva-visita-al-almacen-y-los-talleres-de-restauracion\" rel=\"bookmark\">Colecci\u00f3n BBVA: visita al almac\u00e9n y los talleres de restauraci\u00f3n<\/a><\/h2>\n            \n                <p class=\"eap__category\">\n                    Eventos pasados                <\/p>\n                            \n<!-- event meta -->\n<p class=\"eap__meta\">\n            <span class=\"eap__date no-wrap\">\n            <span class=\"dashicons dashicons-calendar-alt\"><\/span> Thursday 11 April, 2024        <\/span>\n         |         <span class=\"eap__time no-wrap\">\n            <span class=\"dashicons dashicons-clock\"><\/span> 18:00         <\/span>\n        \n    <br>\n\n    Tres Cantos (Madrid)<\/p>\n\n        <\/header>\n\n        <!-- main -->\n        <main class=\"eap__excerpt\">\n                            <p class=\"eap__more\">\n                    <a href=\"https:\/\/www.entrearteycultura.es\/?eap_event=coleccion-bbva-visita-al-almacen-y-los-talleres-de-restauracion\">Read more<\/a>\n                <\/p>\n                        <\/main>\n    <\/div>\n<\/div>\n\n<div id=\"post-808\" class=\"eap__event\">\n    <div class=\"eap__img\">\n        <img loading=\"lazy\" decoding=\"async\" width=\"955\" height=\"547\" src=\"https:\/\/www.entrearteycultura.es\/wp-content\/uploads\/2024\/03\/m-naval.png\" class=\"attachment-post-thumbnail size-post-thumbnail wp-post-image\" alt=\"\" srcset=\"https:\/\/www.entrearteycultura.es\/wp-content\/uploads\/2024\/03\/m-naval.png 955w, https:\/\/www.entrearteycultura.es\/wp-content\/uploads\/2024\/03\/m-naval-300x172.png 300w, https:\/\/www.entrearteycultura.es\/wp-content\/uploads\/2024\/03\/m-naval-768x440.png 768w, https:\/\/www.entrearteycultura.es\/wp-content\/uploads\/2024\/03\/m-naval-330x190.png 330w, https:\/\/www.entrearteycultura.es\/wp-content\/uploads\/2024\/03\/m-naval-105x60.png 105w\" sizes=\"(max-width: 955px) 100vw, 955px\" \/>    <\/div>\n\n    <div class=\"eap__content\">\n        <!-- header -->\n        <header class=\"eap__header\">\n            <h2 class=\"eap__title\"><a href=\"https:\/\/www.entrearteycultura.es\/?eap_event=visita-al-museo-naval\" rel=\"bookmark\">Visita al Museo Naval<\/a><\/h2>\n            \n                <p class=\"eap__category\">\n                    Eventos pasados                <\/p>\n                            \n<!-- event meta -->\n<p class=\"eap__meta\">\n            <span class=\"eap__date no-wrap\">\n            <span class=\"dashicons dashicons-calendar-alt\"><\/span> Friday 12 April, 2024        <\/span>\n         |         <span class=\"eap__time no-wrap\">\n            <span class=\"dashicons dashicons-clock\"><\/span> 16:00         <\/span>\n        \n    <br>\n\n    <\/p>\n\n        <\/header>\n\n        <!-- main -->\n        <main class=\"eap__excerpt\">\n                            <p class=\"eap__more\">\n                    <a href=\"https:\/\/www.entrearteycultura.es\/?eap_event=visita-al-museo-naval\">Read more<\/a>\n                <\/p>\n                        <\/main>\n    <\/div>\n<\/div>\n\n<div id=\"post-811\" class=\"eap__event\">\n    <div class=\"eap__img\">\n        <img loading=\"lazy\" decoding=\"async\" width=\"948\" height=\"205\" src=\"https:\/\/www.entrearteycultura.es\/wp-content\/uploads\/2024\/03\/pastrana.png\" class=\"attachment-post-thumbnail size-post-thumbnail wp-post-image\" alt=\"\" srcset=\"https:\/\/www.entrearteycultura.es\/wp-content\/uploads\/2024\/03\/pastrana.png 948w, https:\/\/www.entrearteycultura.es\/wp-content\/uploads\/2024\/03\/pastrana-300x65.png 300w, https:\/\/www.entrearteycultura.es\/wp-content\/uploads\/2024\/03\/pastrana-768x166.png 768w, https:\/\/www.entrearteycultura.es\/wp-content\/uploads\/2024\/03\/pastrana-277x60.png 277w\" sizes=\"(max-width: 948px) 100vw, 948px\" \/>    <\/div>\n\n    <div class=\"eap__content\">\n        <!-- header -->\n        <header class=\"eap__header\">\n            <h2 class=\"eap__title\"><a href=\"https:\/\/www.entrearteycultura.es\/?eap_event=escapada-de-dia-pastrana-y-tendilla\" rel=\"bookmark\">ESCAPADA DE D\u00cdA: PASTRANA Y TENDILLA<\/a><\/h2>\n            \n                <p class=\"eap__category\">\n                    Eventos pasados                <\/p>\n                            \n<!-- event meta -->\n<p class=\"eap__meta\">\n            <span class=\"eap__date no-wrap\">\n            <span class=\"dashicons dashicons-calendar-alt\"><\/span> Sunday 14 April, 2024        <\/span>\n        \n    <br>\n\n    <\/p>\n\n        <\/header>\n\n        <!-- main -->\n        <main class=\"eap__excerpt\">\n                            <p class=\"eap__more\">\n                    <a href=\"https:\/\/www.entrearteycultura.es\/?eap_event=escapada-de-dia-pastrana-y-tendilla\">Read more<\/a>\n                <\/p>\n                        <\/main>\n    <\/div>\n<\/div>\n\n<div id=\"post-814\" class=\"eap__event\">\n    <div class=\"eap__img\">\n        <img loading=\"lazy\" decoding=\"async\" width=\"940\" height=\"406\" src=\"https:\/\/www.entrearteycultura.es\/wp-content\/uploads\/2024\/03\/iglesia-tendilla.png\" class=\"attachment-post-thumbnail size-post-thumbnail wp-post-image\" alt=\"\" srcset=\"https:\/\/www.entrearteycultura.es\/wp-content\/uploads\/2024\/03\/iglesia-tendilla.png 940w, https:\/\/www.entrearteycultura.es\/wp-content\/uploads\/2024\/03\/iglesia-tendilla-300x130.png 300w, https:\/\/www.entrearteycultura.es\/wp-content\/uploads\/2024\/03\/iglesia-tendilla-768x332.png 768w, https:\/\/www.entrearteycultura.es\/wp-content\/uploads\/2024\/03\/iglesia-tendilla-139x60.png 139w\" sizes=\"(max-width: 940px) 100vw, 940px\" \/>    <\/div>\n\n    <div class=\"eap__content\">\n        <!-- header -->\n        <header class=\"eap__header\">\n            <h2 class=\"eap__title\"><a href=\"https:\/\/www.entrearteycultura.es\/?eap_event=recital-lirico-de-zarzuela-en-capilla-privada-en-tendilla-guadalajara\" rel=\"bookmark\">Recital L\u00edrico de Zarzuela en capilla privada en Tendilla (Guadalajara)<\/a><\/h2>\n            \n                <p class=\"eap__category\">\n                    Eventos pasados                <\/p>\n                            \n<!-- event meta -->\n<p class=\"eap__meta\">\n            <span class=\"eap__date no-wrap\">\n            <span class=\"dashicons dashicons-calendar-alt\"><\/span> Sunday 14 April, 2024        <\/span>\n        \n    <br>\n\n    Tendilla (Guadalajara)<\/p>\n\n        <\/header>\n\n        <!-- main -->\n        <main class=\"eap__excerpt\">\n                            <p class=\"eap__more\">\n                    <a href=\"https:\/\/www.entrearteycultura.es\/?eap_event=recital-lirico-de-zarzuela-en-capilla-privada-en-tendilla-guadalajara\">Read more<\/a>\n                <\/p>\n                        <\/main>\n    <\/div>\n<\/div>\n\n<div id=\"post-670\" class=\"eap__event\">\n    <div class=\"eap__img\">\n        <img loading=\"lazy\" decoding=\"async\" width=\"1258\" height=\"288\" src=\"https:\/\/www.entrearteycultura.es\/wp-content\/uploads\/2023\/09\/Imagen1.png\" class=\"attachment-post-thumbnail size-post-thumbnail wp-post-image\" alt=\"\" srcset=\"https:\/\/www.entrearteycultura.es\/wp-content\/uploads\/2023\/09\/Imagen1.png 1258w, https:\/\/www.entrearteycultura.es\/wp-content\/uploads\/2023\/09\/Imagen1-300x69.png 300w, https:\/\/www.entrearteycultura.es\/wp-content\/uploads\/2023\/09\/Imagen1-1024x234.png 1024w, https:\/\/www.entrearteycultura.es\/wp-content\/uploads\/2023\/09\/Imagen1-768x176.png 768w, https:\/\/www.entrearteycultura.es\/wp-content\/uploads\/2023\/09\/Imagen1-262x60.png 262w\" sizes=\"(max-width: 1258px) 100vw, 1258px\" \/>    <\/div>\n\n    <div class=\"eap__content\">\n        <!-- header -->\n        <header class=\"eap__header\">\n            <h2 class=\"eap__title\"><a href=\"https:\/\/www.entrearteycultura.es\/?eap_event=celebrando-el-aniversario-de-picasso-en-la-costa-azul\" rel=\"bookmark\">La Riviera francesa, siguiendo los pasos de Picasso y otros maestros modernos<\/a><\/h2>\n            \n                <p class=\"eap__category\">\n                    Eventos pasados                <\/p>\n                            \n<!-- event meta -->\n<p class=\"eap__meta\">\n            <span class=\"eap__date no-wrap\">\n            <span class=\"dashicons dashicons-calendar-alt\"><\/span> Thursday 18 April, 2024        <\/span>\n         \u2013         <span class=\"eap__date no-wrap\">\n            <span class=\"dashicons dashicons-calendar-alt\"><\/span> Sunday 21 April, 2024        <\/span>\n        \n    <br>\n\n    <\/p>\n\n        <\/header>\n\n        <!-- main -->\n        <main class=\"eap__excerpt\">\n                            <p class=\"eap__more\">\n                    <a href=\"https:\/\/www.entrearteycultura.es\/?eap_event=celebrando-el-aniversario-de-picasso-en-la-costa-azul\">Read more<\/a>\n                <\/p>\n                        <\/main>\n    <\/div>\n<\/div>\n\n<div id=\"post-817\" class=\"eap__event\">\n    <div class=\"eap__img\">\n        <img loading=\"lazy\" decoding=\"async\" width=\"949\" height=\"282\" src=\"https:\/\/www.entrearteycultura.es\/wp-content\/uploads\/2024\/03\/inelcom.png\" class=\"attachment-post-thumbnail size-post-thumbnail wp-post-image\" alt=\"\" srcset=\"https:\/\/www.entrearteycultura.es\/wp-content\/uploads\/2024\/03\/inelcom.png 949w, https:\/\/www.entrearteycultura.es\/wp-content\/uploads\/2024\/03\/inelcom-300x89.png 300w, https:\/\/www.entrearteycultura.es\/wp-content\/uploads\/2024\/03\/inelcom-768x228.png 768w, https:\/\/www.entrearteycultura.es\/wp-content\/uploads\/2024\/03\/inelcom-202x60.png 202w\" sizes=\"(max-width: 949px) 100vw, 949px\" \/>    <\/div>\n\n    <div class=\"eap__content\">\n        <!-- header -->\n        <header class=\"eap__header\">\n            <h2 class=\"eap__title\"><a href=\"https:\/\/www.entrearteycultura.es\/?eap_event=visita-a-la-coleccion-privada-inelcom\" rel=\"bookmark\">Visita a la colecci\u00f3n privada Inelcom<\/a><\/h2>\n            \n                <p class=\"eap__category\">\n                    Eventos pasados                <\/p>\n                            \n<!-- event meta -->\n<p class=\"eap__meta\">\n            <span class=\"eap__date no-wrap\">\n            <span class=\"dashicons dashicons-calendar-alt\"><\/span> Thursday 18 April, 2024        <\/span>\n         |         <span class=\"eap__time no-wrap\">\n            <span class=\"dashicons dashicons-clock\"><\/span> 16:30         <\/span>\n        \n    <br>\n\n    Pozuelo de Alarc\u00f3n<\/p>\n\n        <\/header>\n\n        <!-- main -->\n        <main class=\"eap__excerpt\">\n                            <p class=\"eap__more\">\n                    <a href=\"https:\/\/www.entrearteycultura.es\/?eap_event=visita-a-la-coleccion-privada-inelcom\">Read more<\/a>\n                <\/p>\n                        <\/main>\n    <\/div>\n<\/div>\n\n<div id=\"post-820\" class=\"eap__event\">\n    <div class=\"eap__img\">\n        <img loading=\"lazy\" decoding=\"async\" width=\"945\" height=\"286\" src=\"https:\/\/www.entrearteycultura.es\/wp-content\/uploads\/2024\/03\/Fmasaveu-sorolla.png\" class=\"attachment-post-thumbnail size-post-thumbnail wp-post-image\" alt=\"\" srcset=\"https:\/\/www.entrearteycultura.es\/wp-content\/uploads\/2024\/03\/Fmasaveu-sorolla.png 945w, https:\/\/www.entrearteycultura.es\/wp-content\/uploads\/2024\/03\/Fmasaveu-sorolla-300x91.png 300w, https:\/\/www.entrearteycultura.es\/wp-content\/uploads\/2024\/03\/Fmasaveu-sorolla-768x232.png 768w, https:\/\/www.entrearteycultura.es\/wp-content\/uploads\/2024\/03\/Fmasaveu-sorolla-198x60.png 198w\" sizes=\"(max-width: 945px) 100vw, 945px\" \/>    <\/div>\n\n    <div class=\"eap__content\">\n        <!-- header -->\n        <header class=\"eap__header\">\n            <h2 class=\"eap__title\"><a href=\"https:\/\/www.entrearteycultura.es\/?eap_event=fundacion-maria-cristina-masaveu-coleccion-del-museo-de-bellas-artes-de-valencia-entre-el-bosco-y-sorolla\" rel=\"bookmark\">Fundaci\u00f3n Mar\u00eda Cristina Masaveu: Colecci\u00f3n del Museo de Bellas Artes de Valencia:\u00a0Entre el Bosco y Sorolla<\/a><\/h2>\n            \n                <p class=\"eap__category\">\n                    Eventos pasados                <\/p>\n                            \n<!-- event meta -->\n<p class=\"eap__meta\">\n            <span class=\"eap__date no-wrap\">\n            <span class=\"dashicons dashicons-calendar-alt\"><\/span> Friday 26 April, 2024        <\/span>\n         |         <span class=\"eap__time no-wrap\">\n            <span class=\"dashicons dashicons-clock\"><\/span> 16:30         <\/span>\n        \n    <br>\n\n    C\/ Alcal\u00e1 Galiano 6<\/p>\n\n        <\/header>\n\n        <!-- main -->\n        <main class=\"eap__excerpt\">\n                            <p class=\"eap__more\">\n                    <a href=\"https:\/\/www.entrearteycultura.es\/?eap_event=fundacion-maria-cristina-masaveu-coleccion-del-museo-de-bellas-artes-de-valencia-entre-el-bosco-y-sorolla\">Read more<\/a>\n                <\/p>\n                        <\/main>\n    <\/div>\n<\/div>\n\n<div id=\"post-533\" class=\"eap__event\">\n    <div class=\"eap__img\">\n        <img loading=\"lazy\" decoding=\"async\" width=\"1743\" height=\"889\" src=\"https:\/\/www.entrearteycultura.es\/wp-content\/uploads\/2023\/01\/foto-escorial.jpg\" class=\"attachment-post-thumbnail size-post-thumbnail wp-post-image\" alt=\"\" srcset=\"https:\/\/www.entrearteycultura.es\/wp-content\/uploads\/2023\/01\/foto-escorial.jpg 1743w, https:\/\/www.entrearteycultura.es\/wp-content\/uploads\/2023\/01\/foto-escorial-300x153.jpg 300w, https:\/\/www.entrearteycultura.es\/wp-content\/uploads\/2023\/01\/foto-escorial-1024x522.jpg 1024w, https:\/\/www.entrearteycultura.es\/wp-content\/uploads\/2023\/01\/foto-escorial-768x392.jpg 768w, https:\/\/www.entrearteycultura.es\/wp-content\/uploads\/2023\/01\/foto-escorial-1536x783.jpg 1536w, https:\/\/www.entrearteycultura.es\/wp-content\/uploads\/2023\/01\/foto-escorial-118x60.jpg 118w\" sizes=\"(max-width: 1743px) 100vw, 1743px\" \/>    <\/div>\n\n    <div class=\"eap__content\">\n        <!-- header -->\n        <header class=\"eap__header\">\n            <h2 class=\"eap__title\"><a href=\"https:\/\/www.entrearteycultura.es\/?eap_event=monasterio-escorial-casita-principe\" rel=\"bookmark\">El Escorial oculto<\/a><\/h2>\n            \n                <p class=\"eap__category\">\n                    Eventos pasados                <\/p>\n                            \n<!-- event meta -->\n<p class=\"eap__meta\">\n            <span class=\"eap__date no-wrap\">\n            <span class=\"dashicons dashicons-calendar-alt\"><\/span> Saturday 27 April, 2024        <\/span>\n        \n    <br>\n\n    <\/p>\n\n        <\/header>\n\n        <!-- main -->\n        <main class=\"eap__excerpt\">\n                            <p class=\"eap__more\">\n                    <a href=\"https:\/\/www.entrearteycultura.es\/?eap_event=monasterio-escorial-casita-principe\">Read more<\/a>\n                <\/p>\n                        <\/main>\n    <\/div>\n<\/div>\n\n<div id=\"post-833\" class=\"eap__event\">\n    <div class=\"eap__img\">\n        <img loading=\"lazy\" decoding=\"async\" width=\"567\" height=\"254\" src=\"https:\/\/www.entrearteycultura.es\/wp-content\/uploads\/2024\/04\/Imagen1.png\" class=\"attachment-post-thumbnail size-post-thumbnail wp-post-image\" alt=\"\" srcset=\"https:\/\/www.entrearteycultura.es\/wp-content\/uploads\/2024\/04\/Imagen1.png 567w, https:\/\/www.entrearteycultura.es\/wp-content\/uploads\/2024\/04\/Imagen1-300x134.png 300w, https:\/\/www.entrearteycultura.es\/wp-content\/uploads\/2024\/04\/Imagen1-134x60.png 134w\" sizes=\"(max-width: 567px) 100vw, 567px\" \/>    <\/div>\n\n    <div class=\"eap__content\">\n        <!-- header -->\n        <header class=\"eap__header\">\n            <h2 class=\"eap__title\"><a href=\"https:\/\/www.entrearteycultura.es\/?eap_event=cata-de-vino-blanco-y-queso\" rel=\"bookmark\">Cata de Vino Blanco y Queso<\/a><\/h2>\n            \n                <p class=\"eap__category\">\n                    Eventos pasados                <\/p>\n                            \n<!-- event meta -->\n<p class=\"eap__meta\">\n            <span class=\"eap__date no-wrap\">\n            <span class=\"dashicons dashicons-calendar-alt\"><\/span> Thursday 9 May, 2024        <\/span>\n         |         <span class=\"eap__time no-wrap\">\n            <span class=\"dashicons dashicons-clock\"><\/span> 19:00         <\/span>\n        \n    <br>\n\n    Mercado de la Paz, Ayala 2813<\/p>\n\n        <\/header>\n\n        <!-- main -->\n        <main class=\"eap__excerpt\">\n                            <p class=\"eap__more\">\n                    <a href=\"https:\/\/www.entrearteycultura.es\/?eap_event=cata-de-vino-blanco-y-queso\">Read more<\/a>\n                <\/p>\n                        <\/main>\n    <\/div>\n<\/div>\n\n<div id=\"post-826\" class=\"eap__event\">\n    <div class=\"eap__img\">\n        <img loading=\"lazy\" decoding=\"async\" width=\"960\" height=\"360\" src=\"https:\/\/www.entrearteycultura.es\/wp-content\/uploads\/2024\/03\/goya-rabasf.png\" class=\"attachment-post-thumbnail size-post-thumbnail wp-post-image\" alt=\"\" srcset=\"https:\/\/www.entrearteycultura.es\/wp-content\/uploads\/2024\/03\/goya-rabasf.png 960w, https:\/\/www.entrearteycultura.es\/wp-content\/uploads\/2024\/03\/goya-rabasf-300x113.png 300w, https:\/\/www.entrearteycultura.es\/wp-content\/uploads\/2024\/03\/goya-rabasf-768x288.png 768w, https:\/\/www.entrearteycultura.es\/wp-content\/uploads\/2024\/03\/goya-rabasf-160x60.png 160w\" sizes=\"(max-width: 960px) 100vw, 960px\" \/>    <\/div>\n\n    <div class=\"eap__content\">\n        <!-- header -->\n        <header class=\"eap__header\">\n            <h2 class=\"eap__title\"><a href=\"https:\/\/www.entrearteycultura.es\/?eap_event=exposicion-goya-el-despertar-de-la-conciencia-en-la-real-academia-de-bellas-artes-de-san-fernando\" rel=\"bookmark\">Exposici\u00f3n Goya,\u00a0El despertar de la conciencia, en la Real Academia de Bellas Artes de San Fernando<\/a><\/h2>\n            \n                <p class=\"eap__category\">\n                    Eventos pasados                <\/p>\n                            \n<!-- event meta -->\n<p class=\"eap__meta\">\n            <span class=\"eap__date no-wrap\">\n            <span class=\"dashicons dashicons-calendar-alt\"><\/span> Friday 10 May, 2024        <\/span>\n         |         <span class=\"eap__time no-wrap\">\n            <span class=\"dashicons dashicons-clock\"><\/span> 16:00         <\/span>\n        \n    <br>\n\n    Alcal\u00e1 13<\/p>\n\n        <\/header>\n\n        <!-- main -->\n        <main class=\"eap__excerpt\">\n                            <p class=\"eap__more\">\n                    <a href=\"https:\/\/www.entrearteycultura.es\/?eap_event=exposicion-goya-el-despertar-de-la-conciencia-en-la-real-academia-de-bellas-artes-de-san-fernando\">Read more<\/a>\n                <\/p>\n                        <\/main>\n    <\/div>\n<\/div>\n\n<div id=\"post-823\" class=\"eap__event\">\n    <div class=\"eap__img\">\n        <img loading=\"lazy\" decoding=\"async\" width=\"952\" height=\"349\" src=\"https:\/\/www.entrearteycultura.es\/wp-content\/uploads\/2024\/03\/la-bolsa.png\" class=\"attachment-post-thumbnail size-post-thumbnail wp-post-image\" alt=\"\" srcset=\"https:\/\/www.entrearteycultura.es\/wp-content\/uploads\/2024\/03\/la-bolsa.png 952w, https:\/\/www.entrearteycultura.es\/wp-content\/uploads\/2024\/03\/la-bolsa-300x110.png 300w, https:\/\/www.entrearteycultura.es\/wp-content\/uploads\/2024\/03\/la-bolsa-768x282.png 768w, https:\/\/www.entrearteycultura.es\/wp-content\/uploads\/2024\/03\/la-bolsa-164x60.png 164w\" sizes=\"(max-width: 952px) 100vw, 952px\" \/>    <\/div>\n\n    <div class=\"eap__content\">\n        <!-- header -->\n        <header class=\"eap__header\">\n            <h2 class=\"eap__title\"><a href=\"https:\/\/www.entrearteycultura.es\/?eap_event=palacio-de-la-bolsa-de-madrid\" rel=\"bookmark\">Palacio de la Bolsa de Madrid<\/a><\/h2>\n            \n                <p class=\"eap__category\">\n                    Eventos pasados                <\/p>\n                            \n<!-- event meta -->\n<p class=\"eap__meta\">\n            <span class=\"eap__date no-wrap\">\n            <span class=\"dashicons dashicons-calendar-alt\"><\/span> Tuesday 14 May, 2024        <\/span>\n         |         <span class=\"eap__time no-wrap\">\n            <span class=\"dashicons dashicons-clock\"><\/span> 10:00         <\/span>\n        \n    <br>\n\n    Plaza de la Lealtad 1<\/p>\n\n        <\/header>\n\n        <!-- main -->\n        <main class=\"eap__excerpt\">\n                            <p class=\"eap__more\">\n                    <a href=\"https:\/\/www.entrearteycultura.es\/?eap_event=palacio-de-la-bolsa-de-madrid\">Read more<\/a>\n                <\/p>\n                        <\/main>\n    <\/div>\n<\/div>\n\n<div id=\"post-855\" class=\"eap__event\">\n    <div class=\"eap__img\">\n        <img loading=\"lazy\" decoding=\"async\" width=\"650\" height=\"255\" src=\"https:\/\/www.entrearteycultura.es\/wp-content\/uploads\/2024\/05\/unnamed-1.jpg\" class=\"attachment-post-thumbnail size-post-thumbnail wp-post-image\" alt=\"\" srcset=\"https:\/\/www.entrearteycultura.es\/wp-content\/uploads\/2024\/05\/unnamed-1.jpg 650w, https:\/\/www.entrearteycultura.es\/wp-content\/uploads\/2024\/05\/unnamed-1-300x118.jpg 300w, https:\/\/www.entrearteycultura.es\/wp-content\/uploads\/2024\/05\/unnamed-1-153x60.jpg 153w\" sizes=\"(max-width: 650px) 100vw, 650px\" \/>    <\/div>\n\n    <div class=\"eap__content\">\n        <!-- header -->\n        <header class=\"eap__header\">\n            <h2 class=\"eap__title\"><a href=\"https:\/\/www.entrearteycultura.es\/?eap_event=recorrido-de-galerias-de-arte-doctor-fourquet\" rel=\"bookmark\">Recorrido de galer\u00edas de arte: Doctor Fourquet<\/a><\/h2>\n            \n                <p class=\"eap__category\">\n                    Eventos pasados                <\/p>\n                            \n<!-- event meta -->\n<p class=\"eap__meta\">\n            <span class=\"eap__date no-wrap\">\n            <span class=\"dashicons dashicons-calendar-alt\"><\/span> Saturday 18 May, 2024        <\/span>\n         |         <span class=\"eap__time no-wrap\">\n            <span class=\"dashicons dashicons-clock\"><\/span> 12:00         <\/span>\n        \n    <br>\n\n    <\/p>\n\n        <\/header>\n\n        <!-- main -->\n        <main class=\"eap__excerpt\">\n                            <p class=\"eap__more\">\n                    <a href=\"https:\/\/www.entrearteycultura.es\/?eap_event=recorrido-de-galerias-de-arte-doctor-fourquet\">Read more<\/a>\n                <\/p>\n                        <\/main>\n    <\/div>\n<\/div>\n\n<div id=\"post-754\" class=\"eap__event\">\n    <div class=\"eap__img\">\n        <img loading=\"lazy\" decoding=\"async\" width=\"944\" height=\"360\" src=\"https:\/\/www.entrearteycultura.es\/wp-content\/uploads\/2024\/01\/Imagen4.jpg\" class=\"attachment-post-thumbnail size-post-thumbnail wp-post-image\" alt=\"\" srcset=\"https:\/\/www.entrearteycultura.es\/wp-content\/uploads\/2024\/01\/Imagen4.jpg 944w, https:\/\/www.entrearteycultura.es\/wp-content\/uploads\/2024\/01\/Imagen4-300x114.jpg 300w, https:\/\/www.entrearteycultura.es\/wp-content\/uploads\/2024\/01\/Imagen4-768x293.jpg 768w, https:\/\/www.entrearteycultura.es\/wp-content\/uploads\/2024\/01\/Imagen4-157x60.jpg 157w\" sizes=\"(max-width: 944px) 100vw, 944px\" \/>    <\/div>\n\n    <div class=\"eap__content\">\n        <!-- header -->\n        <header class=\"eap__header\">\n            <h2 class=\"eap__title\"><a href=\"https:\/\/www.entrearteycultura.es\/?eap_event=arcolisboa-visita-a-la-feria-y-a-las-exposiciones-organizadas-en-torno-a-esta\" rel=\"bookmark\">ARCOlisboa, visita a la feria y a las exposiciones organizadas en torno a \u00e9sta.<\/a><\/h2>\n            \n                <p class=\"eap__category\">\n                    Eventos pasados                <\/p>\n                            \n<!-- event meta -->\n<p class=\"eap__meta\">\n            <span class=\"eap__date no-wrap\">\n            <span class=\"dashicons dashicons-calendar-alt\"><\/span> Thursday 23 May, 2024        <\/span>\n         \u2013         <span class=\"eap__date no-wrap\">\n            <span class=\"dashicons dashicons-calendar-alt\"><\/span> Sunday 26 May, 2024        <\/span>\n        \n    <br>\n\n    <\/p>\n\n        <\/header>\n\n        <!-- main -->\n        <main class=\"eap__excerpt\">\n                            <p class=\"eap__more\">\n                    <a href=\"https:\/\/www.entrearteycultura.es\/?eap_event=arcolisboa-visita-a-la-feria-y-a-las-exposiciones-organizadas-en-torno-a-esta\">Read more<\/a>\n                <\/p>\n                        <\/main>\n    <\/div>\n<\/div>\n\n<div id=\"post-858\" class=\"eap__event\">\n    <div class=\"eap__img\">\n        <img loading=\"lazy\" decoding=\"async\" width=\"650\" height=\"280\" src=\"https:\/\/www.entrearteycultura.es\/wp-content\/uploads\/2024\/05\/unnamed-2.jpg\" class=\"attachment-post-thumbnail size-post-thumbnail wp-post-image\" alt=\"\" srcset=\"https:\/\/www.entrearteycultura.es\/wp-content\/uploads\/2024\/05\/unnamed-2.jpg 650w, https:\/\/www.entrearteycultura.es\/wp-content\/uploads\/2024\/05\/unnamed-2-300x129.jpg 300w, https:\/\/www.entrearteycultura.es\/wp-content\/uploads\/2024\/05\/unnamed-2-139x60.jpg 139w\" sizes=\"(max-width: 650px) 100vw, 650px\" \/>    <\/div>\n\n    <div class=\"eap__content\">\n        <!-- header -->\n        <header class=\"eap__header\">\n            <h2 class=\"eap__title\"><a href=\"https:\/\/www.entrearteycultura.es\/?eap_event=visita-guiada-a-la-exposicion-el-pequeno-museo-mas-bello-del-mundo-fundacion-juan-march\" rel=\"bookmark\">Visita guiada a la exposici\u00f3n:\u00a0\u00abEl peque\u00f1o museo m\u00e1s bello del mundo\u00bb, Fundaci\u00f3n Juan March<\/a><\/h2>\n            \n                <p class=\"eap__category\">\n                    Eventos pasados                <\/p>\n                            \n<!-- event meta -->\n<p class=\"eap__meta\">\n            <span class=\"eap__date no-wrap\">\n            <span class=\"dashicons dashicons-calendar-alt\"><\/span> Thursday 30 May, 2024        <\/span>\n         |         <span class=\"eap__time no-wrap\">\n            <span class=\"dashicons dashicons-clock\"><\/span> 18:00         <\/span>\n        \n    <br>\n\n    <\/p>\n\n        <\/header>\n\n        <!-- main -->\n        <main class=\"eap__excerpt\">\n                            <p class=\"eap__more\">\n                    <a href=\"https:\/\/www.entrearteycultura.es\/?eap_event=visita-guiada-a-la-exposicion-el-pequeno-museo-mas-bello-del-mundo-fundacion-juan-march\">Read more<\/a>\n                <\/p>\n                        <\/main>\n    <\/div>\n<\/div>\n\n<div id=\"post-836\" class=\"eap__event\">\n    <div class=\"eap__img\">\n        <img loading=\"lazy\" decoding=\"async\" width=\"987\" height=\"398\" src=\"https:\/\/www.entrearteycultura.es\/wp-content\/uploads\/2024\/04\/image-Meninas.png\" class=\"attachment-post-thumbnail size-post-thumbnail wp-post-image\" alt=\"\" srcset=\"https:\/\/www.entrearteycultura.es\/wp-content\/uploads\/2024\/04\/image-Meninas.png 987w, https:\/\/www.entrearteycultura.es\/wp-content\/uploads\/2024\/04\/image-Meninas-300x121.png 300w, https:\/\/www.entrearteycultura.es\/wp-content\/uploads\/2024\/04\/image-Meninas-768x310.png 768w, https:\/\/www.entrearteycultura.es\/wp-content\/uploads\/2024\/04\/image-Meninas-149x60.png 149w\" sizes=\"(max-width: 987px) 100vw, 987px\" \/>    <\/div>\n\n    <div class=\"eap__content\">\n        <!-- header -->\n        <header class=\"eap__header\">\n            <h2 class=\"eap__title\"><a href=\"https:\/\/www.entrearteycultura.es\/?eap_event=las-meninas-sus-numerosas-interpretaciones-y-enigmas\" rel=\"bookmark\">Las Meninas: sus numerosas interpretaciones y enigmas<\/a><\/h2>\n            \n                <p class=\"eap__category\">\n                    Eventos pasados                <\/p>\n                            \n<!-- event meta -->\n<p class=\"eap__meta\">\n            <span class=\"eap__date no-wrap\">\n            <span class=\"dashicons dashicons-calendar-alt\"><\/span> Friday 31 May, 2024        <\/span>\n         |         <span class=\"eap__time no-wrap\">\n            <span class=\"dashicons dashicons-clock\"><\/span> 17:00         <\/span>\n        \n    <br>\n\n    Museo del Prado<\/p>\n\n        <\/header>\n\n        <!-- main -->\n        <main class=\"eap__excerpt\">\n                            <p class=\"eap__more\">\n                    <a href=\"https:\/\/www.entrearteycultura.es\/?eap_event=las-meninas-sus-numerosas-interpretaciones-y-enigmas\">Read more<\/a>\n                <\/p>\n                        <\/main>\n    <\/div>\n<\/div>\n\n<div id=\"post-841\" class=\"eap__event\">\n    <div class=\"eap__img\">\n        <img loading=\"lazy\" decoding=\"async\" width=\"567\" height=\"158\" src=\"https:\/\/www.entrearteycultura.es\/wp-content\/uploads\/2024\/04\/Imagen1-1.png\" class=\"attachment-post-thumbnail size-post-thumbnail wp-post-image\" alt=\"\" srcset=\"https:\/\/www.entrearteycultura.es\/wp-content\/uploads\/2024\/04\/Imagen1-1.png 567w, https:\/\/www.entrearteycultura.es\/wp-content\/uploads\/2024\/04\/Imagen1-1-300x84.png 300w, https:\/\/www.entrearteycultura.es\/wp-content\/uploads\/2024\/04\/Imagen1-1-215x60.png 215w\" sizes=\"(max-width: 567px) 100vw, 567px\" \/>    <\/div>\n\n    <div class=\"eap__content\">\n        <!-- header -->\n        <header class=\"eap__header\">\n            <h2 class=\"eap__title\"><a href=\"https:\/\/www.entrearteycultura.es\/?eap_event=escapada-villa-romana-de-carranque-y-los-grecos-poco-conocidos-en-illescas\" rel=\"bookmark\">ESCAPADA: Villa Romana de Carranque y los Grecos poco conocidos en Illescas<\/a><\/h2>\n            \n                <p class=\"eap__category\">\n                    Eventos pasados                <\/p>\n                            \n<!-- event meta -->\n<p class=\"eap__meta\">\n            <span class=\"eap__date no-wrap\">\n            <span class=\"dashicons dashicons-calendar-alt\"><\/span> Saturday 1 June, 2024        <\/span>\n        \n    <br>\n\n    <\/p>\n\n        <\/header>\n\n        <!-- main -->\n        <main class=\"eap__excerpt\">\n                            <p class=\"eap__more\">\n                    <a href=\"https:\/\/www.entrearteycultura.es\/?eap_event=escapada-villa-romana-de-carranque-y-los-grecos-poco-conocidos-en-illescas\">Read more<\/a>\n                <\/p>\n                        <\/main>\n    <\/div>\n<\/div>\n\n<div id=\"post-853\" class=\"eap__event\">\n    <div class=\"eap__img\">\n        <img loading=\"lazy\" decoding=\"async\" width=\"567\" height=\"439\" src=\"https:\/\/www.entrearteycultura.es\/wp-content\/uploads\/2024\/05\/Imagen1.png\" class=\"attachment-post-thumbnail size-post-thumbnail wp-post-image\" alt=\"\" srcset=\"https:\/\/www.entrearteycultura.es\/wp-content\/uploads\/2024\/05\/Imagen1.png 567w, https:\/\/www.entrearteycultura.es\/wp-content\/uploads\/2024\/05\/Imagen1-300x232.png 300w, https:\/\/www.entrearteycultura.es\/wp-content\/uploads\/2024\/05\/Imagen1-77x60.png 77w\" sizes=\"(max-width: 567px) 100vw, 567px\" \/>    <\/div>\n\n    <div class=\"eap__content\">\n        <!-- header -->\n        <header class=\"eap__header\">\n            <h2 class=\"eap__title\"><a href=\"https:\/\/www.entrearteycultura.es\/?eap_event=convento-de-las-benedictinas-de-san-placido-e-iglesia-de-san-antonio-de-los-alemanes\" rel=\"bookmark\">Convento de las Benedictinas de San Pl\u00e1cido e Iglesia de San Antonio de los Alemanes<\/a><\/h2>\n            \n                <p class=\"eap__category\">\n                    Eventos pasados                <\/p>\n                            \n<!-- event meta -->\n<p class=\"eap__meta\">\n            <span class=\"eap__date no-wrap\">\n            <span class=\"dashicons dashicons-calendar-alt\"><\/span> Friday 7 June, 2024        <\/span>\n         |         <span class=\"eap__time no-wrap\">\n            <span class=\"dashicons dashicons-clock\"><\/span> 10:30         <\/span>\n        \n    <br>\n\n    , Madrid<\/p>\n\n        <\/header>\n\n        <!-- main -->\n        <main class=\"eap__excerpt\">\n                            <p class=\"eap__more\">\n                    <a href=\"https:\/\/www.entrearteycultura.es\/?eap_event=convento-de-las-benedictinas-de-san-placido-e-iglesia-de-san-antonio-de-los-alemanes\">Read more<\/a>\n                <\/p>\n                        <\/main>\n    <\/div>\n<\/div>\n\n<div id=\"post-759\" class=\"eap__event\">\n    <div class=\"eap__img\">\n        <img loading=\"lazy\" decoding=\"async\" width=\"1134\" height=\"327\" src=\"https:\/\/www.entrearteycultura.es\/wp-content\/uploads\/2024\/01\/Imagen5.jpg\" class=\"attachment-post-thumbnail size-post-thumbnail wp-post-image\" alt=\"\" srcset=\"https:\/\/www.entrearteycultura.es\/wp-content\/uploads\/2024\/01\/Imagen5.jpg 1134w, https:\/\/www.entrearteycultura.es\/wp-content\/uploads\/2024\/01\/Imagen5-300x87.jpg 300w, https:\/\/www.entrearteycultura.es\/wp-content\/uploads\/2024\/01\/Imagen5-1024x295.jpg 1024w, https:\/\/www.entrearteycultura.es\/wp-content\/uploads\/2024\/01\/Imagen5-768x221.jpg 768w, https:\/\/www.entrearteycultura.es\/wp-content\/uploads\/2024\/01\/Imagen5-208x60.jpg 208w, https:\/\/www.entrearteycultura.es\/wp-content\/uploads\/2024\/01\/Imagen5-350x100.jpg 350w\" sizes=\"(max-width: 1134px) 100vw, 1134px\" \/>    <\/div>\n\n    <div class=\"eap__content\">\n        <!-- header -->\n        <header class=\"eap__header\">\n            <h2 class=\"eap__title\"><a href=\"https:\/\/www.entrearteycultura.es\/?eap_event=puglia-la-apulia-tierra-de-fusiones-culturales-y-artisticas\" rel=\"bookmark\">Puglia (La Apulia), tierra de fusiones culturales y art\u00edsticas<\/a><\/h2>\n            \n                <p class=\"eap__category\">\n                    Eventos pasados                <\/p>\n                            \n<!-- event meta -->\n<p class=\"eap__meta\">\n            <span class=\"eap__date no-wrap\">\n            <span class=\"dashicons dashicons-calendar-alt\"><\/span> Wednesday 19 June, 2024        <\/span>\n         \u2013         <span class=\"eap__date no-wrap\">\n            <span class=\"dashicons dashicons-calendar-alt\"><\/span> Sunday 23 June, 2024        <\/span>\n        \n    <br>\n\n    <\/p>\n\n        <\/header>\n\n        <!-- main -->\n        <main class=\"eap__excerpt\">\n                            <p class=\"eap__more\">\n                    <a href=\"https:\/\/www.entrearteycultura.es\/?eap_event=puglia-la-apulia-tierra-de-fusiones-culturales-y-artisticas\">Read more<\/a>\n                <\/p>\n                        <\/main>\n    <\/div>\n<\/div>\n\n<div id=\"post-885\" class=\"eap__event\">\n    <div class=\"eap__img\">\n        <img loading=\"lazy\" decoding=\"async\" width=\"700\" height=\"467\" src=\"https:\/\/www.entrearteycultura.es\/wp-content\/uploads\/2024\/07\/narros-del-castillo.jpg\" class=\"attachment-post-thumbnail size-post-thumbnail wp-post-image\" alt=\"\" srcset=\"https:\/\/www.entrearteycultura.es\/wp-content\/uploads\/2024\/07\/narros-del-castillo.jpg 700w, https:\/\/www.entrearteycultura.es\/wp-content\/uploads\/2024\/07\/narros-del-castillo-300x200.jpg 300w, https:\/\/www.entrearteycultura.es\/wp-content\/uploads\/2024\/07\/narros-del-castillo-90x60.jpg 90w, https:\/\/www.entrearteycultura.es\/wp-content\/uploads\/2024\/07\/narros-del-castillo-420x280.jpg 420w\" sizes=\"(max-width: 700px) 100vw, 700px\" \/>    <\/div>\n\n    <div class=\"eap__content\">\n        <!-- header -->\n        <header class=\"eap__header\">\n            <h2 class=\"eap__title\"><a href=\"https:\/\/www.entrearteycultura.es\/?eap_event=narros-del-castillo-avila-centro-del-mudejar-y-de-los-artesonados-de-madera\" rel=\"bookmark\">ESCAPADA DE D\u00cdA: NARROS DEL CASTILLO (\u00c1VILA): centro del Mud\u00e9jar y de los artesonados de madera.                                                                                                      VIERNES 20 SEPTIEMBRE 2024<\/a><\/h2>\n            \n                <p class=\"eap__category\">\n                    Eventos pasados                <\/p>\n                            \n<!-- event meta -->\n<p class=\"eap__meta\">\n            <span class=\"eap__date no-wrap\">\n            <span class=\"dashicons dashicons-calendar-alt\"><\/span> Friday 20 September, 2024        <\/span>\n        \n    <br>\n\n    <\/p>\n\n        <\/header>\n\n        <!-- main -->\n        <main class=\"eap__excerpt\">\n                            <p class=\"eap__more\">\n                    <a href=\"https:\/\/www.entrearteycultura.es\/?eap_event=narros-del-castillo-avila-centro-del-mudejar-y-de-los-artesonados-de-madera\">Read more<\/a>\n                <\/p>\n                        <\/main>\n    <\/div>\n<\/div>\n\n<div id=\"post-930\" class=\"eap__event\">\n    <div class=\"eap__img\">\n        <img loading=\"lazy\" decoding=\"async\" width=\"855\" height=\"225\" src=\"https:\/\/www.entrearteycultura.es\/wp-content\/uploads\/2024\/09\/Imagen1.jpg\" class=\"attachment-post-thumbnail size-post-thumbnail wp-post-image\" alt=\"\" srcset=\"https:\/\/www.entrearteycultura.es\/wp-content\/uploads\/2024\/09\/Imagen1.jpg 855w, https:\/\/www.entrearteycultura.es\/wp-content\/uploads\/2024\/09\/Imagen1-300x79.jpg 300w, https:\/\/www.entrearteycultura.es\/wp-content\/uploads\/2024\/09\/Imagen1-768x202.jpg 768w, https:\/\/www.entrearteycultura.es\/wp-content\/uploads\/2024\/09\/Imagen1-228x60.jpg 228w\" sizes=\"(max-width: 855px) 100vw, 855px\" \/>    <\/div>\n\n    <div class=\"eap__content\">\n        <!-- header -->\n        <header class=\"eap__header\">\n            <h2 class=\"eap__title\"><a href=\"https:\/\/www.entrearteycultura.es\/?eap_event=recorrido-de-galerias-apertura-sabado-21-de-septiembre-1130h\" rel=\"bookmark\">RECORRIDO DE GALER\u00cdAS, APERTURA.                                                          S\u00e1bado 21 de septiembre, 11:30h.<\/a><\/h2>\n            \n                <p class=\"eap__category\">\n                    Eventos pasados                <\/p>\n                            \n<!-- event meta -->\n<p class=\"eap__meta\">\n            <span class=\"eap__date no-wrap\">\n            <span class=\"dashicons dashicons-calendar-alt\"><\/span> Saturday 21 September, 2024        <\/span>\n        \n    <br>\n\n    <\/p>\n\n        <\/header>\n\n        <!-- main -->\n        <main class=\"eap__excerpt\">\n                            <p class=\"eap__more\">\n                    <a href=\"https:\/\/www.entrearteycultura.es\/?eap_event=recorrido-de-galerias-apertura-sabado-21-de-septiembre-1130h\">Read more<\/a>\n                <\/p>\n                        <\/main>\n    <\/div>\n<\/div>\n\n<div id=\"post-933\" class=\"eap__event\">\n    <div class=\"eap__img\">\n        <img loading=\"lazy\" decoding=\"async\" width=\"1134\" height=\"432\" src=\"https:\/\/www.entrearteycultura.es\/wp-content\/uploads\/2024\/01\/Imagen1-1.png\" class=\"attachment-post-thumbnail size-post-thumbnail wp-post-image\" alt=\"\" srcset=\"https:\/\/www.entrearteycultura.es\/wp-content\/uploads\/2024\/01\/Imagen1-1.png 1134w, https:\/\/www.entrearteycultura.es\/wp-content\/uploads\/2024\/01\/Imagen1-1-300x114.png 300w, https:\/\/www.entrearteycultura.es\/wp-content\/uploads\/2024\/01\/Imagen1-1-1024x390.png 1024w, https:\/\/www.entrearteycultura.es\/wp-content\/uploads\/2024\/01\/Imagen1-1-768x293.png 768w, https:\/\/www.entrearteycultura.es\/wp-content\/uploads\/2024\/01\/Imagen1-1-158x60.png 158w\" sizes=\"(max-width: 1134px) 100vw, 1134px\" \/>    <\/div>\n\n    <div class=\"eap__content\">\n        <!-- header -->\n        <header class=\"eap__header\">\n            <h2 class=\"eap__title\"><a href=\"https:\/\/www.entrearteycultura.es\/?eap_event=cata-de-tomates-2\" rel=\"bookmark\">CATA DE TOMATES                                                                        Mi\u00e9rcoles 2 de octubre, 19:00 h.<\/a><\/h2>\n            \n                <p class=\"eap__category\">\n                    Eventos pasados                <\/p>\n                            \n<!-- event meta -->\n<p class=\"eap__meta\">\n            <span class=\"eap__date no-wrap\">\n            <span class=\"dashicons dashicons-calendar-alt\"><\/span> Wednesday 2 October, 2024        <\/span>\n        \n    <br>\n\n    Mercado de la Paz<\/p>\n\n        <\/header>\n\n        <!-- main -->\n        <main class=\"eap__excerpt\">\n                            <p class=\"eap__more\">\n                    <a href=\"https:\/\/www.entrearteycultura.es\/?eap_event=cata-de-tomates-2\">Read more<\/a>\n                <\/p>\n                        <\/main>\n    <\/div>\n<\/div>\n\n<div id=\"post-935\" class=\"eap__event\">\n    <div class=\"eap__img\">\n        <img loading=\"lazy\" decoding=\"async\" width=\"855\" height=\"230\" src=\"https:\/\/www.entrearteycultura.es\/wp-content\/uploads\/2024\/09\/Imagen3.jpg\" class=\"attachment-post-thumbnail size-post-thumbnail wp-post-image\" alt=\"\" srcset=\"https:\/\/www.entrearteycultura.es\/wp-content\/uploads\/2024\/09\/Imagen3.jpg 855w, https:\/\/www.entrearteycultura.es\/wp-content\/uploads\/2024\/09\/Imagen3-300x81.jpg 300w, https:\/\/www.entrearteycultura.es\/wp-content\/uploads\/2024\/09\/Imagen3-768x207.jpg 768w, https:\/\/www.entrearteycultura.es\/wp-content\/uploads\/2024\/09\/Imagen3-223x60.jpg 223w\" sizes=\"(max-width: 855px) 100vw, 855px\" \/>    <\/div>\n\n    <div class=\"eap__content\">\n        <!-- header -->\n        <header class=\"eap__header\">\n            <h2 class=\"eap__title\"><a href=\"https:\/\/www.entrearteycultura.es\/?eap_event=real-fabrica-de-tapices-jueves-3-de-octubre-1600h\" rel=\"bookmark\">REAL F\u00c1BRICA DE TAPICES.                                                                                   Lunes 7 de octubre, 16:00h.<\/a><\/h2>\n            \n                <p class=\"eap__category\">\n                    Eventos pasados                <\/p>\n                            \n<!-- event meta -->\n<p class=\"eap__meta\">\n            <span class=\"eap__date no-wrap\">\n            <span class=\"dashicons dashicons-calendar-alt\"><\/span> Monday 7 October, 2024        <\/span>\n        \n    <br>\n\n    <\/p>\n\n        <\/header>\n\n        <!-- main -->\n        <main class=\"eap__excerpt\">\n                            <p class=\"eap__more\">\n                    <a href=\"https:\/\/www.entrearteycultura.es\/?eap_event=real-fabrica-de-tapices-jueves-3-de-octubre-1600h\">Read more<\/a>\n                <\/p>\n                        <\/main>\n    <\/div>\n<\/div>\n\n<div id=\"post-878\" class=\"eap__event\">\n    <div class=\"eap__img\">\n        <img loading=\"lazy\" decoding=\"async\" width=\"639\" height=\"274\" src=\"https:\/\/www.entrearteycultura.es\/wp-content\/uploads\/2024\/07\/fund-MCMP-y-CC-2-1.png\" class=\"attachment-post-thumbnail size-post-thumbnail wp-post-image\" alt=\"\" srcset=\"https:\/\/www.entrearteycultura.es\/wp-content\/uploads\/2024\/07\/fund-MCMP-y-CC-2-1.png 639w, https:\/\/www.entrearteycultura.es\/wp-content\/uploads\/2024\/07\/fund-MCMP-y-CC-2-1-300x129.png 300w, https:\/\/www.entrearteycultura.es\/wp-content\/uploads\/2024\/07\/fund-MCMP-y-CC-2-1-140x60.png 140w\" sizes=\"(max-width: 639px) 100vw, 639px\" \/>    <\/div>\n\n    <div class=\"eap__content\">\n        <!-- header -->\n        <header class=\"eap__header\">\n            <h2 class=\"eap__title\"><a href=\"https:\/\/www.entrearteycultura.es\/?eap_event=fundaciones-masaveu-fmcmp-y-campocerrado-en-la-comarca-de-ciudad-rodrigo\" rel=\"bookmark\">CIUDAD RODRIGO: Fundaciones Masaveu (FMCMP) y Campocerrado en su comarca.                                                      S\u00c1BADO 12 &#8211; DOMINGO 13 OCTUBRE 2024 (nuevas fechas)<\/a><\/h2>\n            \n                <p class=\"eap__category\">\n                    Eventos pasados                <\/p>\n                            \n<!-- event meta -->\n<p class=\"eap__meta\">\n            <span class=\"eap__date no-wrap\">\n            <span class=\"dashicons dashicons-calendar-alt\"><\/span> Saturday 12 October, 2024        <\/span>\n         \u2013         <span class=\"eap__date no-wrap\">\n            <span class=\"dashicons dashicons-calendar-alt\"><\/span> Sunday 13 October, 2024        <\/span>\n        \n    <br>\n\n    <\/p>\n\n        <\/header>\n\n        <!-- main -->\n        <main class=\"eap__excerpt\">\n                            <p class=\"eap__more\">\n                    <a href=\"https:\/\/www.entrearteycultura.es\/?eap_event=fundaciones-masaveu-fmcmp-y-campocerrado-en-la-comarca-de-ciudad-rodrigo\">Read more<\/a>\n                <\/p>\n                        <\/main>\n    <\/div>\n<\/div>\n\n<div id=\"post-938\" class=\"eap__event\">\n    <div class=\"eap__img\">\n        <img loading=\"lazy\" decoding=\"async\" width=\"855\" height=\"271\" src=\"https:\/\/www.entrearteycultura.es\/wp-content\/uploads\/2024\/09\/Imagen5.jpg\" class=\"attachment-post-thumbnail size-post-thumbnail wp-post-image\" alt=\"\" srcset=\"https:\/\/www.entrearteycultura.es\/wp-content\/uploads\/2024\/09\/Imagen5.jpg 855w, https:\/\/www.entrearteycultura.es\/wp-content\/uploads\/2024\/09\/Imagen5-300x95.jpg 300w, https:\/\/www.entrearteycultura.es\/wp-content\/uploads\/2024\/09\/Imagen5-768x243.jpg 768w, https:\/\/www.entrearteycultura.es\/wp-content\/uploads\/2024\/09\/Imagen5-189x60.jpg 189w\" sizes=\"(max-width: 855px) 100vw, 855px\" \/>    <\/div>\n\n    <div class=\"eap__content\">\n        <!-- header -->\n        <header class=\"eap__header\">\n            <h2 class=\"eap__title\"><a href=\"https:\/\/www.entrearteycultura.es\/?eap_event=biblioteca-nacional-jueves-17-de-octubre-1700h\" rel=\"bookmark\">VISITA A LA BIBLIOTECA NACIONAL.                                                                                          Jueves 17 de octubre, 17:00h.<\/a><\/h2>\n            \n                <p class=\"eap__category\">\n                    Eventos pasados                <\/p>\n                            \n<!-- event meta -->\n<p class=\"eap__meta\">\n            <span class=\"eap__date no-wrap\">\n            <span class=\"dashicons dashicons-calendar-alt\"><\/span> Thursday 17 October, 2024        <\/span>\n        \n    <br>\n\n    <\/p>\n\n        <\/header>\n\n        <!-- main -->\n        <main class=\"eap__excerpt\">\n                            <p class=\"eap__more\">\n                    <a href=\"https:\/\/www.entrearteycultura.es\/?eap_event=biblioteca-nacional-jueves-17-de-octubre-1700h\">Read more<\/a>\n                <\/p>\n                        <\/main>\n    <\/div>\n<\/div>\n\n<div id=\"post-942\" class=\"eap__event\">\n    <div class=\"eap__img\">\n        <img loading=\"lazy\" decoding=\"async\" width=\"570\" height=\"233\" src=\"https:\/\/www.entrearteycultura.es\/wp-content\/uploads\/2024\/09\/Imagen6.jpg\" class=\"attachment-post-thumbnail size-post-thumbnail wp-post-image\" alt=\"\" srcset=\"https:\/\/www.entrearteycultura.es\/wp-content\/uploads\/2024\/09\/Imagen6.jpg 570w, https:\/\/www.entrearteycultura.es\/wp-content\/uploads\/2024\/09\/Imagen6-300x123.jpg 300w, https:\/\/www.entrearteycultura.es\/wp-content\/uploads\/2024\/09\/Imagen6-147x60.jpg 147w\" sizes=\"(max-width: 570px) 100vw, 570px\" \/>    <\/div>\n\n    <div class=\"eap__content\">\n        <!-- header -->\n        <header class=\"eap__header\">\n            <h2 class=\"eap__title\"><a href=\"https:\/\/www.entrearteycultura.es\/?eap_event=estampa-feria-de-arte-viernes-18-de-octubre-1700h\" rel=\"bookmark\">VISITA A ESTAMPA, feria de arte.                                                       Viernes, 18 de octubre, 17:00h.<\/a><\/h2>\n            \n                <p class=\"eap__category\">\n                    Eventos pasados                <\/p>\n                            \n<!-- event meta -->\n<p class=\"eap__meta\">\n            <span class=\"eap__date no-wrap\">\n            <span class=\"dashicons dashicons-calendar-alt\"><\/span> Friday 18 October, 2024        <\/span>\n        \n    <br>\n\n    <\/p>\n\n        <\/header>\n\n        <!-- main -->\n        <main class=\"eap__excerpt\">\n                            <p class=\"eap__more\">\n                    <a href=\"https:\/\/www.entrearteycultura.es\/?eap_event=estampa-feria-de-arte-viernes-18-de-octubre-1700h\">Read more<\/a>\n                <\/p>\n                        <\/main>\n    <\/div>\n<\/div>\n\n<div id=\"post-995\" class=\"eap__event\">\n    <div class=\"eap__img\">\n        <img loading=\"lazy\" decoding=\"async\" width=\"567\" height=\"193\" src=\"https:\/\/www.entrearteycultura.es\/wp-content\/uploads\/2024\/10\/Imagen1.png\" class=\"attachment-post-thumbnail size-post-thumbnail wp-post-image\" alt=\"\" srcset=\"https:\/\/www.entrearteycultura.es\/wp-content\/uploads\/2024\/10\/Imagen1.png 567w, https:\/\/www.entrearteycultura.es\/wp-content\/uploads\/2024\/10\/Imagen1-300x102.png 300w, https:\/\/www.entrearteycultura.es\/wp-content\/uploads\/2024\/10\/Imagen1-176x60.png 176w\" sizes=\"(max-width: 567px) 100vw, 567px\" \/>    <\/div>\n\n    <div class=\"eap__content\">\n        <!-- header -->\n        <header class=\"eap__header\">\n            <h2 class=\"eap__title\"><a href=\"https:\/\/www.entrearteycultura.es\/?eap_event=visita-al-palacio-de-linares-y-a-la-exposicion-de-mantones-de-manila-sabado-19-de-octubre-1100h\" rel=\"bookmark\">VISITA AL PALACIO DE LINARES Y A LA  EXPOSICI\u00d3N DE MANTONES DE MANILA.             S\u00e1bado 19 de octubre, 11:00h<\/a><\/h2>\n            \n                <p class=\"eap__category\">\n                    Eventos pasados                <\/p>\n                            \n<!-- event meta -->\n<p class=\"eap__meta\">\n            <span class=\"eap__date no-wrap\">\n            <span class=\"dashicons dashicons-calendar-alt\"><\/span> Saturday 19 October, 2024        <\/span>\n         |         <span class=\"eap__time no-wrap\">\n            <span class=\"dashicons dashicons-clock\"><\/span> 11:00         <\/span>\n        \n    <br>\n\n    <\/p>\n\n        <\/header>\n\n        <!-- main -->\n        <main class=\"eap__excerpt\">\n                            <p class=\"eap__more\">\n                    <a href=\"https:\/\/www.entrearteycultura.es\/?eap_event=visita-al-palacio-de-linares-y-a-la-exposicion-de-mantones-de-manila-sabado-19-de-octubre-1100h\">Read more<\/a>\n                <\/p>\n                        <\/main>\n    <\/div>\n<\/div>\n\n<div id=\"post-944\" class=\"eap__event\">\n    <div class=\"eap__img\">\n        <img loading=\"lazy\" decoding=\"async\" width=\"855\" height=\"243\" src=\"https:\/\/www.entrearteycultura.es\/wp-content\/uploads\/2024\/09\/Imagen7.jpg\" class=\"attachment-post-thumbnail size-post-thumbnail wp-post-image\" alt=\"\" srcset=\"https:\/\/www.entrearteycultura.es\/wp-content\/uploads\/2024\/09\/Imagen7.jpg 855w, https:\/\/www.entrearteycultura.es\/wp-content\/uploads\/2024\/09\/Imagen7-300x85.jpg 300w, https:\/\/www.entrearteycultura.es\/wp-content\/uploads\/2024\/09\/Imagen7-768x218.jpg 768w, https:\/\/www.entrearteycultura.es\/wp-content\/uploads\/2024\/09\/Imagen7-211x60.jpg 211w, https:\/\/www.entrearteycultura.es\/wp-content\/uploads\/2024\/09\/Imagen7-350x100.jpg 350w\" sizes=\"(max-width: 855px) 100vw, 855px\" \/>    <\/div>\n\n    <div class=\"eap__content\">\n        <!-- header -->\n        <header class=\"eap__header\">\n            <h2 class=\"eap__title\"><a href=\"https:\/\/www.entrearteycultura.es\/?eap_event=visita-a-ipce-instituto-del-patrimonio-cultural-de-espana-jueves-24-de-octubre-1000h\" rel=\"bookmark\">VISITA A IPCE (Instituto del Patrimonio Cultural de Espa\u00f1a).                                                      Jueves 24 de octubre, 12:00h.<\/a><\/h2>\n            \n                <p class=\"eap__category\">\n                    Eventos pasados                <\/p>\n                            \n<!-- event meta -->\n<p class=\"eap__meta\">\n            <span class=\"eap__date no-wrap\">\n            <span class=\"dashicons dashicons-calendar-alt\"><\/span> Thursday 24 October, 2024        <\/span>\n        \n    <br>\n\n    <\/p>\n\n        <\/header>\n\n        <!-- main -->\n        <main class=\"eap__excerpt\">\n                            <p class=\"eap__more\">\n                    <a href=\"https:\/\/www.entrearteycultura.es\/?eap_event=visita-a-ipce-instituto-del-patrimonio-cultural-de-espana-jueves-24-de-octubre-1000h\">Read more<\/a>\n                <\/p>\n                        <\/main>\n    <\/div>\n<\/div>\n\n<div id=\"post-871\" class=\"eap__event\">\n    <div class=\"eap__img\">\n        <img loading=\"lazy\" decoding=\"async\" width=\"1200\" height=\"800\" src=\"https:\/\/www.entrearteycultura.es\/wp-content\/uploads\/2024\/07\/milan.jpg\" class=\"attachment-post-thumbnail size-post-thumbnail wp-post-image\" alt=\"\" srcset=\"https:\/\/www.entrearteycultura.es\/wp-content\/uploads\/2024\/07\/milan.jpg 1200w, https:\/\/www.entrearteycultura.es\/wp-content\/uploads\/2024\/07\/milan-300x200.jpg 300w, https:\/\/www.entrearteycultura.es\/wp-content\/uploads\/2024\/07\/milan-1024x683.jpg 1024w, https:\/\/www.entrearteycultura.es\/wp-content\/uploads\/2024\/07\/milan-768x512.jpg 768w, https:\/\/www.entrearteycultura.es\/wp-content\/uploads\/2024\/07\/milan-90x60.jpg 90w, https:\/\/www.entrearteycultura.es\/wp-content\/uploads\/2024\/07\/milan-420x280.jpg 420w\" sizes=\"(max-width: 1200px) 100vw, 1200px\" \/>    <\/div>\n\n    <div class=\"eap__content\">\n        <!-- header -->\n        <header class=\"eap__header\">\n            <h2 class=\"eap__title\"><a href=\"https:\/\/www.entrearteycultura.es\/?eap_event=milan-el-perfecto-equilibrio-entre-la-historia-y-la-modernidad\" rel=\"bookmark\">MIL\u00c1N, el perfecto equilibrio entre la historia y la modernidad.                                                                                                               JUEVES 31 OCTUBRE &#8211; LUNES 4 NOVIEMBRE 2024<\/a><\/h2>\n            \n                <p class=\"eap__category\">\n                    Eventos pasados                <\/p>\n                            \n<!-- event meta -->\n<p class=\"eap__meta\">\n            <span class=\"eap__date no-wrap\">\n            <span class=\"dashicons dashicons-calendar-alt\"><\/span> Thursday 31 October, 2024        <\/span>\n         \u2013         <span class=\"eap__date no-wrap\">\n            <span class=\"dashicons dashicons-calendar-alt\"><\/span> Monday 4 November, 2024        <\/span>\n        \n    <br>\n\n    <\/p>\n\n        <\/header>\n\n        <!-- main -->\n        <main class=\"eap__excerpt\">\n                            <p class=\"eap__more\">\n                    <a href=\"https:\/\/www.entrearteycultura.es\/?eap_event=milan-el-perfecto-equilibrio-entre-la-historia-y-la-modernidad\">Read more<\/a>\n                <\/p>\n                        <\/main>\n    <\/div>\n<\/div>\n\n<div id=\"post-984\" class=\"eap__event\">\n    <div class=\"eap__img\">\n        <img loading=\"lazy\" decoding=\"async\" width=\"567\" height=\"277\" src=\"https:\/\/www.entrearteycultura.es\/wp-content\/uploads\/2024\/10\/Imagen2.png\" class=\"attachment-post-thumbnail size-post-thumbnail wp-post-image\" alt=\"\" srcset=\"https:\/\/www.entrearteycultura.es\/wp-content\/uploads\/2024\/10\/Imagen2.png 567w, https:\/\/www.entrearteycultura.es\/wp-content\/uploads\/2024\/10\/Imagen2-300x147.png 300w, https:\/\/www.entrearteycultura.es\/wp-content\/uploads\/2024\/10\/Imagen2-123x60.png 123w\" sizes=\"(max-width: 567px) 100vw, 567px\" \/>    <\/div>\n\n    <div class=\"eap__content\">\n        <!-- header -->\n        <header class=\"eap__header\">\n            <h2 class=\"eap__title\"><a href=\"https:\/\/www.entrearteycultura.es\/?eap_event=visita-a-la-exposicion-caprile-lorenzo-en-la-sala-del-canal-de-isabel-ii-martes-5-de-noviembre-1730-y-1830-h-2-grupos\" rel=\"bookmark\">Visita a la exposici\u00f3n &#8220;Caprile Lorenzo&#8221; en la Sala del Canal de Isabel II.                                         Martes 5 de noviembre, 17:30 y 18:30 h (2 grupos)<\/a><\/h2>\n            \n                <p class=\"eap__category\">\n                    Eventos pasados                <\/p>\n                            \n<!-- event meta -->\n<p class=\"eap__meta\">\n            <span class=\"eap__date no-wrap\">\n            <span class=\"dashicons dashicons-calendar-alt\"><\/span> Tuesday 5 November, 2024        <\/span>\n         |         <span class=\"eap__time no-wrap\">\n            <span class=\"dashicons dashicons-clock\"><\/span> 17:30         <\/span>\n        \n    <br>\n\n    <\/p>\n\n        <\/header>\n\n        <!-- main -->\n        <main class=\"eap__excerpt\">\n                            <p class=\"eap__more\">\n                    <a href=\"https:\/\/www.entrearteycultura.es\/?eap_event=visita-a-la-exposicion-caprile-lorenzo-en-la-sala-del-canal-de-isabel-ii-martes-5-de-noviembre-1730-y-1830-h-2-grupos\">Read more<\/a>\n                <\/p>\n                        <\/main>\n    <\/div>\n<\/div>\n\n<div id=\"post-951\" class=\"eap__event\">\n    <div class=\"eap__img\">\n        <img loading=\"lazy\" decoding=\"async\" width=\"855\" height=\"348\" src=\"https:\/\/www.entrearteycultura.es\/wp-content\/uploads\/2024\/09\/Imagen9.jpg\" class=\"attachment-post-thumbnail size-post-thumbnail wp-post-image\" alt=\"\" srcset=\"https:\/\/www.entrearteycultura.es\/wp-content\/uploads\/2024\/09\/Imagen9.jpg 855w, https:\/\/www.entrearteycultura.es\/wp-content\/uploads\/2024\/09\/Imagen9-300x122.jpg 300w, https:\/\/www.entrearteycultura.es\/wp-content\/uploads\/2024\/09\/Imagen9-768x313.jpg 768w, https:\/\/www.entrearteycultura.es\/wp-content\/uploads\/2024\/09\/Imagen9-147x60.jpg 147w\" sizes=\"(max-width: 855px) 100vw, 855px\" \/>    <\/div>\n\n    <div class=\"eap__content\">\n        <!-- header -->\n        <header class=\"eap__header\">\n            <h2 class=\"eap__title\"><a href=\"https:\/\/www.entrearteycultura.es\/?eap_event=nueva-visita-a-la-galeria-de-colecciones-reales-austrias-miercoles-6-de-noviembre-1700h\" rel=\"bookmark\">Nueva visita a la GALER\u00cdA DE COLECCIONES REALES: AUSTRIAS\u00a0                                                                                     Mi\u00e9rcoles 6 de noviembre, 17:00h.<\/a><\/h2>\n            \n                <p class=\"eap__category\">\n                    Eventos pasados                <\/p>\n                            \n<!-- event meta -->\n<p class=\"eap__meta\">\n            <span class=\"eap__date no-wrap\">\n            <span class=\"dashicons dashicons-calendar-alt\"><\/span> Wednesday 6 November, 2024        <\/span>\n        \n    <br>\n\n    <\/p>\n\n        <\/header>\n\n        <!-- main -->\n        <main class=\"eap__excerpt\">\n                            <p class=\"eap__more\">\n                    <a href=\"https:\/\/www.entrearteycultura.es\/?eap_event=nueva-visita-a-la-galeria-de-colecciones-reales-austrias-miercoles-6-de-noviembre-1700h\">Read more<\/a>\n                <\/p>\n                        <\/main>\n    <\/div>\n<\/div>\n\n<div id=\"post-954\" class=\"eap__event\">\n    <div class=\"eap__img\">\n        <img loading=\"lazy\" decoding=\"async\" width=\"855\" height=\"324\" src=\"https:\/\/www.entrearteycultura.es\/wp-content\/uploads\/2024\/09\/Imagen10.jpg\" class=\"attachment-post-thumbnail size-post-thumbnail wp-post-image\" alt=\"\" srcset=\"https:\/\/www.entrearteycultura.es\/wp-content\/uploads\/2024\/09\/Imagen10.jpg 855w, https:\/\/www.entrearteycultura.es\/wp-content\/uploads\/2024\/09\/Imagen10-300x114.jpg 300w, https:\/\/www.entrearteycultura.es\/wp-content\/uploads\/2024\/09\/Imagen10-768x291.jpg 768w, https:\/\/www.entrearteycultura.es\/wp-content\/uploads\/2024\/09\/Imagen10-158x60.jpg 158w\" sizes=\"(max-width: 855px) 100vw, 855px\" \/>    <\/div>\n\n    <div class=\"eap__content\">\n        <!-- header -->\n        <header class=\"eap__header\">\n            <h2 class=\"eap__title\"><a href=\"https:\/\/www.entrearteycultura.es\/?eap_event=visita-de-la-exposicion-en-centrocentrosetenta-grandes-maestros-de-la-coleccion-perez-simon-viernes-15-de-noviembre-1800h\" rel=\"bookmark\">VISITA DE LA EXPOSICI\u00d3N EN CENTROCENTRO \u201cSETENTA GRANDES MAESTROS DE LA COLECCI\u00d3N P\u00c9REZ SIM\u00d3N\u201d.                                                        Viernes 15 de noviembre, 16:00 h y 18:00h (2 grupos)<\/a><\/h2>\n            \n                <p class=\"eap__category\">\n                    Eventos pasados                <\/p>\n                            \n<!-- event meta -->\n<p class=\"eap__meta\">\n            <span class=\"eap__date no-wrap\">\n            <span class=\"dashicons dashicons-calendar-alt\"><\/span> Friday 15 November, 2024        <\/span>\n         |         <span class=\"eap__time no-wrap\">\n            <span class=\"dashicons dashicons-clock\"><\/span> 16:00         <\/span>\n        \n    <br>\n\n    <\/p>\n\n        <\/header>\n\n        <!-- main -->\n        <main class=\"eap__excerpt\">\n                            <p class=\"eap__more\">\n                    <a href=\"https:\/\/www.entrearteycultura.es\/?eap_event=visita-de-la-exposicion-en-centrocentrosetenta-grandes-maestros-de-la-coleccion-perez-simon-viernes-15-de-noviembre-1800h\">Read more<\/a>\n                <\/p>\n                        <\/main>\n    <\/div>\n<\/div>\n\n<div id=\"post-998\" class=\"eap__event\">\n    <div class=\"eap__img\">\n        <img loading=\"lazy\" decoding=\"async\" width=\"956\" height=\"684\" src=\"https:\/\/www.entrearteycultura.es\/wp-content\/uploads\/2024\/10\/Imagen2-2.png\" class=\"attachment-post-thumbnail size-post-thumbnail wp-post-image\" alt=\"\" srcset=\"https:\/\/www.entrearteycultura.es\/wp-content\/uploads\/2024\/10\/Imagen2-2.png 956w, https:\/\/www.entrearteycultura.es\/wp-content\/uploads\/2024\/10\/Imagen2-2-300x215.png 300w, https:\/\/www.entrearteycultura.es\/wp-content\/uploads\/2024\/10\/Imagen2-2-768x549.png 768w, https:\/\/www.entrearteycultura.es\/wp-content\/uploads\/2024\/10\/Imagen2-2-84x60.png 84w\" sizes=\"(max-width: 956px) 100vw, 956px\" \/>    <\/div>\n\n    <div class=\"eap__content\">\n        <!-- header -->\n        <header class=\"eap__header\">\n            <h2 class=\"eap__title\"><a href=\"https:\/\/www.entrearteycultura.es\/?eap_event=visita-a-la-exposicion-la-zarzuela-patrimonio-de-la-hispanidad-cronica-cantada-de-nuestra-vida-miercoles-20-noviembre-1900h\" rel=\"bookmark\">VISITA A LA EXPOSICI\u00d3N: LA ZARZUELA, patrimonio de la Hispanidad. Cr\u00f3nica cantada de nuestra vida. [Nueva fecha: Jueves 5 diciembre, 19:00h].<\/a><\/h2>\n            \n                <p class=\"eap__category\">\n                    Eventos pasados                <\/p>\n                            \n<!-- event meta -->\n<p class=\"eap__meta\">\n            <span class=\"eap__date no-wrap\">\n            <span class=\"dashicons dashicons-calendar-alt\"><\/span> Wednesday 20 November, 2024        <\/span>\n         |         <span class=\"eap__time no-wrap\">\n            <span class=\"dashicons dashicons-clock\"><\/span> 19:00         <\/span>\n        \n    <br>\n\n    <\/p>\n\n        <\/header>\n\n        <!-- main -->\n        <main class=\"eap__excerpt\">\n                            <p class=\"eap__more\">\n                    <a href=\"https:\/\/www.entrearteycultura.es\/?eap_event=visita-a-la-exposicion-la-zarzuela-patrimonio-de-la-hispanidad-cronica-cantada-de-nuestra-vida-miercoles-20-noviembre-1900h\">Read more<\/a>\n                <\/p>\n                        <\/main>\n    <\/div>\n<\/div>\n\n<div id=\"post-882\" class=\"eap__event\">\n    <div class=\"eap__img\">\n        <img loading=\"lazy\" decoding=\"async\" width=\"639\" height=\"307\" src=\"https:\/\/www.entrearteycultura.es\/wp-content\/uploads\/2024\/07\/valencia-2.png\" class=\"attachment-post-thumbnail size-post-thumbnail wp-post-image\" alt=\"\" srcset=\"https:\/\/www.entrearteycultura.es\/wp-content\/uploads\/2024\/07\/valencia-2.png 639w, https:\/\/www.entrearteycultura.es\/wp-content\/uploads\/2024\/07\/valencia-2-300x144.png 300w, https:\/\/www.entrearteycultura.es\/wp-content\/uploads\/2024\/07\/valencia-2-125x60.png 125w\" sizes=\"(max-width: 639px) 100vw, 639px\" \/>    <\/div>\n\n    <div class=\"eap__content\">\n        <!-- header -->\n        <header class=\"eap__header\">\n            <h2 class=\"eap__title\"><a href=\"https:\/\/www.entrearteycultura.es\/?eap_event=valencia-importante-patrimonio-desconocido-y-nuevo-centro-de-arte-contemporaneo-2\" rel=\"bookmark\">VALENCIA:\u00a0 importante patrimonio desconocido y nuevo centro de arte contempor\u00e1neo.                                                                 VIERNES 7 &#8211; DOMINGO 9 FEBRERO 2025 (nuevas fechas)<\/a><\/h2>\n            \n                <p class=\"eap__category\">\n                    Eventos pasados                <\/p>\n                            \n<!-- event meta -->\n<p class=\"eap__meta\">\n            <span class=\"eap__date no-wrap\">\n            <span class=\"dashicons dashicons-calendar-alt\"><\/span> Friday 22 November, 2024        <\/span>\n         \u2013         <span class=\"eap__date no-wrap\">\n            <span class=\"dashicons dashicons-calendar-alt\"><\/span> Sunday 24 November, 2024        <\/span>\n        \n    <br>\n\n    <\/p>\n\n        <\/header>\n\n        <!-- main -->\n        <main class=\"eap__excerpt\">\n                            <p class=\"eap__more\">\n                    <a href=\"https:\/\/www.entrearteycultura.es\/?eap_event=valencia-importante-patrimonio-desconocido-y-nuevo-centro-de-arte-contemporaneo-2\">Read more<\/a>\n                <\/p>\n                        <\/main>\n    <\/div>\n<\/div>\n\n<div id=\"post-1006\" class=\"eap__event\">\n    <div class=\"eap__img\">\n        <img loading=\"lazy\" decoding=\"async\" width=\"567\" height=\"184\" src=\"https:\/\/www.entrearteycultura.es\/wp-content\/uploads\/2024\/10\/Imagen1-1.png\" class=\"attachment-post-thumbnail size-post-thumbnail wp-post-image\" alt=\"\" srcset=\"https:\/\/www.entrearteycultura.es\/wp-content\/uploads\/2024\/10\/Imagen1-1.png 567w, https:\/\/www.entrearteycultura.es\/wp-content\/uploads\/2024\/10\/Imagen1-1-300x97.png 300w, https:\/\/www.entrearteycultura.es\/wp-content\/uploads\/2024\/10\/Imagen1-1-185x60.png 185w\" sizes=\"(max-width: 567px) 100vw, 567px\" \/>    <\/div>\n\n    <div class=\"eap__content\">\n        <!-- header -->\n        <header class=\"eap__header\">\n            <h2 class=\"eap__title\"><a href=\"https:\/\/www.entrearteycultura.es\/?eap_event=visita-al-palacio-del-marques-de-villafranca-miercoles-27-noviembre-1030-h\" rel=\"bookmark\">VISITA AL PALACIO DEL MARQU\u00c9S DE VILLAFRANCA. Mi\u00e9rcoles 27 noviembre, 10:30 h.<\/a><\/h2>\n            \n                <p class=\"eap__category\">\n                    Eventos pasados                <\/p>\n                            \n<!-- event meta -->\n<p class=\"eap__meta\">\n            <span class=\"eap__date no-wrap\">\n            <span class=\"dashicons dashicons-calendar-alt\"><\/span> Wednesday 27 November, 2024        <\/span>\n         |         <span class=\"eap__time no-wrap\">\n            <span class=\"dashicons dashicons-clock\"><\/span> 10:30         <\/span>\n        \n    <br>\n\n    San Pedro 10<\/p>\n\n        <\/header>\n\n        <!-- main -->\n        <main class=\"eap__excerpt\">\n                            <p class=\"eap__more\">\n                    <a href=\"https:\/\/www.entrearteycultura.es\/?eap_event=visita-al-palacio-del-marques-de-villafranca-miercoles-27-noviembre-1030-h\">Read more<\/a>\n                <\/p>\n                        <\/main>\n    <\/div>\n<\/div>\n\n<div id=\"post-1020\" class=\"eap__event\">\n    <div class=\"eap__img\">\n        <img loading=\"lazy\" decoding=\"async\" width=\"567\" height=\"192\" src=\"https:\/\/www.entrearteycultura.es\/wp-content\/uploads\/2024\/11\/Imagen1.png\" class=\"attachment-post-thumbnail size-post-thumbnail wp-post-image\" alt=\"\" srcset=\"https:\/\/www.entrearteycultura.es\/wp-content\/uploads\/2024\/11\/Imagen1.png 567w, https:\/\/www.entrearteycultura.es\/wp-content\/uploads\/2024\/11\/Imagen1-300x102.png 300w, https:\/\/www.entrearteycultura.es\/wp-content\/uploads\/2024\/11\/Imagen1-177x60.png 177w\" sizes=\"(max-width: 567px) 100vw, 567px\" \/>    <\/div>\n\n    <div class=\"eap__content\">\n        <!-- header -->\n        <header class=\"eap__header\">\n            <h2 class=\"eap__title\"><a href=\"https:\/\/www.entrearteycultura.es\/?eap_event=cata-de-vinos-jueves-28-de-noviembre-1900h\" rel=\"bookmark\">CATA DE VINOS. Jueves 28 de noviembre, 19:00h.<\/a><\/h2>\n            \n                <p class=\"eap__category\">\n                    Eventos pasados                <\/p>\n                            \n<!-- event meta -->\n<p class=\"eap__meta\">\n            <span class=\"eap__date no-wrap\">\n            <span class=\"dashicons dashicons-calendar-alt\"><\/span> Thursday 28 November, 2024        <\/span>\n         |         <span class=\"eap__time no-wrap\">\n            <span class=\"dashicons dashicons-clock\"><\/span> 19:00         <\/span>\n        \n    <br>\n\n    <\/p>\n\n        <\/header>\n\n        <!-- main -->\n        <main class=\"eap__excerpt\">\n                            <p class=\"eap__more\">\n                    <a href=\"https:\/\/www.entrearteycultura.es\/?eap_event=cata-de-vinos-jueves-28-de-noviembre-1900h\">Read more<\/a>\n                <\/p>\n                        <\/main>\n    <\/div>\n<\/div>\n\n<div id=\"post-987\" class=\"eap__event\">\n    <div class=\"eap__img\">\n        <img loading=\"lazy\" decoding=\"async\" width=\"567\" height=\"168\" src=\"https:\/\/www.entrearteycultura.es\/wp-content\/uploads\/2024\/10\/Imagen3.jpg\" class=\"attachment-post-thumbnail size-post-thumbnail wp-post-image\" alt=\"\" srcset=\"https:\/\/www.entrearteycultura.es\/wp-content\/uploads\/2024\/10\/Imagen3.jpg 567w, https:\/\/www.entrearteycultura.es\/wp-content\/uploads\/2024\/10\/Imagen3-300x89.jpg 300w, https:\/\/www.entrearteycultura.es\/wp-content\/uploads\/2024\/10\/Imagen3-203x60.jpg 203w\" sizes=\"(max-width: 567px) 100vw, 567px\" \/>    <\/div>\n\n    <div class=\"eap__content\">\n        <!-- header -->\n        <header class=\"eap__header\">\n            <h2 class=\"eap__title\"><a href=\"https:\/\/www.entrearteycultura.es\/?eap_event=visita-a-la-exposicion-soledad-sevilla-lunes-4-de-noviembre-1700h\" rel=\"bookmark\">VISITA A LA EXPOSICI\u00d3N SOLEDAD SEVILLA.\u00a0Lunes 2 de diciembre, 17:00h.<\/a><\/h2>\n            \n                <p class=\"eap__category\">\n                    Eventos pasados                <\/p>\n                            \n<!-- event meta -->\n<p class=\"eap__meta\">\n            <span class=\"eap__date no-wrap\">\n            <span class=\"dashicons dashicons-calendar-alt\"><\/span> Monday 2 December, 2024        <\/span>\n         |         <span class=\"eap__time no-wrap\">\n            <span class=\"dashicons dashicons-clock\"><\/span> 17:00         <\/span>\n        \n    <br>\n\n    <\/p>\n\n        <\/header>\n\n        <!-- main -->\n        <main class=\"eap__excerpt\">\n                            <p class=\"eap__more\">\n                    <a href=\"https:\/\/www.entrearteycultura.es\/?eap_event=visita-a-la-exposicion-soledad-sevilla-lunes-4-de-noviembre-1700h\">Read more<\/a>\n                <\/p>\n                        <\/main>\n    <\/div>\n<\/div>\n\n<div id=\"post-875\" class=\"eap__event\">\n    <div class=\"eap__img\">\n        <img loading=\"lazy\" decoding=\"async\" width=\"589\" height=\"392\" src=\"https:\/\/www.entrearteycultura.es\/wp-content\/uploads\/2024\/07\/tunez.avif\" class=\"attachment-post-thumbnail size-post-thumbnail wp-post-image\" alt=\"\" \/>    <\/div>\n\n    <div class=\"eap__content\">\n        <!-- header -->\n        <header class=\"eap__header\">\n            <h2 class=\"eap__title\"><a href=\"https:\/\/www.entrearteycultura.es\/?eap_event=tunez-un-cercano-paraiso-de-contrastes\" rel=\"bookmark\">T\u00daNEZ, un cercano para\u00edso de contrastes.                                                                 VIERNES 6 &#8211; MI\u00c9RCOLES 11 DICIEMBRE 2024<\/a><\/h2>\n            \n                <p class=\"eap__category\">\n                    Eventos pasados                <\/p>\n                            \n<!-- event meta -->\n<p class=\"eap__meta\">\n            <span class=\"eap__date no-wrap\">\n            <span class=\"dashicons dashicons-calendar-alt\"><\/span> Friday 6 December, 2024        <\/span>\n         \u2013         <span class=\"eap__date no-wrap\">\n            <span class=\"dashicons dashicons-calendar-alt\"><\/span> Wednesday 11 December, 2024        <\/span>\n        \n    <br>\n\n    <\/p>\n\n        <\/header>\n\n        <!-- main -->\n        <main class=\"eap__excerpt\">\n                            <p class=\"eap__more\">\n                    <a href=\"https:\/\/www.entrearteycultura.es\/?eap_event=tunez-un-cercano-paraiso-de-contrastes\">Read more<\/a>\n                <\/p>\n                        <\/main>\n    <\/div>\n<\/div>\n\n<div id=\"post-1011\" class=\"eap__event\">\n    <div class=\"eap__img\">\n        <img loading=\"lazy\" decoding=\"async\" width=\"567\" height=\"148\" src=\"https:\/\/www.entrearteycultura.es\/wp-content\/uploads\/2024\/10\/Imagen1-2.png\" class=\"attachment-post-thumbnail size-post-thumbnail wp-post-image\" alt=\"\" srcset=\"https:\/\/www.entrearteycultura.es\/wp-content\/uploads\/2024\/10\/Imagen1-2.png 567w, https:\/\/www.entrearteycultura.es\/wp-content\/uploads\/2024\/10\/Imagen1-2-300x78.png 300w, https:\/\/www.entrearteycultura.es\/wp-content\/uploads\/2024\/10\/Imagen1-2-230x60.png 230w\" sizes=\"(max-width: 567px) 100vw, 567px\" \/>    <\/div>\n\n    <div class=\"eap__content\">\n        <!-- header -->\n        <header class=\"eap__header\">\n            <h2 class=\"eap__title\"><a href=\"https:\/\/www.entrearteycultura.es\/?eap_event=visita-a-la-real-academia-exposicion-de-lita-cabellut-y-el-nuevo-gabinete-de-goya-sabado-30-de-noviembre-1100h\" rel=\"bookmark\">VISITA A LA REAL ACADEMIA: \u00a0EXPOSICI\u00d3N DE LITA CABELLUT Y EL NUEVO GABINETE DE GOYA. Mi\u00e9rcoles, 15 de enero, 12:30h.<\/a><\/h2>\n            \n                <p class=\"eap__category\">\n                    Eventos pasados                <\/p>\n                            \n<!-- event meta -->\n<p class=\"eap__meta\">\n            <span class=\"eap__date no-wrap\">\n            <span class=\"dashicons dashicons-calendar-alt\"><\/span> Wednesday 15 January, 2025        <\/span>\n         |         <span class=\"eap__time no-wrap\">\n            <span class=\"dashicons dashicons-clock\"><\/span> 12:30         <\/span>\n        \n    <br>\n\n    <\/p>\n\n        <\/header>\n\n        <!-- main -->\n        <main class=\"eap__excerpt\">\n                            <p class=\"eap__more\">\n                    <a href=\"https:\/\/www.entrearteycultura.es\/?eap_event=visita-a-la-real-academia-exposicion-de-lita-cabellut-y-el-nuevo-gabinete-de-goya-sabado-30-de-noviembre-1100h\">Read more<\/a>\n                <\/p>\n                        <\/main>\n    <\/div>\n<\/div>\n\n<div id=\"post-1036\" class=\"eap__event\">\n    <div class=\"eap__img\">\n        <img loading=\"lazy\" decoding=\"async\" width=\"567\" height=\"179\" src=\"https:\/\/www.entrearteycultura.es\/wp-content\/uploads\/2024\/12\/Imagen1.png\" class=\"attachment-post-thumbnail size-post-thumbnail wp-post-image\" alt=\"\" srcset=\"https:\/\/www.entrearteycultura.es\/wp-content\/uploads\/2024\/12\/Imagen1.png 567w, https:\/\/www.entrearteycultura.es\/wp-content\/uploads\/2024\/12\/Imagen1-300x95.png 300w, https:\/\/www.entrearteycultura.es\/wp-content\/uploads\/2024\/12\/Imagen1-190x60.png 190w\" sizes=\"(max-width: 567px) 100vw, 567px\" \/>    <\/div>\n\n    <div class=\"eap__content\">\n        <!-- header -->\n        <header class=\"eap__header\">\n            <h2 class=\"eap__title\"><a href=\"https:\/\/www.entrearteycultura.es\/?eap_event=visita-a-la-exposicion-coleccion-masaveu-arte-espanol-del-siglo-xx-de-picasso-a-barcelo-viernes-17-de-enero-1700h-y-miercoles-5-de-febrero-1700h\" rel=\"bookmark\">VISITA A LA EXPOSICI\u00d3N: COLECCI\u00d3N MASAVEU.\u00a0ARTE ESPA\u00d1OL DEL SIGLO XX. DE PICASSO A BARCEL\u00d3. Viernes 17 de enero, 17:00h y Mi\u00e9rcoles 5 de febrero, 17:00h<\/a><\/h2>\n            \n                <p class=\"eap__category\">\n                    Eventos pasados                <\/p>\n                            \n<!-- event meta -->\n<p class=\"eap__meta\">\n            <span class=\"eap__date no-wrap\">\n            <span class=\"dashicons dashicons-calendar-alt\"><\/span> Friday 17 January, 2025        <\/span>\n         |         <span class=\"eap__time no-wrap\">\n            <span class=\"dashicons dashicons-clock\"><\/span> 17:00         <\/span>\n        \n    <br>\n\n    <\/p>\n\n        <\/header>\n\n        <!-- main -->\n        <main class=\"eap__excerpt\">\n                            <p class=\"eap__more\">\n                    <a href=\"https:\/\/www.entrearteycultura.es\/?eap_event=visita-a-la-exposicion-coleccion-masaveu-arte-espanol-del-siglo-xx-de-picasso-a-barcelo-viernes-17-de-enero-1700h-y-miercoles-5-de-febrero-1700h\">Read more<\/a>\n                <\/p>\n                        <\/main>\n    <\/div>\n<\/div>\n\n<div id=\"post-1017\" class=\"eap__event\">\n    <div class=\"eap__img\">\n        <img loading=\"lazy\" decoding=\"async\" width=\"567\" height=\"242\" src=\"https:\/\/www.entrearteycultura.es\/wp-content\/uploads\/2024\/11\/Imagen2.png\" class=\"attachment-post-thumbnail size-post-thumbnail wp-post-image\" alt=\"\" srcset=\"https:\/\/www.entrearteycultura.es\/wp-content\/uploads\/2024\/11\/Imagen2.png 567w, https:\/\/www.entrearteycultura.es\/wp-content\/uploads\/2024\/11\/Imagen2-300x128.png 300w, https:\/\/www.entrearteycultura.es\/wp-content\/uploads\/2024\/11\/Imagen2-141x60.png 141w\" sizes=\"(max-width: 567px) 100vw, 567px\" \/>    <\/div>\n\n    <div class=\"eap__content\">\n        <!-- header -->\n        <header class=\"eap__header\">\n            <h2 class=\"eap__title\"><a href=\"https:\/\/www.entrearteycultura.es\/?eap_event=visita-a-la-exposicion-sorolla-cien-anos-de-modernidad-sabado-14-de-diciembre-1100h\" rel=\"bookmark\">VISITA A LA EXPOSICI\u00d3N SOROLLA, CIEN A\u00d1OS DE MODERNIDAD. Martes, 21 de enero, 18:45 h.<\/a><\/h2>\n            \n                <p class=\"eap__category\">\n                    Eventos pasados                <\/p>\n                            \n<!-- event meta -->\n<p class=\"eap__meta\">\n            <span class=\"eap__date no-wrap\">\n            <span class=\"dashicons dashicons-calendar-alt\"><\/span> Tuesday 21 January, 2025        <\/span>\n         |         <span class=\"eap__time no-wrap\">\n            <span class=\"dashicons dashicons-clock\"><\/span> 18:45         <\/span>\n        \n    <br>\n\n    <\/p>\n\n        <\/header>\n\n        <!-- main -->\n        <main class=\"eap__excerpt\">\n                            <p class=\"eap__more\">\n                    <a href=\"https:\/\/www.entrearteycultura.es\/?eap_event=visita-a-la-exposicion-sorolla-cien-anos-de-modernidad-sabado-14-de-diciembre-1100h\">Read more<\/a>\n                <\/p>\n                        <\/main>\n    <\/div>\n<\/div>\n\n<div id=\"post-1039\" class=\"eap__event\">\n    <div class=\"eap__img\">\n        <img loading=\"lazy\" decoding=\"async\" width=\"567\" height=\"254\" src=\"https:\/\/www.entrearteycultura.es\/wp-content\/uploads\/2024\/12\/Imagen2.png\" class=\"attachment-post-thumbnail size-post-thumbnail wp-post-image\" alt=\"\" srcset=\"https:\/\/www.entrearteycultura.es\/wp-content\/uploads\/2024\/12\/Imagen2.png 567w, https:\/\/www.entrearteycultura.es\/wp-content\/uploads\/2024\/12\/Imagen2-300x134.png 300w, https:\/\/www.entrearteycultura.es\/wp-content\/uploads\/2024\/12\/Imagen2-134x60.png 134w\" sizes=\"(max-width: 567px) 100vw, 567px\" \/>    <\/div>\n\n    <div class=\"eap__content\">\n        <!-- header -->\n        <header class=\"eap__header\">\n            <h2 class=\"eap__title\"><a href=\"https:\/\/www.entrearteycultura.es\/?eap_event=visita-a-la-exposicion-jaume-plensa-materia-interior-miercoles-22-de-enero-1730h\" rel=\"bookmark\">VISITA A LA EXPOSICI\u00d3N: JAUME PLENSA, MATERIA INTERIOR. Mi\u00e9rcoles 22 de enero, 17:30h.<\/a><\/h2>\n            \n                <p class=\"eap__category\">\n                    Eventos pasados                <\/p>\n                            \n<!-- event meta -->\n<p class=\"eap__meta\">\n            <span class=\"eap__date no-wrap\">\n            <span class=\"dashicons dashicons-calendar-alt\"><\/span> Wednesday 22 January, 2025        <\/span>\n         |         <span class=\"eap__time no-wrap\">\n            <span class=\"dashicons dashicons-clock\"><\/span> 17:30         <\/span>\n        \n    <br>\n\n    <\/p>\n\n        <\/header>\n\n        <!-- main -->\n        <main class=\"eap__excerpt\">\n                            <p class=\"eap__more\">\n                    <a href=\"https:\/\/www.entrearteycultura.es\/?eap_event=visita-a-la-exposicion-jaume-plensa-materia-interior-miercoles-22-de-enero-1730h\">Read more<\/a>\n                <\/p>\n                        <\/main>\n    <\/div>\n<\/div>\n\n<div id=\"post-691\" class=\"eap__event\">\n    <div class=\"eap__img\">\n        <img loading=\"lazy\" decoding=\"async\" width=\"380\" height=\"214\" src=\"https:\/\/www.entrearteycultura.es\/wp-content\/uploads\/2023\/10\/ImagenCol-Relaes.jpg\" class=\"attachment-post-thumbnail size-post-thumbnail wp-post-image\" alt=\"\" srcset=\"https:\/\/www.entrearteycultura.es\/wp-content\/uploads\/2023\/10\/ImagenCol-Relaes.jpg 380w, https:\/\/www.entrearteycultura.es\/wp-content\/uploads\/2023\/10\/ImagenCol-Relaes-300x169.jpg 300w, https:\/\/www.entrearteycultura.es\/wp-content\/uploads\/2023\/10\/ImagenCol-Relaes-107x60.jpg 107w\" sizes=\"(max-width: 380px) 100vw, 380px\" \/>    <\/div>\n\n    <div class=\"eap__content\">\n        <!-- header -->\n        <header class=\"eap__header\">\n            <h2 class=\"eap__title\"><a href=\"https:\/\/www.entrearteycultura.es\/?eap_event=visita-a-la-galeria-de-las-colecciones-reales-segunda-parte\" rel=\"bookmark\">Visita a la Galer\u00eda de las Colecciones Reales (\u00c9poca de los Borbones). Martes 18 de febrero, 17:00 h.<\/a><\/h2>\n            \n                <p class=\"eap__category\">\n                    Eventos pasados                <\/p>\n                            \n<!-- event meta -->\n<p class=\"eap__meta\">\n            <span class=\"eap__date no-wrap\">\n            <span class=\"dashicons dashicons-calendar-alt\"><\/span> Tuesday 18 February, 2025        <\/span>\n         |         <span class=\"eap__time no-wrap\">\n            <span class=\"dashicons dashicons-clock\"><\/span> 17:00         <\/span>\n        \n    <br>\n\n    Galer\u00eda de Colecciones Reales<\/p>\n\n        <\/header>\n\n        <!-- main -->\n        <main class=\"eap__excerpt\">\n                            <p class=\"eap__more\">\n                    <a href=\"https:\/\/www.entrearteycultura.es\/?eap_event=visita-a-la-galeria-de-las-colecciones-reales-segunda-parte\">Read more<\/a>\n                <\/p>\n                        <\/main>\n    <\/div>\n<\/div>\n\n<div id=\"post-1067\" class=\"eap__event\">\n    <div class=\"eap__img\">\n        <img loading=\"lazy\" decoding=\"async\" width=\"567\" height=\"250\" src=\"https:\/\/www.entrearteycultura.es\/wp-content\/uploads\/2025\/01\/Imagen2-1.png\" class=\"attachment-post-thumbnail size-post-thumbnail wp-post-image\" alt=\"\" srcset=\"https:\/\/www.entrearteycultura.es\/wp-content\/uploads\/2025\/01\/Imagen2-1.png 567w, https:\/\/www.entrearteycultura.es\/wp-content\/uploads\/2025\/01\/Imagen2-1-300x132.png 300w, https:\/\/www.entrearteycultura.es\/wp-content\/uploads\/2025\/01\/Imagen2-1-136x60.png 136w\" sizes=\"(max-width: 567px) 100vw, 567px\" \/>    <\/div>\n\n    <div class=\"eap__content\">\n        <!-- header -->\n        <header class=\"eap__header\">\n            <h2 class=\"eap__title\"><a href=\"https:\/\/www.entrearteycultura.es\/?eap_event=visita-coleccion-privada-de-libros-de-artistas-de-ivory-press-lunes-24-de-febrero-1730h\" rel=\"bookmark\">VISITA COLECCI\u00d3N PRIVADA DE LIBROS DE ARTISTAS DE IVORY PRESS. Lunes 24 de febrero, 17:30h.<\/a><\/h2>\n            \n                <p class=\"eap__category\">\n                    Eventos pasados                <\/p>\n                            \n<!-- event meta -->\n<p class=\"eap__meta\">\n            <span class=\"eap__date no-wrap\">\n            <span class=\"dashicons dashicons-calendar-alt\"><\/span> Monday 24 February, 2025        <\/span>\n         |         <span class=\"eap__time no-wrap\">\n            <span class=\"dashicons dashicons-clock\"><\/span> 17:30         <\/span>\n        \n    <br>\n\n    <\/p>\n\n        <\/header>\n\n        <!-- main -->\n        <main class=\"eap__excerpt\">\n                            <p class=\"eap__more\">\n                    <a href=\"https:\/\/www.entrearteycultura.es\/?eap_event=visita-coleccion-privada-de-libros-de-artistas-de-ivory-press-lunes-24-de-febrero-1730h\">Read more<\/a>\n                <\/p>\n                        <\/main>\n    <\/div>\n<\/div>\n\n<div id=\"post-1059\" class=\"eap__event\">\n    <div class=\"eap__img\">\n        <img loading=\"lazy\" decoding=\"async\" width=\"567\" height=\"248\" src=\"https:\/\/www.entrearteycultura.es\/wp-content\/uploads\/2025\/01\/Imagen1-1.png\" class=\"attachment-post-thumbnail size-post-thumbnail wp-post-image\" alt=\"\" srcset=\"https:\/\/www.entrearteycultura.es\/wp-content\/uploads\/2025\/01\/Imagen1-1.png 567w, https:\/\/www.entrearteycultura.es\/wp-content\/uploads\/2025\/01\/Imagen1-1-300x131.png 300w, https:\/\/www.entrearteycultura.es\/wp-content\/uploads\/2025\/01\/Imagen1-1-137x60.png 137w\" sizes=\"(max-width: 567px) 100vw, 567px\" \/>    <\/div>\n\n    <div class=\"eap__content\">\n        <!-- header -->\n        <header class=\"eap__header\">\n            <h2 class=\"eap__title\"><a href=\"https:\/\/www.entrearteycultura.es\/?eap_event=visita-al-museo-municipal-de-arte-contemporaneo-jueves-13-de-febrero-1900h\" rel=\"bookmark\">VISITA AL MUSEO MUNICIPAL DE ARTE CONTEMPOR\u00c1NEO. Martes 25 de febrero, 18:30h.<\/a><\/h2>\n            \n                <p class=\"eap__category\">\n                    Eventos pasados                <\/p>\n                            \n<!-- event meta -->\n<p class=\"eap__meta\">\n            <span class=\"eap__date no-wrap\">\n            <span class=\"dashicons dashicons-calendar-alt\"><\/span> Tuesday 25 February, 2025        <\/span>\n         |         <span class=\"eap__time no-wrap\">\n            <span class=\"dashicons dashicons-clock\"><\/span> 18:30         <\/span>\n        \n    <br>\n\n    <\/p>\n\n        <\/header>\n\n        <!-- main -->\n        <main class=\"eap__excerpt\">\n                            <p class=\"eap__more\">\n                    <a href=\"https:\/\/www.entrearteycultura.es\/?eap_event=visita-al-museo-municipal-de-arte-contemporaneo-jueves-13-de-febrero-1900h\">Read more<\/a>\n                <\/p>\n                        <\/main>\n    <\/div>\n<\/div>\n\n<div id=\"post-1070\" class=\"eap__event\">\n    <div class=\"eap__img\">\n        <img loading=\"lazy\" decoding=\"async\" width=\"567\" height=\"178\" src=\"https:\/\/www.entrearteycultura.es\/wp-content\/uploads\/2025\/01\/Imagen3.png\" class=\"attachment-post-thumbnail size-post-thumbnail wp-post-image\" alt=\"\" srcset=\"https:\/\/www.entrearteycultura.es\/wp-content\/uploads\/2025\/01\/Imagen3.png 567w, https:\/\/www.entrearteycultura.es\/wp-content\/uploads\/2025\/01\/Imagen3-300x94.png 300w, https:\/\/www.entrearteycultura.es\/wp-content\/uploads\/2025\/01\/Imagen3-191x60.png 191w\" sizes=\"(max-width: 567px) 100vw, 567px\" \/>    <\/div>\n\n    <div class=\"eap__content\">\n        <!-- header -->\n        <header class=\"eap__header\">\n            <h2 class=\"eap__title\"><a href=\"https:\/\/www.entrearteycultura.es\/?eap_event=escapada-de-dia-valladolid-exposicion-de-la-roldana-sabado-1-de-marzo\" rel=\"bookmark\">ESCAPADA DE D\u00cdA: VALLADOLID, exposici\u00f3n de La Roldana. S\u00e1bado 1 de marzo<\/a><\/h2>\n            \n                <p class=\"eap__category\">\n                    Eventos pasados                <\/p>\n                            \n<!-- event meta -->\n<p class=\"eap__meta\">\n            <span class=\"eap__date no-wrap\">\n            <span class=\"dashicons dashicons-calendar-alt\"><\/span> Saturday 1 March, 2025        <\/span>\n        \n    <br>\n\n    <\/p>\n\n        <\/header>\n\n        <!-- main -->\n        <main class=\"eap__excerpt\">\n                            <p class=\"eap__more\">\n                    <a href=\"https:\/\/www.entrearteycultura.es\/?eap_event=escapada-de-dia-valladolid-exposicion-de-la-roldana-sabado-1-de-marzo\">Read more<\/a>\n                <\/p>\n                        <\/main>\n    <\/div>\n<\/div>\n\n<div id=\"post-1073\" class=\"eap__event\">\n    <div class=\"eap__img\">\n        <img loading=\"lazy\" decoding=\"async\" width=\"567\" height=\"168\" src=\"https:\/\/www.entrearteycultura.es\/wp-content\/uploads\/2025\/01\/Imagen4-1.png\" class=\"attachment-post-thumbnail size-post-thumbnail wp-post-image\" alt=\"\" srcset=\"https:\/\/www.entrearteycultura.es\/wp-content\/uploads\/2025\/01\/Imagen4-1.png 567w, https:\/\/www.entrearteycultura.es\/wp-content\/uploads\/2025\/01\/Imagen4-1-300x89.png 300w, https:\/\/www.entrearteycultura.es\/wp-content\/uploads\/2025\/01\/Imagen4-1-203x60.png 203w\" sizes=\"(max-width: 567px) 100vw, 567px\" \/>    <\/div>\n\n    <div class=\"eap__content\">\n        <!-- header -->\n        <header class=\"eap__header\">\n            <h2 class=\"eap__title\"><a href=\"https:\/\/www.entrearteycultura.es\/?eap_event=visita-guiada-a-arco-2025-viernes-7-de-marzo-1700h\" rel=\"bookmark\">VISITA GUIADA A ARCO 2025.                   Viernes 7 de marzo, 17:00h.<\/a><\/h2>\n            \n                <p class=\"eap__category\">\n                    Eventos pasados                <\/p>\n                            \n<!-- event meta -->\n<p class=\"eap__meta\">\n            <span class=\"eap__date no-wrap\">\n            <span class=\"dashicons dashicons-calendar-alt\"><\/span> Friday 7 March, 2025        <\/span>\n         |         <span class=\"eap__time no-wrap\">\n            <span class=\"dashicons dashicons-clock\"><\/span> 17:00         <\/span>\n        \n    <br>\n\n    <\/p>\n\n        <\/header>\n\n        <!-- main -->\n        <main class=\"eap__excerpt\">\n                            <p class=\"eap__more\">\n                    <a href=\"https:\/\/www.entrearteycultura.es\/?eap_event=visita-guiada-a-arco-2025-viernes-7-de-marzo-1700h\">Read more<\/a>\n                <\/p>\n                        <\/main>\n    <\/div>\n<\/div>\n\n<div id=\"post-1091\" class=\"eap__event\">\n    <div class=\"eap__img\">\n        <img loading=\"lazy\" decoding=\"async\" width=\"567\" height=\"208\" src=\"https:\/\/www.entrearteycultura.es\/wp-content\/uploads\/2025\/02\/Imagen1.png\" class=\"attachment-post-thumbnail size-post-thumbnail wp-post-image\" alt=\"\" srcset=\"https:\/\/www.entrearteycultura.es\/wp-content\/uploads\/2025\/02\/Imagen1.png 567w, https:\/\/www.entrearteycultura.es\/wp-content\/uploads\/2025\/02\/Imagen1-300x110.png 300w, https:\/\/www.entrearteycultura.es\/wp-content\/uploads\/2025\/02\/Imagen1-164x60.png 164w\" sizes=\"(max-width: 567px) 100vw, 567px\" \/>    <\/div>\n\n    <div class=\"eap__content\">\n        <!-- header -->\n        <header class=\"eap__header\">\n            <h2 class=\"eap__title\"><a href=\"https:\/\/www.entrearteycultura.es\/?eap_event=visita-guiada-exposiciones-rafael-canogar-y-mar-solis-centro-centro-martes-11-de-marzo-1800h\" rel=\"bookmark\">VISITA GUIADA EXPOSICIONES RAFAEL CANOGAR Y MAR SOL\u00cdS (Centro Centro).\u00a0Martes 11 de marzo,  18:00h.<\/a><\/h2>\n            \n                <p class=\"eap__category\">\n                    Eventos pasados                <\/p>\n                            \n<!-- event meta -->\n<p class=\"eap__meta\">\n            <span class=\"eap__date no-wrap\">\n            <span class=\"dashicons dashicons-calendar-alt\"><\/span> Tuesday 11 March, 2025        <\/span>\n         |         <span class=\"eap__time no-wrap\">\n            <span class=\"dashicons dashicons-clock\"><\/span> 18:00         <\/span>\n        \n    <br>\n\n    <\/p>\n\n        <\/header>\n\n        <!-- main -->\n        <main class=\"eap__excerpt\">\n                            <p class=\"eap__more\">\n                    <a href=\"https:\/\/www.entrearteycultura.es\/?eap_event=visita-guiada-exposiciones-rafael-canogar-y-mar-solis-centro-centro-martes-11-de-marzo-1800h\">Read more<\/a>\n                <\/p>\n                        <\/main>\n    <\/div>\n<\/div>\n\n<div id=\"post-1046\" class=\"eap__event\">\n    <div class=\"eap__img\">\n        <img loading=\"lazy\" decoding=\"async\" width=\"567\" height=\"175\" src=\"https:\/\/www.entrearteycultura.es\/wp-content\/uploads\/2025\/01\/Imagen2.png\" class=\"attachment-post-thumbnail size-post-thumbnail wp-post-image\" alt=\"\" srcset=\"https:\/\/www.entrearteycultura.es\/wp-content\/uploads\/2025\/01\/Imagen2.png 567w, https:\/\/www.entrearteycultura.es\/wp-content\/uploads\/2025\/01\/Imagen2-300x93.png 300w, https:\/\/www.entrearteycultura.es\/wp-content\/uploads\/2025\/01\/Imagen2-194x60.png 194w\" sizes=\"(max-width: 567px) 100vw, 567px\" \/>    <\/div>\n\n    <div class=\"eap__content\">\n        <!-- header -->\n        <header class=\"eap__header\">\n            <h2 class=\"eap__title\"><a href=\"https:\/\/www.entrearteycultura.es\/?eap_event=viaje-a-marruecos-septentrional-tanger-rabat-y-tetuan-del-miercoles-12-al-16-de-marzo\" rel=\"bookmark\">VIAJE A MARRUECOS SEPTENTRIONAL: T\u00c1NGER, RABAT Y TETU\u00c1N. Del mi\u00e9rcoles 12 al 16 de marzo.<\/a><\/h2>\n            \n                <p class=\"eap__category\">\n                    Eventos pasados                <\/p>\n                            \n<!-- event meta -->\n<p class=\"eap__meta\">\n            <span class=\"eap__date no-wrap\">\n            <span class=\"dashicons dashicons-calendar-alt\"><\/span> Wednesday 12 March, 2025        <\/span>\n         \u2013         <span class=\"eap__date no-wrap\">\n            <span class=\"dashicons dashicons-calendar-alt\"><\/span> Sunday 16 March, 2025        <\/span>\n        \n    <br>\n\n    <\/p>\n\n        <\/header>\n\n        <!-- main -->\n        <main class=\"eap__excerpt\">\n                            <p class=\"eap__more\">\n                    <a href=\"https:\/\/www.entrearteycultura.es\/?eap_event=viaje-a-marruecos-septentrional-tanger-rabat-y-tetuan-del-miercoles-12-al-16-de-marzo\">Read more<\/a>\n                <\/p>\n                        <\/main>\n    <\/div>\n<\/div>\n\n<div id=\"post-1076\" class=\"eap__event\">\n    <div class=\"eap__img\">\n        <img loading=\"lazy\" decoding=\"async\" width=\"567\" height=\"200\" src=\"https:\/\/www.entrearteycultura.es\/wp-content\/uploads\/2025\/01\/Imagen5.png\" class=\"attachment-post-thumbnail size-post-thumbnail wp-post-image\" alt=\"\" srcset=\"https:\/\/www.entrearteycultura.es\/wp-content\/uploads\/2025\/01\/Imagen5.png 567w, https:\/\/www.entrearteycultura.es\/wp-content\/uploads\/2025\/01\/Imagen5-300x106.png 300w, https:\/\/www.entrearteycultura.es\/wp-content\/uploads\/2025\/01\/Imagen5-170x60.png 170w\" sizes=\"(max-width: 567px) 100vw, 567px\" \/>    <\/div>\n\n    <div class=\"eap__content\">\n        <!-- header -->\n        <header class=\"eap__header\">\n            <h2 class=\"eap__title\"><a href=\"https:\/\/www.entrearteycultura.es\/?eap_event=visita-al-hospital-y-capillas-de-la-venerable-orden-tercera-de-madrid-lunes-17-marzo-1100h\" rel=\"bookmark\">VISITA AL HOSPITAL Y CAPILLAS DE LA VENERABLE ORDEN TERCERA DE MADRID. Lunes 17 marzo, 11:00h<\/a><\/h2>\n            \n                <p class=\"eap__category\">\n                    Eventos pasados                <\/p>\n                            \n<!-- event meta -->\n<p class=\"eap__meta\">\n            <span class=\"eap__date no-wrap\">\n            <span class=\"dashicons dashicons-calendar-alt\"><\/span> Monday 17 March, 2025        <\/span>\n         |         <span class=\"eap__time no-wrap\">\n            <span class=\"dashicons dashicons-clock\"><\/span> 11:00         <\/span>\n        \n    <br>\n\n    <\/p>\n\n        <\/header>\n\n        <!-- main -->\n        <main class=\"eap__excerpt\">\n                            <p class=\"eap__more\">\n                    <a href=\"https:\/\/www.entrearteycultura.es\/?eap_event=visita-al-hospital-y-capillas-de-la-venerable-orden-tercera-de-madrid-lunes-17-marzo-1100h\">Read more<\/a>\n                <\/p>\n                        <\/main>\n    <\/div>\n<\/div>\n\n<div id=\"post-1082\" class=\"eap__event\">\n    <div class=\"eap__img\">\n        <img loading=\"lazy\" decoding=\"async\" width=\"567\" height=\"188\" src=\"https:\/\/www.entrearteycultura.es\/wp-content\/uploads\/2025\/01\/Imagen7.png\" class=\"attachment-post-thumbnail size-post-thumbnail wp-post-image\" alt=\"\" srcset=\"https:\/\/www.entrearteycultura.es\/wp-content\/uploads\/2025\/01\/Imagen7.png 567w, https:\/\/www.entrearteycultura.es\/wp-content\/uploads\/2025\/01\/Imagen7-300x99.png 300w, https:\/\/www.entrearteycultura.es\/wp-content\/uploads\/2025\/01\/Imagen7-181x60.png 181w\" sizes=\"(max-width: 567px) 100vw, 567px\" \/>    <\/div>\n\n    <div class=\"eap__content\">\n        <!-- header -->\n        <header class=\"eap__header\">\n            <h2 class=\"eap__title\"><a href=\"https:\/\/www.entrearteycultura.es\/?eap_event=cata-de-cavas-y-champagne-mercado-de-la-paz-jueves-27-de-marzo-1900h\" rel=\"bookmark\">CATA DE CAVAS Y CHAMPAGNE, Mercado de la Paz. Jueves 27 de marzo 19:00h.<\/a><\/h2>\n            \n                <p class=\"eap__category\">\n                    Eventos pasados                <\/p>\n                            \n<!-- event meta -->\n<p class=\"eap__meta\">\n            <span class=\"eap__date no-wrap\">\n            <span class=\"dashicons dashicons-calendar-alt\"><\/span> Thursday 27 March, 2025        <\/span>\n         |         <span class=\"eap__time no-wrap\">\n            <span class=\"dashicons dashicons-clock\"><\/span> 19:00         <\/span>\n        \n    <br>\n\n    <\/p>\n\n        <\/header>\n\n        <!-- main -->\n        <main class=\"eap__excerpt\">\n                            <p class=\"eap__more\">\n                    <a href=\"https:\/\/www.entrearteycultura.es\/?eap_event=cata-de-cavas-y-champagne-mercado-de-la-paz-jueves-27-de-marzo-1900h\">Read more<\/a>\n                <\/p>\n                        <\/main>\n    <\/div>\n<\/div>\n\n<div id=\"post-888\" class=\"eap__event\">\n    <div class=\"eap__img\">\n        <img loading=\"lazy\" decoding=\"async\" width=\"567\" height=\"221\" src=\"https:\/\/www.entrearteycultura.es\/wp-content\/uploads\/2024\/07\/Imagen8.png\" class=\"attachment-post-thumbnail size-post-thumbnail wp-post-image\" alt=\"\" srcset=\"https:\/\/www.entrearteycultura.es\/wp-content\/uploads\/2024\/07\/Imagen8.png 567w, https:\/\/www.entrearteycultura.es\/wp-content\/uploads\/2024\/07\/Imagen8-300x117.png 300w, https:\/\/www.entrearteycultura.es\/wp-content\/uploads\/2024\/07\/Imagen8-154x60.png 154w\" sizes=\"(max-width: 567px) 100vw, 567px\" \/>    <\/div>\n\n    <div class=\"eap__content\">\n        <!-- header -->\n        <header class=\"eap__header\">\n            <h2 class=\"eap__title\"><a href=\"https:\/\/www.entrearteycultura.es\/?eap_event=toledo-oculto-iii\" rel=\"bookmark\">ESCAPADA DE D\u00cdA: TOLEDO DESCONOCIDO  III. S\u00c1BADO 29 MARZO 2025<\/a><\/h2>\n            \n                <p class=\"eap__category\">\n                    Eventos pasados                <\/p>\n                            \n<!-- event meta -->\n<p class=\"eap__meta\">\n            <span class=\"eap__date no-wrap\">\n            <span class=\"dashicons dashicons-calendar-alt\"><\/span> Saturday 29 March, 2025        <\/span>\n        \n    <br>\n\n    <\/p>\n\n        <\/header>\n\n        <!-- main -->\n        <main class=\"eap__excerpt\">\n                            <p class=\"eap__more\">\n                    <a href=\"https:\/\/www.entrearteycultura.es\/?eap_event=toledo-oculto-iii\">Read more<\/a>\n                <\/p>\n                        <\/main>\n    <\/div>\n<\/div>\n\n<div id=\"post-1100\" class=\"eap__event\">\n    <div class=\"eap__img\">\n        <img loading=\"lazy\" decoding=\"async\" width=\"874\" height=\"502\" src=\"https:\/\/www.entrearteycultura.es\/wp-content\/uploads\/2025\/03\/unnamed-1.jpg\" class=\"attachment-post-thumbnail size-post-thumbnail wp-post-image\" alt=\"\" srcset=\"https:\/\/www.entrearteycultura.es\/wp-content\/uploads\/2025\/03\/unnamed-1.jpg 874w, https:\/\/www.entrearteycultura.es\/wp-content\/uploads\/2025\/03\/unnamed-1-300x172.jpg 300w, https:\/\/www.entrearteycultura.es\/wp-content\/uploads\/2025\/03\/unnamed-1-768x441.jpg 768w, https:\/\/www.entrearteycultura.es\/wp-content\/uploads\/2025\/03\/unnamed-1-330x190.jpg 330w, https:\/\/www.entrearteycultura.es\/wp-content\/uploads\/2025\/03\/unnamed-1-104x60.jpg 104w\" sizes=\"(max-width: 874px) 100vw, 874px\" \/>    <\/div>\n\n    <div class=\"eap__content\">\n        <!-- header -->\n        <header class=\"eap__header\">\n            <h2 class=\"eap__title\"><a href=\"https:\/\/www.entrearteycultura.es\/?eap_event=presentacion-del-documental-sobre-joaquin-pacheco-y-conversacion-con-juan-manuel-bonet-en-el-ateneo-de-madrid-c-prado-21-martes-1-de-abril-1900-h\" rel=\"bookmark\">PRESENTACI\u00d3N DEL DOCUMENTAL SOBRE JOAQU\u00cdN PACHECO Y CONVERSACI\u00d3N CON JUAN MANUEL BONET en el Ateneo de Madrid (C\/ Prado 21). Martes 1 de abril, 19:00 h.<\/a><\/h2>\n            \n                <p class=\"eap__category\">\n                    Eventos pasados                <\/p>\n                            \n<!-- event meta -->\n<p class=\"eap__meta\">\n            <span class=\"eap__date no-wrap\">\n            <span class=\"dashicons dashicons-calendar-alt\"><\/span> Tuesday 1 April, 2025        <\/span>\n         |         <span class=\"eap__time no-wrap\">\n            <span class=\"dashicons dashicons-clock\"><\/span> 19:00         <\/span>\n        \n    <br>\n\n    <\/p>\n\n        <\/header>\n\n        <!-- main -->\n        <main class=\"eap__excerpt\">\n                            <p class=\"eap__more\">\n                    <a href=\"https:\/\/www.entrearteycultura.es\/?eap_event=presentacion-del-documental-sobre-joaquin-pacheco-y-conversacion-con-juan-manuel-bonet-en-el-ateneo-de-madrid-c-prado-21-martes-1-de-abril-1900-h\">Read more<\/a>\n                <\/p>\n                        <\/main>\n    <\/div>\n<\/div>\n\n<div id=\"post-1104\" class=\"eap__event\">\n    <div class=\"eap__img\">\n        <img loading=\"lazy\" decoding=\"async\" width=\"567\" height=\"194\" src=\"https:\/\/www.entrearteycultura.es\/wp-content\/uploads\/2025\/03\/Imagen1.png\" class=\"attachment-post-thumbnail size-post-thumbnail wp-post-image\" alt=\"\" srcset=\"https:\/\/www.entrearteycultura.es\/wp-content\/uploads\/2025\/03\/Imagen1.png 567w, https:\/\/www.entrearteycultura.es\/wp-content\/uploads\/2025\/03\/Imagen1-300x103.png 300w, https:\/\/www.entrearteycultura.es\/wp-content\/uploads\/2025\/03\/Imagen1-175x60.png 175w\" sizes=\"(max-width: 567px) 100vw, 567px\" \/>    <\/div>\n\n    <div class=\"eap__content\">\n        <!-- header -->\n        <header class=\"eap__header\">\n            <h2 class=\"eap__title\"><a href=\"https:\/\/www.entrearteycultura.es\/?eap_event=visita-de-la-obra-de-goya-y-del-nuevo-gabinete-de-grabados-de-la-real-academia-de-bellas-artes-de-san-fernando-jueves-3-de-abril-1100-h\" rel=\"bookmark\">VISITA DE LA OBRA DE GOYA Y DEL NUEVO GABINETE DE GRABADOS DE LA REAL ACADEMIA DE BELLAS ARTES DE SAN FERNANDO. Jueves 3 de abril, 11:00 h.<\/a><\/h2>\n            \n                <p class=\"eap__category\">\n                    Eventos pasados                <\/p>\n                            \n<!-- event meta -->\n<p class=\"eap__meta\">\n            <span class=\"eap__date no-wrap\">\n            <span class=\"dashicons dashicons-calendar-alt\"><\/span> Thursday 3 April, 2025        <\/span>\n         |         <span class=\"eap__time no-wrap\">\n            <span class=\"dashicons dashicons-clock\"><\/span> 11:00         <\/span>\n        \n    <br>\n\n    <\/p>\n\n        <\/header>\n\n        <!-- main -->\n        <main class=\"eap__excerpt\">\n                            <p class=\"eap__more\">\n                    <a href=\"https:\/\/www.entrearteycultura.es\/?eap_event=visita-de-la-obra-de-goya-y-del-nuevo-gabinete-de-grabados-de-la-real-academia-de-bellas-artes-de-san-fernando-jueves-3-de-abril-1100-h\">Read more<\/a>\n                <\/p>\n                        <\/main>\n    <\/div>\n<\/div>\n\n<div id=\"post-1043\" class=\"eap__event\">\n    <div class=\"eap__img\">\n        <img loading=\"lazy\" decoding=\"async\" width=\"567\" height=\"220\" src=\"https:\/\/www.entrearteycultura.es\/wp-content\/uploads\/2025\/01\/Imagen1.png\" class=\"attachment-post-thumbnail size-post-thumbnail wp-post-image\" alt=\"\" srcset=\"https:\/\/www.entrearteycultura.es\/wp-content\/uploads\/2025\/01\/Imagen1.png 567w, https:\/\/www.entrearteycultura.es\/wp-content\/uploads\/2025\/01\/Imagen1-300x116.png 300w, https:\/\/www.entrearteycultura.es\/wp-content\/uploads\/2025\/01\/Imagen1-155x60.png 155w\" sizes=\"(max-width: 567px) 100vw, 567px\" \/>    <\/div>\n\n    <div class=\"eap__content\">\n        <!-- header -->\n        <header class=\"eap__header\">\n            <h2 class=\"eap__title\"><a href=\"https:\/\/www.entrearteycultura.es\/?eap_event=leon-del-romanico-al-arte-contemporaneo-exposicion-de-ai-wei-wei-del-sabado-5-al-domingo-6-de-abril\" rel=\"bookmark\">LE\u00d3N:\u00a0DEL ROM\u00c1NICO AL ARTE CONTEMPOR\u00c1NEO, EXPOSICI\u00d3N DE AI WEI WEI. Del s\u00e1bado 5 al domingo 6 de abril<\/a><\/h2>\n            \n                <p class=\"eap__category\">\n                    Eventos pasados                <\/p>\n                            \n<!-- event meta -->\n<p class=\"eap__meta\">\n            <span class=\"eap__date no-wrap\">\n            <span class=\"dashicons dashicons-calendar-alt\"><\/span> Saturday 5 April, 2025        <\/span>\n         \u2013         <span class=\"eap__date no-wrap\">\n            <span class=\"dashicons dashicons-calendar-alt\"><\/span> Thursday 6 March, 2025        <\/span>\n        \n    <br>\n\n    <\/p>\n\n        <\/header>\n\n        <!-- main -->\n        <main class=\"eap__excerpt\">\n                            <p class=\"eap__more\">\n                    <a href=\"https:\/\/www.entrearteycultura.es\/?eap_event=leon-del-romanico-al-arte-contemporaneo-exposicion-de-ai-wei-wei-del-sabado-5-al-domingo-6-de-abril\">Read more<\/a>\n                <\/p>\n                        <\/main>\n    <\/div>\n<\/div>\n\n<div id=\"post-1097\" class=\"eap__event\">\n    <div class=\"eap__img\">\n        <img loading=\"lazy\" decoding=\"async\" width=\"1200\" height=\"613\" src=\"https:\/\/www.entrearteycultura.es\/wp-content\/uploads\/2025\/03\/unnamed.jpg\" class=\"attachment-post-thumbnail size-post-thumbnail wp-post-image\" alt=\"\" srcset=\"https:\/\/www.entrearteycultura.es\/wp-content\/uploads\/2025\/03\/unnamed.jpg 1200w, https:\/\/www.entrearteycultura.es\/wp-content\/uploads\/2025\/03\/unnamed-300x153.jpg 300w, https:\/\/www.entrearteycultura.es\/wp-content\/uploads\/2025\/03\/unnamed-1024x523.jpg 1024w, https:\/\/www.entrearteycultura.es\/wp-content\/uploads\/2025\/03\/unnamed-768x392.jpg 768w, https:\/\/www.entrearteycultura.es\/wp-content\/uploads\/2025\/03\/unnamed-117x60.jpg 117w\" sizes=\"(max-width: 1200px) 100vw, 1200px\" \/>    <\/div>\n\n    <div class=\"eap__content\">\n        <!-- header -->\n        <header class=\"eap__header\">\n            <h2 class=\"eap__title\"><a href=\"https:\/\/www.entrearteycultura.es\/?eap_event=visita-a-la-exposicion-de-joana-vasconcelos-flamboyant-en-el-palacio-de-liria-martes-8-de-abril-1800h\" rel=\"bookmark\">VISITA A LA EXPOSICI\u00d3N DE JOANA VASCONCELOS\u00a0&#8220;FLAMBOYANT&#8221; EN EL PALACIO DE LIRIA. Martes 8 de abril, 18:00h.<\/a><\/h2>\n            \n                <p class=\"eap__category\">\n                    Eventos pasados                <\/p>\n                            \n<!-- event meta -->\n<p class=\"eap__meta\">\n            <span class=\"eap__date no-wrap\">\n            <span class=\"dashicons dashicons-calendar-alt\"><\/span> Tuesday 8 April, 2025        <\/span>\n         |         <span class=\"eap__time no-wrap\">\n            <span class=\"dashicons dashicons-clock\"><\/span> 18:00         <\/span>\n        \n    <br>\n\n    <\/p>\n\n        <\/header>\n\n        <!-- main -->\n        <main class=\"eap__excerpt\">\n                            <p class=\"eap__more\">\n                    <a href=\"https:\/\/www.entrearteycultura.es\/?eap_event=visita-a-la-exposicion-de-joana-vasconcelos-flamboyant-en-el-palacio-de-liria-martes-8-de-abril-1800h\">Read more<\/a>\n                <\/p>\n                        <\/main>\n    <\/div>\n<\/div>\n\n<div id=\"post-1108\" class=\"eap__event\">\n    <div class=\"eap__img\">\n        <img loading=\"lazy\" decoding=\"async\" width=\"567\" height=\"220\" src=\"https:\/\/www.entrearteycultura.es\/wp-content\/uploads\/2025\/03\/Imagen2.png\" class=\"attachment-post-thumbnail size-post-thumbnail wp-post-image\" alt=\"\" srcset=\"https:\/\/www.entrearteycultura.es\/wp-content\/uploads\/2025\/03\/Imagen2.png 567w, https:\/\/www.entrearteycultura.es\/wp-content\/uploads\/2025\/03\/Imagen2-300x116.png 300w, https:\/\/www.entrearteycultura.es\/wp-content\/uploads\/2025\/03\/Imagen2-155x60.png 155w\" sizes=\"(max-width: 567px) 100vw, 567px\" \/>    <\/div>\n\n    <div class=\"eap__content\">\n        <!-- header -->\n        <header class=\"eap__header\">\n            <h2 class=\"eap__title\"><a href=\"https:\/\/www.entrearteycultura.es\/?eap_event=exposicion-lo-que-tienes-que-ver-la-autonomia-del-color-en-el-arte-abstracto-fundacion-march-viernes-25-de-abril-1830-h\" rel=\"bookmark\">EXPOSICI\u00d3N &#8220;LO QUE TIENES QUE VER, LA AUTONOM\u00cdA DEL COLOR EN EL ARTE ABSTRACTO&#8221;. FUNDACI\u00d3N MARCH. Viernes 25 de abril, 18:30 h.<\/a><\/h2>\n            \n                <p class=\"eap__category\">\n                    Eventos pasados                <\/p>\n                            \n<!-- event meta -->\n<p class=\"eap__meta\">\n            <span class=\"eap__date no-wrap\">\n            <span class=\"dashicons dashicons-calendar-alt\"><\/span> Friday 25 April, 2025        <\/span>\n         |         <span class=\"eap__time no-wrap\">\n            <span class=\"dashicons dashicons-clock\"><\/span> 18:30         <\/span>\n        \n    <br>\n\n    <\/p>\n\n        <\/header>\n\n        <!-- main -->\n        <main class=\"eap__excerpt\">\n                            <p class=\"eap__more\">\n                    <a href=\"https:\/\/www.entrearteycultura.es\/?eap_event=exposicion-lo-que-tienes-que-ver-la-autonomia-del-color-en-el-arte-abstracto-fundacion-march-viernes-25-de-abril-1830-h\">Read more<\/a>\n                <\/p>\n                        <\/main>\n    <\/div>\n<\/div>\n\n<div id=\"post-1111\" class=\"eap__event\">\n    <div class=\"eap__img\">\n        <img loading=\"lazy\" decoding=\"async\" width=\"567\" height=\"190\" src=\"https:\/\/www.entrearteycultura.es\/wp-content\/uploads\/2025\/03\/Imagen3.png\" class=\"attachment-post-thumbnail size-post-thumbnail wp-post-image\" alt=\"\" srcset=\"https:\/\/www.entrearteycultura.es\/wp-content\/uploads\/2025\/03\/Imagen3.png 567w, https:\/\/www.entrearteycultura.es\/wp-content\/uploads\/2025\/03\/Imagen3-300x101.png 300w, https:\/\/www.entrearteycultura.es\/wp-content\/uploads\/2025\/03\/Imagen3-179x60.png 179w\" sizes=\"(max-width: 567px) 100vw, 567px\" \/>    <\/div>\n\n    <div class=\"eap__content\">\n        <!-- header -->\n        <header class=\"eap__header\">\n            <h2 class=\"eap__title\"><a href=\"https:\/\/www.entrearteycultura.es\/?eap_event=degustacion-de-cervezas-martes-29-de-abril-1900h\" rel=\"bookmark\">DEGUSTACI\u00d3N DE CERVEZAS. Martes 29 de abril, 19:00h.<\/a><\/h2>\n            \n                <p class=\"eap__category\">\n                    2025, Eventos pasados                <\/p>\n                            \n<!-- event meta -->\n<p class=\"eap__meta\">\n            <span class=\"eap__date no-wrap\">\n            <span class=\"dashicons dashicons-calendar-alt\"><\/span> Tuesday 29 April, 2025        <\/span>\n         |         <span class=\"eap__time no-wrap\">\n            <span class=\"dashicons dashicons-clock\"><\/span> 19:00         <\/span>\n        \n    <br>\n\n    <\/p>\n\n        <\/header>\n\n        <!-- main -->\n        <main class=\"eap__excerpt\">\n                            <p class=\"eap__more\">\n                    <a href=\"https:\/\/www.entrearteycultura.es\/?eap_event=degustacion-de-cervezas-martes-29-de-abril-1900h\">Read more<\/a>\n                <\/p>\n                        <\/main>\n    <\/div>\n<\/div>\n\n<div id=\"post-1049\" class=\"eap__event\">\n    <div class=\"eap__img\">\n        <img loading=\"lazy\" decoding=\"async\" width=\"567\" height=\"198\" src=\"https:\/\/www.entrearteycultura.es\/wp-content\/uploads\/2025\/01\/Imagen3.jpg\" class=\"attachment-post-thumbnail size-post-thumbnail wp-post-image\" alt=\"\" srcset=\"https:\/\/www.entrearteycultura.es\/wp-content\/uploads\/2025\/01\/Imagen3.jpg 567w, https:\/\/www.entrearteycultura.es\/wp-content\/uploads\/2025\/01\/Imagen3-300x105.jpg 300w, https:\/\/www.entrearteycultura.es\/wp-content\/uploads\/2025\/01\/Imagen3-172x60.jpg 172w\" sizes=\"(max-width: 567px) 100vw, 567px\" \/>    <\/div>\n\n    <div class=\"eap__content\">\n        <!-- header -->\n        <header class=\"eap__header\">\n            <h2 class=\"eap__title\"><a href=\"https:\/\/www.entrearteycultura.es\/?eap_event=viaje-a-borgona-del-miercoles-30-abril-al-sabado-3-de-mayo\" rel=\"bookmark\">VIAJE A BORGO\u00d1A. Mucho m\u00e1s que vinos. Del mi\u00e9rcoles 30 abril al s\u00e1bado 3 de mayo<\/a><\/h2>\n            \n                <p class=\"eap__category\">\n                    Eventos pasados                <\/p>\n                            \n<!-- event meta -->\n<p class=\"eap__meta\">\n            <span class=\"eap__date no-wrap\">\n            <span class=\"dashicons dashicons-calendar-alt\"><\/span> Wednesday 30 April, 2025        <\/span>\n         \u2013         <span class=\"eap__date no-wrap\">\n            <span class=\"dashicons dashicons-calendar-alt\"><\/span> Saturday 3 May, 2025        <\/span>\n        \n    <br>\n\n    <\/p>\n\n        <\/header>\n\n        <!-- main -->\n        <main class=\"eap__excerpt\">\n                            <p class=\"eap__more\">\n                    <a href=\"https:\/\/www.entrearteycultura.es\/?eap_event=viaje-a-borgona-del-miercoles-30-abril-al-sabado-3-de-mayo\">Read more<\/a>\n                <\/p>\n                        <\/main>\n    <\/div>\n<\/div>\n\n<div id=\"post-1119\" class=\"eap__event\">\n    <div class=\"eap__img\">\n        <img loading=\"lazy\" decoding=\"async\" width=\"633\" height=\"232\" src=\"https:\/\/www.entrearteycultura.es\/wp-content\/uploads\/2025\/04\/Imagen1.png\" class=\"attachment-post-thumbnail size-post-thumbnail wp-post-image\" alt=\"\" srcset=\"https:\/\/www.entrearteycultura.es\/wp-content\/uploads\/2025\/04\/Imagen1.png 633w, https:\/\/www.entrearteycultura.es\/wp-content\/uploads\/2025\/04\/Imagen1-300x110.png 300w, https:\/\/www.entrearteycultura.es\/wp-content\/uploads\/2025\/04\/Imagen1-164x60.png 164w\" sizes=\"(max-width: 633px) 100vw, 633px\" \/>    <\/div>\n\n    <div class=\"eap__content\">\n        <!-- header -->\n        <header class=\"eap__header\">\n            <h2 class=\"eap__title\"><a href=\"https:\/\/www.entrearteycultura.es\/?eap_event=visita-al-estudio-del-disenador-chus-bures-martes-6-de-mayo-1830h\" rel=\"bookmark\">VISITA AL ESTUDIO DEL DISE\u00d1ADOR CHUS BUR\u00c9S. Martes 6 de mayo, 18:30h.<\/a><\/h2>\n            \n                <p class=\"eap__category\">\n                    Eventos pasados                <\/p>\n                            \n<!-- event meta -->\n<p class=\"eap__meta\">\n            <span class=\"eap__date no-wrap\">\n            <span class=\"dashicons dashicons-calendar-alt\"><\/span> Tuesday 6 May, 2025        <\/span>\n         |         <span class=\"eap__time no-wrap\">\n            <span class=\"dashicons dashicons-clock\"><\/span> 18:30         <\/span>\n        \n    <br>\n\n    <\/p>\n\n        <\/header>\n\n        <!-- main -->\n        <main class=\"eap__excerpt\">\n                            <p class=\"eap__more\">\n                    <a href=\"https:\/\/www.entrearteycultura.es\/?eap_event=visita-al-estudio-del-disenador-chus-bures-martes-6-de-mayo-1830h\">Read more<\/a>\n                <\/p>\n                        <\/main>\n    <\/div>\n<\/div>\n\n<div id=\"post-1079\" class=\"eap__event\">\n    <div class=\"eap__img\">\n        <img loading=\"lazy\" decoding=\"async\" width=\"567\" height=\"215\" src=\"https:\/\/www.entrearteycultura.es\/wp-content\/uploads\/2025\/01\/Imagen6.png\" class=\"attachment-post-thumbnail size-post-thumbnail wp-post-image\" alt=\"\" srcset=\"https:\/\/www.entrearteycultura.es\/wp-content\/uploads\/2025\/01\/Imagen6.png 567w, https:\/\/www.entrearteycultura.es\/wp-content\/uploads\/2025\/01\/Imagen6-300x114.png 300w, https:\/\/www.entrearteycultura.es\/wp-content\/uploads\/2025\/01\/Imagen6-158x60.png 158w\" sizes=\"(max-width: 567px) 100vw, 567px\" \/>    <\/div>\n\n    <div class=\"eap__content\">\n        <!-- header -->\n        <header class=\"eap__header\">\n            <h2 class=\"eap__title\"><a href=\"https:\/\/www.entrearteycultura.es\/?eap_event=visita-al-real-observatorio-astronomico-de-madrid-viernes-21-de-marzo-1630-h\" rel=\"bookmark\">VISITA AL REAL OBSERVATORIO ASTRON\u00d3MICO DE MADRID. Viernes 23 de mayo, 16:30 h.<\/a><\/h2>\n            \n                <p class=\"eap__category\">\n                    Eventos pasados                <\/p>\n                            \n<!-- event meta -->\n<p class=\"eap__meta\">\n            <span class=\"eap__date no-wrap\">\n            <span class=\"dashicons dashicons-calendar-alt\"><\/span> Friday 23 May, 2025        <\/span>\n         |         <span class=\"eap__time no-wrap\">\n            <span class=\"dashicons dashicons-clock\"><\/span> 16:30         <\/span>\n        \n    <br>\n\n    <\/p>\n\n        <\/header>\n\n        <!-- main -->\n        <main class=\"eap__excerpt\">\n                            <p class=\"eap__more\">\n                    <a href=\"https:\/\/www.entrearteycultura.es\/?eap_event=visita-al-real-observatorio-astronomico-de-madrid-viernes-21-de-marzo-1630-h\">Read more<\/a>\n                <\/p>\n                        <\/main>\n    <\/div>\n<\/div>\n\n<div id=\"post-1114\" class=\"eap__event\">\n    <div class=\"eap__img\">\n        <img loading=\"lazy\" decoding=\"async\" width=\"567\" height=\"238\" src=\"https:\/\/www.entrearteycultura.es\/wp-content\/uploads\/2025\/03\/Imagen1-1.png\" class=\"attachment-post-thumbnail size-post-thumbnail wp-post-image\" alt=\"\" srcset=\"https:\/\/www.entrearteycultura.es\/wp-content\/uploads\/2025\/03\/Imagen1-1.png 567w, https:\/\/www.entrearteycultura.es\/wp-content\/uploads\/2025\/03\/Imagen1-1-300x126.png 300w, https:\/\/www.entrearteycultura.es\/wp-content\/uploads\/2025\/03\/Imagen1-1-143x60.png 143w\" sizes=\"(max-width: 567px) 100vw, 567px\" \/>    <\/div>\n\n    <div class=\"eap__content\">\n        <!-- header -->\n        <header class=\"eap__header\">\n            <h2 class=\"eap__title\"><a href=\"https:\/\/www.entrearteycultura.es\/?eap_event=visita-a-las-reales-cocinas-y-palacio-real-de-madrid-26-de-mayo-1115h\" rel=\"bookmark\">VISITA A LAS REALES COCINAS Y PALACIO REAL DE MADRID. 26 de MAYO, 11:15h.<\/a><\/h2>\n            \n                <p class=\"eap__category\">\n                    Eventos pasados                <\/p>\n                            \n<!-- event meta -->\n<p class=\"eap__meta\">\n            <span class=\"eap__date no-wrap\">\n            <span class=\"dashicons dashicons-calendar-alt\"><\/span> Monday 26 May, 2025        <\/span>\n         |         <span class=\"eap__time no-wrap\">\n            <span class=\"dashicons dashicons-clock\"><\/span> 11:15         <\/span>\n        \n    <br>\n\n    <\/p>\n\n        <\/header>\n\n        <!-- main -->\n        <main class=\"eap__excerpt\">\n                            <p class=\"eap__more\">\n                    <a href=\"https:\/\/www.entrearteycultura.es\/?eap_event=visita-a-las-reales-cocinas-y-palacio-real-de-madrid-26-de-mayo-1115h\">Read more<\/a>\n                <\/p>\n                        <\/main>\n    <\/div>\n<\/div>\n\n<div id=\"post-1054\" class=\"eap__event\">\n    <div class=\"eap__img\">\n        <img loading=\"lazy\" decoding=\"async\" width=\"567\" height=\"268\" src=\"https:\/\/www.entrearteycultura.es\/wp-content\/uploads\/2025\/01\/Imagen4.png\" class=\"attachment-post-thumbnail size-post-thumbnail wp-post-image\" alt=\"\" srcset=\"https:\/\/www.entrearteycultura.es\/wp-content\/uploads\/2025\/01\/Imagen4.png 567w, https:\/\/www.entrearteycultura.es\/wp-content\/uploads\/2025\/01\/Imagen4-300x142.png 300w, https:\/\/www.entrearteycultura.es\/wp-content\/uploads\/2025\/01\/Imagen4-127x60.png 127w\" sizes=\"(max-width: 567px) 100vw, 567px\" \/>    <\/div>\n\n    <div class=\"eap__content\">\n        <!-- header -->\n        <header class=\"eap__header\">\n            <h2 class=\"eap__title\"><a href=\"https:\/\/www.entrearteycultura.es\/?eap_event=viaje-a-budapest-la-deslumbrante-ciudad-del-danubio-del-jueves-12-al-domingo-15-de-junio\" rel=\"bookmark\">VIAJE A BUDAPEST. La deslumbrante ciudad del Danubio. Del jueves 12 al domingo 15 de junio<\/a><\/h2>\n            \n                <p class=\"eap__category\">\n                    Eventos pasados                <\/p>\n                            \n<!-- event meta -->\n<p class=\"eap__meta\">\n            <span class=\"eap__date no-wrap\">\n            <span class=\"dashicons dashicons-calendar-alt\"><\/span> Thursday 12 June, 2025        <\/span>\n         \u2013         <span class=\"eap__date no-wrap\">\n            <span class=\"dashicons dashicons-calendar-alt\"><\/span> Sunday 15 June, 2025        <\/span>\n        \n    <br>\n\n    <\/p>\n\n        <\/header>\n\n        <!-- main -->\n        <main class=\"eap__excerpt\">\n                            <p class=\"eap__more\">\n                    <a href=\"https:\/\/www.entrearteycultura.es\/?eap_event=viaje-a-budapest-la-deslumbrante-ciudad-del-danubio-del-jueves-12-al-domingo-15-de-junio\">Read more<\/a>\n                <\/p>\n                        <\/main>\n    <\/div>\n<\/div>\n\n<div id=\"post-1123\" class=\"eap__event\">\n    <div class=\"eap__img\">\n        <img loading=\"lazy\" decoding=\"async\" width=\"567\" height=\"179\" src=\"https:\/\/www.entrearteycultura.es\/wp-content\/uploads\/2025\/05\/Imagen1.png\" class=\"attachment-post-thumbnail size-post-thumbnail wp-post-image\" alt=\"\" srcset=\"https:\/\/www.entrearteycultura.es\/wp-content\/uploads\/2025\/05\/Imagen1.png 567w, https:\/\/www.entrearteycultura.es\/wp-content\/uploads\/2025\/05\/Imagen1-300x95.png 300w, https:\/\/www.entrearteycultura.es\/wp-content\/uploads\/2025\/05\/Imagen1-190x60.png 190w\" sizes=\"(max-width: 567px) 100vw, 567px\" \/>    <\/div>\n\n    <div class=\"eap__content\">\n        <!-- header -->\n        <header class=\"eap__header\">\n            <h2 class=\"eap__title\"><a href=\"https:\/\/www.entrearteycultura.es\/?eap_event=toledo-patios-con-historia-y-mezquitas-medievales-bellezas-escondidas-viernes-20-de-junio\" rel=\"bookmark\">TOLEDO: PATIOS CON HISTORIA Y MEZQUITAS MEDIEVALES,  BELLEZAS ESCONDIDAS. Viernes, 20 de junio<\/a><\/h2>\n            \n                <p class=\"eap__category\">\n                    Eventos pasados                <\/p>\n                            \n<!-- event meta -->\n<p class=\"eap__meta\">\n            <span class=\"eap__date no-wrap\">\n            <span class=\"dashicons dashicons-calendar-alt\"><\/span> Friday 20 June, 2025        <\/span>\n        \n    <br>\n\n    , Toledo<\/p>\n\n        <\/header>\n\n        <!-- main -->\n        <main class=\"eap__excerpt\">\n                            <p class=\"eap__more\">\n                    <a href=\"https:\/\/www.entrearteycultura.es\/?eap_event=toledo-patios-con-historia-y-mezquitas-medievales-bellezas-escondidas-viernes-20-de-junio\">Read more<\/a>\n                <\/p>\n                        <\/main>\n    <\/div>\n<\/div>\n\n<div id=\"post-1175\" class=\"eap__event\">\n    <div class=\"eap__img\">\n        <img loading=\"lazy\" decoding=\"async\" width=\"567\" height=\"212\" src=\"https:\/\/www.entrearteycultura.es\/wp-content\/uploads\/2025\/09\/Imagen1.png\" class=\"attachment-post-thumbnail size-post-thumbnail wp-post-image\" alt=\"\" srcset=\"https:\/\/www.entrearteycultura.es\/wp-content\/uploads\/2025\/09\/Imagen1.png 567w, https:\/\/www.entrearteycultura.es\/wp-content\/uploads\/2025\/09\/Imagen1-300x112.png 300w, https:\/\/www.entrearteycultura.es\/wp-content\/uploads\/2025\/09\/Imagen1-160x60.png 160w\" sizes=\"(max-width: 567px) 100vw, 567px\" \/>    <\/div>\n\n    <div class=\"eap__content\">\n        <!-- header -->\n        <header class=\"eap__header\">\n            <h2 class=\"eap__title\"><a href=\"https:\/\/www.entrearteycultura.es\/?eap_event=apertura-recorrido-por-galerias-de-arte\" rel=\"bookmark\">APERTURA: recorrido por galer\u00edas de arte<\/a><\/h2>\n            \n                <p class=\"eap__category\">\n                    Eventos pasados                <\/p>\n                            \n<!-- event meta -->\n<p class=\"eap__meta\">\n            <span class=\"eap__date no-wrap\">\n            <span class=\"dashicons dashicons-calendar-alt\"><\/span> Saturday 20 September, 2025        <\/span>\n         |         <span class=\"eap__time no-wrap\">\n            <span class=\"dashicons dashicons-clock\"><\/span> 11:30         <\/span>\n        \n    <br>\n\n    <\/p>\n\n        <\/header>\n\n        <!-- main -->\n        <main class=\"eap__excerpt\">\n                            <p class=\"eap__more\">\n                    <a href=\"https:\/\/www.entrearteycultura.es\/?eap_event=apertura-recorrido-por-galerias-de-arte\">Read more<\/a>\n                <\/p>\n                        <\/main>\n    <\/div>\n<\/div>\n\n<div id=\"post-1185\" class=\"eap__event\">\n    <div class=\"eap__img\">\n        <img loading=\"lazy\" decoding=\"async\" width=\"567\" height=\"150\" src=\"https:\/\/www.entrearteycultura.es\/wp-content\/uploads\/2025\/09\/Imagen4.png\" class=\"attachment-post-thumbnail size-post-thumbnail wp-post-image\" alt=\"\" srcset=\"https:\/\/www.entrearteycultura.es\/wp-content\/uploads\/2025\/09\/Imagen4.png 567w, https:\/\/www.entrearteycultura.es\/wp-content\/uploads\/2025\/09\/Imagen4-300x79.png 300w, https:\/\/www.entrearteycultura.es\/wp-content\/uploads\/2025\/09\/Imagen4-227x60.png 227w\" sizes=\"(max-width: 567px) 100vw, 567px\" \/>    <\/div>\n\n    <div class=\"eap__content\">\n        <!-- header -->\n        <header class=\"eap__header\">\n            <h2 class=\"eap__title\"><a href=\"https:\/\/www.entrearteycultura.es\/?eap_event=mondejar-recopolis-y-zorita-de-los-canes-entre-visigodos-caballeros-monjes-y-ermitanos\" rel=\"bookmark\">MOND\u00c9JAR, REC\u00d3POLIS Y ZORITA DE LOS CANES. Entre visigodos, caballeros, monjes y ermita\u00f1os<\/a><\/h2>\n            \n                <p class=\"eap__category\">\n                    Eventos pasados                <\/p>\n                            \n<!-- event meta -->\n<p class=\"eap__meta\">\n            <span class=\"eap__date no-wrap\">\n            <span class=\"dashicons dashicons-calendar-alt\"><\/span> Saturday 27 September, 2025        <\/span>\n        \n    <br>\n\n    <\/p>\n\n        <\/header>\n\n        <!-- main -->\n        <main class=\"eap__excerpt\">\n                            <p class=\"eap__more\">\n                    <a href=\"https:\/\/www.entrearteycultura.es\/?eap_event=mondejar-recopolis-y-zorita-de-los-canes-entre-visigodos-caballeros-monjes-y-ermitanos\">Read more<\/a>\n                <\/p>\n                        <\/main>\n    <\/div>\n<\/div>\n\n<div id=\"post-1178\" class=\"eap__event\">\n    <div class=\"eap__img\">\n        <img loading=\"lazy\" decoding=\"async\" width=\"567\" height=\"151\" src=\"https:\/\/www.entrearteycultura.es\/wp-content\/uploads\/2025\/09\/Imagen2.png\" class=\"attachment-post-thumbnail size-post-thumbnail wp-post-image\" alt=\"\" srcset=\"https:\/\/www.entrearteycultura.es\/wp-content\/uploads\/2025\/09\/Imagen2.png 567w, https:\/\/www.entrearteycultura.es\/wp-content\/uploads\/2025\/09\/Imagen2-300x80.png 300w, https:\/\/www.entrearteycultura.es\/wp-content\/uploads\/2025\/09\/Imagen2-225x60.png 225w\" sizes=\"(max-width: 567px) 100vw, 567px\" \/>    <\/div>\n\n    <div class=\"eap__content\">\n        <!-- header -->\n        <header class=\"eap__header\">\n            <h2 class=\"eap__title\"><a href=\"https:\/\/www.entrearteycultura.es\/?eap_event=visita-a-la-feria-estampa\" rel=\"bookmark\">VISITA A LA FERIA ESTAMPA<\/a><\/h2>\n            \n                <p class=\"eap__category\">\n                    Eventos pasados                <\/p>\n                            \n<!-- event meta -->\n<p class=\"eap__meta\">\n            <span class=\"eap__date no-wrap\">\n            <span class=\"dashicons dashicons-calendar-alt\"><\/span> Friday 10 October, 2025        <\/span>\n         |         <span class=\"eap__time no-wrap\">\n            <span class=\"dashicons dashicons-clock\"><\/span> 17:00         <\/span>\n        \n    <br>\n\n    <\/p>\n\n        <\/header>\n\n        <!-- main -->\n        <main class=\"eap__excerpt\">\n                            <p class=\"eap__more\">\n                    <a href=\"https:\/\/www.entrearteycultura.es\/?eap_event=visita-a-la-feria-estampa\">Read more<\/a>\n                <\/p>\n                        <\/main>\n    <\/div>\n<\/div>\n\n<div id=\"post-1182\" class=\"eap__event\">\n    <div class=\"eap__img\">\n        <img loading=\"lazy\" decoding=\"async\" width=\"567\" height=\"174\" src=\"https:\/\/www.entrearteycultura.es\/wp-content\/uploads\/2025\/09\/Imagen3.png\" class=\"attachment-post-thumbnail size-post-thumbnail wp-post-image\" alt=\"\" srcset=\"https:\/\/www.entrearteycultura.es\/wp-content\/uploads\/2025\/09\/Imagen3.png 567w, https:\/\/www.entrearteycultura.es\/wp-content\/uploads\/2025\/09\/Imagen3-300x92.png 300w, https:\/\/www.entrearteycultura.es\/wp-content\/uploads\/2025\/09\/Imagen3-196x60.png 196w\" sizes=\"(max-width: 567px) 100vw, 567px\" \/>    <\/div>\n\n    <div class=\"eap__content\">\n        <!-- header -->\n        <header class=\"eap__header\">\n            <h2 class=\"eap__title\"><a href=\"https:\/\/www.entrearteycultura.es\/?eap_event=visita-al-monasterio-de-comendadoras-y-a-la-iglesia-de-montserrat\" rel=\"bookmark\">VISITA AL MONASTERIO DE COMENDADORAS Y A LA IGLESIA DE MONTSERRAT<\/a><\/h2>\n            \n                <p class=\"eap__category\">\n                    Eventos pasados                <\/p>\n                            \n<!-- event meta -->\n<p class=\"eap__meta\">\n            <span class=\"eap__date no-wrap\">\n            <span class=\"dashicons dashicons-calendar-alt\"><\/span> Saturday 11 October, 2025        <\/span>\n         |         <span class=\"eap__time no-wrap\">\n            <span class=\"dashicons dashicons-clock\"><\/span> 11:30         <\/span>\n        \n    <br>\n\n    <\/p>\n\n        <\/header>\n\n        <!-- main -->\n        <main class=\"eap__excerpt\">\n                            <p class=\"eap__more\">\n                    <a href=\"https:\/\/www.entrearteycultura.es\/?eap_event=visita-al-monasterio-de-comendadoras-y-a-la-iglesia-de-montserrat\">Read more<\/a>\n                <\/p>\n                        <\/main>\n    <\/div>\n<\/div>\n\n<div id=\"post-1137\" class=\"eap__event\">\n    <div class=\"eap__img\">\n        <img loading=\"lazy\" decoding=\"async\" width=\"567\" height=\"158\" src=\"https:\/\/www.entrearteycultura.es\/wp-content\/uploads\/2025\/07\/Imagen2.png\" class=\"attachment-post-thumbnail size-post-thumbnail wp-post-image\" alt=\"\" srcset=\"https:\/\/www.entrearteycultura.es\/wp-content\/uploads\/2025\/07\/Imagen2.png 567w, https:\/\/www.entrearteycultura.es\/wp-content\/uploads\/2025\/07\/Imagen2-300x84.png 300w, https:\/\/www.entrearteycultura.es\/wp-content\/uploads\/2025\/07\/Imagen2-215x60.png 215w\" sizes=\"(max-width: 567px) 100vw, 567px\" \/>    <\/div>\n\n    <div class=\"eap__content\">\n        <!-- header -->\n        <header class=\"eap__header\">\n            <h2 class=\"eap__title\"><a href=\"https:\/\/www.entrearteycultura.es\/?eap_event=cordoba-en-flor-arte-efimero-e-historia-viva-del-viernes-18-al-martes-21-de-octubre\" rel=\"bookmark\">C\u00d3RDOBA EN FLOR: ARTE EF\u00cdMERO E HISTORIA VIVA. Del s\u00e1bado 18 al martes 21 de octubre.<\/a><\/h2>\n            \n                <p class=\"eap__category\">\n                    Eventos pasados                <\/p>\n                            \n<!-- event meta -->\n<p class=\"eap__meta\">\n            <span class=\"eap__date no-wrap\">\n            <span class=\"dashicons dashicons-calendar-alt\"><\/span> Saturday 18 October, 2025        <\/span>\n         \u2013         <span class=\"eap__date no-wrap\">\n            <span class=\"dashicons dashicons-calendar-alt\"><\/span> Tuesday 21 October, 2025        <\/span>\n        \n    <br>\n\n    <\/p>\n\n        <\/header>\n\n        <!-- main -->\n        <main class=\"eap__excerpt\">\n                            <p class=\"eap__more\">\n                    <a href=\"https:\/\/www.entrearteycultura.es\/?eap_event=cordoba-en-flor-arte-efimero-e-historia-viva-del-viernes-18-al-martes-21-de-octubre\">Read more<\/a>\n                <\/p>\n                        <\/main>\n    <\/div>\n<\/div>\n\n<div id=\"post-1131\" class=\"eap__event\">\n    <div class=\"eap__img\">\n        <img loading=\"lazy\" decoding=\"async\" width=\"567\" height=\"161\" src=\"https:\/\/www.entrearteycultura.es\/wp-content\/uploads\/2025\/07\/Imagen1.png\" class=\"attachment-post-thumbnail size-post-thumbnail wp-post-image\" alt=\"\" srcset=\"https:\/\/www.entrearteycultura.es\/wp-content\/uploads\/2025\/07\/Imagen1.png 567w, https:\/\/www.entrearteycultura.es\/wp-content\/uploads\/2025\/07\/Imagen1-300x85.png 300w, https:\/\/www.entrearteycultura.es\/wp-content\/uploads\/2025\/07\/Imagen1-211x60.png 211w, https:\/\/www.entrearteycultura.es\/wp-content\/uploads\/2025\/07\/Imagen1-350x100.png 350w\" sizes=\"(max-width: 567px) 100vw, 567px\" \/>    <\/div>\n\n    <div class=\"eap__content\">\n        <!-- header -->\n        <header class=\"eap__header\">\n            <h2 class=\"eap__title\"><a href=\"https:\/\/www.entrearteycultura.es\/?eap_event=zamora-y-toro-del-patrimonio-a-los-vinos\" rel=\"bookmark\">ZAMORA Y TORO: DEL PATRIMONIO A LOS VINOS. Del viernes 21 al domingo 23 de Noviembre.<\/a><\/h2>\n            \n                <p class=\"eap__category\">\n                    Eventos pasados                <\/p>\n                            \n<!-- event meta -->\n<p class=\"eap__meta\">\n            <span class=\"eap__date no-wrap\">\n            <span class=\"dashicons dashicons-calendar-alt\"><\/span> Friday 21 November, 2025        <\/span>\n         \u2013         <span class=\"eap__date no-wrap\">\n            <span class=\"dashicons dashicons-calendar-alt\"><\/span> Sunday 23 November, 2025        <\/span>\n        \n    <br>\n\n    <\/p>\n\n        <\/header>\n\n        <!-- main -->\n        <main class=\"eap__excerpt\">\n                            <p class=\"eap__more\">\n                    <a href=\"https:\/\/www.entrearteycultura.es\/?eap_event=zamora-y-toro-del-patrimonio-a-los-vinos\">Read more<\/a>\n                <\/p>\n                        <\/main>\n    <\/div>\n<\/div>\n\n<div id=\"post-1189\" class=\"eap__event\">\n    <div class=\"eap__img\">\n        <img loading=\"lazy\" decoding=\"async\" width=\"567\" height=\"172\" src=\"https:\/\/www.entrearteycultura.es\/wp-content\/uploads\/2025\/09\/Imagen5.png\" class=\"attachment-post-thumbnail size-post-thumbnail wp-post-image\" alt=\"\" srcset=\"https:\/\/www.entrearteycultura.es\/wp-content\/uploads\/2025\/09\/Imagen5.png 567w, https:\/\/www.entrearteycultura.es\/wp-content\/uploads\/2025\/09\/Imagen5-300x91.png 300w, https:\/\/www.entrearteycultura.es\/wp-content\/uploads\/2025\/09\/Imagen5-198x60.png 198w\" sizes=\"(max-width: 567px) 100vw, 567px\" \/>    <\/div>\n\n    <div class=\"eap__content\">\n        <!-- header -->\n        <header class=\"eap__header\">\n            <h2 class=\"eap__title\"><a href=\"https:\/\/www.entrearteycultura.es\/?eap_event=real-cortijo-de-san-isidro-y-la-bodega-real-de-carlos-iii\" rel=\"bookmark\">REAL CORTIJO DE SAN ISIDRO Y LA BODEGA REAL DE CARLOS III<\/a><\/h2>\n            \n                <p class=\"eap__category\">\n                    Eventos pasados                <\/p>\n                            \n<!-- event meta -->\n<p class=\"eap__meta\">\n            <span class=\"eap__date no-wrap\">\n            <span class=\"dashicons dashicons-calendar-alt\"><\/span> Sunday 30 November, 2025        <\/span>\n        \n    <br>\n\n    <\/p>\n\n        <\/header>\n\n        <!-- main -->\n        <main class=\"eap__excerpt\">\n                            <p class=\"eap__more\">\n                    <a href=\"https:\/\/www.entrearteycultura.es\/?eap_event=real-cortijo-de-san-isidro-y-la-bodega-real-de-carlos-iii\">Read more<\/a>\n                <\/p>\n                        <\/main>\n    <\/div>\n<\/div>\n\n<div id=\"post-1192\" class=\"eap__event\">\n    <div class=\"eap__img\">\n        <img loading=\"lazy\" decoding=\"async\" width=\"567\" height=\"147\" src=\"https:\/\/www.entrearteycultura.es\/wp-content\/uploads\/2025\/09\/Imagen6.png\" class=\"attachment-post-thumbnail size-post-thumbnail wp-post-image\" alt=\"\" srcset=\"https:\/\/www.entrearteycultura.es\/wp-content\/uploads\/2025\/09\/Imagen6.png 567w, https:\/\/www.entrearteycultura.es\/wp-content\/uploads\/2025\/09\/Imagen6-300x78.png 300w, https:\/\/www.entrearteycultura.es\/wp-content\/uploads\/2025\/09\/Imagen6-231x60.png 231w\" sizes=\"(max-width: 567px) 100vw, 567px\" \/>    <\/div>\n\n    <div class=\"eap__content\">\n        <!-- header -->\n        <header class=\"eap__header\">\n            <h2 class=\"eap__title\"><a href=\"https:\/\/www.entrearteycultura.es\/?eap_event=casa-museo-de-lope-de-vega-y-convento-de-las-trinitarias-de-la-vida-de-lope-a-la-tumba-de-cervantes\" rel=\"bookmark\">CASA-MUSEO DE LOPE DE VEGA Y CONVENTO DE LAS TRINITARIAS. De la vida de Lope a la tumba de Cervantes.<\/a><\/h2>\n            \n                <p class=\"eap__category\">\n                    Eventos pasados                <\/p>\n                            \n<!-- event meta -->\n<p class=\"eap__meta\">\n            <span class=\"eap__date no-wrap\">\n            <span class=\"dashicons dashicons-calendar-alt\"><\/span> Friday 12 December, 2025        <\/span>\n         |         <span class=\"eap__time no-wrap\">\n            <span class=\"dashicons dashicons-clock\"><\/span> 17:00         <\/span>\n        \n    <br>\n\n    <\/p>\n\n        <\/header>\n\n        <!-- main -->\n        <main class=\"eap__excerpt\">\n                            <p class=\"eap__more\">\n                    <a href=\"https:\/\/www.entrearteycultura.es\/?eap_event=casa-museo-de-lope-de-vega-y-convento-de-las-trinitarias-de-la-vida-de-lope-a-la-tumba-de-cervantes\">Read more<\/a>\n                <\/p>\n                        <\/main>\n    <\/div>\n<\/div>\n\n<div id=\"post-9869\" class=\"eap__event\">\n    <div class=\"eap__img\">\n        <img loading=\"lazy\" decoding=\"async\" width=\"698\" height=\"206\" src=\"https:\/\/www.entrearteycultura.es\/wp-content\/uploads\/2025\/12\/Arq.png\" class=\"attachment-post-thumbnail size-post-thumbnail wp-post-image\" alt=\"\" srcset=\"https:\/\/www.entrearteycultura.es\/wp-content\/uploads\/2025\/12\/Arq.png 698w, https:\/\/www.entrearteycultura.es\/wp-content\/uploads\/2025\/12\/Arq-300x89.png 300w, https:\/\/www.entrearteycultura.es\/wp-content\/uploads\/2025\/12\/Arq-203x60.png 203w\" sizes=\"(max-width: 698px) 100vw, 698px\" \/>    <\/div>\n\n    <div class=\"eap__content\">\n        <!-- header -->\n        <header class=\"eap__header\">\n            <h2 class=\"eap__title\"><a href=\"https:\/\/www.entrearteycultura.es\/?eap_event=visita-al-museo-arqueologico-nacional-fe-poder-y-estetica-en-la-espana-medieval-viernes-23-de-enero-1730h\" rel=\"bookmark\">VISITA AL MUSEO ARQUEOL\u00d3GICO NACIONAL. Fe, poder y est\u00e9tica en la Espa\u00f1a Medieval. Viernes 23 de enero, 17:30h.\u00a0<\/a><\/h2>\n            \n                <p class=\"eap__category\">\n                    Eventos pasados                <\/p>\n                            \n<!-- event meta -->\n<p class=\"eap__meta\">\n            <span class=\"eap__date no-wrap\">\n            <span class=\"dashicons dashicons-calendar-alt\"><\/span> Friday 23 January, 2026        <\/span>\n         |         <span class=\"eap__time no-wrap\">\n            <span class=\"dashicons dashicons-clock\"><\/span> 17:30         <\/span>\n        \n    <br>\n\n    <\/p>\n\n        <\/header>\n\n        <!-- main -->\n        <main class=\"eap__excerpt\">\n                            <p class=\"eap__more\">\n                    <a href=\"https:\/\/www.entrearteycultura.es\/?eap_event=visita-al-museo-arqueologico-nacional-fe-poder-y-estetica-en-la-espana-medieval-viernes-23-de-enero-1730h\">Read more<\/a>\n                <\/p>\n                        <\/main>\n    <\/div>\n<\/div>\n\n<div id=\"post-9872\" class=\"eap__event\">\n    <div class=\"eap__img\">\n        <img loading=\"lazy\" decoding=\"async\" width=\"698\" height=\"137\" src=\"https:\/\/www.entrearteycultura.es\/wp-content\/uploads\/2025\/12\/pALAZ.png\" class=\"attachment-post-thumbnail size-post-thumbnail wp-post-image\" alt=\"\" srcset=\"https:\/\/www.entrearteycultura.es\/wp-content\/uploads\/2025\/12\/pALAZ.png 698w, https:\/\/www.entrearteycultura.es\/wp-content\/uploads\/2025\/12\/pALAZ-300x59.png 300w, https:\/\/www.entrearteycultura.es\/wp-content\/uploads\/2025\/12\/pALAZ-306x60.png 306w\" sizes=\"(max-width: 698px) 100vw, 698px\" \/>    <\/div>\n\n    <div class=\"eap__content\">\n        <!-- header -->\n        <header class=\"eap__header\">\n            <h2 class=\"eap__title\"><a href=\"https:\/\/www.entrearteycultura.es\/?eap_event=visita-a-casa-palazuelo-descubre-el-interior-sorprendente-de-esta-obra-de-palacios-lunes-23-de-enero-1800h\" rel=\"bookmark\">VISITA A CASA PALAZUELO. Descubre el interior sorprendente de esta obra de Palacios. Lunes 26 de enero, 18:00h.<\/a><\/h2>\n            \n                <p class=\"eap__category\">\n                    Eventos pasados                <\/p>\n                            \n<!-- event meta -->\n<p class=\"eap__meta\">\n            <span class=\"eap__date no-wrap\">\n            <span class=\"dashicons dashicons-calendar-alt\"><\/span> Monday 26 January, 2026        <\/span>\n         |         <span class=\"eap__time no-wrap\">\n            <span class=\"dashicons dashicons-clock\"><\/span> 18:00         <\/span>\n        \n    <br>\n\n    <\/p>\n\n        <\/header>\n\n        <!-- main -->\n        <main class=\"eap__excerpt\">\n                            <p class=\"eap__more\">\n                    <a href=\"https:\/\/www.entrearteycultura.es\/?eap_event=visita-a-casa-palazuelo-descubre-el-interior-sorprendente-de-esta-obra-de-palacios-lunes-23-de-enero-1800h\">Read more<\/a>\n                <\/p>\n                        <\/main>\n    <\/div>\n<\/div>\n\n<div id=\"post-9876\" class=\"eap__event\">\n    <div class=\"eap__img\">\n        <img loading=\"lazy\" decoding=\"async\" width=\"698\" height=\"188\" src=\"https:\/\/www.entrearteycultura.es\/wp-content\/uploads\/2025\/12\/Imagen4.png\" class=\"attachment-post-thumbnail size-post-thumbnail wp-post-image\" alt=\"\" srcset=\"https:\/\/www.entrearteycultura.es\/wp-content\/uploads\/2025\/12\/Imagen4.png 698w, https:\/\/www.entrearteycultura.es\/wp-content\/uploads\/2025\/12\/Imagen4-300x81.png 300w, https:\/\/www.entrearteycultura.es\/wp-content\/uploads\/2025\/12\/Imagen4-223x60.png 223w\" sizes=\"(max-width: 698px) 100vw, 698px\" \/>    <\/div>\n\n    <div class=\"eap__content\">\n        <!-- header -->\n        <header class=\"eap__header\">\n            <h2 class=\"eap__title\"><a href=\"https:\/\/www.entrearteycultura.es\/?eap_event=escapada-a-alcala-de-henares-patrimonio-de-la-humanidad-a-un-paso-de-madrid-sabado-31-de-enero\" rel=\"bookmark\">ESCAPADA A ALCAL\u00c1 DE HENARES:\u00a0Patrimonio de la Humanidad a un paso de Madrid. S\u00e1bado 31 de enero.<\/a><\/h2>\n            \n                <p class=\"eap__category\">\n                    Eventos pasados                <\/p>\n                            \n<!-- event meta -->\n<p class=\"eap__meta\">\n            <span class=\"eap__date no-wrap\">\n            <span class=\"dashicons dashicons-calendar-alt\"><\/span> Saturday 31 January, 2026        <\/span>\n        \n    <br>\n\n    <\/p>\n\n        <\/header>\n\n        <!-- main -->\n        <main class=\"eap__excerpt\">\n                            <p class=\"eap__more\">\n                    <a href=\"https:\/\/www.entrearteycultura.es\/?eap_event=escapada-a-alcala-de-henares-patrimonio-de-la-humanidad-a-un-paso-de-madrid-sabado-31-de-enero\">Read more<\/a>\n                <\/p>\n                        <\/main>\n    <\/div>\n<\/div>\n\n<div id=\"post-9882\" class=\"eap__event\">\n    <div class=\"eap__img\">\n        <img loading=\"lazy\" decoding=\"async\" width=\"698\" height=\"143\" src=\"https:\/\/www.entrearteycultura.es\/wp-content\/uploads\/2025\/12\/Imagen6.png\" class=\"attachment-post-thumbnail size-post-thumbnail wp-post-image\" alt=\"\" srcset=\"https:\/\/www.entrearteycultura.es\/wp-content\/uploads\/2025\/12\/Imagen6.png 698w, https:\/\/www.entrearteycultura.es\/wp-content\/uploads\/2025\/12\/Imagen6-300x61.png 300w, https:\/\/www.entrearteycultura.es\/wp-content\/uploads\/2025\/12\/Imagen6-293x60.png 293w\" sizes=\"(max-width: 698px) 100vw, 698px\" \/>    <\/div>\n\n    <div class=\"eap__content\">\n        <!-- header -->\n        <header class=\"eap__header\">\n            <h2 class=\"eap__title\"><a href=\"https:\/\/www.entrearteycultura.es\/?eap_event=coleccion-de-arte-del-bbva-en-la-vela-ciudad-bbva-miercoles-11-de-febrero-1700-h\" rel=\"bookmark\">COLECCI\u00d3N DE ARTE DEL BBVA EN LA VELA (CIUDAD BBVA). Mi\u00e9rcoles 11 de febrero, 17:00 h.<\/a><\/h2>\n            \n                <p class=\"eap__category\">\n                    Eventos pasados                <\/p>\n                            \n<!-- event meta -->\n<p class=\"eap__meta\">\n            <span class=\"eap__date no-wrap\">\n            <span class=\"dashicons dashicons-calendar-alt\"><\/span> Wednesday 11 February, 2026        <\/span>\n         |         <span class=\"eap__time no-wrap\">\n            <span class=\"dashicons dashicons-clock\"><\/span> 17:00         <\/span>\n        \n    <br>\n\n    <\/p>\n\n        <\/header>\n\n        <!-- main -->\n        <main class=\"eap__excerpt\">\n                            <p class=\"eap__more\">\n                    <a href=\"https:\/\/www.entrearteycultura.es\/?eap_event=coleccion-de-arte-del-bbva-en-la-vela-ciudad-bbva-miercoles-11-de-febrero-1700-h\">Read more<\/a>\n                <\/p>\n                        <\/main>\n    <\/div>\n<\/div>\n\n<div id=\"post-9885\" class=\"eap__event\">\n    <div class=\"eap__img\">\n        <img loading=\"lazy\" decoding=\"async\" width=\"1019\" height=\"796\" src=\"https:\/\/www.entrearteycultura.es\/wp-content\/uploads\/2025\/12\/Imagen1-1.jpg\" class=\"attachment-post-thumbnail size-post-thumbnail wp-post-image\" alt=\"\" srcset=\"https:\/\/www.entrearteycultura.es\/wp-content\/uploads\/2025\/12\/Imagen1-1.jpg 1019w, https:\/\/www.entrearteycultura.es\/wp-content\/uploads\/2025\/12\/Imagen1-1-300x234.jpg 300w, https:\/\/www.entrearteycultura.es\/wp-content\/uploads\/2025\/12\/Imagen1-1-768x600.jpg 768w, https:\/\/www.entrearteycultura.es\/wp-content\/uploads\/2025\/12\/Imagen1-1-77x60.jpg 77w\" sizes=\"(max-width: 1019px) 100vw, 1019px\" \/>    <\/div>\n\n    <div class=\"eap__content\">\n        <!-- header -->\n        <header class=\"eap__header\">\n            <h2 class=\"eap__title\"><a href=\"https:\/\/www.entrearteycultura.es\/?eap_event=exposicion-victoria-eugenia-en-galeria-de-colecciones-reales-viernes-20-de-febrero-1700-h\" rel=\"bookmark\">EXPOSICI\u00d3N VICTORIA EUGENIA en Galer\u00eda de Colecciones Reales. Viernes 20 de febrero, 17:00 h.<\/a><\/h2>\n            \n                <p class=\"eap__category\">\n                    Eventos pasados                <\/p>\n                            \n<!-- event meta -->\n<p class=\"eap__meta\">\n            <span class=\"eap__date no-wrap\">\n            <span class=\"dashicons dashicons-calendar-alt\"><\/span> Friday 20 February, 2026        <\/span>\n         |         <span class=\"eap__time no-wrap\">\n            <span class=\"dashicons dashicons-clock\"><\/span> 17:00         <\/span>\n        \n    <br>\n\n    <\/p>\n\n        <\/header>\n\n        <!-- main -->\n        <main class=\"eap__excerpt\">\n                            <p class=\"eap__more\">\n                    <a href=\"https:\/\/www.entrearteycultura.es\/?eap_event=exposicion-victoria-eugenia-en-galeria-de-colecciones-reales-viernes-20-de-febrero-1700-h\">Read more<\/a>\n                <\/p>\n                        <\/main>\n    <\/div>\n<\/div>\n\n<div id=\"post-9892\" class=\"eap__event\">\n    <div class=\"eap__img\">\n        <img loading=\"lazy\" decoding=\"async\" width=\"698\" height=\"260\" src=\"https:\/\/www.entrearteycultura.es\/wp-content\/uploads\/2025\/12\/Imagen7.png\" class=\"attachment-post-thumbnail size-post-thumbnail wp-post-image\" alt=\"\" srcset=\"https:\/\/www.entrearteycultura.es\/wp-content\/uploads\/2025\/12\/Imagen7.png 698w, https:\/\/www.entrearteycultura.es\/wp-content\/uploads\/2025\/12\/Imagen7-300x112.png 300w, https:\/\/www.entrearteycultura.es\/wp-content\/uploads\/2025\/12\/Imagen7-161x60.png 161w\" sizes=\"(max-width: 698px) 100vw, 698px\" \/>    <\/div>\n\n    <div class=\"eap__content\">\n        <!-- header -->\n        <header class=\"eap__header\">\n            <h2 class=\"eap__title\"><a href=\"https:\/\/www.entrearteycultura.es\/?eap_event=valencia-y-alrededores-entre-monumentos-jardines-y-arte-contemporaneo-del-viernes-27-de-febrero-al-domingo-1-de-marzo\" rel=\"bookmark\">VALENCIA Y ALREDEDORES:\u00a0Entre monumentos, jardines y arte contempor\u00e1neo. Del viernes 27 de febrero al domingo 1 de marzo.<\/a><\/h2>\n            \n                <p class=\"eap__category\">\n                    Eventos pasados                <\/p>\n                            \n<!-- event meta -->\n<p class=\"eap__meta\">\n            <span class=\"eap__date no-wrap\">\n            <span class=\"dashicons dashicons-calendar-alt\"><\/span> Friday 27 February, 2026        <\/span>\n         \u2013         <span class=\"eap__date no-wrap\">\n            <span class=\"dashicons dashicons-calendar-alt\"><\/span> Sunday 1 March, 2026        <\/span>\n        \n    <br>\n\n    <\/p>\n\n        <\/header>\n\n        <!-- main -->\n        <main class=\"eap__excerpt\">\n                            <p class=\"eap__more\">\n                    <a href=\"https:\/\/www.entrearteycultura.es\/?eap_event=valencia-y-alrededores-entre-monumentos-jardines-y-arte-contemporaneo-del-viernes-27-de-febrero-al-domingo-1-de-marzo\">Read more<\/a>\n                <\/p>\n                        <\/main>\n    <\/div>\n<\/div>\n\n<div id=\"post-9917\" class=\"eap__event\">\n    <div class=\"eap__img\">\n        <img loading=\"lazy\" decoding=\"async\" width=\"567\" height=\"148\" src=\"https:\/\/www.entrearteycultura.es\/wp-content\/uploads\/2026\/03\/Imagen1.png\" class=\"attachment-post-thumbnail size-post-thumbnail wp-post-image\" alt=\"\" srcset=\"https:\/\/www.entrearteycultura.es\/wp-content\/uploads\/2026\/03\/Imagen1.png 567w, https:\/\/www.entrearteycultura.es\/wp-content\/uploads\/2026\/03\/Imagen1-300x78.png 300w, https:\/\/www.entrearteycultura.es\/wp-content\/uploads\/2026\/03\/Imagen1-230x60.png 230w\" sizes=\"(max-width: 567px) 100vw, 567px\" \/>    <\/div>\n\n    <div class=\"eap__content\">\n        <!-- header -->\n        <header class=\"eap__header\">\n            <h2 class=\"eap__title\"><a href=\"https:\/\/www.entrearteycultura.es\/?eap_event=visita-a-la-feria-de-arte-contemporaneo-arco-viernes-6-de-marzo-1700h\" rel=\"bookmark\">VISITA A LA FERIA DE ARTE CONTEMPOR\u00c1NEO, ARCO. Viernes, 6 de marzo, 17:00h.<\/a><\/h2>\n            \n                <p class=\"eap__category\">\n                    Eventos pasados                <\/p>\n                            \n<!-- event meta -->\n<p class=\"eap__meta\">\n            <span class=\"eap__date no-wrap\">\n            <span class=\"dashicons dashicons-calendar-alt\"><\/span> Friday 6 March, 2026        <\/span>\n         |         <span class=\"eap__time no-wrap\">\n            <span class=\"dashicons dashicons-clock\"><\/span> 17:00         <\/span>\n        \n    <br>\n\n    IFEMA<\/p>\n\n        <\/header>\n\n        <!-- main -->\n        <main class=\"eap__excerpt\">\n                            <p class=\"eap__more\">\n                    <a href=\"https:\/\/www.entrearteycultura.es\/?eap_event=visita-a-la-feria-de-arte-contemporaneo-arco-viernes-6-de-marzo-1700h\">Read more<\/a>\n                <\/p>\n                        <\/main>\n    <\/div>\n<\/div>\n\n<div id=\"post-9920\" class=\"eap__event\">\n    <div class=\"eap__img\">\n        <img loading=\"lazy\" decoding=\"async\" width=\"567\" height=\"184\" src=\"https:\/\/www.entrearteycultura.es\/wp-content\/uploads\/2026\/03\/Imagen2.png\" class=\"attachment-post-thumbnail size-post-thumbnail wp-post-image\" alt=\"\" srcset=\"https:\/\/www.entrearteycultura.es\/wp-content\/uploads\/2026\/03\/Imagen2.png 567w, https:\/\/www.entrearteycultura.es\/wp-content\/uploads\/2026\/03\/Imagen2-300x97.png 300w, https:\/\/www.entrearteycultura.es\/wp-content\/uploads\/2026\/03\/Imagen2-185x60.png 185w\" sizes=\"(max-width: 567px) 100vw, 567px\" \/>    <\/div>\n\n    <div class=\"eap__content\">\n        <!-- header -->\n        <header class=\"eap__header\">\n            <h2 class=\"eap__title\"><a href=\"https:\/\/www.entrearteycultura.es\/?eap_event=visita-a-las-iglesias-de-san-gines-y-de-san-nicolas-dos-momentos-historicos-y-varios-estilos-experiencias-de-madrid-lunes-16-de-marzo-1800h\" rel=\"bookmark\">VISITA A LAS IGLESIAS DE SAN GIN\u00c9S Y DE SAN NICOL\u00c1S. Dos momentos hist\u00f3ricos y varios estilos, experiencias de Madrid. Lunes, 16 de marzo, 18:00h.<\/a><\/h2>\n            \n                <p class=\"eap__category\">\n                    Eventos pasados                <\/p>\n                            \n<!-- event meta -->\n<p class=\"eap__meta\">\n            <span class=\"eap__date no-wrap\">\n            <span class=\"dashicons dashicons-calendar-alt\"><\/span> Monday 16 March, 2026        <\/span>\n         |         <span class=\"eap__time no-wrap\">\n            <span class=\"dashicons dashicons-clock\"><\/span> 18:00         <\/span>\n        \n    <br>\n\n    <\/p>\n\n        <\/header>\n\n        <!-- main -->\n        <main class=\"eap__excerpt\">\n                            <p class=\"eap__more\">\n                    <a href=\"https:\/\/www.entrearteycultura.es\/?eap_event=visita-a-las-iglesias-de-san-gines-y-de-san-nicolas-dos-momentos-historicos-y-varios-estilos-experiencias-de-madrid-lunes-16-de-marzo-1800h\">Read more<\/a>\n                <\/p>\n                        <\/main>\n    <\/div>\n<\/div>\n\n<div id=\"post-9923\" class=\"eap__event\">\n    <div class=\"eap__img\">\n        <img loading=\"lazy\" decoding=\"async\" width=\"567\" height=\"169\" src=\"https:\/\/www.entrearteycultura.es\/wp-content\/uploads\/2026\/03\/Imagen3.png\" class=\"attachment-post-thumbnail size-post-thumbnail wp-post-image\" alt=\"\" srcset=\"https:\/\/www.entrearteycultura.es\/wp-content\/uploads\/2026\/03\/Imagen3.png 567w, https:\/\/www.entrearteycultura.es\/wp-content\/uploads\/2026\/03\/Imagen3-300x89.png 300w, https:\/\/www.entrearteycultura.es\/wp-content\/uploads\/2026\/03\/Imagen3-201x60.png 201w\" sizes=\"(max-width: 567px) 100vw, 567px\" \/>    <\/div>\n\n    <div class=\"eap__content\">\n        <!-- header -->\n        <header class=\"eap__header\">\n            <h2 class=\"eap__title\"><a href=\"https:\/\/www.entrearteycultura.es\/?eap_event=visita-al-museo-abc-martes-24-de-marzo-1800h\" rel=\"bookmark\">VISITA AL MUSEO ABC. Martes 24 de marzo, 18:00h.<\/a><\/h2>\n            \n                <p class=\"eap__category\">\n                    Eventos pasados                <\/p>\n                            \n<!-- event meta -->\n<p class=\"eap__meta\">\n            <span class=\"eap__date no-wrap\">\n            <span class=\"dashicons dashicons-calendar-alt\"><\/span> Tuesday 24 March, 2026        <\/span>\n        \n    <br>\n\n    <\/p>\n\n        <\/header>\n\n        <!-- main -->\n        <main class=\"eap__excerpt\">\n                            <p class=\"eap__more\">\n                    <a href=\"https:\/\/www.entrearteycultura.es\/?eap_event=visita-al-museo-abc-martes-24-de-marzo-1800h\">Read more<\/a>\n                <\/p>\n                        <\/main>\n    <\/div>\n<\/div>\n\n<div id=\"post-9897\" class=\"eap__event\">\n    <div class=\"eap__img\">\n        <img loading=\"lazy\" decoding=\"async\" width=\"698\" height=\"230\" src=\"https:\/\/www.entrearteycultura.es\/wp-content\/uploads\/2025\/12\/Imagen8.png\" class=\"attachment-post-thumbnail size-post-thumbnail wp-post-image\" alt=\"\" srcset=\"https:\/\/www.entrearteycultura.es\/wp-content\/uploads\/2025\/12\/Imagen8.png 698w, https:\/\/www.entrearteycultura.es\/wp-content\/uploads\/2025\/12\/Imagen8-300x99.png 300w, https:\/\/www.entrearteycultura.es\/wp-content\/uploads\/2025\/12\/Imagen8-182x60.png 182w\" sizes=\"(max-width: 698px) 100vw, 698px\" \/>    <\/div>\n\n    <div class=\"eap__content\">\n        <!-- header -->\n        <header class=\"eap__header\">\n            <h2 class=\"eap__title\"><a href=\"https:\/\/www.entrearteycultura.es\/?eap_event=oporto-magico-oporto-y-guimaraes-3-dias-de-ruta-imperdible-del-viernes-24-al-domingo-26-de-abril\" rel=\"bookmark\">OPORTO M\u00c1GICO: Oporto, Braga y Guimar\u00e3es: 3 d\u00edas de ruta imperdible. Del viernes 10 al domingo 12 de abril.<\/a><\/h2>\n            \n                <p class=\"eap__category\">\n                    Eventos pasados                <\/p>\n                            \n<!-- event meta -->\n<p class=\"eap__meta\">\n            <span class=\"eap__date no-wrap\">\n            <span class=\"dashicons dashicons-calendar-alt\"><\/span> Friday 10 April, 2026        <\/span>\n         \u2013         <span class=\"eap__date no-wrap\">\n            <span class=\"dashicons dashicons-calendar-alt\"><\/span> Sunday 12 April, 2026        <\/span>\n        \n    <br>\n\n    <\/p>\n\n        <\/header>\n\n        <!-- main -->\n        <main class=\"eap__excerpt\">\n                            <p class=\"eap__more\">\n                    <a href=\"https:\/\/www.entrearteycultura.es\/?eap_event=oporto-magico-oporto-y-guimaraes-3-dias-de-ruta-imperdible-del-viernes-24-al-domingo-26-de-abril\">Read more<\/a>\n                <\/p>\n                        <\/main>\n    <\/div>\n<\/div>\n\n<div id=\"post-9926\" class=\"eap__event\">\n    <div class=\"eap__img\">\n        <img loading=\"lazy\" decoding=\"async\" width=\"567\" height=\"145\" src=\"https:\/\/www.entrearteycultura.es\/wp-content\/uploads\/2026\/03\/Imagen4.png\" class=\"attachment-post-thumbnail size-post-thumbnail wp-post-image\" alt=\"\" srcset=\"https:\/\/www.entrearteycultura.es\/wp-content\/uploads\/2026\/03\/Imagen4.png 567w, https:\/\/www.entrearteycultura.es\/wp-content\/uploads\/2026\/03\/Imagen4-300x77.png 300w, https:\/\/www.entrearteycultura.es\/wp-content\/uploads\/2026\/03\/Imagen4-235x60.png 235w\" sizes=\"(max-width: 567px) 100vw, 567px\" \/>    <\/div>\n\n    <div class=\"eap__content\">\n        <!-- header -->\n        <header class=\"eap__header\">\n            <h2 class=\"eap__title\"><a href=\"https:\/\/www.entrearteycultura.es\/?eap_event=visita-al-instituto-de-san-isidro-viernes-17-de-abril-1630h\" rel=\"bookmark\">VISITA AL INSTITUTO DE SAN ISIDRO. Viernes, 17 de abril, 16:30h.<\/a><\/h2>\n            \n                <p class=\"eap__category\">\n                    Eventos pasados                <\/p>\n                            \n<!-- event meta -->\n<p class=\"eap__meta\">\n            <span class=\"eap__date no-wrap\">\n            <span class=\"dashicons dashicons-calendar-alt\"><\/span> Friday 17 April, 2026        <\/span>\n         |         <span class=\"eap__time no-wrap\">\n            <span class=\"dashicons dashicons-clock\"><\/span> 16:30         <\/span>\n        \n    <br>\n\n    <\/p>\n\n        <\/header>\n\n        <!-- main -->\n        <main class=\"eap__excerpt\">\n                            <p class=\"eap__more\">\n                    <a href=\"https:\/\/www.entrearteycultura.es\/?eap_event=visita-al-instituto-de-san-isidro-viernes-17-de-abril-1630h\">Read more<\/a>\n                <\/p>\n                        <\/main>\n    <\/div>\n<\/div>\n\n<div id=\"post-9930\" class=\"eap__event\">\n    <div class=\"eap__img\">\n        <img loading=\"lazy\" decoding=\"async\" width=\"567\" height=\"149\" src=\"https:\/\/www.entrearteycultura.es\/wp-content\/uploads\/2026\/03\/Imagen5.png\" class=\"attachment-post-thumbnail size-post-thumbnail wp-post-image\" alt=\"\" srcset=\"https:\/\/www.entrearteycultura.es\/wp-content\/uploads\/2026\/03\/Imagen5.png 567w, https:\/\/www.entrearteycultura.es\/wp-content\/uploads\/2026\/03\/Imagen5-300x79.png 300w, https:\/\/www.entrearteycultura.es\/wp-content\/uploads\/2026\/03\/Imagen5-228x60.png 228w\" sizes=\"(max-width: 567px) 100vw, 567px\" \/>    <\/div>\n\n    <div class=\"eap__content\">\n        <!-- header -->\n        <header class=\"eap__header\">\n            <h2 class=\"eap__title\"><a href=\"https:\/\/www.entrearteycultura.es\/?eap_event=escapada-madrigal-de-las-altas-torres-avila-sabado-18-de-abril\" rel=\"bookmark\">ESCAPADA: MADRIGAL DE LAS ALTAS TORRES (\u00c1VILA). S\u00e1bado, 18 de abril<\/a><\/h2>\n            \n                <p class=\"eap__category\">\n                    Eventos pasados                <\/p>\n                            \n<!-- event meta -->\n<p class=\"eap__meta\">\n            <span class=\"eap__date no-wrap\">\n            <span class=\"dashicons dashicons-calendar-alt\"><\/span> Saturday 18 April, 2026        <\/span>\n        \n    <br>\n\n    <\/p>\n\n        <\/header>\n\n        <!-- main -->\n        <main class=\"eap__excerpt\">\n                            <p class=\"eap__more\">\n                    <a href=\"https:\/\/www.entrearteycultura.es\/?eap_event=escapada-madrigal-de-las-altas-torres-avila-sabado-18-de-abril\">Read more<\/a>\n                <\/p>\n                        <\/main>\n    <\/div>\n<\/div>\n\n<div id=\"post-9933\" class=\"eap__event\">\n    <div class=\"eap__img\">\n        <img loading=\"lazy\" decoding=\"async\" width=\"633\" height=\"336\" src=\"https:\/\/www.entrearteycultura.es\/wp-content\/uploads\/2026\/03\/Imagen6.jpg\" class=\"attachment-post-thumbnail size-post-thumbnail wp-post-image\" alt=\"\" srcset=\"https:\/\/www.entrearteycultura.es\/wp-content\/uploads\/2026\/03\/Imagen6.jpg 633w, https:\/\/www.entrearteycultura.es\/wp-content\/uploads\/2026\/03\/Imagen6-300x159.jpg 300w, https:\/\/www.entrearteycultura.es\/wp-content\/uploads\/2026\/03\/Imagen6-113x60.jpg 113w\" sizes=\"(max-width: 633px) 100vw, 633px\" \/>    <\/div>\n\n    <div class=\"eap__content\">\n        <!-- header -->\n        <header class=\"eap__header\">\n            <h2 class=\"eap__title\"><a href=\"https:\/\/www.entrearteycultura.es\/?eap_event=visita-a-la-capilla-del-obispo-y-la-iglesia-de-san-andres-miercoles-29-de-abril-a-las-1130h\" rel=\"bookmark\">VISITA A LA CAPILLA DEL OBISPO Y LA IGLESIA DE SAN ANDR\u00c9S. Mi\u00e9rcoles, 29 de abril a las 11:30h.<\/a><\/h2>\n            \n                <p class=\"eap__category\">\n                    Eventos pasados                <\/p>\n                            \n<!-- event meta -->\n<p class=\"eap__meta\">\n            <span class=\"eap__date no-wrap\">\n            <span class=\"dashicons dashicons-calendar-alt\"><\/span> Wednesday 29 April, 2026        <\/span>\n        \n    <br>\n\n    <\/p>\n\n        <\/header>\n\n        <!-- main -->\n        <main class=\"eap__excerpt\">\n                            <p class=\"eap__more\">\n                    <a href=\"https:\/\/www.entrearteycultura.es\/?eap_event=visita-a-la-capilla-del-obispo-y-la-iglesia-de-san-andres-miercoles-29-de-abril-a-las-1130h\">Read more<\/a>\n                <\/p>\n                        <\/main>\n    <\/div>\n<\/div>\n        <\/div>\n        <br>\n\n   \t\t\t\t\t\t\t\t<\/div>\n\t\t\t\t<\/div>\n\t\t\t\t\t<\/div>\n\t\t<\/div>\n\t\t\t\t\t<\/div>\n\t\t<\/section>\n\t\t\t\t<\/div>\n\t\t","protected":false},"excerpt":{"rendered":"<p>Descubre algunos de nuestros eventos pasados ya realizados<\/p>\n","protected":false},"author":1,"featured_media":0,"parent":0,"menu_order":0,"comment_status":"closed","ping_status":"closed","template":"","meta":{"footnotes":""},"class_list":["post-322","page","type-page","status-publish","hentry"],"yoast_head":"<!-- This site is optimized with the Yoast SEO plugin v27.5 - https:\/\/yoast.com\/product\/yoast-seo-wordpress\/ -->\n<title>Eventos pasados - Entre Arte y cultura<\/title>\n<meta name=\"robots\" content=\"index, follow, max-snippet:-1, max-image-preview:large, max-video-preview:-1\" \/>\n<link rel=\"canonical\" href=\"https:\/\/www.entrearteycultura.es\/?page_id=322\" \/>\n<meta property=\"og:locale\" content=\"en_US\" \/>\n<meta property=\"og:type\" content=\"article\" \/>\n<meta property=\"og:title\" content=\"Eventos pasados - Entre Arte y cultura\" \/>\n<meta property=\"og:description\" content=\"Descubre algunos de nuestros eventos pasados ya realizados\" \/>\n<meta property=\"og:url\" content=\"https:\/\/www.entrearteycultura.es\/?page_id=322\" \/>\n<meta property=\"og:site_name\" content=\"Entre Arte y cultura\" \/>\n<meta property=\"article:modified_time\" content=\"2023-01-09T19:06:51+00:00\" \/>\n<meta name=\"twitter:card\" content=\"summary_large_image\" \/>\n<meta name=\"twitter:label1\" content=\"Est. reading time\" \/>\n\t<meta name=\"twitter:data1\" content=\"1 minute\" \/>\n<script type=\"application\/ld+json\" class=\"yoast-schema-graph\">{\"@context\":\"https:\\\/\\\/schema.org\",\"@graph\":[{\"@type\":\"WebPage\",\"@id\":\"https:\\\/\\\/www.entrearteycultura.es\\\/?page_id=322\",\"url\":\"https:\\\/\\\/www.entrearteycultura.es\\\/?page_id=322\",\"name\":\"Eventos pasados - Entre Arte y cultura\",\"isPartOf\":{\"@id\":\"https:\\\/\\\/www.entrearteycultura.es\\\/#website\"},\"datePublished\":\"2023-01-09T19:05:50+00:00\",\"dateModified\":\"2023-01-09T19:06:51+00:00\",\"breadcrumb\":{\"@id\":\"https:\\\/\\\/www.entrearteycultura.es\\\/?page_id=322#breadcrumb\"},\"inLanguage\":\"en-US\",\"potentialAction\":[{\"@type\":\"ReadAction\",\"target\":[\"https:\\\/\\\/www.entrearteycultura.es\\\/?page_id=322\"]}]},{\"@type\":\"BreadcrumbList\",\"@id\":\"https:\\\/\\\/www.entrearteycultura.es\\\/?page_id=322#breadcrumb\",\"itemListElement\":[{\"@type\":\"ListItem\",\"position\":1,\"name\":\"Portada\",\"item\":\"https:\\\/\\\/www.entrearteycultura.es\\\/\"},{\"@type\":\"ListItem\",\"position\":2,\"name\":\"Eventos pasados\"}]},{\"@type\":\"WebSite\",\"@id\":\"https:\\\/\\\/www.entrearteycultura.es\\\/#website\",\"url\":\"https:\\\/\\\/www.entrearteycultura.es\\\/\",\"name\":\"Entre Arte y cultura\",\"description\":\"Viajes, eventos cuturales, conferencias y tertulias\",\"potentialAction\":[{\"@type\":\"SearchAction\",\"target\":{\"@type\":\"EntryPoint\",\"urlTemplate\":\"https:\\\/\\\/www.entrearteycultura.es\\\/?s={search_term_string}\"},\"query-input\":{\"@type\":\"PropertyValueSpecification\",\"valueRequired\":true,\"valueName\":\"search_term_string\"}}],\"inLanguage\":\"en-US\"}]}<\/script>\n<!-- \/ Yoast SEO plugin. -->","yoast_head_json":{"title":"Eventos pasados - Entre Arte y cultura","robots":{"index":"index","follow":"follow","max-snippet":"max-snippet:-1","max-image-preview":"max-image-preview:large","max-video-preview":"max-video-preview:-1"},"canonical":"https:\/\/www.entrearteycultura.es\/?page_id=322","og_locale":"en_US","og_type":"article","og_title":"Eventos pasados - Entre Arte y cultura","og_description":"Descubre algunos de nuestros eventos pasados ya realizados","og_url":"https:\/\/www.entrearteycultura.es\/?page_id=322","og_site_name":"Entre Arte y cultura","article_modified_time":"2023-01-09T19:06:51+00:00","twitter_card":"summary_large_image","twitter_misc":{"Est. reading time":"1 minute"},"schema":{"@context":"https:\/\/schema.org","@graph":[{"@type":"WebPage","@id":"https:\/\/www.entrearteycultura.es\/?page_id=322","url":"https:\/\/www.entrearteycultura.es\/?page_id=322","name":"Eventos pasados - Entre Arte y cultura","isPartOf":{"@id":"https:\/\/www.entrearteycultura.es\/#website"},"datePublished":"2023-01-09T19:05:50+00:00","dateModified":"2023-01-09T19:06:51+00:00","breadcrumb":{"@id":"https:\/\/www.entrearteycultura.es\/?page_id=322#breadcrumb"},"inLanguage":"en-US","potentialAction":[{"@type":"ReadAction","target":["https:\/\/www.entrearteycultura.es\/?page_id=322"]}]},{"@type":"BreadcrumbList","@id":"https:\/\/www.entrearteycultura.es\/?page_id=322#breadcrumb","itemListElement":[{"@type":"ListItem","position":1,"name":"Portada","item":"https:\/\/www.entrearteycultura.es\/"},{"@type":"ListItem","position":2,"name":"Eventos pasados"}]},{"@type":"WebSite","@id":"https:\/\/www.entrearteycultura.es\/#website","url":"https:\/\/www.entrearteycultura.es\/","name":"Entre Arte y cultura","description":"Viajes, eventos cuturales, conferencias y tertulias","potentialAction":[{"@type":"SearchAction","target":{"@type":"EntryPoint","urlTemplate":"https:\/\/www.entrearteycultura.es\/?s={search_term_string}"},"query-input":{"@type":"PropertyValueSpecification","valueRequired":true,"valueName":"search_term_string"}}],"inLanguage":"en-US"}]}},"_links":{"self":[{"href":"https:\/\/www.entrearteycultura.es\/index.php?rest_route=\/wp\/v2\/pages\/322","targetHints":{"allow":["GET"]}}],"collection":[{"href":"https:\/\/www.entrearteycultura.es\/index.php?rest_route=\/wp\/v2\/pages"}],"about":[{"href":"https:\/\/www.entrearteycultura.es\/index.php?rest_route=\/wp\/v2\/types\/page"}],"author":[{"embeddable":true,"href":"https:\/\/www.entrearteycultura.es\/index.php?rest_route=\/wp\/v2\/users\/1"}],"replies":[{"embeddable":true,"href":"https:\/\/www.entrearteycultura.es\/index.php?rest_route=%2Fwp%2Fv2%2Fcomments&post=322"}],"version-history":[{"count":1,"href":"https:\/\/www.entrearteycultura.es\/index.php?rest_route=\/wp\/v2\/pages\/322\/revisions"}],"predecessor-version":[{"id":1146,"href":"https:\/\/www.entrearteycultura.es\/index.php?rest_route=\/wp\/v2\/pages\/322\/revisions\/1146"}],"wp:attachment":[{"href":"https:\/\/www.entrearteycultura.es\/index.php?rest_route=%2Fwp%2Fv2%2Fmedia&parent=322"}],"curies":[{"name":"wp","href":"https:\/\/api.w.org\/{rel}","templated":true}]}}