{"id":113,"date":"2022-12-18T13:56:53","date_gmt":"2022-12-18T13:56:53","guid":{"rendered":"http:\/\/www.entrearteycultura.es\/?page_id=113"},"modified":"2024-09-03T09:41:07","modified_gmt":"2024-09-03T09:41:07","slug":"agenda","status":"publish","type":"page","link":"https:\/\/www.entrearteycultura.es\/?page_id=113","title":{"rendered":"Agenda"},"content":{"rendered":"\t\t<div data-elementor-type=\"wp-page\" data-elementor-id=\"113\" class=\"elementor elementor-113\">\n\t\t\t\t\t\t<section class=\"elementor-section elementor-top-section elementor-element elementor-element-31c463b elementor-section-boxed elementor-section-height-default elementor-section-height-default\" data-id=\"31c463b\" data-element_type=\"section\" data-e-type=\"section\">\n\t\t\t\t\t\t<div class=\"elementor-container elementor-column-gap-default\">\n\t\t\t\t\t<div class=\"elementor-column elementor-col-100 elementor-top-column elementor-element elementor-element-2246868\" data-id=\"2246868\" data-element_type=\"column\" data-e-type=\"column\">\n\t\t\t<div class=\"elementor-widget-wrap elementor-element-populated\">\n\t\t\t\t\t\t<div class=\"elementor-element elementor-element-7032486 elementor-widget elementor-widget-text-editor\" data-id=\"7032486\" data-element_type=\"widget\" data-e-type=\"widget\" data-widget_type=\"text-editor.default\">\n\t\t\t\t<div class=\"elementor-widget-container\">\n\t\t\t\t\t\t\t\t\t<p>Descubre nuestras pr\u00f3ximas actividades:<\/p>\t\t\t\t\t\t\t\t<\/div>\n\t\t\t\t<\/div>\n\t\t\t\t<div class=\"elementor-element elementor-element-53ea0a0 elementor-widget elementor-widget-shortcode\" data-id=\"53ea0a0\" data-element_type=\"widget\" data-e-type=\"widget\" data-widget_type=\"shortcode.default\">\n\t\t\t\t<div class=\"elementor-widget-container\">\n\t\t\t\t\t\t\t<div class=\"elementor-shortcode\">\n        <div class=\"eap__list\">\n            \n<div id=\"post-1126\" class=\"eap__event\">\n    <div class=\"eap__img\">\n        <img fetchpriority=\"high\" decoding=\"async\" width=\"567\" height=\"185\" src=\"https:\/\/www.entrearteycultura.es\/wp-content\/uploads\/2025\/05\/Imagen-curso.png\" class=\"attachment-post-thumbnail size-post-thumbnail wp-post-image\" alt=\"\" srcset=\"https:\/\/www.entrearteycultura.es\/wp-content\/uploads\/2025\/05\/Imagen-curso.png 567w, https:\/\/www.entrearteycultura.es\/wp-content\/uploads\/2025\/05\/Imagen-curso-300x98.png 300w, https:\/\/www.entrearteycultura.es\/wp-content\/uploads\/2025\/05\/Imagen-curso-184x60.png 184w\" sizes=\"(max-width: 567px) 100vw, 567px\" \/>    <\/div>\n\n    <div class=\"eap__content\">\n        <!-- header -->\n        <header class=\"eap__header\">\n            <h2 class=\"eap__title\"><a href=\"https:\/\/www.entrearteycultura.es\/?eap_event=curso-de-arte-colores-y-pasiones-un-viaje-por-el-arte-espanol-mayo-y-junio-2025-comienza-el-13-de-mayo\" rel=\"bookmark\">2\u00ba CURSO DE ARTE. COLORES Y PASIONES: UN VIAJE POR EL ARTE ESPA\u00d1OL. Enero &#8211; Marzo 2026.<\/a><\/h2>\n            \n                <p class=\"eap__category\">\n                    Experiencias                <\/p>\n                            \n<!-- event meta -->\n<p class=\"eap__meta\">\n            <span class=\"eap__date no-wrap\">\n            <span class=\"dashicons dashicons-calendar-alt\"><\/span> Tuesday 30 September, 2025        <\/span>\n        \n    <br>\n\n    Club Eurobridge, Juan Ram\u00f3n JIm\u00e9nez 8, Madrid<\/p>\n\n        <\/header>\n\n        <!-- main -->\n        <main class=\"eap__excerpt\">\n                            <p class=\"eap__more\">\n                    <a href=\"https:\/\/www.entrearteycultura.es\/?eap_event=curso-de-arte-colores-y-pasiones-un-viaje-por-el-arte-espanol-mayo-y-junio-2025-comienza-el-13-de-mayo\">Read more<\/a>\n                <\/p>\n                        <\/main>\n    <\/div>\n<\/div>\n\n<div id=\"post-9890\" class=\"eap__event\">\n    <div class=\"eap__img\">\n        <img decoding=\"async\" width=\"567\" height=\"169\" src=\"https:\/\/www.entrearteycultura.es\/wp-content\/uploads\/2025\/12\/Imagen3.jpg\" class=\"attachment-post-thumbnail size-post-thumbnail wp-post-image\" alt=\"\" srcset=\"https:\/\/www.entrearteycultura.es\/wp-content\/uploads\/2025\/12\/Imagen3.jpg 567w, https:\/\/www.entrearteycultura.es\/wp-content\/uploads\/2025\/12\/Imagen3-300x89.jpg 300w, https:\/\/www.entrearteycultura.es\/wp-content\/uploads\/2025\/12\/Imagen3-201x60.jpg 201w\" sizes=\"(max-width: 567px) 100vw, 567px\" \/>    <\/div>\n\n    <div class=\"eap__content\">\n        <!-- header -->\n        <header class=\"eap__header\">\n            <h2 class=\"eap__title\"><a href=\"https:\/\/www.entrearteycultura.es\/?eap_event=cata-de-vinos-y-ahumados-mercado-de-la-paz-jueves-26-de-febrero-1900-h\" rel=\"bookmark\">CATA DE VINOS Y AHUMADOS ( Mercado de la Paz). Jueves 26 de febrero, 19:00 h. POSPUESTO, SE ANUNCIAR\u00c1 NUEVA FECHA.<\/a><\/h2>\n            \n                <p class=\"eap__category\">\n                    Experiencias                <\/p>\n                            \n<!-- event meta -->\n<p class=\"eap__meta\">\n            <span class=\"eap__date no-wrap\">\n            <span class=\"dashicons dashicons-calendar-alt\"><\/span> Thursday 26 February, 2026        <\/span>\n         |         <span class=\"eap__time no-wrap\">\n            <span class=\"dashicons dashicons-clock\"><\/span> 19:00         <\/span>\n        \n    <br>\n\n    <\/p>\n\n        <\/header>\n\n        <!-- main -->\n        <main class=\"eap__excerpt\">\n                            <p class=\"eap__more\">\n                    <a href=\"https:\/\/www.entrearteycultura.es\/?eap_event=cata-de-vinos-y-ahumados-mercado-de-la-paz-jueves-26-de-febrero-1900-h\">Read more<\/a>\n                <\/p>\n                        <\/main>\n    <\/div>\n<\/div>\n\n<div id=\"post-247\" class=\"eap__event\">\n    <div class=\"eap__img\">\n        <img decoding=\"async\" width=\"2560\" height=\"1215\" src=\"https:\/\/www.entrearteycultura.es\/wp-content\/uploads\/2023\/01\/Valderrobles-2-scaled.jpg\" class=\"attachment-post-thumbnail size-post-thumbnail wp-post-image\" alt=\"\" srcset=\"https:\/\/www.entrearteycultura.es\/wp-content\/uploads\/2023\/01\/Valderrobles-2-scaled.jpg 2560w, https:\/\/www.entrearteycultura.es\/wp-content\/uploads\/2023\/01\/Valderrobles-2-300x142.jpg 300w, https:\/\/www.entrearteycultura.es\/wp-content\/uploads\/2023\/01\/Valderrobles-2-1024x486.jpg 1024w, https:\/\/www.entrearteycultura.es\/wp-content\/uploads\/2023\/01\/Valderrobles-2-768x365.jpg 768w, https:\/\/www.entrearteycultura.es\/wp-content\/uploads\/2023\/01\/Valderrobles-2-1536x729.jpg 1536w, https:\/\/www.entrearteycultura.es\/wp-content\/uploads\/2023\/01\/Valderrobles-2-2048x972.jpg 2048w, https:\/\/www.entrearteycultura.es\/wp-content\/uploads\/2023\/01\/Valderrobles-2-126x60.jpg 126w\" sizes=\"(max-width: 2560px) 100vw, 2560px\" \/>    <\/div>\n\n    <div class=\"eap__content\">\n        <!-- header -->\n        <header class=\"eap__header\">\n            <h2 class=\"eap__title\"><a href=\"https:\/\/www.entrearteycultura.es\/?eap_event=matarrana-2023\" rel=\"bookmark\">COMARCA DE MATARRA\u00d1A, la Toscana espa\u00f1ola. Del viernes 20 al domingo 22 de marzo.<\/a><\/h2>\n            \n                <p class=\"eap__category\">\n                    viajes                <\/p>\n                            \n<!-- event meta -->\n<p class=\"eap__meta\">\n            <span class=\"eap__date no-wrap\">\n            <span class=\"dashicons dashicons-calendar-alt\"><\/span> Friday 20 March, 2026        <\/span>\n         \u2013         <span class=\"eap__date no-wrap\">\n            <span class=\"dashicons dashicons-calendar-alt\"><\/span> Sunday 22 March, 2026        <\/span>\n        \n    <br>\n\n    Comarca del R\u00edo Matarra\u00f1a<\/p>\n\n        <\/header>\n\n        <!-- main -->\n        <main class=\"eap__excerpt\">\n                            <p class=\"eap__more\">\n                    <a href=\"https:\/\/www.entrearteycultura.es\/?eap_event=matarrana-2023\">Read more<\/a>\n                <\/p>\n                        <\/main>\n    <\/div>\n<\/div>\n\n<div id=\"post-9879\" class=\"eap__event\">\n    <div class=\"eap__img\">\n        <img loading=\"lazy\" decoding=\"async\" width=\"698\" height=\"151\" src=\"https:\/\/www.entrearteycultura.es\/wp-content\/uploads\/2025\/12\/Imagen5.png\" class=\"attachment-post-thumbnail size-post-thumbnail wp-post-image\" alt=\"\" srcset=\"https:\/\/www.entrearteycultura.es\/wp-content\/uploads\/2025\/12\/Imagen5.png 698w, https:\/\/www.entrearteycultura.es\/wp-content\/uploads\/2025\/12\/Imagen5-300x65.png 300w, https:\/\/www.entrearteycultura.es\/wp-content\/uploads\/2025\/12\/Imagen5-277x60.png 277w\" sizes=\"(max-width: 698px) 100vw, 698px\" \/>    <\/div>\n\n    <div class=\"eap__content\">\n        <!-- header -->\n        <header class=\"eap__header\">\n            <h2 class=\"eap__title\"><a href=\"https:\/\/www.entrearteycultura.es\/?eap_event=visita-al-circulo-de-bellas-artes-espacio-emblematico-de-creacion-cultura-y-pensamiento-lunes-2-de-febrero-1700h\" rel=\"bookmark\">VISITA AL C\u00cdRCULO DE BELLAS ARTES. Espacio emblem\u00e1tico de creaci\u00f3n, cultura y pensamiento. Mi\u00e9rcoles 22 abril, 12:00h.\u00a0<\/a><\/h2>\n            \n                <p class=\"eap__category\">\n                    Visitas                <\/p>\n                            \n<!-- event meta -->\n<p class=\"eap__meta\">\n            <span class=\"eap__date no-wrap\">\n            <span class=\"dashicons dashicons-calendar-alt\"><\/span> Wednesday 22 April, 2026        <\/span>\n         |         <span class=\"eap__time no-wrap\">\n            <span class=\"dashicons dashicons-clock\"><\/span> 12:00         <\/span>\n        \n    <br>\n\n    <\/p>\n\n        <\/header>\n\n        <!-- main -->\n        <main class=\"eap__excerpt\">\n                            <p class=\"eap__more\">\n                    <a href=\"https:\/\/www.entrearteycultura.es\/?eap_event=visita-al-circulo-de-bellas-artes-espacio-emblematico-de-creacion-cultura-y-pensamiento-lunes-2-de-febrero-1700h\">Read more<\/a>\n                <\/p>\n                        <\/main>\n    <\/div>\n<\/div>\n\n<div id=\"post-9940\" class=\"eap__event\">\n    <div class=\"eap__img\">\n        <img loading=\"lazy\" decoding=\"async\" width=\"567\" height=\"182\" src=\"https:\/\/www.entrearteycultura.es\/wp-content\/uploads\/2026\/04\/Imagen1-1.jpg\" class=\"attachment-post-thumbnail size-post-thumbnail wp-post-image\" alt=\"\" srcset=\"https:\/\/www.entrearteycultura.es\/wp-content\/uploads\/2026\/04\/Imagen1-1.jpg 567w, https:\/\/www.entrearteycultura.es\/wp-content\/uploads\/2026\/04\/Imagen1-1-300x96.jpg 300w, https:\/\/www.entrearteycultura.es\/wp-content\/uploads\/2026\/04\/Imagen1-1-187x60.jpg 187w\" sizes=\"(max-width: 567px) 100vw, 567px\" \/>    <\/div>\n\n    <div class=\"eap__content\">\n        <!-- header -->\n        <header class=\"eap__header\">\n            <h2 class=\"eap__title\"><a href=\"https:\/\/www.entrearteycultura.es\/?eap_event=visita-a-la-casita-del-principe-y-a-los-jardines-de-los-duques-de-arco-en-el-pardo-viernes-8-de-mayo-1630h\" rel=\"bookmark\">VISITA A LA\u00a0CASITA DEL PR\u00cdNCIPE Y A LOS JARDINES DE LOS DUQUES DE ARCO EN EL PARDO. \u00a0Viernes 8 de mayo, 16:30h<\/a><\/h2>\n            \n                <p class=\"eap__category\">\n                    Visitas                <\/p>\n                            \n<!-- event meta -->\n<p class=\"eap__meta\">\n            <span class=\"eap__date no-wrap\">\n            <span class=\"dashicons dashicons-calendar-alt\"><\/span> Friday 8 May, 2026        <\/span>\n         |         <span class=\"eap__time no-wrap\">\n            <span class=\"dashicons dashicons-clock\"><\/span> 16:30         <\/span>\n        \n    <br>\n\n    El Pardo<\/p>\n\n        <\/header>\n\n        <!-- main -->\n        <main class=\"eap__excerpt\">\n                            <p class=\"eap__more\">\n                    <a href=\"https:\/\/www.entrearteycultura.es\/?eap_event=visita-a-la-casita-del-principe-y-a-los-jardines-de-los-duques-de-arco-en-el-pardo-viernes-8-de-mayo-1630h\">Read more<\/a>\n                <\/p>\n                        <\/main>\n    <\/div>\n<\/div>\n\n<div id=\"post-9944\" class=\"eap__event\">\n    <div class=\"eap__img\">\n        <img loading=\"lazy\" decoding=\"async\" width=\"567\" height=\"175\" src=\"https:\/\/www.entrearteycultura.es\/wp-content\/uploads\/2026\/04\/Imagen2.jpg\" class=\"attachment-post-thumbnail size-post-thumbnail wp-post-image\" alt=\"\" srcset=\"https:\/\/www.entrearteycultura.es\/wp-content\/uploads\/2026\/04\/Imagen2.jpg 567w, https:\/\/www.entrearteycultura.es\/wp-content\/uploads\/2026\/04\/Imagen2-300x93.jpg 300w, https:\/\/www.entrearteycultura.es\/wp-content\/uploads\/2026\/04\/Imagen2-194x60.jpg 194w\" sizes=\"(max-width: 567px) 100vw, 567px\" \/>    <\/div>\n\n    <div class=\"eap__content\">\n        <!-- header -->\n        <header class=\"eap__header\">\n            <h2 class=\"eap__title\"><a href=\"https:\/\/www.entrearteycultura.es\/?eap_event=visita-a-las-iglesias-de-las-gongoras-y-de-santa-barbara-vecinas-joyas-del-barroco-madrileno-martes-12-de-mayo-1100-h\" rel=\"bookmark\">VISITA A\u00a0LAS IGLESIAS DE LAS G\u00d3NGORAS Y DE SANTA B\u00c1RBARA, vecinas joyas del barroco madrile\u00f1o. Martes 12 de mayo, 11:00 h.<\/a><\/h2>\n            \n                <p class=\"eap__category\">\n                    Visitas                <\/p>\n                            \n<!-- event meta -->\n<p class=\"eap__meta\">\n            <span class=\"eap__date no-wrap\">\n            <span class=\"dashicons dashicons-calendar-alt\"><\/span> Tuesday 12 May, 2026        <\/span>\n         |         <span class=\"eap__time no-wrap\">\n            <span class=\"dashicons dashicons-clock\"><\/span> 11:00         <\/span>\n        \n    <br>\n\n    <\/p>\n\n        <\/header>\n\n        <!-- main -->\n        <main class=\"eap__excerpt\">\n                            <p class=\"eap__more\">\n                    <a href=\"https:\/\/www.entrearteycultura.es\/?eap_event=visita-a-las-iglesias-de-las-gongoras-y-de-santa-barbara-vecinas-joyas-del-barroco-madrileno-martes-12-de-mayo-1100-h\">Read more<\/a>\n                <\/p>\n                        <\/main>\n    <\/div>\n<\/div>\n\n<div id=\"post-9947\" class=\"eap__event\">\n    <div class=\"eap__img\">\n        <img loading=\"lazy\" decoding=\"async\" width=\"567\" height=\"188\" src=\"https:\/\/www.entrearteycultura.es\/wp-content\/uploads\/2026\/04\/Imagen3.jpg\" class=\"attachment-post-thumbnail size-post-thumbnail wp-post-image\" alt=\"\" srcset=\"https:\/\/www.entrearteycultura.es\/wp-content\/uploads\/2026\/04\/Imagen3.jpg 567w, https:\/\/www.entrearteycultura.es\/wp-content\/uploads\/2026\/04\/Imagen3-300x99.jpg 300w, https:\/\/www.entrearteycultura.es\/wp-content\/uploads\/2026\/04\/Imagen3-181x60.jpg 181w\" sizes=\"(max-width: 567px) 100vw, 567px\" \/>    <\/div>\n\n    <div class=\"eap__content\">\n        <!-- header -->\n        <header class=\"eap__header\">\n            <h2 class=\"eap__title\"><a href=\"https:\/\/www.entrearteycultura.es\/?eap_event=visita-a-la-exposicion-madrid-colecciona-50-colecciones-de-arte-contemporaneo-centro-centro-miercoles-13-de-mayo-1830h\" rel=\"bookmark\">VISITA A LA EXPOSICI\u00d3N &#8220;MADRID COLECCIONA . 50 COLECCIONES DE ARTE CONTEMPOR\u00c1NEO&#8221;. Centro Centro, mi\u00e9rcoles 13 de mayo, 18:30h.\u00a0<\/a><\/h2>\n            \n                <p class=\"eap__category\">\n                    Visitas                <\/p>\n                            \n<!-- event meta -->\n<p class=\"eap__meta\">\n            <span class=\"eap__date no-wrap\">\n            <span class=\"dashicons dashicons-calendar-alt\"><\/span> Wednesday 13 May, 2026        <\/span>\n        \n    <br>\n\n    <\/p>\n\n        <\/header>\n\n        <!-- main -->\n        <main class=\"eap__excerpt\">\n                            <p class=\"eap__more\">\n                    <a href=\"https:\/\/www.entrearteycultura.es\/?eap_event=visita-a-la-exposicion-madrid-colecciona-50-colecciones-de-arte-contemporaneo-centro-centro-miercoles-13-de-mayo-1830h\">Read more<\/a>\n                <\/p>\n                        <\/main>\n    <\/div>\n<\/div>\n\n<div id=\"post-9950\" class=\"eap__event\">\n    <div class=\"eap__img\">\n        <img loading=\"lazy\" decoding=\"async\" width=\"567\" height=\"130\" src=\"https:\/\/www.entrearteycultura.es\/wp-content\/uploads\/2026\/04\/Imagen4.jpg\" class=\"attachment-post-thumbnail size-post-thumbnail wp-post-image\" alt=\"\" srcset=\"https:\/\/www.entrearteycultura.es\/wp-content\/uploads\/2026\/04\/Imagen4.jpg 567w, https:\/\/www.entrearteycultura.es\/wp-content\/uploads\/2026\/04\/Imagen4-300x69.jpg 300w, https:\/\/www.entrearteycultura.es\/wp-content\/uploads\/2026\/04\/Imagen4-262x60.jpg 262w\" sizes=\"(max-width: 567px) 100vw, 567px\" \/>    <\/div>\n\n    <div class=\"eap__content\">\n        <!-- header -->\n        <header class=\"eap__header\">\n            <h2 class=\"eap__title\"><a href=\"https:\/\/www.entrearteycultura.es\/?eap_event=visita-a-la-catedral-ortodoxa-griega-y-a-la-iglesia-de-guadalupe-miercoles-28-de-mayo-1100h\" rel=\"bookmark\">VISITA A LA\u00a0CATEDRAL ORTODOXA GRIEGA Y A LA IGLESIA DE GUADALUPE. Mi\u00e9rcoles 28 de mayo, 11:00h.<\/a><\/h2>\n            \n                <p class=\"eap__category\">\n                    Visitas                <\/p>\n                            \n<!-- event meta -->\n<p class=\"eap__meta\">\n            <span class=\"eap__date no-wrap\">\n            <span class=\"dashicons dashicons-calendar-alt\"><\/span> Thursday 28 May, 2026        <\/span>\n        \n    <br>\n\n    <\/p>\n\n        <\/header>\n\n        <!-- main -->\n        <main class=\"eap__excerpt\">\n                            <p class=\"eap__more\">\n                    <a href=\"https:\/\/www.entrearteycultura.es\/?eap_event=visita-a-la-catedral-ortodoxa-griega-y-a-la-iglesia-de-guadalupe-miercoles-28-de-mayo-1100h\">Read more<\/a>\n                <\/p>\n                        <\/main>\n    <\/div>\n<\/div>\n\n<div id=\"post-11210\" class=\"eap__event\">\n    <div class=\"eap__img\">\n        <img loading=\"lazy\" decoding=\"async\" width=\"567\" height=\"158\" src=\"https:\/\/www.entrearteycultura.es\/wp-content\/uploads\/2026\/04\/Imagen1-2.jpg\" class=\"attachment-post-thumbnail size-post-thumbnail wp-post-image\" alt=\"\" srcset=\"https:\/\/www.entrearteycultura.es\/wp-content\/uploads\/2026\/04\/Imagen1-2.jpg 567w, https:\/\/www.entrearteycultura.es\/wp-content\/uploads\/2026\/04\/Imagen1-2-300x84.jpg 300w\" sizes=\"(max-width: 567px) 100vw, 567px\" \/>    <\/div>\n\n    <div class=\"eap__content\">\n        <!-- header -->\n        <header class=\"eap__header\">\n            <h2 class=\"eap__title\"><a href=\"https:\/\/www.entrearteycultura.es\/?eap_event=visita-al-palacio-de-gaviria-y-a-la-exposicion-dali-infinito-jueves-4-de-junio-1800-h\" rel=\"bookmark\">VISITA AL PALACIO DE GAVIRIA Y A LA EXPOSICI\u00d3N DAL\u00cd INFINITO. Jueves 4 de junio, 18:00 h.<\/a><\/h2>\n            \n                <p class=\"eap__category\">\n                    Visitas                <\/p>\n                            \n<!-- event meta -->\n<p class=\"eap__meta\">\n            <span class=\"eap__date no-wrap\">\n            <span class=\"dashicons dashicons-calendar-alt\"><\/span> Thursday 4 June, 2026        <\/span>\n         |         <span class=\"eap__time no-wrap\">\n            <span class=\"dashicons dashicons-clock\"><\/span> 18:00         <\/span>\n        \n    <br>\n\n    <\/p>\n\n        <\/header>\n\n        <!-- main -->\n        <main class=\"eap__excerpt\">\n                            <p class=\"eap__more\">\n                    <a href=\"https:\/\/www.entrearteycultura.es\/?eap_event=visita-al-palacio-de-gaviria-y-a-la-exposicion-dali-infinito-jueves-4-de-junio-1800-h\">Read more<\/a>\n                <\/p>\n                        <\/main>\n    <\/div>\n<\/div>\n\n<div id=\"post-11214\" class=\"eap__event\">\n    <div class=\"eap__img\">\n        <img loading=\"lazy\" decoding=\"async\" width=\"567\" height=\"158\" src=\"https:\/\/www.entrearteycultura.es\/wp-content\/uploads\/2026\/04\/Imagen2-1.jpg\" class=\"attachment-post-thumbnail size-post-thumbnail wp-post-image\" alt=\"\" srcset=\"https:\/\/www.entrearteycultura.es\/wp-content\/uploads\/2026\/04\/Imagen2-1.jpg 567w, https:\/\/www.entrearteycultura.es\/wp-content\/uploads\/2026\/04\/Imagen2-1-300x84.jpg 300w\" sizes=\"(max-width: 567px) 100vw, 567px\" \/>    <\/div>\n\n    <div class=\"eap__content\">\n        <!-- header -->\n        <header class=\"eap__header\">\n            <h2 class=\"eap__title\"><a href=\"https:\/\/www.entrearteycultura.es\/?eap_event=el-retiro-historia-arte-y-secretos-en-el-corazon-de-madrid-sabado-6-junio-1130-h\" rel=\"bookmark\">EL RETIRO: HISTORIA, ARTE Y SECRETOS EN EL CORAZ\u00d3N DE MADRID. S\u00e1bado 6 junio, 11:30 h.<\/a><\/h2>\n            \n                <p class=\"eap__category\">\n                    Visitas                <\/p>\n                            \n<!-- event meta -->\n<p class=\"eap__meta\">\n            <span class=\"eap__date no-wrap\">\n            <span class=\"dashicons dashicons-calendar-alt\"><\/span> Saturday 6 June, 2026        <\/span>\n         |         <span class=\"eap__time no-wrap\">\n            <span class=\"dashicons dashicons-clock\"><\/span> 11:30         <\/span>\n        \n    <br>\n\n    <\/p>\n\n        <\/header>\n\n        <!-- main -->\n        <main class=\"eap__excerpt\">\n                            <p class=\"eap__more\">\n                    <a href=\"https:\/\/www.entrearteycultura.es\/?eap_event=el-retiro-historia-arte-y-secretos-en-el-corazon-de-madrid-sabado-6-junio-1130-h\">Read more<\/a>\n                <\/p>\n                        <\/main>\n    <\/div>\n<\/div>\n\n<div id=\"post-1140\" class=\"eap__event\">\n    <div class=\"eap__img\">\n        <img loading=\"lazy\" decoding=\"async\" width=\"567\" height=\"219\" src=\"https:\/\/www.entrearteycultura.es\/wp-content\/uploads\/2025\/07\/Imagen3.png\" class=\"attachment-post-thumbnail size-post-thumbnail wp-post-image\" alt=\"\" srcset=\"https:\/\/www.entrearteycultura.es\/wp-content\/uploads\/2025\/07\/Imagen3.png 567w, https:\/\/www.entrearteycultura.es\/wp-content\/uploads\/2025\/07\/Imagen3-300x116.png 300w, https:\/\/www.entrearteycultura.es\/wp-content\/uploads\/2025\/07\/Imagen3-155x60.png 155w\" sizes=\"(max-width: 567px) 100vw, 567px\" \/>    <\/div>\n\n    <div class=\"eap__content\">\n        <!-- header -->\n        <header class=\"eap__header\">\n            <h2 class=\"eap__title\"><a href=\"https:\/\/www.entrearteycultura.es\/?eap_event=openhague-esplendor-real-y-pasado-vikingo-de-dinamarca-del-viernes-7-al-martes-11-de-noviembre\" rel=\"bookmark\">COPENHAGUE:\u00a0ESPLENDOR REAL Y PASADO VIKINGO DE DINAMARCA. Del viernes 12 al martes 16 de junio. \u00a0<\/a><\/h2>\n            \n                <p class=\"eap__category\">\n                    viajes                <\/p>\n                            \n<!-- event meta -->\n<p class=\"eap__meta\">\n            <span class=\"eap__date no-wrap\">\n            <span class=\"dashicons dashicons-calendar-alt\"><\/span> Thursday 11 June, 2026        <\/span>\n         \u2013         <span class=\"eap__date no-wrap\">\n            <span class=\"dashicons dashicons-calendar-alt\"><\/span> Sunday 14 June, 2026        <\/span>\n        \n    <br>\n\n    <\/p>\n\n        <\/header>\n\n        <!-- main -->\n        <main class=\"eap__excerpt\">\n                            <p class=\"eap__more\">\n                    <a href=\"https:\/\/www.entrearteycultura.es\/?eap_event=openhague-esplendor-real-y-pasado-vikingo-de-dinamarca-del-viernes-7-al-martes-11-de-noviembre\">Read more<\/a>\n                <\/p>\n                        <\/main>\n    <\/div>\n<\/div>\n        <\/div>\n        <br>\n\n   <\/div>\n\t\t\t\t\t\t<\/div>\n\t\t\t\t<\/div>\n\t\t\t\t\t<\/div>\n\t\t<\/div>\n\t\t\t\t\t<\/div>\n\t\t<\/section>\n\t\t\t\t<section class=\"elementor-section elementor-top-section elementor-element elementor-element-47c6960 elementor-section-boxed elementor-section-height-default elementor-section-height-default\" data-id=\"47c6960\" data-element_type=\"section\" data-e-type=\"section\">\n\t\t\t\t\t\t<div class=\"elementor-container elementor-column-gap-default\">\n\t\t\t\t\t<div class=\"elementor-column elementor-col-100 elementor-top-column elementor-element elementor-element-d8e1552\" data-id=\"d8e1552\" data-element_type=\"column\" data-e-type=\"column\">\n\t\t\t<div class=\"elementor-widget-wrap elementor-element-populated\">\n\t\t\t\t\t\t<div class=\"elementor-element elementor-element-d06a2ab elementor-widget elementor-widget-text-editor\" data-id=\"d06a2ab\" data-element_type=\"widget\" data-e-type=\"widget\" data-widget_type=\"text-editor.default\">\n\t\t\t\t<div class=\"elementor-widget-container\">\n\t\t\t\t\t\t\t\t\t<div style=\"color: #222222; font-family: Arial, Helvetica, sans-serif; font-size: small;\">PRECIO para las visitas en Madrid:<\/div><div style=\"color: #222222; font-family: Arial, Helvetica, sans-serif; font-size: small;\">\u00a0<\/div><div style=\"color: #222222; font-family: Arial, Helvetica, sans-serif; font-size: small;\">Una \u00fanica visita: 30\u20ac.<\/div><div style=\"color: #222222; font-family: Arial, Helvetica, sans-serif; font-size: small;\">\u00a0<\/div><div style=\"color: #222222; font-family: Arial, Helvetica, sans-serif; font-size: small;\">\u00a0Ofrecemos bonos activos hasta julio 2023:\u00a0<\/div><div style=\"color: #222222; font-family: Arial, Helvetica, sans-serif; font-size: small;\"><div>&#8211; bono de 10 visitas\u00a0+ 2 gratis: 250\u20ac\u00a0<\/div><div>&#8211; bonos de 5 visitas\u00a0+ 1 gratis: 150\u20ac (que se pueden compartir con amigos).\u00a0<\/div><div>Con el bono se puede invitar a una o varias personas una primera vez. Para futuras ocasiones\u00a0 deber\u00e1 tener su propio bono.<\/div><div>Gastos\u00a0extras de actividades y entradas a los museos no incluidas<\/div><div>\u00a0<\/div><div>Solicitar datos para el pago por transferencia a\u00a0<a style=\"color: #1155cc;\" href=\"mailto:julieta@entrearteycultura.es\" target=\"_blank\" rel=\"noopener\">julieta@entrearteycultura.es<\/a><\/div><\/div>\t\t\t\t\t\t\t\t<\/div>\n\t\t\t\t<\/div>\n\t\t\t\t<div class=\"elementor-element elementor-element-ec67bc5 elementor-widget-divider--view-line elementor-widget elementor-widget-divider\" data-id=\"ec67bc5\" data-element_type=\"widget\" data-e-type=\"widget\" data-widget_type=\"divider.default\">\n\t\t\t\t<div class=\"elementor-widget-container\">\n\t\t\t\t\t\t\t<div class=\"elementor-divider\">\n\t\t\t<span class=\"elementor-divider-separator\">\n\t\t\t\t\t\t<\/span>\n\t\t<\/div>\n\t\t\t\t\t\t<\/div>\n\t\t\t\t<\/div>\n\t\t\t\t\t<\/div>\n\t\t<\/div>\n\t\t\t\t\t<\/div>\n\t\t<\/section>\n\t\t\t\t<\/div>\n\t\t","protected":false},"excerpt":{"rendered":"<p>Descubre nuestras pr\u00f3ximas actividades: PRECIO para las visitas en Madrid: Una \u00fanica visita: 30\u20ac. Ofrecemos bonos activos hasta diciembre 2024: &#8211; bono de 10 visitas + 2 gratis: 250\u20ac &#8211; bonos de 5 visitas + 1 gratis: 150\u20ac (que se pueden compartir con amigos). Con el bono se puede invitar a una o varias personas [&hellip;]<\/p>\n","protected":false},"author":1,"featured_media":0,"parent":0,"menu_order":0,"comment_status":"closed","ping_status":"closed","template":"","meta":{"footnotes":""},"class_list":["post-113","page","type-page","status-publish","hentry"],"yoast_head":"<!-- This site is optimized with the Yoast SEO plugin v27.5 - https:\/\/yoast.com\/product\/yoast-seo-wordpress\/ -->\n<title>Agenda - Entre Arte y cultura<\/title>\n<meta name=\"description\" content=\"Descubre los pr\u00f3ximos evento de Entre Arte.\" \/>\n<meta name=\"robots\" content=\"index, follow, max-snippet:-1, max-image-preview:large, max-video-preview:-1\" \/>\n<link rel=\"canonical\" href=\"https:\/\/www.entrearteycultura.es\/?page_id=113\" \/>\n<meta property=\"og:locale\" content=\"en_US\" \/>\n<meta property=\"og:type\" content=\"article\" \/>\n<meta property=\"og:title\" content=\"Agenda - Entre Arte y cultura\" \/>\n<meta property=\"og:description\" content=\"Descubre los pr\u00f3ximos evento de Entre Arte.\" \/>\n<meta property=\"og:url\" content=\"https:\/\/www.entrearteycultura.es\/?page_id=113\" \/>\n<meta property=\"og:site_name\" content=\"Entre Arte y cultura\" \/>\n<meta property=\"article:modified_time\" content=\"2024-09-03T09:41:07+00:00\" \/>\n<meta name=\"twitter:card\" content=\"summary_large_image\" \/>\n<meta name=\"twitter:label1\" content=\"Est. reading time\" \/>\n\t<meta name=\"twitter:data1\" content=\"1 minute\" \/>\n<script type=\"application\/ld+json\" class=\"yoast-schema-graph\">{\"@context\":\"https:\\\/\\\/schema.org\",\"@graph\":[{\"@type\":\"WebPage\",\"@id\":\"https:\\\/\\\/www.entrearteycultura.es\\\/?page_id=113\",\"url\":\"https:\\\/\\\/www.entrearteycultura.es\\\/?page_id=113\",\"name\":\"Agenda - Entre Arte y cultura\",\"isPartOf\":{\"@id\":\"https:\\\/\\\/www.entrearteycultura.es\\\/#website\"},\"datePublished\":\"2022-12-18T13:56:53+00:00\",\"dateModified\":\"2024-09-03T09:41:07+00:00\",\"description\":\"Descubre los pr\u00f3ximos evento de Entre Arte.\",\"breadcrumb\":{\"@id\":\"https:\\\/\\\/www.entrearteycultura.es\\\/?page_id=113#breadcrumb\"},\"inLanguage\":\"en-US\",\"potentialAction\":[{\"@type\":\"ReadAction\",\"target\":[\"https:\\\/\\\/www.entrearteycultura.es\\\/?page_id=113\"]}]},{\"@type\":\"BreadcrumbList\",\"@id\":\"https:\\\/\\\/www.entrearteycultura.es\\\/?page_id=113#breadcrumb\",\"itemListElement\":[{\"@type\":\"ListItem\",\"position\":1,\"name\":\"Portada\",\"item\":\"https:\\\/\\\/www.entrearteycultura.es\\\/\"},{\"@type\":\"ListItem\",\"position\":2,\"name\":\"Agenda\"}]},{\"@type\":\"WebSite\",\"@id\":\"https:\\\/\\\/www.entrearteycultura.es\\\/#website\",\"url\":\"https:\\\/\\\/www.entrearteycultura.es\\\/\",\"name\":\"Entre Arte y cultura\",\"description\":\"Viajes, eventos cuturales, conferencias y tertulias\",\"potentialAction\":[{\"@type\":\"SearchAction\",\"target\":{\"@type\":\"EntryPoint\",\"urlTemplate\":\"https:\\\/\\\/www.entrearteycultura.es\\\/?s={search_term_string}\"},\"query-input\":{\"@type\":\"PropertyValueSpecification\",\"valueRequired\":true,\"valueName\":\"search_term_string\"}}],\"inLanguage\":\"en-US\"}]}<\/script>\n<!-- \/ Yoast SEO plugin. -->","yoast_head_json":{"title":"Agenda - Entre Arte y cultura","description":"Descubre los pr\u00f3ximos evento de Entre Arte.","robots":{"index":"index","follow":"follow","max-snippet":"max-snippet:-1","max-image-preview":"max-image-preview:large","max-video-preview":"max-video-preview:-1"},"canonical":"https:\/\/www.entrearteycultura.es\/?page_id=113","og_locale":"en_US","og_type":"article","og_title":"Agenda - Entre Arte y cultura","og_description":"Descubre los pr\u00f3ximos evento de Entre Arte.","og_url":"https:\/\/www.entrearteycultura.es\/?page_id=113","og_site_name":"Entre Arte y cultura","article_modified_time":"2024-09-03T09:41:07+00:00","twitter_card":"summary_large_image","twitter_misc":{"Est. reading time":"1 minute"},"schema":{"@context":"https:\/\/schema.org","@graph":[{"@type":"WebPage","@id":"https:\/\/www.entrearteycultura.es\/?page_id=113","url":"https:\/\/www.entrearteycultura.es\/?page_id=113","name":"Agenda - Entre Arte y cultura","isPartOf":{"@id":"https:\/\/www.entrearteycultura.es\/#website"},"datePublished":"2022-12-18T13:56:53+00:00","dateModified":"2024-09-03T09:41:07+00:00","description":"Descubre los pr\u00f3ximos evento de Entre Arte.","breadcrumb":{"@id":"https:\/\/www.entrearteycultura.es\/?page_id=113#breadcrumb"},"inLanguage":"en-US","potentialAction":[{"@type":"ReadAction","target":["https:\/\/www.entrearteycultura.es\/?page_id=113"]}]},{"@type":"BreadcrumbList","@id":"https:\/\/www.entrearteycultura.es\/?page_id=113#breadcrumb","itemListElement":[{"@type":"ListItem","position":1,"name":"Portada","item":"https:\/\/www.entrearteycultura.es\/"},{"@type":"ListItem","position":2,"name":"Agenda"}]},{"@type":"WebSite","@id":"https:\/\/www.entrearteycultura.es\/#website","url":"https:\/\/www.entrearteycultura.es\/","name":"Entre Arte y cultura","description":"Viajes, eventos cuturales, conferencias y tertulias","potentialAction":[{"@type":"SearchAction","target":{"@type":"EntryPoint","urlTemplate":"https:\/\/www.entrearteycultura.es\/?s={search_term_string}"},"query-input":{"@type":"PropertyValueSpecification","valueRequired":true,"valueName":"search_term_string"}}],"inLanguage":"en-US"}]}},"_links":{"self":[{"href":"https:\/\/www.entrearteycultura.es\/index.php?rest_route=\/wp\/v2\/pages\/113","targetHints":{"allow":["GET"]}}],"collection":[{"href":"https:\/\/www.entrearteycultura.es\/index.php?rest_route=\/wp\/v2\/pages"}],"about":[{"href":"https:\/\/www.entrearteycultura.es\/index.php?rest_route=\/wp\/v2\/types\/page"}],"author":[{"embeddable":true,"href":"https:\/\/www.entrearteycultura.es\/index.php?rest_route=\/wp\/v2\/users\/1"}],"replies":[{"embeddable":true,"href":"https:\/\/www.entrearteycultura.es\/index.php?rest_route=%2Fwp%2Fv2%2Fcomments&post=113"}],"version-history":[{"count":4,"href":"https:\/\/www.entrearteycultura.es\/index.php?rest_route=\/wp\/v2\/pages\/113\/revisions"}],"predecessor-version":[{"id":903,"href":"https:\/\/www.entrearteycultura.es\/index.php?rest_route=\/wp\/v2\/pages\/113\/revisions\/903"}],"wp:attachment":[{"href":"https:\/\/www.entrearteycultura.es\/index.php?rest_route=%2Fwp%2Fv2%2Fmedia&parent=113"}],"curies":[{"name":"wp","href":"https:\/\/api.w.org\/{rel}","templated":true}]}}