{"id":935,"date":"2024-09-08T10:42:59","date_gmt":"2024-09-08T10:42:59","guid":{"rendered":"https:\/\/www.entrearteycultura.es\/?post_type=eap_event&#038;p=935"},"modified":"2024-10-09T13:54:35","modified_gmt":"2024-10-09T13:54:35","slug":"real-fabrica-de-tapices-jueves-3-de-octubre-1600h","status":"publish","type":"eap_event","link":"https:\/\/www.entrearteycultura.es\/?eap_event=real-fabrica-de-tapices-jueves-3-de-octubre-1600h","title":{"rendered":"REAL F\u00c1BRICA DE TAPICES.                                                                                   Lunes 7 de octubre, 16:00h."},"content":{"rendered":"\n<p>La Real F\u00e1brica de Tapices, fundada en 1721 y alojada en un edificio neomud\u00e9jar, se dedica a la producci\u00f3n artesanal de tapices, alfombras y reposteros, manteniendo las mismas t\u00e9cnicas artesanales que en sus comienzos. Podremos descubrir los secretos de las t\u00e9cnicas de las tejedoras, las modernas instalaciones para la limpieza, restauraci\u00f3n y almacenaje.<br>La Real F\u00e1brica expone tambi\u00e9n algunas de las piezas elaboradas en la propia manufactura, dise\u00f1adas por los pintores m\u00e1s importantes de la historia de la F\u00e1brica (Goya, Teniers, Juan Gris, P\u00e9rez Villalta, etc).&nbsp;<br>Cuenta tambi\u00e9n con un jard\u00edn hist\u00f3rico que conserva la mayor\u00eda de sus elementos originales. Tras ser remodelado, el jard\u00edn alberga una colecci\u00f3n de muestras de plantas tint\u00f3reas y especies vegetales utilizadas en la obtenci\u00f3n de fibras textiles como el algod\u00f3n o el lino.<\/p>\n","protected":false},"excerpt":{"rendered":"<p>La Real F\u00e1brica de Tapices, fundada en 1721 y alojada en un edificio neomud\u00e9jar, se dedica a la producci\u00f3n artesanal de tapices, alfombras y reposteros, manteniendo las mismas t\u00e9cnicas artesanales que en sus comienzos. Podremos descubrir los secretos de las t\u00e9cnicas de las tejedoras, las modernas instalaciones para la limpieza, restauraci\u00f3n y almacenaje.La Real F\u00e1brica [&hellip;]<\/p>\n","protected":false},"author":1,"featured_media":936,"comment_status":"open","ping_status":"closed","template":"","categories":[45],"class_list":["post-935","eap_event","type-eap_event","status-publish","has-post-thumbnail","hentry","category-eventos-pasados"],"yoast_head":"<!-- This site is optimized with the Yoast SEO plugin v27.5 - https:\/\/yoast.com\/product\/yoast-seo-wordpress\/ -->\n<title>REAL F\u00c1BRICA DE TAPICES.                                          Lunes 7 de octubre, 16:00h. - Entre Arte y cultura<\/title>\n<meta name=\"robots\" content=\"index, follow, max-snippet:-1, max-image-preview:large, max-video-preview:-1\" \/>\n<link rel=\"canonical\" href=\"https:\/\/www.entrearteycultura.es\/?eap_event=real-fabrica-de-tapices-jueves-3-de-octubre-1600h\" \/>\n<meta property=\"og:locale\" content=\"en_US\" \/>\n<meta property=\"og:type\" content=\"article\" \/>\n<meta property=\"og:title\" content=\"REAL F\u00c1BRICA DE TAPICES.                                          Lunes 7 de octubre, 16:00h. - Entre Arte y cultura\" \/>\n<meta property=\"og:description\" content=\"La Real F\u00e1brica de Tapices, fundada en 1721 y alojada en un edificio neomud\u00e9jar, se dedica a la producci\u00f3n artesanal de tapices, alfombras y reposteros, manteniendo las mismas t\u00e9cnicas artesanales que en sus comienzos. Podremos descubrir los secretos de las t\u00e9cnicas de las tejedoras, las modernas instalaciones para la limpieza, restauraci\u00f3n y almacenaje.La Real F\u00e1brica [&hellip;]\" \/>\n<meta property=\"og:url\" content=\"https:\/\/www.entrearteycultura.es\/?eap_event=real-fabrica-de-tapices-jueves-3-de-octubre-1600h\" \/>\n<meta property=\"og:site_name\" content=\"Entre Arte y cultura\" \/>\n<meta property=\"article:modified_time\" content=\"2024-10-09T13:54:35+00:00\" \/>\n<meta property=\"og:image\" content=\"https:\/\/www.entrearteycultura.es\/wp-content\/uploads\/2024\/09\/Imagen3.jpg\" \/>\n\t<meta property=\"og:image:width\" content=\"855\" \/>\n\t<meta property=\"og:image:height\" content=\"230\" \/>\n\t<meta property=\"og:image:type\" content=\"image\/jpeg\" \/>\n<meta name=\"twitter:card\" content=\"summary_large_image\" \/>\n<meta name=\"twitter:label1\" content=\"Est. reading time\" \/>\n\t<meta name=\"twitter:data1\" content=\"1 minute\" \/>\n<script type=\"application\/ld+json\" class=\"yoast-schema-graph\">{\"@context\":\"https:\\\/\\\/schema.org\",\"@graph\":[{\"@type\":\"WebPage\",\"@id\":\"https:\\\/\\\/www.entrearteycultura.es\\\/?eap_event=real-fabrica-de-tapices-jueves-3-de-octubre-1600h\",\"url\":\"https:\\\/\\\/www.entrearteycultura.es\\\/?eap_event=real-fabrica-de-tapices-jueves-3-de-octubre-1600h\",\"name\":\"REAL F\u00c1BRICA DE TAPICES. Lunes 7 de octubre, 16:00h. - Entre Arte y cultura\",\"isPartOf\":{\"@id\":\"https:\\\/\\\/www.entrearteycultura.es\\\/#website\"},\"primaryImageOfPage\":{\"@id\":\"https:\\\/\\\/www.entrearteycultura.es\\\/?eap_event=real-fabrica-de-tapices-jueves-3-de-octubre-1600h#primaryimage\"},\"image\":{\"@id\":\"https:\\\/\\\/www.entrearteycultura.es\\\/?eap_event=real-fabrica-de-tapices-jueves-3-de-octubre-1600h#primaryimage\"},\"thumbnailUrl\":\"https:\\\/\\\/www.entrearteycultura.es\\\/wp-content\\\/uploads\\\/2024\\\/09\\\/Imagen3.jpg\",\"datePublished\":\"2024-09-08T10:42:59+00:00\",\"dateModified\":\"2024-10-09T13:54:35+00:00\",\"breadcrumb\":{\"@id\":\"https:\\\/\\\/www.entrearteycultura.es\\\/?eap_event=real-fabrica-de-tapices-jueves-3-de-octubre-1600h#breadcrumb\"},\"inLanguage\":\"en-US\",\"potentialAction\":[{\"@type\":\"ReadAction\",\"target\":[\"https:\\\/\\\/www.entrearteycultura.es\\\/?eap_event=real-fabrica-de-tapices-jueves-3-de-octubre-1600h\"]}]},{\"@type\":\"ImageObject\",\"inLanguage\":\"en-US\",\"@id\":\"https:\\\/\\\/www.entrearteycultura.es\\\/?eap_event=real-fabrica-de-tapices-jueves-3-de-octubre-1600h#primaryimage\",\"url\":\"https:\\\/\\\/www.entrearteycultura.es\\\/wp-content\\\/uploads\\\/2024\\\/09\\\/Imagen3.jpg\",\"contentUrl\":\"https:\\\/\\\/www.entrearteycultura.es\\\/wp-content\\\/uploads\\\/2024\\\/09\\\/Imagen3.jpg\",\"width\":855,\"height\":230},{\"@type\":\"BreadcrumbList\",\"@id\":\"https:\\\/\\\/www.entrearteycultura.es\\\/?eap_event=real-fabrica-de-tapices-jueves-3-de-octubre-1600h#breadcrumb\",\"itemListElement\":[{\"@type\":\"ListItem\",\"position\":1,\"name\":\"Portada\",\"item\":\"https:\\\/\\\/www.entrearteycultura.es\\\/\"},{\"@type\":\"ListItem\",\"position\":2,\"name\":\"Events\",\"item\":\"https:\\\/\\\/www.entrearteycultura.es\\\/?post_type=eap_event\"},{\"@type\":\"ListItem\",\"position\":3,\"name\":\"REAL F\u00c1BRICA DE TAPICES. Lunes 7 de octubre, 16:00h.\"}]},{\"@type\":\"WebSite\",\"@id\":\"https:\\\/\\\/www.entrearteycultura.es\\\/#website\",\"url\":\"https:\\\/\\\/www.entrearteycultura.es\\\/\",\"name\":\"Entre Arte y cultura\",\"description\":\"Viajes, eventos cuturales, conferencias y tertulias\",\"potentialAction\":[{\"@type\":\"SearchAction\",\"target\":{\"@type\":\"EntryPoint\",\"urlTemplate\":\"https:\\\/\\\/www.entrearteycultura.es\\\/?s={search_term_string}\"},\"query-input\":{\"@type\":\"PropertyValueSpecification\",\"valueRequired\":true,\"valueName\":\"search_term_string\"}}],\"inLanguage\":\"en-US\"}]}<\/script>\n<!-- \/ Yoast SEO plugin. -->","yoast_head_json":{"title":"REAL F\u00c1BRICA DE TAPICES.                                          Lunes 7 de octubre, 16:00h. - Entre Arte y cultura","robots":{"index":"index","follow":"follow","max-snippet":"max-snippet:-1","max-image-preview":"max-image-preview:large","max-video-preview":"max-video-preview:-1"},"canonical":"https:\/\/www.entrearteycultura.es\/?eap_event=real-fabrica-de-tapices-jueves-3-de-octubre-1600h","og_locale":"en_US","og_type":"article","og_title":"REAL F\u00c1BRICA DE TAPICES.                                          Lunes 7 de octubre, 16:00h. - Entre Arte y cultura","og_description":"La Real F\u00e1brica de Tapices, fundada en 1721 y alojada en un edificio neomud\u00e9jar, se dedica a la producci\u00f3n artesanal de tapices, alfombras y reposteros, manteniendo las mismas t\u00e9cnicas artesanales que en sus comienzos. Podremos descubrir los secretos de las t\u00e9cnicas de las tejedoras, las modernas instalaciones para la limpieza, restauraci\u00f3n y almacenaje.La Real F\u00e1brica [&hellip;]","og_url":"https:\/\/www.entrearteycultura.es\/?eap_event=real-fabrica-de-tapices-jueves-3-de-octubre-1600h","og_site_name":"Entre Arte y cultura","article_modified_time":"2024-10-09T13:54:35+00:00","og_image":[{"width":855,"height":230,"url":"https:\/\/www.entrearteycultura.es\/wp-content\/uploads\/2024\/09\/Imagen3.jpg","type":"image\/jpeg"}],"twitter_card":"summary_large_image","twitter_misc":{"Est. reading time":"1 minute"},"schema":{"@context":"https:\/\/schema.org","@graph":[{"@type":"WebPage","@id":"https:\/\/www.entrearteycultura.es\/?eap_event=real-fabrica-de-tapices-jueves-3-de-octubre-1600h","url":"https:\/\/www.entrearteycultura.es\/?eap_event=real-fabrica-de-tapices-jueves-3-de-octubre-1600h","name":"REAL F\u00c1BRICA DE TAPICES. Lunes 7 de octubre, 16:00h. - Entre Arte y cultura","isPartOf":{"@id":"https:\/\/www.entrearteycultura.es\/#website"},"primaryImageOfPage":{"@id":"https:\/\/www.entrearteycultura.es\/?eap_event=real-fabrica-de-tapices-jueves-3-de-octubre-1600h#primaryimage"},"image":{"@id":"https:\/\/www.entrearteycultura.es\/?eap_event=real-fabrica-de-tapices-jueves-3-de-octubre-1600h#primaryimage"},"thumbnailUrl":"https:\/\/www.entrearteycultura.es\/wp-content\/uploads\/2024\/09\/Imagen3.jpg","datePublished":"2024-09-08T10:42:59+00:00","dateModified":"2024-10-09T13:54:35+00:00","breadcrumb":{"@id":"https:\/\/www.entrearteycultura.es\/?eap_event=real-fabrica-de-tapices-jueves-3-de-octubre-1600h#breadcrumb"},"inLanguage":"en-US","potentialAction":[{"@type":"ReadAction","target":["https:\/\/www.entrearteycultura.es\/?eap_event=real-fabrica-de-tapices-jueves-3-de-octubre-1600h"]}]},{"@type":"ImageObject","inLanguage":"en-US","@id":"https:\/\/www.entrearteycultura.es\/?eap_event=real-fabrica-de-tapices-jueves-3-de-octubre-1600h#primaryimage","url":"https:\/\/www.entrearteycultura.es\/wp-content\/uploads\/2024\/09\/Imagen3.jpg","contentUrl":"https:\/\/www.entrearteycultura.es\/wp-content\/uploads\/2024\/09\/Imagen3.jpg","width":855,"height":230},{"@type":"BreadcrumbList","@id":"https:\/\/www.entrearteycultura.es\/?eap_event=real-fabrica-de-tapices-jueves-3-de-octubre-1600h#breadcrumb","itemListElement":[{"@type":"ListItem","position":1,"name":"Portada","item":"https:\/\/www.entrearteycultura.es\/"},{"@type":"ListItem","position":2,"name":"Events","item":"https:\/\/www.entrearteycultura.es\/?post_type=eap_event"},{"@type":"ListItem","position":3,"name":"REAL F\u00c1BRICA DE TAPICES. Lunes 7 de octubre, 16:00h."}]},{"@type":"WebSite","@id":"https:\/\/www.entrearteycultura.es\/#website","url":"https:\/\/www.entrearteycultura.es\/","name":"Entre Arte y cultura","description":"Viajes, eventos cuturales, conferencias y tertulias","potentialAction":[{"@type":"SearchAction","target":{"@type":"EntryPoint","urlTemplate":"https:\/\/www.entrearteycultura.es\/?s={search_term_string}"},"query-input":{"@type":"PropertyValueSpecification","valueRequired":true,"valueName":"search_term_string"}}],"inLanguage":"en-US"}]}},"_links":{"self":[{"href":"https:\/\/www.entrearteycultura.es\/index.php?rest_route=\/wp\/v2\/eap_event\/935","targetHints":{"allow":["GET"]}}],"collection":[{"href":"https:\/\/www.entrearteycultura.es\/index.php?rest_route=\/wp\/v2\/eap_event"}],"about":[{"href":"https:\/\/www.entrearteycultura.es\/index.php?rest_route=\/wp\/v2\/types\/eap_event"}],"author":[{"embeddable":true,"href":"https:\/\/www.entrearteycultura.es\/index.php?rest_route=\/wp\/v2\/users\/1"}],"replies":[{"embeddable":true,"href":"https:\/\/www.entrearteycultura.es\/index.php?rest_route=%2Fwp%2Fv2%2Fcomments&post=935"}],"version-history":[{"count":4,"href":"https:\/\/www.entrearteycultura.es\/index.php?rest_route=\/wp\/v2\/eap_event\/935\/revisions"}],"predecessor-version":[{"id":979,"href":"https:\/\/www.entrearteycultura.es\/index.php?rest_route=\/wp\/v2\/eap_event\/935\/revisions\/979"}],"wp:featuredmedia":[{"embeddable":true,"href":"https:\/\/www.entrearteycultura.es\/index.php?rest_route=\/wp\/v2\/media\/936"}],"wp:attachment":[{"href":"https:\/\/www.entrearteycultura.es\/index.php?rest_route=%2Fwp%2Fv2%2Fmedia&parent=935"}],"wp:term":[{"taxonomy":"category","embeddable":true,"href":"https:\/\/www.entrearteycultura.es\/index.php?rest_route=%2Fwp%2Fv2%2Fcategories&post=935"}],"curies":[{"name":"wp","href":"https:\/\/api.w.org\/{rel}","templated":true}]}}