{"id":855,"date":"2024-05-07T12:42:45","date_gmt":"2024-05-07T12:42:45","guid":{"rendered":"https:\/\/www.entrearteycultura.es\/?post_type=eap_event&#038;p=855"},"modified":"2024-05-27T11:06:05","modified_gmt":"2024-05-27T11:06:05","slug":"recorrido-de-galerias-de-arte-doctor-fourquet","status":"publish","type":"eap_event","link":"https:\/\/www.entrearteycultura.es\/?eap_event=recorrido-de-galerias-de-arte-doctor-fourquet","title":{"rendered":"Recorrido de galer\u00edas de arte: Doctor Fourquet"},"content":{"rendered":"\n<p>En el barrio de Lavapi\u00e9s, detr\u00e1s del museo Reina Sof\u00eda, se asientan un buen n\u00famero de importantes galer\u00edas de arte que exponen tanto artistas consagrados como j\u00f3venes promesas. Haremos un recorrido visitando las exposiciones m\u00e1s interesantes para descubrir nuevos espacios y artistas.<\/p>\n","protected":false},"excerpt":{"rendered":"<p>En el barrio de Lavapi\u00e9s, detr\u00e1s del museo Reina Sof\u00eda, se asientan un buen n\u00famero de importantes galer\u00edas de arte que exponen tanto artistas consagrados como j\u00f3venes promesas. Haremos un recorrido visitando las exposiciones m\u00e1s interesantes para descubrir nuevos espacios y artistas.<\/p>\n","protected":false},"author":1,"featured_media":856,"comment_status":"open","ping_status":"closed","template":"","categories":[45],"class_list":["post-855","eap_event","type-eap_event","status-publish","has-post-thumbnail","hentry","category-eventos-pasados"],"yoast_head":"<!-- This site is optimized with the Yoast SEO plugin v27.5 - https:\/\/yoast.com\/product\/yoast-seo-wordpress\/ -->\n<title>Recorrido de galer\u00edas de arte: Doctor Fourquet - Entre Arte y cultura<\/title>\n<meta name=\"robots\" content=\"index, follow, max-snippet:-1, max-image-preview:large, max-video-preview:-1\" \/>\n<link rel=\"canonical\" href=\"https:\/\/www.entrearteycultura.es\/?eap_event=recorrido-de-galerias-de-arte-doctor-fourquet\" \/>\n<meta property=\"og:locale\" content=\"en_US\" \/>\n<meta property=\"og:type\" content=\"article\" \/>\n<meta property=\"og:title\" content=\"Recorrido de galer\u00edas de arte: Doctor Fourquet - Entre Arte y cultura\" \/>\n<meta property=\"og:description\" content=\"En el barrio de Lavapi\u00e9s, detr\u00e1s del museo Reina Sof\u00eda, se asientan un buen n\u00famero de importantes galer\u00edas de arte que exponen tanto artistas consagrados como j\u00f3venes promesas. Haremos un recorrido visitando las exposiciones m\u00e1s interesantes para descubrir nuevos espacios y artistas.\" \/>\n<meta property=\"og:url\" content=\"https:\/\/www.entrearteycultura.es\/?eap_event=recorrido-de-galerias-de-arte-doctor-fourquet\" \/>\n<meta property=\"og:site_name\" content=\"Entre Arte y cultura\" \/>\n<meta property=\"article:modified_time\" content=\"2024-05-27T11:06:05+00:00\" \/>\n<meta property=\"og:image\" content=\"https:\/\/www.entrearteycultura.es\/wp-content\/uploads\/2024\/05\/unnamed-1.jpg\" \/>\n\t<meta property=\"og:image:width\" content=\"650\" \/>\n\t<meta property=\"og:image:height\" content=\"255\" \/>\n\t<meta property=\"og:image:type\" content=\"image\/jpeg\" \/>\n<meta name=\"twitter:card\" content=\"summary_large_image\" \/>\n<script type=\"application\/ld+json\" class=\"yoast-schema-graph\">{\"@context\":\"https:\\\/\\\/schema.org\",\"@graph\":[{\"@type\":\"WebPage\",\"@id\":\"https:\\\/\\\/www.entrearteycultura.es\\\/?eap_event=recorrido-de-galerias-de-arte-doctor-fourquet\",\"url\":\"https:\\\/\\\/www.entrearteycultura.es\\\/?eap_event=recorrido-de-galerias-de-arte-doctor-fourquet\",\"name\":\"Recorrido de galer\u00edas de arte: Doctor Fourquet - Entre Arte y cultura\",\"isPartOf\":{\"@id\":\"https:\\\/\\\/www.entrearteycultura.es\\\/#website\"},\"primaryImageOfPage\":{\"@id\":\"https:\\\/\\\/www.entrearteycultura.es\\\/?eap_event=recorrido-de-galerias-de-arte-doctor-fourquet#primaryimage\"},\"image\":{\"@id\":\"https:\\\/\\\/www.entrearteycultura.es\\\/?eap_event=recorrido-de-galerias-de-arte-doctor-fourquet#primaryimage\"},\"thumbnailUrl\":\"https:\\\/\\\/www.entrearteycultura.es\\\/wp-content\\\/uploads\\\/2024\\\/05\\\/unnamed-1.jpg\",\"datePublished\":\"2024-05-07T12:42:45+00:00\",\"dateModified\":\"2024-05-27T11:06:05+00:00\",\"breadcrumb\":{\"@id\":\"https:\\\/\\\/www.entrearteycultura.es\\\/?eap_event=recorrido-de-galerias-de-arte-doctor-fourquet#breadcrumb\"},\"inLanguage\":\"en-US\",\"potentialAction\":[{\"@type\":\"ReadAction\",\"target\":[\"https:\\\/\\\/www.entrearteycultura.es\\\/?eap_event=recorrido-de-galerias-de-arte-doctor-fourquet\"]}]},{\"@type\":\"ImageObject\",\"inLanguage\":\"en-US\",\"@id\":\"https:\\\/\\\/www.entrearteycultura.es\\\/?eap_event=recorrido-de-galerias-de-arte-doctor-fourquet#primaryimage\",\"url\":\"https:\\\/\\\/www.entrearteycultura.es\\\/wp-content\\\/uploads\\\/2024\\\/05\\\/unnamed-1.jpg\",\"contentUrl\":\"https:\\\/\\\/www.entrearteycultura.es\\\/wp-content\\\/uploads\\\/2024\\\/05\\\/unnamed-1.jpg\",\"width\":650,\"height\":255},{\"@type\":\"BreadcrumbList\",\"@id\":\"https:\\\/\\\/www.entrearteycultura.es\\\/?eap_event=recorrido-de-galerias-de-arte-doctor-fourquet#breadcrumb\",\"itemListElement\":[{\"@type\":\"ListItem\",\"position\":1,\"name\":\"Portada\",\"item\":\"https:\\\/\\\/www.entrearteycultura.es\\\/\"},{\"@type\":\"ListItem\",\"position\":2,\"name\":\"Events\",\"item\":\"https:\\\/\\\/www.entrearteycultura.es\\\/?post_type=eap_event\"},{\"@type\":\"ListItem\",\"position\":3,\"name\":\"Recorrido de galer\u00edas de arte: Doctor Fourquet\"}]},{\"@type\":\"WebSite\",\"@id\":\"https:\\\/\\\/www.entrearteycultura.es\\\/#website\",\"url\":\"https:\\\/\\\/www.entrearteycultura.es\\\/\",\"name\":\"Entre Arte y cultura\",\"description\":\"Viajes, eventos cuturales, conferencias y tertulias\",\"potentialAction\":[{\"@type\":\"SearchAction\",\"target\":{\"@type\":\"EntryPoint\",\"urlTemplate\":\"https:\\\/\\\/www.entrearteycultura.es\\\/?s={search_term_string}\"},\"query-input\":{\"@type\":\"PropertyValueSpecification\",\"valueRequired\":true,\"valueName\":\"search_term_string\"}}],\"inLanguage\":\"en-US\"}]}<\/script>\n<!-- \/ Yoast SEO plugin. -->","yoast_head_json":{"title":"Recorrido de galer\u00edas de arte: Doctor Fourquet - Entre Arte y cultura","robots":{"index":"index","follow":"follow","max-snippet":"max-snippet:-1","max-image-preview":"max-image-preview:large","max-video-preview":"max-video-preview:-1"},"canonical":"https:\/\/www.entrearteycultura.es\/?eap_event=recorrido-de-galerias-de-arte-doctor-fourquet","og_locale":"en_US","og_type":"article","og_title":"Recorrido de galer\u00edas de arte: Doctor Fourquet - Entre Arte y cultura","og_description":"En el barrio de Lavapi\u00e9s, detr\u00e1s del museo Reina Sof\u00eda, se asientan un buen n\u00famero de importantes galer\u00edas de arte que exponen tanto artistas consagrados como j\u00f3venes promesas. Haremos un recorrido visitando las exposiciones m\u00e1s interesantes para descubrir nuevos espacios y artistas.","og_url":"https:\/\/www.entrearteycultura.es\/?eap_event=recorrido-de-galerias-de-arte-doctor-fourquet","og_site_name":"Entre Arte y cultura","article_modified_time":"2024-05-27T11:06:05+00:00","og_image":[{"width":650,"height":255,"url":"https:\/\/www.entrearteycultura.es\/wp-content\/uploads\/2024\/05\/unnamed-1.jpg","type":"image\/jpeg"}],"twitter_card":"summary_large_image","schema":{"@context":"https:\/\/schema.org","@graph":[{"@type":"WebPage","@id":"https:\/\/www.entrearteycultura.es\/?eap_event=recorrido-de-galerias-de-arte-doctor-fourquet","url":"https:\/\/www.entrearteycultura.es\/?eap_event=recorrido-de-galerias-de-arte-doctor-fourquet","name":"Recorrido de galer\u00edas de arte: Doctor Fourquet - Entre Arte y cultura","isPartOf":{"@id":"https:\/\/www.entrearteycultura.es\/#website"},"primaryImageOfPage":{"@id":"https:\/\/www.entrearteycultura.es\/?eap_event=recorrido-de-galerias-de-arte-doctor-fourquet#primaryimage"},"image":{"@id":"https:\/\/www.entrearteycultura.es\/?eap_event=recorrido-de-galerias-de-arte-doctor-fourquet#primaryimage"},"thumbnailUrl":"https:\/\/www.entrearteycultura.es\/wp-content\/uploads\/2024\/05\/unnamed-1.jpg","datePublished":"2024-05-07T12:42:45+00:00","dateModified":"2024-05-27T11:06:05+00:00","breadcrumb":{"@id":"https:\/\/www.entrearteycultura.es\/?eap_event=recorrido-de-galerias-de-arte-doctor-fourquet#breadcrumb"},"inLanguage":"en-US","potentialAction":[{"@type":"ReadAction","target":["https:\/\/www.entrearteycultura.es\/?eap_event=recorrido-de-galerias-de-arte-doctor-fourquet"]}]},{"@type":"ImageObject","inLanguage":"en-US","@id":"https:\/\/www.entrearteycultura.es\/?eap_event=recorrido-de-galerias-de-arte-doctor-fourquet#primaryimage","url":"https:\/\/www.entrearteycultura.es\/wp-content\/uploads\/2024\/05\/unnamed-1.jpg","contentUrl":"https:\/\/www.entrearteycultura.es\/wp-content\/uploads\/2024\/05\/unnamed-1.jpg","width":650,"height":255},{"@type":"BreadcrumbList","@id":"https:\/\/www.entrearteycultura.es\/?eap_event=recorrido-de-galerias-de-arte-doctor-fourquet#breadcrumb","itemListElement":[{"@type":"ListItem","position":1,"name":"Portada","item":"https:\/\/www.entrearteycultura.es\/"},{"@type":"ListItem","position":2,"name":"Events","item":"https:\/\/www.entrearteycultura.es\/?post_type=eap_event"},{"@type":"ListItem","position":3,"name":"Recorrido de galer\u00edas de arte: Doctor Fourquet"}]},{"@type":"WebSite","@id":"https:\/\/www.entrearteycultura.es\/#website","url":"https:\/\/www.entrearteycultura.es\/","name":"Entre Arte y cultura","description":"Viajes, eventos cuturales, conferencias y tertulias","potentialAction":[{"@type":"SearchAction","target":{"@type":"EntryPoint","urlTemplate":"https:\/\/www.entrearteycultura.es\/?s={search_term_string}"},"query-input":{"@type":"PropertyValueSpecification","valueRequired":true,"valueName":"search_term_string"}}],"inLanguage":"en-US"}]}},"_links":{"self":[{"href":"https:\/\/www.entrearteycultura.es\/index.php?rest_route=\/wp\/v2\/eap_event\/855","targetHints":{"allow":["GET"]}}],"collection":[{"href":"https:\/\/www.entrearteycultura.es\/index.php?rest_route=\/wp\/v2\/eap_event"}],"about":[{"href":"https:\/\/www.entrearteycultura.es\/index.php?rest_route=\/wp\/v2\/types\/eap_event"}],"author":[{"embeddable":true,"href":"https:\/\/www.entrearteycultura.es\/index.php?rest_route=\/wp\/v2\/users\/1"}],"replies":[{"embeddable":true,"href":"https:\/\/www.entrearteycultura.es\/index.php?rest_route=%2Fwp%2Fv2%2Fcomments&post=855"}],"version-history":[{"count":1,"href":"https:\/\/www.entrearteycultura.es\/index.php?rest_route=\/wp\/v2\/eap_event\/855\/revisions"}],"predecessor-version":[{"id":857,"href":"https:\/\/www.entrearteycultura.es\/index.php?rest_route=\/wp\/v2\/eap_event\/855\/revisions\/857"}],"wp:featuredmedia":[{"embeddable":true,"href":"https:\/\/www.entrearteycultura.es\/index.php?rest_route=\/wp\/v2\/media\/856"}],"wp:attachment":[{"href":"https:\/\/www.entrearteycultura.es\/index.php?rest_route=%2Fwp%2Fv2%2Fmedia&parent=855"}],"wp:term":[{"taxonomy":"category","embeddable":true,"href":"https:\/\/www.entrearteycultura.es\/index.php?rest_route=%2Fwp%2Fv2%2Fcategories&post=855"}],"curies":[{"name":"wp","href":"https:\/\/api.w.org\/{rel}","templated":true}]}}