{"id":814,"date":"2024-03-21T11:37:58","date_gmt":"2024-03-21T11:37:58","guid":{"rendered":"https:\/\/www.entrearteycultura.es\/?post_type=eap_event&#038;p=814"},"modified":"2024-04-22T11:58:18","modified_gmt":"2024-04-22T11:58:18","slug":"recital-lirico-de-zarzuela-en-capilla-privada-en-tendilla-guadalajara","status":"publish","type":"eap_event","link":"https:\/\/www.entrearteycultura.es\/?eap_event=recital-lirico-de-zarzuela-en-capilla-privada-en-tendilla-guadalajara","title":{"rendered":"Recital L\u00edrico de Zarzuela en capilla privada en Tendilla (Guadalajara)"},"content":{"rendered":"\n<p>Recital l\u00edrico de zarzuela con la participaci\u00f3n de <strong>soprano, bar\u00edtono y pianista<\/strong> de la <strong>Compa\u00f1\u00eda L\u00edrica de Mar\u00eda Rodr\u00edguez<\/strong>, que interpretar\u00e1 arias, duetos y solos de piano de las m\u00e1s famosas zarzuelas espa\u00f1olas.<br>La iglesia del\u00a0<strong>palacio L\u00f3pez de Cogolludo, de propiedad privada<\/strong>\u00a0y adosada al palacio barroco del siglo XVIII cuenta con profusi\u00f3n de estucos en nave y c\u00fapula central. \u00a0Tanto la iglesia como el palacio con su jard\u00edn y patio sido magn\u00edficamente recuperados.<br>Tendilla se encuentra a 80 km de Madrid.<\/p>\n","protected":false},"excerpt":{"rendered":"<p>Recital l\u00edrico de zarzuela con la participaci\u00f3n de soprano, bar\u00edtono y pianista de la Compa\u00f1\u00eda L\u00edrica de Mar\u00eda Rodr\u00edguez, que interpretar\u00e1 arias, duetos y solos de piano de las m\u00e1s famosas zarzuelas espa\u00f1olas.La iglesia del\u00a0palacio L\u00f3pez de Cogolludo, de propiedad privada\u00a0y adosada al palacio barroco del siglo XVIII cuenta con profusi\u00f3n de estucos en nave [&hellip;]<\/p>\n","protected":false},"author":1,"featured_media":815,"comment_status":"open","ping_status":"closed","template":"","categories":[45],"class_list":["post-814","eap_event","type-eap_event","status-publish","has-post-thumbnail","hentry","category-eventos-pasados"],"yoast_head":"<!-- This site is optimized with the Yoast SEO plugin v27.5 - https:\/\/yoast.com\/product\/yoast-seo-wordpress\/ -->\n<title>Recital L\u00edrico de Zarzuela en capilla privada en Tendilla (Guadalajara) - Entre Arte y cultura<\/title>\n<meta name=\"robots\" content=\"index, follow, max-snippet:-1, max-image-preview:large, max-video-preview:-1\" \/>\n<link rel=\"canonical\" href=\"https:\/\/www.entrearteycultura.es\/?eap_event=recital-lirico-de-zarzuela-en-capilla-privada-en-tendilla-guadalajara\" \/>\n<meta property=\"og:locale\" content=\"en_US\" \/>\n<meta property=\"og:type\" content=\"article\" \/>\n<meta property=\"og:title\" content=\"Recital L\u00edrico de Zarzuela en capilla privada en Tendilla (Guadalajara) - Entre Arte y cultura\" \/>\n<meta property=\"og:description\" content=\"Recital l\u00edrico de zarzuela con la participaci\u00f3n de soprano, bar\u00edtono y pianista de la Compa\u00f1\u00eda L\u00edrica de Mar\u00eda Rodr\u00edguez, que interpretar\u00e1 arias, duetos y solos de piano de las m\u00e1s famosas zarzuelas espa\u00f1olas.La iglesia del\u00a0palacio L\u00f3pez de Cogolludo, de propiedad privada\u00a0y adosada al palacio barroco del siglo XVIII cuenta con profusi\u00f3n de estucos en nave [&hellip;]\" \/>\n<meta property=\"og:url\" content=\"https:\/\/www.entrearteycultura.es\/?eap_event=recital-lirico-de-zarzuela-en-capilla-privada-en-tendilla-guadalajara\" \/>\n<meta property=\"og:site_name\" content=\"Entre Arte y cultura\" \/>\n<meta property=\"article:modified_time\" content=\"2024-04-22T11:58:18+00:00\" \/>\n<meta property=\"og:image\" content=\"https:\/\/www.entrearteycultura.es\/wp-content\/uploads\/2024\/03\/iglesia-tendilla.png\" \/>\n\t<meta property=\"og:image:width\" content=\"940\" \/>\n\t<meta property=\"og:image:height\" content=\"406\" \/>\n\t<meta property=\"og:image:type\" content=\"image\/png\" \/>\n<meta name=\"twitter:card\" content=\"summary_large_image\" \/>\n<script type=\"application\/ld+json\" class=\"yoast-schema-graph\">{\"@context\":\"https:\\\/\\\/schema.org\",\"@graph\":[{\"@type\":\"WebPage\",\"@id\":\"https:\\\/\\\/www.entrearteycultura.es\\\/?eap_event=recital-lirico-de-zarzuela-en-capilla-privada-en-tendilla-guadalajara\",\"url\":\"https:\\\/\\\/www.entrearteycultura.es\\\/?eap_event=recital-lirico-de-zarzuela-en-capilla-privada-en-tendilla-guadalajara\",\"name\":\"Recital L\u00edrico de Zarzuela en capilla privada en Tendilla (Guadalajara) - Entre Arte y cultura\",\"isPartOf\":{\"@id\":\"https:\\\/\\\/www.entrearteycultura.es\\\/#website\"},\"primaryImageOfPage\":{\"@id\":\"https:\\\/\\\/www.entrearteycultura.es\\\/?eap_event=recital-lirico-de-zarzuela-en-capilla-privada-en-tendilla-guadalajara#primaryimage\"},\"image\":{\"@id\":\"https:\\\/\\\/www.entrearteycultura.es\\\/?eap_event=recital-lirico-de-zarzuela-en-capilla-privada-en-tendilla-guadalajara#primaryimage\"},\"thumbnailUrl\":\"https:\\\/\\\/www.entrearteycultura.es\\\/wp-content\\\/uploads\\\/2024\\\/03\\\/iglesia-tendilla.png\",\"datePublished\":\"2024-03-21T11:37:58+00:00\",\"dateModified\":\"2024-04-22T11:58:18+00:00\",\"breadcrumb\":{\"@id\":\"https:\\\/\\\/www.entrearteycultura.es\\\/?eap_event=recital-lirico-de-zarzuela-en-capilla-privada-en-tendilla-guadalajara#breadcrumb\"},\"inLanguage\":\"en-US\",\"potentialAction\":[{\"@type\":\"ReadAction\",\"target\":[\"https:\\\/\\\/www.entrearteycultura.es\\\/?eap_event=recital-lirico-de-zarzuela-en-capilla-privada-en-tendilla-guadalajara\"]}]},{\"@type\":\"ImageObject\",\"inLanguage\":\"en-US\",\"@id\":\"https:\\\/\\\/www.entrearteycultura.es\\\/?eap_event=recital-lirico-de-zarzuela-en-capilla-privada-en-tendilla-guadalajara#primaryimage\",\"url\":\"https:\\\/\\\/www.entrearteycultura.es\\\/wp-content\\\/uploads\\\/2024\\\/03\\\/iglesia-tendilla.png\",\"contentUrl\":\"https:\\\/\\\/www.entrearteycultura.es\\\/wp-content\\\/uploads\\\/2024\\\/03\\\/iglesia-tendilla.png\",\"width\":940,\"height\":406},{\"@type\":\"BreadcrumbList\",\"@id\":\"https:\\\/\\\/www.entrearteycultura.es\\\/?eap_event=recital-lirico-de-zarzuela-en-capilla-privada-en-tendilla-guadalajara#breadcrumb\",\"itemListElement\":[{\"@type\":\"ListItem\",\"position\":1,\"name\":\"Portada\",\"item\":\"https:\\\/\\\/www.entrearteycultura.es\\\/\"},{\"@type\":\"ListItem\",\"position\":2,\"name\":\"Events\",\"item\":\"https:\\\/\\\/www.entrearteycultura.es\\\/?post_type=eap_event\"},{\"@type\":\"ListItem\",\"position\":3,\"name\":\"Recital L\u00edrico de Zarzuela en capilla privada en Tendilla (Guadalajara)\"}]},{\"@type\":\"WebSite\",\"@id\":\"https:\\\/\\\/www.entrearteycultura.es\\\/#website\",\"url\":\"https:\\\/\\\/www.entrearteycultura.es\\\/\",\"name\":\"Entre Arte y cultura\",\"description\":\"Viajes, eventos cuturales, conferencias y tertulias\",\"potentialAction\":[{\"@type\":\"SearchAction\",\"target\":{\"@type\":\"EntryPoint\",\"urlTemplate\":\"https:\\\/\\\/www.entrearteycultura.es\\\/?s={search_term_string}\"},\"query-input\":{\"@type\":\"PropertyValueSpecification\",\"valueRequired\":true,\"valueName\":\"search_term_string\"}}],\"inLanguage\":\"en-US\"}]}<\/script>\n<!-- \/ Yoast SEO plugin. -->","yoast_head_json":{"title":"Recital L\u00edrico de Zarzuela en capilla privada en Tendilla (Guadalajara) - Entre Arte y cultura","robots":{"index":"index","follow":"follow","max-snippet":"max-snippet:-1","max-image-preview":"max-image-preview:large","max-video-preview":"max-video-preview:-1"},"canonical":"https:\/\/www.entrearteycultura.es\/?eap_event=recital-lirico-de-zarzuela-en-capilla-privada-en-tendilla-guadalajara","og_locale":"en_US","og_type":"article","og_title":"Recital L\u00edrico de Zarzuela en capilla privada en Tendilla (Guadalajara) - Entre Arte y cultura","og_description":"Recital l\u00edrico de zarzuela con la participaci\u00f3n de soprano, bar\u00edtono y pianista de la Compa\u00f1\u00eda L\u00edrica de Mar\u00eda Rodr\u00edguez, que interpretar\u00e1 arias, duetos y solos de piano de las m\u00e1s famosas zarzuelas espa\u00f1olas.La iglesia del\u00a0palacio L\u00f3pez de Cogolludo, de propiedad privada\u00a0y adosada al palacio barroco del siglo XVIII cuenta con profusi\u00f3n de estucos en nave [&hellip;]","og_url":"https:\/\/www.entrearteycultura.es\/?eap_event=recital-lirico-de-zarzuela-en-capilla-privada-en-tendilla-guadalajara","og_site_name":"Entre Arte y cultura","article_modified_time":"2024-04-22T11:58:18+00:00","og_image":[{"width":940,"height":406,"url":"https:\/\/www.entrearteycultura.es\/wp-content\/uploads\/2024\/03\/iglesia-tendilla.png","type":"image\/png"}],"twitter_card":"summary_large_image","schema":{"@context":"https:\/\/schema.org","@graph":[{"@type":"WebPage","@id":"https:\/\/www.entrearteycultura.es\/?eap_event=recital-lirico-de-zarzuela-en-capilla-privada-en-tendilla-guadalajara","url":"https:\/\/www.entrearteycultura.es\/?eap_event=recital-lirico-de-zarzuela-en-capilla-privada-en-tendilla-guadalajara","name":"Recital L\u00edrico de Zarzuela en capilla privada en Tendilla (Guadalajara) - Entre Arte y cultura","isPartOf":{"@id":"https:\/\/www.entrearteycultura.es\/#website"},"primaryImageOfPage":{"@id":"https:\/\/www.entrearteycultura.es\/?eap_event=recital-lirico-de-zarzuela-en-capilla-privada-en-tendilla-guadalajara#primaryimage"},"image":{"@id":"https:\/\/www.entrearteycultura.es\/?eap_event=recital-lirico-de-zarzuela-en-capilla-privada-en-tendilla-guadalajara#primaryimage"},"thumbnailUrl":"https:\/\/www.entrearteycultura.es\/wp-content\/uploads\/2024\/03\/iglesia-tendilla.png","datePublished":"2024-03-21T11:37:58+00:00","dateModified":"2024-04-22T11:58:18+00:00","breadcrumb":{"@id":"https:\/\/www.entrearteycultura.es\/?eap_event=recital-lirico-de-zarzuela-en-capilla-privada-en-tendilla-guadalajara#breadcrumb"},"inLanguage":"en-US","potentialAction":[{"@type":"ReadAction","target":["https:\/\/www.entrearteycultura.es\/?eap_event=recital-lirico-de-zarzuela-en-capilla-privada-en-tendilla-guadalajara"]}]},{"@type":"ImageObject","inLanguage":"en-US","@id":"https:\/\/www.entrearteycultura.es\/?eap_event=recital-lirico-de-zarzuela-en-capilla-privada-en-tendilla-guadalajara#primaryimage","url":"https:\/\/www.entrearteycultura.es\/wp-content\/uploads\/2024\/03\/iglesia-tendilla.png","contentUrl":"https:\/\/www.entrearteycultura.es\/wp-content\/uploads\/2024\/03\/iglesia-tendilla.png","width":940,"height":406},{"@type":"BreadcrumbList","@id":"https:\/\/www.entrearteycultura.es\/?eap_event=recital-lirico-de-zarzuela-en-capilla-privada-en-tendilla-guadalajara#breadcrumb","itemListElement":[{"@type":"ListItem","position":1,"name":"Portada","item":"https:\/\/www.entrearteycultura.es\/"},{"@type":"ListItem","position":2,"name":"Events","item":"https:\/\/www.entrearteycultura.es\/?post_type=eap_event"},{"@type":"ListItem","position":3,"name":"Recital L\u00edrico de Zarzuela en capilla privada en Tendilla (Guadalajara)"}]},{"@type":"WebSite","@id":"https:\/\/www.entrearteycultura.es\/#website","url":"https:\/\/www.entrearteycultura.es\/","name":"Entre Arte y cultura","description":"Viajes, eventos cuturales, conferencias y tertulias","potentialAction":[{"@type":"SearchAction","target":{"@type":"EntryPoint","urlTemplate":"https:\/\/www.entrearteycultura.es\/?s={search_term_string}"},"query-input":{"@type":"PropertyValueSpecification","valueRequired":true,"valueName":"search_term_string"}}],"inLanguage":"en-US"}]}},"_links":{"self":[{"href":"https:\/\/www.entrearteycultura.es\/index.php?rest_route=\/wp\/v2\/eap_event\/814","targetHints":{"allow":["GET"]}}],"collection":[{"href":"https:\/\/www.entrearteycultura.es\/index.php?rest_route=\/wp\/v2\/eap_event"}],"about":[{"href":"https:\/\/www.entrearteycultura.es\/index.php?rest_route=\/wp\/v2\/types\/eap_event"}],"author":[{"embeddable":true,"href":"https:\/\/www.entrearteycultura.es\/index.php?rest_route=\/wp\/v2\/users\/1"}],"replies":[{"embeddable":true,"href":"https:\/\/www.entrearteycultura.es\/index.php?rest_route=%2Fwp%2Fv2%2Fcomments&post=814"}],"version-history":[{"count":1,"href":"https:\/\/www.entrearteycultura.es\/index.php?rest_route=\/wp\/v2\/eap_event\/814\/revisions"}],"predecessor-version":[{"id":816,"href":"https:\/\/www.entrearteycultura.es\/index.php?rest_route=\/wp\/v2\/eap_event\/814\/revisions\/816"}],"wp:featuredmedia":[{"embeddable":true,"href":"https:\/\/www.entrearteycultura.es\/index.php?rest_route=\/wp\/v2\/media\/815"}],"wp:attachment":[{"href":"https:\/\/www.entrearteycultura.es\/index.php?rest_route=%2Fwp%2Fv2%2Fmedia&parent=814"}],"wp:term":[{"taxonomy":"category","embeddable":true,"href":"https:\/\/www.entrearteycultura.es\/index.php?rest_route=%2Fwp%2Fv2%2Fcategories&post=814"}],"curies":[{"name":"wp","href":"https:\/\/api.w.org\/{rel}","templated":true}]}}