{"id":811,"date":"2024-03-21T11:32:22","date_gmt":"2024-03-21T11:32:22","guid":{"rendered":"https:\/\/www.entrearteycultura.es\/?post_type=eap_event&#038;p=811"},"modified":"2024-04-22T11:58:46","modified_gmt":"2024-04-22T11:58:46","slug":"escapada-de-dia-pastrana-y-tendilla","status":"publish","type":"eap_event","link":"https:\/\/www.entrearteycultura.es\/?eap_event=escapada-de-dia-pastrana-y-tendilla","title":{"rendered":"ESCAPADA DE D\u00cdA: PASTRANA Y TENDILLA"},"content":{"rendered":"\n<p><strong>Visita al Palacio Ducal y a la Colegiata con museo de Tapices&nbsp;<\/strong><br><strong>y Recital L\u00edrico de Zarzuela en capilla privada en Tendilla<\/strong><\/p>\n\n\n\n<p>Pastrana se funda en el siglo XIII bajo la Orden de Calatrava. Visitaremos su\u00a0<strong>Palacio Duca<\/strong>l del siglo XVI construido por los Duques de Pastrana, que acoger\u00edan a la princesa de \u00c9boli y m\u00e1s tarde a la misma Santa Teresa de Jes\u00fas llamada para fundar dos conventos. Haremos una visita al\u00a0<strong>Convento de San Jos\u00e9<\/strong>, que se convirti\u00f3 en colegiata y atesor\u00f3 importantes obras art\u00edsticas y a continuaci\u00f3n su cripta y el\u00a0<strong>Museo de Tapices\u00a0<\/strong>que exhibe una colecci\u00f3n de tapices g\u00f3tico-flamencos de finales del siglo XV, considerada una de las m\u00e1s importantes del mundo de esta \u00e9poca. Tambi\u00e9n realizaremos un recorrido por las calles y monumentos m\u00e1s destacados de Pastrana.<br>Al caer la tarde, nos desplazaremos hasta\u00a0<strong>Tendilla<\/strong>\u00a0para asistir a un\u00a0<strong>recital l\u00edrico de zarzuela en la iglesia del palacio L\u00f3pez de Cogolludo, de propiedad privada<\/strong>. El palacio barroco del siglo XVIII y la iglesia con profusi\u00f3n de estucos en nave y c\u00fapula central han sido magn\u00edficamente recuperados, as\u00ed como su jard\u00edn y patio.<\/p>\n","protected":false},"excerpt":{"rendered":"<p>Visita al Palacio Ducal y a la Colegiata con museo de Tapices&nbsp;y Recital L\u00edrico de Zarzuela en capilla privada en Tendilla Pastrana se funda en el siglo XIII bajo la Orden de Calatrava. Visitaremos su\u00a0Palacio Ducal del siglo XVI construido por los Duques de Pastrana, que acoger\u00edan a la princesa de \u00c9boli y m\u00e1s tarde [&hellip;]<\/p>\n","protected":false},"author":1,"featured_media":812,"comment_status":"open","ping_status":"closed","template":"","categories":[45],"class_list":["post-811","eap_event","type-eap_event","status-publish","has-post-thumbnail","hentry","category-eventos-pasados"],"yoast_head":"<!-- This site is optimized with the Yoast SEO plugin v27.5 - https:\/\/yoast.com\/product\/yoast-seo-wordpress\/ -->\n<title>ESCAPADA DE D\u00cdA: PASTRANA Y TENDILLA - Entre Arte y cultura<\/title>\n<meta name=\"robots\" content=\"index, follow, max-snippet:-1, max-image-preview:large, max-video-preview:-1\" \/>\n<link rel=\"canonical\" href=\"https:\/\/www.entrearteycultura.es\/?eap_event=escapada-de-dia-pastrana-y-tendilla\" \/>\n<meta property=\"og:locale\" content=\"en_US\" \/>\n<meta property=\"og:type\" content=\"article\" \/>\n<meta property=\"og:title\" content=\"ESCAPADA DE D\u00cdA: PASTRANA Y TENDILLA - Entre Arte y cultura\" \/>\n<meta property=\"og:description\" content=\"Visita al Palacio Ducal y a la Colegiata con museo de Tapices&nbsp;y Recital L\u00edrico de Zarzuela en capilla privada en Tendilla Pastrana se funda en el siglo XIII bajo la Orden de Calatrava. Visitaremos su\u00a0Palacio Ducal del siglo XVI construido por los Duques de Pastrana, que acoger\u00edan a la princesa de \u00c9boli y m\u00e1s tarde [&hellip;]\" \/>\n<meta property=\"og:url\" content=\"https:\/\/www.entrearteycultura.es\/?eap_event=escapada-de-dia-pastrana-y-tendilla\" \/>\n<meta property=\"og:site_name\" content=\"Entre Arte y cultura\" \/>\n<meta property=\"article:modified_time\" content=\"2024-04-22T11:58:46+00:00\" \/>\n<meta property=\"og:image\" content=\"https:\/\/www.entrearteycultura.es\/wp-content\/uploads\/2024\/03\/pastrana.png\" \/>\n\t<meta property=\"og:image:width\" content=\"948\" \/>\n\t<meta property=\"og:image:height\" content=\"205\" \/>\n\t<meta property=\"og:image:type\" content=\"image\/png\" \/>\n<meta name=\"twitter:card\" content=\"summary_large_image\" \/>\n<meta name=\"twitter:label1\" content=\"Est. reading time\" \/>\n\t<meta name=\"twitter:data1\" content=\"1 minute\" \/>\n<script type=\"application\/ld+json\" class=\"yoast-schema-graph\">{\"@context\":\"https:\\\/\\\/schema.org\",\"@graph\":[{\"@type\":\"WebPage\",\"@id\":\"https:\\\/\\\/www.entrearteycultura.es\\\/?eap_event=escapada-de-dia-pastrana-y-tendilla\",\"url\":\"https:\\\/\\\/www.entrearteycultura.es\\\/?eap_event=escapada-de-dia-pastrana-y-tendilla\",\"name\":\"ESCAPADA DE D\u00cdA: PASTRANA Y TENDILLA - Entre Arte y cultura\",\"isPartOf\":{\"@id\":\"https:\\\/\\\/www.entrearteycultura.es\\\/#website\"},\"primaryImageOfPage\":{\"@id\":\"https:\\\/\\\/www.entrearteycultura.es\\\/?eap_event=escapada-de-dia-pastrana-y-tendilla#primaryimage\"},\"image\":{\"@id\":\"https:\\\/\\\/www.entrearteycultura.es\\\/?eap_event=escapada-de-dia-pastrana-y-tendilla#primaryimage\"},\"thumbnailUrl\":\"https:\\\/\\\/www.entrearteycultura.es\\\/wp-content\\\/uploads\\\/2024\\\/03\\\/pastrana.png\",\"datePublished\":\"2024-03-21T11:32:22+00:00\",\"dateModified\":\"2024-04-22T11:58:46+00:00\",\"breadcrumb\":{\"@id\":\"https:\\\/\\\/www.entrearteycultura.es\\\/?eap_event=escapada-de-dia-pastrana-y-tendilla#breadcrumb\"},\"inLanguage\":\"en-US\",\"potentialAction\":[{\"@type\":\"ReadAction\",\"target\":[\"https:\\\/\\\/www.entrearteycultura.es\\\/?eap_event=escapada-de-dia-pastrana-y-tendilla\"]}]},{\"@type\":\"ImageObject\",\"inLanguage\":\"en-US\",\"@id\":\"https:\\\/\\\/www.entrearteycultura.es\\\/?eap_event=escapada-de-dia-pastrana-y-tendilla#primaryimage\",\"url\":\"https:\\\/\\\/www.entrearteycultura.es\\\/wp-content\\\/uploads\\\/2024\\\/03\\\/pastrana.png\",\"contentUrl\":\"https:\\\/\\\/www.entrearteycultura.es\\\/wp-content\\\/uploads\\\/2024\\\/03\\\/pastrana.png\",\"width\":948,\"height\":205},{\"@type\":\"BreadcrumbList\",\"@id\":\"https:\\\/\\\/www.entrearteycultura.es\\\/?eap_event=escapada-de-dia-pastrana-y-tendilla#breadcrumb\",\"itemListElement\":[{\"@type\":\"ListItem\",\"position\":1,\"name\":\"Portada\",\"item\":\"https:\\\/\\\/www.entrearteycultura.es\\\/\"},{\"@type\":\"ListItem\",\"position\":2,\"name\":\"Events\",\"item\":\"https:\\\/\\\/www.entrearteycultura.es\\\/?post_type=eap_event\"},{\"@type\":\"ListItem\",\"position\":3,\"name\":\"ESCAPADA DE D\u00cdA: PASTRANA Y TENDILLA\"}]},{\"@type\":\"WebSite\",\"@id\":\"https:\\\/\\\/www.entrearteycultura.es\\\/#website\",\"url\":\"https:\\\/\\\/www.entrearteycultura.es\\\/\",\"name\":\"Entre Arte y cultura\",\"description\":\"Viajes, eventos cuturales, conferencias y tertulias\",\"potentialAction\":[{\"@type\":\"SearchAction\",\"target\":{\"@type\":\"EntryPoint\",\"urlTemplate\":\"https:\\\/\\\/www.entrearteycultura.es\\\/?s={search_term_string}\"},\"query-input\":{\"@type\":\"PropertyValueSpecification\",\"valueRequired\":true,\"valueName\":\"search_term_string\"}}],\"inLanguage\":\"en-US\"}]}<\/script>\n<!-- \/ Yoast SEO plugin. -->","yoast_head_json":{"title":"ESCAPADA DE D\u00cdA: PASTRANA Y TENDILLA - Entre Arte y cultura","robots":{"index":"index","follow":"follow","max-snippet":"max-snippet:-1","max-image-preview":"max-image-preview:large","max-video-preview":"max-video-preview:-1"},"canonical":"https:\/\/www.entrearteycultura.es\/?eap_event=escapada-de-dia-pastrana-y-tendilla","og_locale":"en_US","og_type":"article","og_title":"ESCAPADA DE D\u00cdA: PASTRANA Y TENDILLA - Entre Arte y cultura","og_description":"Visita al Palacio Ducal y a la Colegiata con museo de Tapices&nbsp;y Recital L\u00edrico de Zarzuela en capilla privada en Tendilla Pastrana se funda en el siglo XIII bajo la Orden de Calatrava. Visitaremos su\u00a0Palacio Ducal del siglo XVI construido por los Duques de Pastrana, que acoger\u00edan a la princesa de \u00c9boli y m\u00e1s tarde [&hellip;]","og_url":"https:\/\/www.entrearteycultura.es\/?eap_event=escapada-de-dia-pastrana-y-tendilla","og_site_name":"Entre Arte y cultura","article_modified_time":"2024-04-22T11:58:46+00:00","og_image":[{"width":948,"height":205,"url":"https:\/\/www.entrearteycultura.es\/wp-content\/uploads\/2024\/03\/pastrana.png","type":"image\/png"}],"twitter_card":"summary_large_image","twitter_misc":{"Est. reading time":"1 minute"},"schema":{"@context":"https:\/\/schema.org","@graph":[{"@type":"WebPage","@id":"https:\/\/www.entrearteycultura.es\/?eap_event=escapada-de-dia-pastrana-y-tendilla","url":"https:\/\/www.entrearteycultura.es\/?eap_event=escapada-de-dia-pastrana-y-tendilla","name":"ESCAPADA DE D\u00cdA: PASTRANA Y TENDILLA - Entre Arte y cultura","isPartOf":{"@id":"https:\/\/www.entrearteycultura.es\/#website"},"primaryImageOfPage":{"@id":"https:\/\/www.entrearteycultura.es\/?eap_event=escapada-de-dia-pastrana-y-tendilla#primaryimage"},"image":{"@id":"https:\/\/www.entrearteycultura.es\/?eap_event=escapada-de-dia-pastrana-y-tendilla#primaryimage"},"thumbnailUrl":"https:\/\/www.entrearteycultura.es\/wp-content\/uploads\/2024\/03\/pastrana.png","datePublished":"2024-03-21T11:32:22+00:00","dateModified":"2024-04-22T11:58:46+00:00","breadcrumb":{"@id":"https:\/\/www.entrearteycultura.es\/?eap_event=escapada-de-dia-pastrana-y-tendilla#breadcrumb"},"inLanguage":"en-US","potentialAction":[{"@type":"ReadAction","target":["https:\/\/www.entrearteycultura.es\/?eap_event=escapada-de-dia-pastrana-y-tendilla"]}]},{"@type":"ImageObject","inLanguage":"en-US","@id":"https:\/\/www.entrearteycultura.es\/?eap_event=escapada-de-dia-pastrana-y-tendilla#primaryimage","url":"https:\/\/www.entrearteycultura.es\/wp-content\/uploads\/2024\/03\/pastrana.png","contentUrl":"https:\/\/www.entrearteycultura.es\/wp-content\/uploads\/2024\/03\/pastrana.png","width":948,"height":205},{"@type":"BreadcrumbList","@id":"https:\/\/www.entrearteycultura.es\/?eap_event=escapada-de-dia-pastrana-y-tendilla#breadcrumb","itemListElement":[{"@type":"ListItem","position":1,"name":"Portada","item":"https:\/\/www.entrearteycultura.es\/"},{"@type":"ListItem","position":2,"name":"Events","item":"https:\/\/www.entrearteycultura.es\/?post_type=eap_event"},{"@type":"ListItem","position":3,"name":"ESCAPADA DE D\u00cdA: PASTRANA Y TENDILLA"}]},{"@type":"WebSite","@id":"https:\/\/www.entrearteycultura.es\/#website","url":"https:\/\/www.entrearteycultura.es\/","name":"Entre Arte y cultura","description":"Viajes, eventos cuturales, conferencias y tertulias","potentialAction":[{"@type":"SearchAction","target":{"@type":"EntryPoint","urlTemplate":"https:\/\/www.entrearteycultura.es\/?s={search_term_string}"},"query-input":{"@type":"PropertyValueSpecification","valueRequired":true,"valueName":"search_term_string"}}],"inLanguage":"en-US"}]}},"_links":{"self":[{"href":"https:\/\/www.entrearteycultura.es\/index.php?rest_route=\/wp\/v2\/eap_event\/811","targetHints":{"allow":["GET"]}}],"collection":[{"href":"https:\/\/www.entrearteycultura.es\/index.php?rest_route=\/wp\/v2\/eap_event"}],"about":[{"href":"https:\/\/www.entrearteycultura.es\/index.php?rest_route=\/wp\/v2\/types\/eap_event"}],"author":[{"embeddable":true,"href":"https:\/\/www.entrearteycultura.es\/index.php?rest_route=\/wp\/v2\/users\/1"}],"replies":[{"embeddable":true,"href":"https:\/\/www.entrearteycultura.es\/index.php?rest_route=%2Fwp%2Fv2%2Fcomments&post=811"}],"version-history":[{"count":1,"href":"https:\/\/www.entrearteycultura.es\/index.php?rest_route=\/wp\/v2\/eap_event\/811\/revisions"}],"predecessor-version":[{"id":813,"href":"https:\/\/www.entrearteycultura.es\/index.php?rest_route=\/wp\/v2\/eap_event\/811\/revisions\/813"}],"wp:featuredmedia":[{"embeddable":true,"href":"https:\/\/www.entrearteycultura.es\/index.php?rest_route=\/wp\/v2\/media\/812"}],"wp:attachment":[{"href":"https:\/\/www.entrearteycultura.es\/index.php?rest_route=%2Fwp%2Fv2%2Fmedia&parent=811"}],"wp:term":[{"taxonomy":"category","embeddable":true,"href":"https:\/\/www.entrearteycultura.es\/index.php?rest_route=%2Fwp%2Fv2%2Fcategories&post=811"}],"curies":[{"name":"wp","href":"https:\/\/api.w.org\/{rel}","templated":true}]}}