{"id":739,"date":"2024-01-03T17:34:30","date_gmt":"2024-01-03T17:34:30","guid":{"rendered":"https:\/\/www.entrearteycultura.es\/?post_type=eap_event&#038;p=739"},"modified":"2024-02-01T16:54:05","modified_gmt":"2024-02-01T16:54:05","slug":"museo-nacional-reina-sofia-visita-exposicion-picasso-1906-la-gran-transformacion","status":"publish","type":"eap_event","link":"https:\/\/www.entrearteycultura.es\/?eap_event=museo-nacional-reina-sofia-visita-exposicion-picasso-1906-la-gran-transformacion","title":{"rendered":"Museo Nacional Reina Sof\u00eda. Visita exposici\u00f3n: Picasso 1906, la gran transformaci\u00f3n.\u00a0"},"content":{"rendered":"\n<p>En el a\u00f1o de la conmemoraci\u00f3n del 50\u00ba aniversario de la muerte de Pablo Picasso, el Museo Reina Sof\u00eda presenta una exposici\u00f3n que muestra desde la perspectiva actual, la contribuci\u00f3n del artista al nacimiento del arte moderno.\u00a0<br>Hasta ahora, la producci\u00f3n de Picasso en 1906 ha sido entendida como un ep\u00edlogo del per\u00edodo rosa o bien como un pr\u00f3logo a Las se\u00f1oritas de Avi\u00f1\u00f3n. Pero hoy se puede afirmar que 1906 fue un \u00abper\u00edodo\u00bb con entidad propia en el devenir creativo picassiano.<\/p>\n\n\n\n<p><\/p>\n","protected":false},"excerpt":{"rendered":"<p>En el a\u00f1o de la conmemoraci\u00f3n del 50\u00ba aniversario de la muerte de Pablo Picasso, el Museo Reina Sof\u00eda presenta una exposici\u00f3n que muestra desde la perspectiva actual, la contribuci\u00f3n del artista al nacimiento del arte moderno.\u00a0Hasta ahora, la producci\u00f3n de Picasso en 1906 ha sido entendida como un ep\u00edlogo del per\u00edodo rosa o bien [&hellip;]<\/p>\n","protected":false},"author":1,"featured_media":740,"comment_status":"open","ping_status":"closed","template":"","categories":[45],"class_list":["post-739","eap_event","type-eap_event","status-publish","has-post-thumbnail","hentry","category-eventos-pasados"],"yoast_head":"<!-- This site is optimized with the Yoast SEO plugin v27.5 - https:\/\/yoast.com\/product\/yoast-seo-wordpress\/ -->\n<title>Museo Nacional Reina Sof\u00eda. Visita exposici\u00f3n: Picasso 1906, la gran transformaci\u00f3n.\u00a0 - Entre Arte y cultura<\/title>\n<meta name=\"robots\" content=\"index, follow, max-snippet:-1, max-image-preview:large, max-video-preview:-1\" \/>\n<link rel=\"canonical\" href=\"https:\/\/www.entrearteycultura.es\/?eap_event=museo-nacional-reina-sofia-visita-exposicion-picasso-1906-la-gran-transformacion\" \/>\n<meta property=\"og:locale\" content=\"en_US\" \/>\n<meta property=\"og:type\" content=\"article\" \/>\n<meta property=\"og:title\" content=\"Museo Nacional Reina Sof\u00eda. Visita exposici\u00f3n: Picasso 1906, la gran transformaci\u00f3n.\u00a0 - Entre Arte y cultura\" \/>\n<meta property=\"og:description\" content=\"En el a\u00f1o de la conmemoraci\u00f3n del 50\u00ba aniversario de la muerte de Pablo Picasso, el Museo Reina Sof\u00eda presenta una exposici\u00f3n que muestra desde la perspectiva actual, la contribuci\u00f3n del artista al nacimiento del arte moderno.\u00a0Hasta ahora, la producci\u00f3n de Picasso en 1906 ha sido entendida como un ep\u00edlogo del per\u00edodo rosa o bien [&hellip;]\" \/>\n<meta property=\"og:url\" content=\"https:\/\/www.entrearteycultura.es\/?eap_event=museo-nacional-reina-sofia-visita-exposicion-picasso-1906-la-gran-transformacion\" \/>\n<meta property=\"og:site_name\" content=\"Entre Arte y cultura\" \/>\n<meta property=\"article:modified_time\" content=\"2024-02-01T16:54:05+00:00\" \/>\n<meta property=\"og:image\" content=\"https:\/\/www.entrearteycultura.es\/wp-content\/uploads\/2024\/01\/Imagen2.png\" \/>\n\t<meta property=\"og:image:width\" content=\"1134\" \/>\n\t<meta property=\"og:image:height\" content=\"495\" \/>\n\t<meta property=\"og:image:type\" content=\"image\/png\" \/>\n<meta name=\"twitter:card\" content=\"summary_large_image\" \/>\n<script type=\"application\/ld+json\" class=\"yoast-schema-graph\">{\"@context\":\"https:\\\/\\\/schema.org\",\"@graph\":[{\"@type\":\"WebPage\",\"@id\":\"https:\\\/\\\/www.entrearteycultura.es\\\/?eap_event=museo-nacional-reina-sofia-visita-exposicion-picasso-1906-la-gran-transformacion\",\"url\":\"https:\\\/\\\/www.entrearteycultura.es\\\/?eap_event=museo-nacional-reina-sofia-visita-exposicion-picasso-1906-la-gran-transformacion\",\"name\":\"Museo Nacional Reina Sof\u00eda. Visita exposici\u00f3n: Picasso 1906, la gran transformaci\u00f3n.\u00a0 - Entre Arte y cultura\",\"isPartOf\":{\"@id\":\"https:\\\/\\\/www.entrearteycultura.es\\\/#website\"},\"primaryImageOfPage\":{\"@id\":\"https:\\\/\\\/www.entrearteycultura.es\\\/?eap_event=museo-nacional-reina-sofia-visita-exposicion-picasso-1906-la-gran-transformacion#primaryimage\"},\"image\":{\"@id\":\"https:\\\/\\\/www.entrearteycultura.es\\\/?eap_event=museo-nacional-reina-sofia-visita-exposicion-picasso-1906-la-gran-transformacion#primaryimage\"},\"thumbnailUrl\":\"https:\\\/\\\/www.entrearteycultura.es\\\/wp-content\\\/uploads\\\/2024\\\/01\\\/Imagen2.png\",\"datePublished\":\"2024-01-03T17:34:30+00:00\",\"dateModified\":\"2024-02-01T16:54:05+00:00\",\"breadcrumb\":{\"@id\":\"https:\\\/\\\/www.entrearteycultura.es\\\/?eap_event=museo-nacional-reina-sofia-visita-exposicion-picasso-1906-la-gran-transformacion#breadcrumb\"},\"inLanguage\":\"en-US\",\"potentialAction\":[{\"@type\":\"ReadAction\",\"target\":[\"https:\\\/\\\/www.entrearteycultura.es\\\/?eap_event=museo-nacional-reina-sofia-visita-exposicion-picasso-1906-la-gran-transformacion\"]}]},{\"@type\":\"ImageObject\",\"inLanguage\":\"en-US\",\"@id\":\"https:\\\/\\\/www.entrearteycultura.es\\\/?eap_event=museo-nacional-reina-sofia-visita-exposicion-picasso-1906-la-gran-transformacion#primaryimage\",\"url\":\"https:\\\/\\\/www.entrearteycultura.es\\\/wp-content\\\/uploads\\\/2024\\\/01\\\/Imagen2.png\",\"contentUrl\":\"https:\\\/\\\/www.entrearteycultura.es\\\/wp-content\\\/uploads\\\/2024\\\/01\\\/Imagen2.png\",\"width\":1134,\"height\":495},{\"@type\":\"BreadcrumbList\",\"@id\":\"https:\\\/\\\/www.entrearteycultura.es\\\/?eap_event=museo-nacional-reina-sofia-visita-exposicion-picasso-1906-la-gran-transformacion#breadcrumb\",\"itemListElement\":[{\"@type\":\"ListItem\",\"position\":1,\"name\":\"Portada\",\"item\":\"https:\\\/\\\/www.entrearteycultura.es\\\/\"},{\"@type\":\"ListItem\",\"position\":2,\"name\":\"Events\",\"item\":\"https:\\\/\\\/www.entrearteycultura.es\\\/?post_type=eap_event\"},{\"@type\":\"ListItem\",\"position\":3,\"name\":\"Museo Nacional Reina Sof\u00eda. Visita exposici\u00f3n: Picasso 1906, la gran transformaci\u00f3n.\u00a0\"}]},{\"@type\":\"WebSite\",\"@id\":\"https:\\\/\\\/www.entrearteycultura.es\\\/#website\",\"url\":\"https:\\\/\\\/www.entrearteycultura.es\\\/\",\"name\":\"Entre Arte y cultura\",\"description\":\"Viajes, eventos cuturales, conferencias y tertulias\",\"potentialAction\":[{\"@type\":\"SearchAction\",\"target\":{\"@type\":\"EntryPoint\",\"urlTemplate\":\"https:\\\/\\\/www.entrearteycultura.es\\\/?s={search_term_string}\"},\"query-input\":{\"@type\":\"PropertyValueSpecification\",\"valueRequired\":true,\"valueName\":\"search_term_string\"}}],\"inLanguage\":\"en-US\"}]}<\/script>\n<!-- \/ Yoast SEO plugin. -->","yoast_head_json":{"title":"Museo Nacional Reina Sof\u00eda. Visita exposici\u00f3n: Picasso 1906, la gran transformaci\u00f3n.\u00a0 - Entre Arte y cultura","robots":{"index":"index","follow":"follow","max-snippet":"max-snippet:-1","max-image-preview":"max-image-preview:large","max-video-preview":"max-video-preview:-1"},"canonical":"https:\/\/www.entrearteycultura.es\/?eap_event=museo-nacional-reina-sofia-visita-exposicion-picasso-1906-la-gran-transformacion","og_locale":"en_US","og_type":"article","og_title":"Museo Nacional Reina Sof\u00eda. Visita exposici\u00f3n: Picasso 1906, la gran transformaci\u00f3n.\u00a0 - Entre Arte y cultura","og_description":"En el a\u00f1o de la conmemoraci\u00f3n del 50\u00ba aniversario de la muerte de Pablo Picasso, el Museo Reina Sof\u00eda presenta una exposici\u00f3n que muestra desde la perspectiva actual, la contribuci\u00f3n del artista al nacimiento del arte moderno.\u00a0Hasta ahora, la producci\u00f3n de Picasso en 1906 ha sido entendida como un ep\u00edlogo del per\u00edodo rosa o bien [&hellip;]","og_url":"https:\/\/www.entrearteycultura.es\/?eap_event=museo-nacional-reina-sofia-visita-exposicion-picasso-1906-la-gran-transformacion","og_site_name":"Entre Arte y cultura","article_modified_time":"2024-02-01T16:54:05+00:00","og_image":[{"width":1134,"height":495,"url":"https:\/\/www.entrearteycultura.es\/wp-content\/uploads\/2024\/01\/Imagen2.png","type":"image\/png"}],"twitter_card":"summary_large_image","schema":{"@context":"https:\/\/schema.org","@graph":[{"@type":"WebPage","@id":"https:\/\/www.entrearteycultura.es\/?eap_event=museo-nacional-reina-sofia-visita-exposicion-picasso-1906-la-gran-transformacion","url":"https:\/\/www.entrearteycultura.es\/?eap_event=museo-nacional-reina-sofia-visita-exposicion-picasso-1906-la-gran-transformacion","name":"Museo Nacional Reina Sof\u00eda. Visita exposici\u00f3n: Picasso 1906, la gran transformaci\u00f3n.\u00a0 - Entre Arte y cultura","isPartOf":{"@id":"https:\/\/www.entrearteycultura.es\/#website"},"primaryImageOfPage":{"@id":"https:\/\/www.entrearteycultura.es\/?eap_event=museo-nacional-reina-sofia-visita-exposicion-picasso-1906-la-gran-transformacion#primaryimage"},"image":{"@id":"https:\/\/www.entrearteycultura.es\/?eap_event=museo-nacional-reina-sofia-visita-exposicion-picasso-1906-la-gran-transformacion#primaryimage"},"thumbnailUrl":"https:\/\/www.entrearteycultura.es\/wp-content\/uploads\/2024\/01\/Imagen2.png","datePublished":"2024-01-03T17:34:30+00:00","dateModified":"2024-02-01T16:54:05+00:00","breadcrumb":{"@id":"https:\/\/www.entrearteycultura.es\/?eap_event=museo-nacional-reina-sofia-visita-exposicion-picasso-1906-la-gran-transformacion#breadcrumb"},"inLanguage":"en-US","potentialAction":[{"@type":"ReadAction","target":["https:\/\/www.entrearteycultura.es\/?eap_event=museo-nacional-reina-sofia-visita-exposicion-picasso-1906-la-gran-transformacion"]}]},{"@type":"ImageObject","inLanguage":"en-US","@id":"https:\/\/www.entrearteycultura.es\/?eap_event=museo-nacional-reina-sofia-visita-exposicion-picasso-1906-la-gran-transformacion#primaryimage","url":"https:\/\/www.entrearteycultura.es\/wp-content\/uploads\/2024\/01\/Imagen2.png","contentUrl":"https:\/\/www.entrearteycultura.es\/wp-content\/uploads\/2024\/01\/Imagen2.png","width":1134,"height":495},{"@type":"BreadcrumbList","@id":"https:\/\/www.entrearteycultura.es\/?eap_event=museo-nacional-reina-sofia-visita-exposicion-picasso-1906-la-gran-transformacion#breadcrumb","itemListElement":[{"@type":"ListItem","position":1,"name":"Portada","item":"https:\/\/www.entrearteycultura.es\/"},{"@type":"ListItem","position":2,"name":"Events","item":"https:\/\/www.entrearteycultura.es\/?post_type=eap_event"},{"@type":"ListItem","position":3,"name":"Museo Nacional Reina Sof\u00eda. Visita exposici\u00f3n: Picasso 1906, la gran transformaci\u00f3n.\u00a0"}]},{"@type":"WebSite","@id":"https:\/\/www.entrearteycultura.es\/#website","url":"https:\/\/www.entrearteycultura.es\/","name":"Entre Arte y cultura","description":"Viajes, eventos cuturales, conferencias y tertulias","potentialAction":[{"@type":"SearchAction","target":{"@type":"EntryPoint","urlTemplate":"https:\/\/www.entrearteycultura.es\/?s={search_term_string}"},"query-input":{"@type":"PropertyValueSpecification","valueRequired":true,"valueName":"search_term_string"}}],"inLanguage":"en-US"}]}},"_links":{"self":[{"href":"https:\/\/www.entrearteycultura.es\/index.php?rest_route=\/wp\/v2\/eap_event\/739","targetHints":{"allow":["GET"]}}],"collection":[{"href":"https:\/\/www.entrearteycultura.es\/index.php?rest_route=\/wp\/v2\/eap_event"}],"about":[{"href":"https:\/\/www.entrearteycultura.es\/index.php?rest_route=\/wp\/v2\/types\/eap_event"}],"author":[{"embeddable":true,"href":"https:\/\/www.entrearteycultura.es\/index.php?rest_route=\/wp\/v2\/users\/1"}],"replies":[{"embeddable":true,"href":"https:\/\/www.entrearteycultura.es\/index.php?rest_route=%2Fwp%2Fv2%2Fcomments&post=739"}],"version-history":[{"count":4,"href":"https:\/\/www.entrearteycultura.es\/index.php?rest_route=\/wp\/v2\/eap_event\/739\/revisions"}],"predecessor-version":[{"id":747,"href":"https:\/\/www.entrearteycultura.es\/index.php?rest_route=\/wp\/v2\/eap_event\/739\/revisions\/747"}],"wp:featuredmedia":[{"embeddable":true,"href":"https:\/\/www.entrearteycultura.es\/index.php?rest_route=\/wp\/v2\/media\/740"}],"wp:attachment":[{"href":"https:\/\/www.entrearteycultura.es\/index.php?rest_route=%2Fwp%2Fv2%2Fmedia&parent=739"}],"wp:term":[{"taxonomy":"category","embeddable":true,"href":"https:\/\/www.entrearteycultura.es\/index.php?rest_route=%2Fwp%2Fv2%2Fcategories&post=739"}],"curies":[{"name":"wp","href":"https:\/\/api.w.org\/{rel}","templated":true}]}}