{"id":663,"date":"2023-07-27T19:07:30","date_gmt":"2023-07-27T19:07:30","guid":{"rendered":"https:\/\/www.entrearteycultura.es\/?post_type=eap_event&#038;p=663"},"modified":"2023-09-24T11:01:18","modified_gmt":"2023-09-24T11:01:18","slug":"recorrido-de-galerias-de-arte-en-apertura","status":"publish","type":"eap_event","link":"https:\/\/www.entrearteycultura.es\/?eap_event=recorrido-de-galerias-de-arte-en-apertura","title":{"rendered":"Recorrido de galer\u00edas de arte en Apertura"},"content":{"rendered":"\n<p>Con ocasi\u00f3n de Apertura, el comienzo de la temporada de exposiciones en las galer\u00edas de arte, las galer\u00edas muestran los artistas m\u00e1s importantes. Haremos un recorrido por las exposiciones m\u00e1s interesantes seleccionadas de la zona de Chamber\u00ed, Chueca o Salesas para disfrutar y conocer las nuevas propuestas tanto de artistas reconocidos como j\u00f3venes emergentes con potencial.<\/p>\n","protected":false},"excerpt":{"rendered":"<p>Con ocasi\u00f3n de Apertura, el comienzo de la temporada de exposiciones en las galer\u00edas de arte, las galer\u00edas muestran los artistas m\u00e1s importantes. Haremos un recorrido por las exposiciones m\u00e1s interesantes seleccionadas de la zona de Chamber\u00ed, Chueca o Salesas para disfrutar y conocer las nuevas propuestas tanto de artistas reconocidos como j\u00f3venes emergentes con [&hellip;]<\/p>\n","protected":false},"author":1,"featured_media":664,"comment_status":"open","ping_status":"closed","template":"","categories":[45],"class_list":["post-663","eap_event","type-eap_event","status-publish","has-post-thumbnail","hentry","category-eventos-pasados"],"yoast_head":"<!-- This site is optimized with the Yoast SEO plugin v27.5 - https:\/\/yoast.com\/product\/yoast-seo-wordpress\/ -->\n<title>Recorrido de galer\u00edas de arte en Apertura - Entre Arte y cultura<\/title>\n<meta name=\"robots\" content=\"index, follow, max-snippet:-1, max-image-preview:large, max-video-preview:-1\" \/>\n<link rel=\"canonical\" href=\"https:\/\/www.entrearteycultura.es\/?eap_event=recorrido-de-galerias-de-arte-en-apertura\" \/>\n<meta property=\"og:locale\" content=\"en_US\" \/>\n<meta property=\"og:type\" content=\"article\" \/>\n<meta property=\"og:title\" content=\"Recorrido de galer\u00edas de arte en Apertura - Entre Arte y cultura\" \/>\n<meta property=\"og:description\" content=\"Con ocasi\u00f3n de Apertura, el comienzo de la temporada de exposiciones en las galer\u00edas de arte, las galer\u00edas muestran los artistas m\u00e1s importantes. Haremos un recorrido por las exposiciones m\u00e1s interesantes seleccionadas de la zona de Chamber\u00ed, Chueca o Salesas para disfrutar y conocer las nuevas propuestas tanto de artistas reconocidos como j\u00f3venes emergentes con [&hellip;]\" \/>\n<meta property=\"og:url\" content=\"https:\/\/www.entrearteycultura.es\/?eap_event=recorrido-de-galerias-de-arte-en-apertura\" \/>\n<meta property=\"og:site_name\" content=\"Entre Arte y cultura\" \/>\n<meta property=\"article:modified_time\" content=\"2023-09-24T11:01:18+00:00\" \/>\n<meta property=\"og:image\" content=\"https:\/\/www.entrearteycultura.es\/wp-content\/uploads\/2023\/07\/Imagen1-2.png\" \/>\n\t<meta property=\"og:image:width\" content=\"1134\" \/>\n\t<meta property=\"og:image:height\" content=\"478\" \/>\n\t<meta property=\"og:image:type\" content=\"image\/png\" \/>\n<meta name=\"twitter:card\" content=\"summary_large_image\" \/>\n<script type=\"application\/ld+json\" class=\"yoast-schema-graph\">{\"@context\":\"https:\\\/\\\/schema.org\",\"@graph\":[{\"@type\":\"WebPage\",\"@id\":\"https:\\\/\\\/www.entrearteycultura.es\\\/?eap_event=recorrido-de-galerias-de-arte-en-apertura\",\"url\":\"https:\\\/\\\/www.entrearteycultura.es\\\/?eap_event=recorrido-de-galerias-de-arte-en-apertura\",\"name\":\"Recorrido de galer\u00edas de arte en Apertura - Entre Arte y cultura\",\"isPartOf\":{\"@id\":\"https:\\\/\\\/www.entrearteycultura.es\\\/#website\"},\"primaryImageOfPage\":{\"@id\":\"https:\\\/\\\/www.entrearteycultura.es\\\/?eap_event=recorrido-de-galerias-de-arte-en-apertura#primaryimage\"},\"image\":{\"@id\":\"https:\\\/\\\/www.entrearteycultura.es\\\/?eap_event=recorrido-de-galerias-de-arte-en-apertura#primaryimage\"},\"thumbnailUrl\":\"https:\\\/\\\/www.entrearteycultura.es\\\/wp-content\\\/uploads\\\/2023\\\/07\\\/Imagen1-2.png\",\"datePublished\":\"2023-07-27T19:07:30+00:00\",\"dateModified\":\"2023-09-24T11:01:18+00:00\",\"breadcrumb\":{\"@id\":\"https:\\\/\\\/www.entrearteycultura.es\\\/?eap_event=recorrido-de-galerias-de-arte-en-apertura#breadcrumb\"},\"inLanguage\":\"en-US\",\"potentialAction\":[{\"@type\":\"ReadAction\",\"target\":[\"https:\\\/\\\/www.entrearteycultura.es\\\/?eap_event=recorrido-de-galerias-de-arte-en-apertura\"]}]},{\"@type\":\"ImageObject\",\"inLanguage\":\"en-US\",\"@id\":\"https:\\\/\\\/www.entrearteycultura.es\\\/?eap_event=recorrido-de-galerias-de-arte-en-apertura#primaryimage\",\"url\":\"https:\\\/\\\/www.entrearteycultura.es\\\/wp-content\\\/uploads\\\/2023\\\/07\\\/Imagen1-2.png\",\"contentUrl\":\"https:\\\/\\\/www.entrearteycultura.es\\\/wp-content\\\/uploads\\\/2023\\\/07\\\/Imagen1-2.png\",\"width\":1134,\"height\":478},{\"@type\":\"BreadcrumbList\",\"@id\":\"https:\\\/\\\/www.entrearteycultura.es\\\/?eap_event=recorrido-de-galerias-de-arte-en-apertura#breadcrumb\",\"itemListElement\":[{\"@type\":\"ListItem\",\"position\":1,\"name\":\"Portada\",\"item\":\"https:\\\/\\\/www.entrearteycultura.es\\\/\"},{\"@type\":\"ListItem\",\"position\":2,\"name\":\"Events\",\"item\":\"https:\\\/\\\/www.entrearteycultura.es\\\/?post_type=eap_event\"},{\"@type\":\"ListItem\",\"position\":3,\"name\":\"Recorrido de galer\u00edas de arte en Apertura\"}]},{\"@type\":\"WebSite\",\"@id\":\"https:\\\/\\\/www.entrearteycultura.es\\\/#website\",\"url\":\"https:\\\/\\\/www.entrearteycultura.es\\\/\",\"name\":\"Entre Arte y cultura\",\"description\":\"Viajes, eventos cuturales, conferencias y tertulias\",\"potentialAction\":[{\"@type\":\"SearchAction\",\"target\":{\"@type\":\"EntryPoint\",\"urlTemplate\":\"https:\\\/\\\/www.entrearteycultura.es\\\/?s={search_term_string}\"},\"query-input\":{\"@type\":\"PropertyValueSpecification\",\"valueRequired\":true,\"valueName\":\"search_term_string\"}}],\"inLanguage\":\"en-US\"}]}<\/script>\n<!-- \/ Yoast SEO plugin. -->","yoast_head_json":{"title":"Recorrido de galer\u00edas de arte en Apertura - Entre Arte y cultura","robots":{"index":"index","follow":"follow","max-snippet":"max-snippet:-1","max-image-preview":"max-image-preview:large","max-video-preview":"max-video-preview:-1"},"canonical":"https:\/\/www.entrearteycultura.es\/?eap_event=recorrido-de-galerias-de-arte-en-apertura","og_locale":"en_US","og_type":"article","og_title":"Recorrido de galer\u00edas de arte en Apertura - Entre Arte y cultura","og_description":"Con ocasi\u00f3n de Apertura, el comienzo de la temporada de exposiciones en las galer\u00edas de arte, las galer\u00edas muestran los artistas m\u00e1s importantes. Haremos un recorrido por las exposiciones m\u00e1s interesantes seleccionadas de la zona de Chamber\u00ed, Chueca o Salesas para disfrutar y conocer las nuevas propuestas tanto de artistas reconocidos como j\u00f3venes emergentes con [&hellip;]","og_url":"https:\/\/www.entrearteycultura.es\/?eap_event=recorrido-de-galerias-de-arte-en-apertura","og_site_name":"Entre Arte y cultura","article_modified_time":"2023-09-24T11:01:18+00:00","og_image":[{"width":1134,"height":478,"url":"https:\/\/www.entrearteycultura.es\/wp-content\/uploads\/2023\/07\/Imagen1-2.png","type":"image\/png"}],"twitter_card":"summary_large_image","schema":{"@context":"https:\/\/schema.org","@graph":[{"@type":"WebPage","@id":"https:\/\/www.entrearteycultura.es\/?eap_event=recorrido-de-galerias-de-arte-en-apertura","url":"https:\/\/www.entrearteycultura.es\/?eap_event=recorrido-de-galerias-de-arte-en-apertura","name":"Recorrido de galer\u00edas de arte en Apertura - Entre Arte y cultura","isPartOf":{"@id":"https:\/\/www.entrearteycultura.es\/#website"},"primaryImageOfPage":{"@id":"https:\/\/www.entrearteycultura.es\/?eap_event=recorrido-de-galerias-de-arte-en-apertura#primaryimage"},"image":{"@id":"https:\/\/www.entrearteycultura.es\/?eap_event=recorrido-de-galerias-de-arte-en-apertura#primaryimage"},"thumbnailUrl":"https:\/\/www.entrearteycultura.es\/wp-content\/uploads\/2023\/07\/Imagen1-2.png","datePublished":"2023-07-27T19:07:30+00:00","dateModified":"2023-09-24T11:01:18+00:00","breadcrumb":{"@id":"https:\/\/www.entrearteycultura.es\/?eap_event=recorrido-de-galerias-de-arte-en-apertura#breadcrumb"},"inLanguage":"en-US","potentialAction":[{"@type":"ReadAction","target":["https:\/\/www.entrearteycultura.es\/?eap_event=recorrido-de-galerias-de-arte-en-apertura"]}]},{"@type":"ImageObject","inLanguage":"en-US","@id":"https:\/\/www.entrearteycultura.es\/?eap_event=recorrido-de-galerias-de-arte-en-apertura#primaryimage","url":"https:\/\/www.entrearteycultura.es\/wp-content\/uploads\/2023\/07\/Imagen1-2.png","contentUrl":"https:\/\/www.entrearteycultura.es\/wp-content\/uploads\/2023\/07\/Imagen1-2.png","width":1134,"height":478},{"@type":"BreadcrumbList","@id":"https:\/\/www.entrearteycultura.es\/?eap_event=recorrido-de-galerias-de-arte-en-apertura#breadcrumb","itemListElement":[{"@type":"ListItem","position":1,"name":"Portada","item":"https:\/\/www.entrearteycultura.es\/"},{"@type":"ListItem","position":2,"name":"Events","item":"https:\/\/www.entrearteycultura.es\/?post_type=eap_event"},{"@type":"ListItem","position":3,"name":"Recorrido de galer\u00edas de arte en Apertura"}]},{"@type":"WebSite","@id":"https:\/\/www.entrearteycultura.es\/#website","url":"https:\/\/www.entrearteycultura.es\/","name":"Entre Arte y cultura","description":"Viajes, eventos cuturales, conferencias y tertulias","potentialAction":[{"@type":"SearchAction","target":{"@type":"EntryPoint","urlTemplate":"https:\/\/www.entrearteycultura.es\/?s={search_term_string}"},"query-input":{"@type":"PropertyValueSpecification","valueRequired":true,"valueName":"search_term_string"}}],"inLanguage":"en-US"}]}},"_links":{"self":[{"href":"https:\/\/www.entrearteycultura.es\/index.php?rest_route=\/wp\/v2\/eap_event\/663","targetHints":{"allow":["GET"]}}],"collection":[{"href":"https:\/\/www.entrearteycultura.es\/index.php?rest_route=\/wp\/v2\/eap_event"}],"about":[{"href":"https:\/\/www.entrearteycultura.es\/index.php?rest_route=\/wp\/v2\/types\/eap_event"}],"author":[{"embeddable":true,"href":"https:\/\/www.entrearteycultura.es\/index.php?rest_route=\/wp\/v2\/users\/1"}],"replies":[{"embeddable":true,"href":"https:\/\/www.entrearteycultura.es\/index.php?rest_route=%2Fwp%2Fv2%2Fcomments&post=663"}],"version-history":[{"count":1,"href":"https:\/\/www.entrearteycultura.es\/index.php?rest_route=\/wp\/v2\/eap_event\/663\/revisions"}],"predecessor-version":[{"id":665,"href":"https:\/\/www.entrearteycultura.es\/index.php?rest_route=\/wp\/v2\/eap_event\/663\/revisions\/665"}],"wp:featuredmedia":[{"embeddable":true,"href":"https:\/\/www.entrearteycultura.es\/index.php?rest_route=\/wp\/v2\/media\/664"}],"wp:attachment":[{"href":"https:\/\/www.entrearteycultura.es\/index.php?rest_route=%2Fwp%2Fv2%2Fmedia&parent=663"}],"wp:term":[{"taxonomy":"category","embeddable":true,"href":"https:\/\/www.entrearteycultura.es\/index.php?rest_route=%2Fwp%2Fv2%2Fcategories&post=663"}],"curies":[{"name":"wp","href":"https:\/\/api.w.org\/{rel}","templated":true}]}}