{"id":592,"date":"2023-03-15T15:13:03","date_gmt":"2023-03-15T15:13:03","guid":{"rendered":"https:\/\/www.entrearteycultura.es\/?post_type=eap_event&#038;p=592"},"modified":"2023-03-29T13:22:08","modified_gmt":"2023-03-29T13:22:08","slug":"visita-alcala-calle-barroco-neoclasico","status":"publish","type":"eap_event","link":"https:\/\/www.entrearteycultura.es\/?eap_event=visita-alcala-calle-barroco-neoclasico","title":{"rendered":"<strong>Tr\u00edo de iglesias en la calle de Alcal\u00e1 de los siglos XVII y XVIII<\/strong>"},"content":{"rendered":"\n<p>Habr\u00e1s pasado por delante en numerosas ocasiones, pero \u00bflas conoces? En el tri\u00e1ngulo que forma la confluencia de Alcal\u00e1 con Gran V\u00eda hay tres destacadas iglesias de referencia en el arte madrile\u00f1o. La <strong>iglesia de la Concepci\u00f3n Real de Calatrava<\/strong> responde a la tipolog\u00eda conventual del s. XVII con un importante retablo de Jos\u00e9 Churriguera. La <strong>iglesia de San Jos\u00e9<\/strong>, de principios del s. XVIII es obra destacada del barroco, con dise\u00f1o de Pedro de Ribera. <strong>El Real Oratorio del Caballero de Gracia<\/strong> es obra del arquitecto Juan de Villanueva, de finales del s. XVIII y estilo neocl\u00e1sico.<br>Para los que est\u00e9n interesados en el arte contempor\u00e1neo, concluiremos con la visita a la gran <strong>exposici\u00f3n del escultor&nbsp; Juan Mu\u00f1oz<\/strong> en la sala Alcal\u00e1 31.<\/p>\n","protected":false},"excerpt":{"rendered":"<p>Habr\u00e1s pasado por delante en numerosas ocasiones, pero \u00bflas conoces? En el tri\u00e1ngulo que forma la confluencia de Alcal\u00e1 con Gran V\u00eda hay tres destacadas iglesias de referencia en el arte madrile\u00f1o. La iglesia de la Concepci\u00f3n Real de Calatrava responde a la tipolog\u00eda conventual del s. XVII con un importante retablo de Jos\u00e9 Churriguera. [&hellip;]<\/p>\n","protected":false},"author":1,"featured_media":593,"comment_status":"open","ping_status":"closed","template":"","categories":[45],"class_list":["post-592","eap_event","type-eap_event","status-publish","has-post-thumbnail","hentry","category-eventos-pasados"],"yoast_head":"<!-- This site is optimized with the Yoast SEO plugin v27.5 - https:\/\/yoast.com\/product\/yoast-seo-wordpress\/ -->\n<title>Tr\u00edo de iglesias en la calle de Alcal\u00e1 de los siglos XVII y XVIII - Entre Arte y cultura<\/title>\n<meta name=\"description\" content=\"Visita a las iglesias de San JOs\u00e9, las Calatravas y Oratorio del Caballero de Gracia\" \/>\n<meta name=\"robots\" content=\"index, follow, max-snippet:-1, max-image-preview:large, max-video-preview:-1\" \/>\n<link rel=\"canonical\" href=\"https:\/\/www.entrearteycultura.es\/?eap_event=visita-alcala-calle-barroco-neoclasico\" \/>\n<meta property=\"og:locale\" content=\"en_US\" \/>\n<meta property=\"og:type\" content=\"article\" \/>\n<meta property=\"og:title\" content=\"Tr\u00edo de iglesias en la calle de Alcal\u00e1 de los siglos XVII y XVIII - Entre Arte y cultura\" \/>\n<meta property=\"og:description\" content=\"Visita a las iglesias de San JOs\u00e9, las Calatravas y Oratorio del Caballero de Gracia\" \/>\n<meta property=\"og:url\" content=\"https:\/\/www.entrearteycultura.es\/?eap_event=visita-alcala-calle-barroco-neoclasico\" \/>\n<meta property=\"og:site_name\" content=\"Entre Arte y cultura\" \/>\n<meta property=\"article:modified_time\" content=\"2023-03-29T13:22:08+00:00\" \/>\n<meta property=\"og:image\" content=\"https:\/\/www.entrearteycultura.es\/wp-content\/uploads\/2023\/03\/iglesias.jpg\" \/>\n\t<meta property=\"og:image:width\" content=\"670\" \/>\n\t<meta property=\"og:image:height\" content=\"335\" \/>\n\t<meta property=\"og:image:type\" content=\"image\/jpeg\" \/>\n<meta name=\"twitter:card\" content=\"summary_large_image\" \/>\n<meta name=\"twitter:label1\" content=\"Est. reading time\" \/>\n\t<meta name=\"twitter:data1\" content=\"1 minute\" \/>\n<script type=\"application\/ld+json\" class=\"yoast-schema-graph\">{\"@context\":\"https:\\\/\\\/schema.org\",\"@graph\":[{\"@type\":\"WebPage\",\"@id\":\"https:\\\/\\\/www.entrearteycultura.es\\\/?eap_event=visita-alcala-calle-barroco-neoclasico\",\"url\":\"https:\\\/\\\/www.entrearteycultura.es\\\/?eap_event=visita-alcala-calle-barroco-neoclasico\",\"name\":\"Tr\u00edo de iglesias en la calle de Alcal\u00e1 de los siglos XVII y XVIII - Entre Arte y cultura\",\"isPartOf\":{\"@id\":\"https:\\\/\\\/www.entrearteycultura.es\\\/#website\"},\"primaryImageOfPage\":{\"@id\":\"https:\\\/\\\/www.entrearteycultura.es\\\/?eap_event=visita-alcala-calle-barroco-neoclasico#primaryimage\"},\"image\":{\"@id\":\"https:\\\/\\\/www.entrearteycultura.es\\\/?eap_event=visita-alcala-calle-barroco-neoclasico#primaryimage\"},\"thumbnailUrl\":\"https:\\\/\\\/www.entrearteycultura.es\\\/wp-content\\\/uploads\\\/2023\\\/03\\\/iglesias.jpg\",\"datePublished\":\"2023-03-15T15:13:03+00:00\",\"dateModified\":\"2023-03-29T13:22:08+00:00\",\"description\":\"Visita a las iglesias de San JOs\u00e9, las Calatravas y Oratorio del Caballero de Gracia\",\"breadcrumb\":{\"@id\":\"https:\\\/\\\/www.entrearteycultura.es\\\/?eap_event=visita-alcala-calle-barroco-neoclasico#breadcrumb\"},\"inLanguage\":\"en-US\",\"potentialAction\":[{\"@type\":\"ReadAction\",\"target\":[\"https:\\\/\\\/www.entrearteycultura.es\\\/?eap_event=visita-alcala-calle-barroco-neoclasico\"]}]},{\"@type\":\"ImageObject\",\"inLanguage\":\"en-US\",\"@id\":\"https:\\\/\\\/www.entrearteycultura.es\\\/?eap_event=visita-alcala-calle-barroco-neoclasico#primaryimage\",\"url\":\"https:\\\/\\\/www.entrearteycultura.es\\\/wp-content\\\/uploads\\\/2023\\\/03\\\/iglesias.jpg\",\"contentUrl\":\"https:\\\/\\\/www.entrearteycultura.es\\\/wp-content\\\/uploads\\\/2023\\\/03\\\/iglesias.jpg\",\"width\":670,\"height\":335},{\"@type\":\"BreadcrumbList\",\"@id\":\"https:\\\/\\\/www.entrearteycultura.es\\\/?eap_event=visita-alcala-calle-barroco-neoclasico#breadcrumb\",\"itemListElement\":[{\"@type\":\"ListItem\",\"position\":1,\"name\":\"Portada\",\"item\":\"https:\\\/\\\/www.entrearteycultura.es\\\/\"},{\"@type\":\"ListItem\",\"position\":2,\"name\":\"Events\",\"item\":\"https:\\\/\\\/www.entrearteycultura.es\\\/?post_type=eap_event\"},{\"@type\":\"ListItem\",\"position\":3,\"name\":\"Tr\u00edo de iglesias en la calle de Alcal\u00e1 de los siglos XVII y XVIII\"}]},{\"@type\":\"WebSite\",\"@id\":\"https:\\\/\\\/www.entrearteycultura.es\\\/#website\",\"url\":\"https:\\\/\\\/www.entrearteycultura.es\\\/\",\"name\":\"Entre Arte y cultura\",\"description\":\"Viajes, eventos cuturales, conferencias y tertulias\",\"potentialAction\":[{\"@type\":\"SearchAction\",\"target\":{\"@type\":\"EntryPoint\",\"urlTemplate\":\"https:\\\/\\\/www.entrearteycultura.es\\\/?s={search_term_string}\"},\"query-input\":{\"@type\":\"PropertyValueSpecification\",\"valueRequired\":true,\"valueName\":\"search_term_string\"}}],\"inLanguage\":\"en-US\"}]}<\/script>\n<!-- \/ Yoast SEO plugin. -->","yoast_head_json":{"title":"Tr\u00edo de iglesias en la calle de Alcal\u00e1 de los siglos XVII y XVIII - Entre Arte y cultura","description":"Visita a las iglesias de San JOs\u00e9, las Calatravas y Oratorio del Caballero de Gracia","robots":{"index":"index","follow":"follow","max-snippet":"max-snippet:-1","max-image-preview":"max-image-preview:large","max-video-preview":"max-video-preview:-1"},"canonical":"https:\/\/www.entrearteycultura.es\/?eap_event=visita-alcala-calle-barroco-neoclasico","og_locale":"en_US","og_type":"article","og_title":"Tr\u00edo de iglesias en la calle de Alcal\u00e1 de los siglos XVII y XVIII - Entre Arte y cultura","og_description":"Visita a las iglesias de San JOs\u00e9, las Calatravas y Oratorio del Caballero de Gracia","og_url":"https:\/\/www.entrearteycultura.es\/?eap_event=visita-alcala-calle-barroco-neoclasico","og_site_name":"Entre Arte y cultura","article_modified_time":"2023-03-29T13:22:08+00:00","og_image":[{"width":670,"height":335,"url":"https:\/\/www.entrearteycultura.es\/wp-content\/uploads\/2023\/03\/iglesias.jpg","type":"image\/jpeg"}],"twitter_card":"summary_large_image","twitter_misc":{"Est. reading time":"1 minute"},"schema":{"@context":"https:\/\/schema.org","@graph":[{"@type":"WebPage","@id":"https:\/\/www.entrearteycultura.es\/?eap_event=visita-alcala-calle-barroco-neoclasico","url":"https:\/\/www.entrearteycultura.es\/?eap_event=visita-alcala-calle-barroco-neoclasico","name":"Tr\u00edo de iglesias en la calle de Alcal\u00e1 de los siglos XVII y XVIII - Entre Arte y cultura","isPartOf":{"@id":"https:\/\/www.entrearteycultura.es\/#website"},"primaryImageOfPage":{"@id":"https:\/\/www.entrearteycultura.es\/?eap_event=visita-alcala-calle-barroco-neoclasico#primaryimage"},"image":{"@id":"https:\/\/www.entrearteycultura.es\/?eap_event=visita-alcala-calle-barroco-neoclasico#primaryimage"},"thumbnailUrl":"https:\/\/www.entrearteycultura.es\/wp-content\/uploads\/2023\/03\/iglesias.jpg","datePublished":"2023-03-15T15:13:03+00:00","dateModified":"2023-03-29T13:22:08+00:00","description":"Visita a las iglesias de San JOs\u00e9, las Calatravas y Oratorio del Caballero de Gracia","breadcrumb":{"@id":"https:\/\/www.entrearteycultura.es\/?eap_event=visita-alcala-calle-barroco-neoclasico#breadcrumb"},"inLanguage":"en-US","potentialAction":[{"@type":"ReadAction","target":["https:\/\/www.entrearteycultura.es\/?eap_event=visita-alcala-calle-barroco-neoclasico"]}]},{"@type":"ImageObject","inLanguage":"en-US","@id":"https:\/\/www.entrearteycultura.es\/?eap_event=visita-alcala-calle-barroco-neoclasico#primaryimage","url":"https:\/\/www.entrearteycultura.es\/wp-content\/uploads\/2023\/03\/iglesias.jpg","contentUrl":"https:\/\/www.entrearteycultura.es\/wp-content\/uploads\/2023\/03\/iglesias.jpg","width":670,"height":335},{"@type":"BreadcrumbList","@id":"https:\/\/www.entrearteycultura.es\/?eap_event=visita-alcala-calle-barroco-neoclasico#breadcrumb","itemListElement":[{"@type":"ListItem","position":1,"name":"Portada","item":"https:\/\/www.entrearteycultura.es\/"},{"@type":"ListItem","position":2,"name":"Events","item":"https:\/\/www.entrearteycultura.es\/?post_type=eap_event"},{"@type":"ListItem","position":3,"name":"Tr\u00edo de iglesias en la calle de Alcal\u00e1 de los siglos XVII y XVIII"}]},{"@type":"WebSite","@id":"https:\/\/www.entrearteycultura.es\/#website","url":"https:\/\/www.entrearteycultura.es\/","name":"Entre Arte y cultura","description":"Viajes, eventos cuturales, conferencias y tertulias","potentialAction":[{"@type":"SearchAction","target":{"@type":"EntryPoint","urlTemplate":"https:\/\/www.entrearteycultura.es\/?s={search_term_string}"},"query-input":{"@type":"PropertyValueSpecification","valueRequired":true,"valueName":"search_term_string"}}],"inLanguage":"en-US"}]}},"_links":{"self":[{"href":"https:\/\/www.entrearteycultura.es\/index.php?rest_route=\/wp\/v2\/eap_event\/592","targetHints":{"allow":["GET"]}}],"collection":[{"href":"https:\/\/www.entrearteycultura.es\/index.php?rest_route=\/wp\/v2\/eap_event"}],"about":[{"href":"https:\/\/www.entrearteycultura.es\/index.php?rest_route=\/wp\/v2\/types\/eap_event"}],"author":[{"embeddable":true,"href":"https:\/\/www.entrearteycultura.es\/index.php?rest_route=\/wp\/v2\/users\/1"}],"replies":[{"embeddable":true,"href":"https:\/\/www.entrearteycultura.es\/index.php?rest_route=%2Fwp%2Fv2%2Fcomments&post=592"}],"version-history":[{"count":3,"href":"https:\/\/www.entrearteycultura.es\/index.php?rest_route=\/wp\/v2\/eap_event\/592\/revisions"}],"predecessor-version":[{"id":603,"href":"https:\/\/www.entrearteycultura.es\/index.php?rest_route=\/wp\/v2\/eap_event\/592\/revisions\/603"}],"wp:featuredmedia":[{"embeddable":true,"href":"https:\/\/www.entrearteycultura.es\/index.php?rest_route=\/wp\/v2\/media\/593"}],"wp:attachment":[{"href":"https:\/\/www.entrearteycultura.es\/index.php?rest_route=%2Fwp%2Fv2%2Fmedia&parent=592"}],"wp:term":[{"taxonomy":"category","embeddable":true,"href":"https:\/\/www.entrearteycultura.es\/index.php?rest_route=%2Fwp%2Fv2%2Fcategories&post=592"}],"curies":[{"name":"wp","href":"https:\/\/api.w.org\/{rel}","templated":true}]}}