{"id":585,"date":"2023-03-06T16:08:33","date_gmt":"2023-03-06T16:08:33","guid":{"rendered":"https:\/\/www.entrearteycultura.es\/?post_type=eap_event&#038;p=585"},"modified":"2023-04-19T10:25:56","modified_gmt":"2023-04-19T10:25:56","slug":"visita-a-la-exposicion-madrid-en-la-coleccion-abello","status":"publish","type":"eap_event","link":"https:\/\/www.entrearteycultura.es\/?eap_event=visita-a-la-exposicion-madrid-en-la-coleccion-abello","title":{"rendered":"<br><strong>Visita a la exposici\u00f3n \u201cMadrid en la colecci\u00f3n Abell\u00f3\u201d<\/strong>"},"content":{"rendered":"\n<p><strong>Visita guiada por el comisario Angel Aterido<\/strong><\/p>\n\n\n\n<p>La colecci\u00f3n Abell\u00f3 constituye uno de los fondos art\u00edsticos m\u00e1s ricos del \u00e1mbito europeo con obras del siglo XV al XXI. Entre sus fondos hay un n\u00facleo muy coherente e interesante de obras de vistas de Madrid, que ahora son estudiadas de forma monogr\u00e1fica y expuestas por primera vez. La variedad de las obras permite hacer un recorrido por un Madrid transformado o desaparecido de la mano de Antonio Joli, Goya, Perez-Villamil&#8230;&#8211;<\/p>\n","protected":false},"excerpt":{"rendered":"<p>Visita guiada por el comisario Angel Aterido La colecci\u00f3n Abell\u00f3 constituye uno de los fondos art\u00edsticos m\u00e1s ricos del \u00e1mbito europeo con obras del siglo XV al XXI. Entre sus fondos hay un n\u00facleo muy coherente e interesante de obras de vistas de Madrid, que ahora son estudiadas de forma monogr\u00e1fica y expuestas por primera [&hellip;]<\/p>\n","protected":false},"author":1,"featured_media":587,"comment_status":"open","ping_status":"closed","template":"","categories":[45],"class_list":["post-585","eap_event","type-eap_event","status-publish","has-post-thumbnail","hentry","category-eventos-pasados"],"yoast_head":"<!-- This site is optimized with the Yoast SEO plugin v27.5 - https:\/\/yoast.com\/product\/yoast-seo-wordpress\/ -->\n<title>Visita a la exposici\u00f3n \u201cMadrid en la colecci\u00f3n Abell\u00f3\u201d - Entre Arte y cultura<\/title>\n<meta name=\"description\" content=\"Exposici\u00f3n de la colecci\u00f3n Abello sobre Madrid guiada por su comisario\" \/>\n<meta name=\"robots\" content=\"index, follow, max-snippet:-1, max-image-preview:large, max-video-preview:-1\" \/>\n<link rel=\"canonical\" href=\"https:\/\/www.entrearteycultura.es\/?eap_event=visita-a-la-exposicion-madrid-en-la-coleccion-abello\" \/>\n<meta property=\"og:locale\" content=\"en_US\" \/>\n<meta property=\"og:type\" content=\"article\" \/>\n<meta property=\"og:title\" content=\"Visita a la exposici\u00f3n \u201cMadrid en la colecci\u00f3n Abell\u00f3\u201d - Entre Arte y cultura\" \/>\n<meta property=\"og:description\" content=\"Exposici\u00f3n de la colecci\u00f3n Abello sobre Madrid guiada por su comisario\" \/>\n<meta property=\"og:url\" content=\"https:\/\/www.entrearteycultura.es\/?eap_event=visita-a-la-exposicion-madrid-en-la-coleccion-abello\" \/>\n<meta property=\"og:site_name\" content=\"Entre Arte y cultura\" \/>\n<meta property=\"article:modified_time\" content=\"2023-04-19T10:25:56+00:00\" \/>\n<meta property=\"og:image\" content=\"https:\/\/www.entrearteycultura.es\/wp-content\/uploads\/2023\/03\/joli-abello.jpg\" \/>\n\t<meta property=\"og:image:width\" content=\"1033\" \/>\n\t<meta property=\"og:image:height\" content=\"787\" \/>\n\t<meta property=\"og:image:type\" content=\"image\/jpeg\" \/>\n<meta name=\"twitter:card\" content=\"summary_large_image\" \/>\n<meta name=\"twitter:label1\" content=\"Est. reading time\" \/>\n\t<meta name=\"twitter:data1\" content=\"1 minute\" \/>\n<script type=\"application\/ld+json\" class=\"yoast-schema-graph\">{\"@context\":\"https:\\\/\\\/schema.org\",\"@graph\":[{\"@type\":\"WebPage\",\"@id\":\"https:\\\/\\\/www.entrearteycultura.es\\\/?eap_event=visita-a-la-exposicion-madrid-en-la-coleccion-abello\",\"url\":\"https:\\\/\\\/www.entrearteycultura.es\\\/?eap_event=visita-a-la-exposicion-madrid-en-la-coleccion-abello\",\"name\":\"Visita a la exposici\u00f3n \u201cMadrid en la colecci\u00f3n Abell\u00f3\u201d - Entre Arte y cultura\",\"isPartOf\":{\"@id\":\"https:\\\/\\\/www.entrearteycultura.es\\\/#website\"},\"primaryImageOfPage\":{\"@id\":\"https:\\\/\\\/www.entrearteycultura.es\\\/?eap_event=visita-a-la-exposicion-madrid-en-la-coleccion-abello#primaryimage\"},\"image\":{\"@id\":\"https:\\\/\\\/www.entrearteycultura.es\\\/?eap_event=visita-a-la-exposicion-madrid-en-la-coleccion-abello#primaryimage\"},\"thumbnailUrl\":\"https:\\\/\\\/www.entrearteycultura.es\\\/wp-content\\\/uploads\\\/2023\\\/03\\\/joli-abello.jpg\",\"datePublished\":\"2023-03-06T16:08:33+00:00\",\"dateModified\":\"2023-04-19T10:25:56+00:00\",\"description\":\"Exposici\u00f3n de la colecci\u00f3n Abello sobre Madrid guiada por su comisario\",\"breadcrumb\":{\"@id\":\"https:\\\/\\\/www.entrearteycultura.es\\\/?eap_event=visita-a-la-exposicion-madrid-en-la-coleccion-abello#breadcrumb\"},\"inLanguage\":\"en-US\",\"potentialAction\":[{\"@type\":\"ReadAction\",\"target\":[\"https:\\\/\\\/www.entrearteycultura.es\\\/?eap_event=visita-a-la-exposicion-madrid-en-la-coleccion-abello\"]}]},{\"@type\":\"ImageObject\",\"inLanguage\":\"en-US\",\"@id\":\"https:\\\/\\\/www.entrearteycultura.es\\\/?eap_event=visita-a-la-exposicion-madrid-en-la-coleccion-abello#primaryimage\",\"url\":\"https:\\\/\\\/www.entrearteycultura.es\\\/wp-content\\\/uploads\\\/2023\\\/03\\\/joli-abello.jpg\",\"contentUrl\":\"https:\\\/\\\/www.entrearteycultura.es\\\/wp-content\\\/uploads\\\/2023\\\/03\\\/joli-abello.jpg\",\"width\":1033,\"height\":787,\"caption\":\"Cat\u00e1logo\"},{\"@type\":\"BreadcrumbList\",\"@id\":\"https:\\\/\\\/www.entrearteycultura.es\\\/?eap_event=visita-a-la-exposicion-madrid-en-la-coleccion-abello#breadcrumb\",\"itemListElement\":[{\"@type\":\"ListItem\",\"position\":1,\"name\":\"Portada\",\"item\":\"https:\\\/\\\/www.entrearteycultura.es\\\/\"},{\"@type\":\"ListItem\",\"position\":2,\"name\":\"Events\",\"item\":\"https:\\\/\\\/www.entrearteycultura.es\\\/?post_type=eap_event\"},{\"@type\":\"ListItem\",\"position\":3,\"name\":\"Visita a la exposici\u00f3n \u201cMadrid en la colecci\u00f3n Abell\u00f3\u201d\"}]},{\"@type\":\"WebSite\",\"@id\":\"https:\\\/\\\/www.entrearteycultura.es\\\/#website\",\"url\":\"https:\\\/\\\/www.entrearteycultura.es\\\/\",\"name\":\"Entre Arte y cultura\",\"description\":\"Viajes, eventos cuturales, conferencias y tertulias\",\"potentialAction\":[{\"@type\":\"SearchAction\",\"target\":{\"@type\":\"EntryPoint\",\"urlTemplate\":\"https:\\\/\\\/www.entrearteycultura.es\\\/?s={search_term_string}\"},\"query-input\":{\"@type\":\"PropertyValueSpecification\",\"valueRequired\":true,\"valueName\":\"search_term_string\"}}],\"inLanguage\":\"en-US\"}]}<\/script>\n<!-- \/ Yoast SEO plugin. -->","yoast_head_json":{"title":"Visita a la exposici\u00f3n \u201cMadrid en la colecci\u00f3n Abell\u00f3\u201d - Entre Arte y cultura","description":"Exposici\u00f3n de la colecci\u00f3n Abello sobre Madrid guiada por su comisario","robots":{"index":"index","follow":"follow","max-snippet":"max-snippet:-1","max-image-preview":"max-image-preview:large","max-video-preview":"max-video-preview:-1"},"canonical":"https:\/\/www.entrearteycultura.es\/?eap_event=visita-a-la-exposicion-madrid-en-la-coleccion-abello","og_locale":"en_US","og_type":"article","og_title":"Visita a la exposici\u00f3n \u201cMadrid en la colecci\u00f3n Abell\u00f3\u201d - Entre Arte y cultura","og_description":"Exposici\u00f3n de la colecci\u00f3n Abello sobre Madrid guiada por su comisario","og_url":"https:\/\/www.entrearteycultura.es\/?eap_event=visita-a-la-exposicion-madrid-en-la-coleccion-abello","og_site_name":"Entre Arte y cultura","article_modified_time":"2023-04-19T10:25:56+00:00","og_image":[{"width":1033,"height":787,"url":"https:\/\/www.entrearteycultura.es\/wp-content\/uploads\/2023\/03\/joli-abello.jpg","type":"image\/jpeg"}],"twitter_card":"summary_large_image","twitter_misc":{"Est. reading time":"1 minute"},"schema":{"@context":"https:\/\/schema.org","@graph":[{"@type":"WebPage","@id":"https:\/\/www.entrearteycultura.es\/?eap_event=visita-a-la-exposicion-madrid-en-la-coleccion-abello","url":"https:\/\/www.entrearteycultura.es\/?eap_event=visita-a-la-exposicion-madrid-en-la-coleccion-abello","name":"Visita a la exposici\u00f3n \u201cMadrid en la colecci\u00f3n Abell\u00f3\u201d - Entre Arte y cultura","isPartOf":{"@id":"https:\/\/www.entrearteycultura.es\/#website"},"primaryImageOfPage":{"@id":"https:\/\/www.entrearteycultura.es\/?eap_event=visita-a-la-exposicion-madrid-en-la-coleccion-abello#primaryimage"},"image":{"@id":"https:\/\/www.entrearteycultura.es\/?eap_event=visita-a-la-exposicion-madrid-en-la-coleccion-abello#primaryimage"},"thumbnailUrl":"https:\/\/www.entrearteycultura.es\/wp-content\/uploads\/2023\/03\/joli-abello.jpg","datePublished":"2023-03-06T16:08:33+00:00","dateModified":"2023-04-19T10:25:56+00:00","description":"Exposici\u00f3n de la colecci\u00f3n Abello sobre Madrid guiada por su comisario","breadcrumb":{"@id":"https:\/\/www.entrearteycultura.es\/?eap_event=visita-a-la-exposicion-madrid-en-la-coleccion-abello#breadcrumb"},"inLanguage":"en-US","potentialAction":[{"@type":"ReadAction","target":["https:\/\/www.entrearteycultura.es\/?eap_event=visita-a-la-exposicion-madrid-en-la-coleccion-abello"]}]},{"@type":"ImageObject","inLanguage":"en-US","@id":"https:\/\/www.entrearteycultura.es\/?eap_event=visita-a-la-exposicion-madrid-en-la-coleccion-abello#primaryimage","url":"https:\/\/www.entrearteycultura.es\/wp-content\/uploads\/2023\/03\/joli-abello.jpg","contentUrl":"https:\/\/www.entrearteycultura.es\/wp-content\/uploads\/2023\/03\/joli-abello.jpg","width":1033,"height":787,"caption":"Cat\u00e1logo"},{"@type":"BreadcrumbList","@id":"https:\/\/www.entrearteycultura.es\/?eap_event=visita-a-la-exposicion-madrid-en-la-coleccion-abello#breadcrumb","itemListElement":[{"@type":"ListItem","position":1,"name":"Portada","item":"https:\/\/www.entrearteycultura.es\/"},{"@type":"ListItem","position":2,"name":"Events","item":"https:\/\/www.entrearteycultura.es\/?post_type=eap_event"},{"@type":"ListItem","position":3,"name":"Visita a la exposici\u00f3n \u201cMadrid en la colecci\u00f3n Abell\u00f3\u201d"}]},{"@type":"WebSite","@id":"https:\/\/www.entrearteycultura.es\/#website","url":"https:\/\/www.entrearteycultura.es\/","name":"Entre Arte y cultura","description":"Viajes, eventos cuturales, conferencias y tertulias","potentialAction":[{"@type":"SearchAction","target":{"@type":"EntryPoint","urlTemplate":"https:\/\/www.entrearteycultura.es\/?s={search_term_string}"},"query-input":{"@type":"PropertyValueSpecification","valueRequired":true,"valueName":"search_term_string"}}],"inLanguage":"en-US"}]}},"_links":{"self":[{"href":"https:\/\/www.entrearteycultura.es\/index.php?rest_route=\/wp\/v2\/eap_event\/585","targetHints":{"allow":["GET"]}}],"collection":[{"href":"https:\/\/www.entrearteycultura.es\/index.php?rest_route=\/wp\/v2\/eap_event"}],"about":[{"href":"https:\/\/www.entrearteycultura.es\/index.php?rest_route=\/wp\/v2\/types\/eap_event"}],"author":[{"embeddable":true,"href":"https:\/\/www.entrearteycultura.es\/index.php?rest_route=\/wp\/v2\/users\/1"}],"replies":[{"embeddable":true,"href":"https:\/\/www.entrearteycultura.es\/index.php?rest_route=%2Fwp%2Fv2%2Fcomments&post=585"}],"version-history":[{"count":1,"href":"https:\/\/www.entrearteycultura.es\/index.php?rest_route=\/wp\/v2\/eap_event\/585\/revisions"}],"predecessor-version":[{"id":588,"href":"https:\/\/www.entrearteycultura.es\/index.php?rest_route=\/wp\/v2\/eap_event\/585\/revisions\/588"}],"wp:featuredmedia":[{"embeddable":true,"href":"https:\/\/www.entrearteycultura.es\/index.php?rest_route=\/wp\/v2\/media\/587"}],"wp:attachment":[{"href":"https:\/\/www.entrearteycultura.es\/index.php?rest_route=%2Fwp%2Fv2%2Fmedia&parent=585"}],"wp:term":[{"taxonomy":"category","embeddable":true,"href":"https:\/\/www.entrearteycultura.es\/index.php?rest_route=%2Fwp%2Fv2%2Fcategories&post=585"}],"curies":[{"name":"wp","href":"https:\/\/api.w.org\/{rel}","templated":true}]}}