{"id":1049,"date":"2025-01-09T14:44:04","date_gmt":"2025-01-09T14:44:04","guid":{"rendered":"https:\/\/www.entrearteycultura.es\/?post_type=eap_event&#038;p=1049"},"modified":"2025-05-04T17:42:46","modified_gmt":"2025-05-04T17:42:46","slug":"viaje-a-borgona-del-miercoles-30-abril-al-sabado-3-de-mayo","status":"publish","type":"eap_event","link":"https:\/\/www.entrearteycultura.es\/?eap_event=viaje-a-borgona-del-miercoles-30-abril-al-sabado-3-de-mayo","title":{"rendered":"VIAJE A BORGO\u00d1A. Mucho m\u00e1s que vinos. Del mi\u00e9rcoles 30 abril al s\u00e1bado 3 de mayo"},"content":{"rendered":"\n<p>Borgo\u00f1a es una regi\u00f3n del centro de Francia, al sureste de Par\u00eds y frontera con Suiza, con una r<strong>ica y antigua historia, protagonizada por los Duques de Borgo\u00f1a<\/strong>. Actualmente es conocida por sus excelentes vi\u00f1edos cultivados en\u00a0<em>domaines\u00a0<\/em>o castillos alrededor del pueblo de\u00a0<strong>Beaune<\/strong>\u00a0que producen grand\u00edsimos vinos, donde tendremos oportunidad de realizar una cata en\u00a0<strong>Chateau de Pommard. \u00a0\u00a0<\/strong><br>El\u00a0<strong>monasterio de Cluny<\/strong>\u00a0como origen de las reformas mon\u00e1sticas medievales (as\u00ed como el rico patrimonio de iglesias rom\u00e1nicas) y la ciudad de\u00a0<strong>Dijon con el Palacio de los Duques de Borgo\u00f1a<\/strong>\u00a0se convierten en los dos ejes hist\u00f3rico-art\u00edsticos de esta regi\u00f3n, siendo ambos claros referentes tambi\u00e9n para la historia de Espa\u00f1a.<br><strong>Lyon<\/strong>\u00a0ciudad milenaria situada en la confluencia del R\u00f3dano y del Saona, ofrece un viaje por el tiempo y la cultura: su centro hist\u00f3rico Patrimonio Mundial, sus palacios renacentistas, sus calles estrechas, sus\u00a0<em>traboules\u00a0<\/em>(pasadizos) y sede de los mejores restaurantes de Francia.<\/p>\n","protected":false},"excerpt":{"rendered":"<p>Borgo\u00f1a es una regi\u00f3n del centro de Francia, al sureste de Par\u00eds y frontera con Suiza, con una rica y antigua historia, protagonizada por los Duques de Borgo\u00f1a. Actualmente es conocida por sus excelentes vi\u00f1edos cultivados en\u00a0domaines\u00a0o castillos alrededor del pueblo de\u00a0Beaune\u00a0que producen grand\u00edsimos vinos, donde tendremos oportunidad de realizar una cata en\u00a0Chateau de Pommard. [&hellip;]<\/p>\n","protected":false},"author":1,"featured_media":1050,"comment_status":"open","ping_status":"closed","template":"","categories":[45],"class_list":["post-1049","eap_event","type-eap_event","status-publish","has-post-thumbnail","hentry","category-eventos-pasados"],"yoast_head":"<!-- This site is optimized with the Yoast SEO plugin v27.5 - https:\/\/yoast.com\/product\/yoast-seo-wordpress\/ -->\n<title>VIAJE A BORGO\u00d1A. Mucho m\u00e1s que vinos. Del mi\u00e9rcoles 30 abril al s\u00e1bado 3 de mayo - Entre Arte y cultura<\/title>\n<meta name=\"robots\" content=\"index, follow, max-snippet:-1, max-image-preview:large, max-video-preview:-1\" \/>\n<link rel=\"canonical\" href=\"https:\/\/www.entrearteycultura.es\/?eap_event=viaje-a-borgona-del-miercoles-30-abril-al-sabado-3-de-mayo\" \/>\n<meta property=\"og:locale\" content=\"en_US\" \/>\n<meta property=\"og:type\" content=\"article\" \/>\n<meta property=\"og:title\" content=\"VIAJE A BORGO\u00d1A. Mucho m\u00e1s que vinos. Del mi\u00e9rcoles 30 abril al s\u00e1bado 3 de mayo - Entre Arte y cultura\" \/>\n<meta property=\"og:description\" content=\"Borgo\u00f1a es una regi\u00f3n del centro de Francia, al sureste de Par\u00eds y frontera con Suiza, con una rica y antigua historia, protagonizada por los Duques de Borgo\u00f1a. Actualmente es conocida por sus excelentes vi\u00f1edos cultivados en\u00a0domaines\u00a0o castillos alrededor del pueblo de\u00a0Beaune\u00a0que producen grand\u00edsimos vinos, donde tendremos oportunidad de realizar una cata en\u00a0Chateau de Pommard. [&hellip;]\" \/>\n<meta property=\"og:url\" content=\"https:\/\/www.entrearteycultura.es\/?eap_event=viaje-a-borgona-del-miercoles-30-abril-al-sabado-3-de-mayo\" \/>\n<meta property=\"og:site_name\" content=\"Entre Arte y cultura\" \/>\n<meta property=\"article:modified_time\" content=\"2025-05-04T17:42:46+00:00\" \/>\n<meta property=\"og:image\" content=\"https:\/\/www.entrearteycultura.es\/wp-content\/uploads\/2025\/01\/Imagen3.jpg\" \/>\n\t<meta property=\"og:image:width\" content=\"567\" \/>\n\t<meta property=\"og:image:height\" content=\"198\" \/>\n\t<meta property=\"og:image:type\" content=\"image\/jpeg\" \/>\n<meta name=\"twitter:card\" content=\"summary_large_image\" \/>\n<meta name=\"twitter:label1\" content=\"Est. reading time\" \/>\n\t<meta name=\"twitter:data1\" content=\"1 minute\" \/>\n<script type=\"application\/ld+json\" class=\"yoast-schema-graph\">{\"@context\":\"https:\\\/\\\/schema.org\",\"@graph\":[{\"@type\":\"WebPage\",\"@id\":\"https:\\\/\\\/www.entrearteycultura.es\\\/?eap_event=viaje-a-borgona-del-miercoles-30-abril-al-sabado-3-de-mayo\",\"url\":\"https:\\\/\\\/www.entrearteycultura.es\\\/?eap_event=viaje-a-borgona-del-miercoles-30-abril-al-sabado-3-de-mayo\",\"name\":\"VIAJE A BORGO\u00d1A. Mucho m\u00e1s que vinos. Del mi\u00e9rcoles 30 abril al s\u00e1bado 3 de mayo - Entre Arte y cultura\",\"isPartOf\":{\"@id\":\"https:\\\/\\\/www.entrearteycultura.es\\\/#website\"},\"primaryImageOfPage\":{\"@id\":\"https:\\\/\\\/www.entrearteycultura.es\\\/?eap_event=viaje-a-borgona-del-miercoles-30-abril-al-sabado-3-de-mayo#primaryimage\"},\"image\":{\"@id\":\"https:\\\/\\\/www.entrearteycultura.es\\\/?eap_event=viaje-a-borgona-del-miercoles-30-abril-al-sabado-3-de-mayo#primaryimage\"},\"thumbnailUrl\":\"https:\\\/\\\/www.entrearteycultura.es\\\/wp-content\\\/uploads\\\/2025\\\/01\\\/Imagen3.jpg\",\"datePublished\":\"2025-01-09T14:44:04+00:00\",\"dateModified\":\"2025-05-04T17:42:46+00:00\",\"breadcrumb\":{\"@id\":\"https:\\\/\\\/www.entrearteycultura.es\\\/?eap_event=viaje-a-borgona-del-miercoles-30-abril-al-sabado-3-de-mayo#breadcrumb\"},\"inLanguage\":\"en-US\",\"potentialAction\":[{\"@type\":\"ReadAction\",\"target\":[\"https:\\\/\\\/www.entrearteycultura.es\\\/?eap_event=viaje-a-borgona-del-miercoles-30-abril-al-sabado-3-de-mayo\"]}]},{\"@type\":\"ImageObject\",\"inLanguage\":\"en-US\",\"@id\":\"https:\\\/\\\/www.entrearteycultura.es\\\/?eap_event=viaje-a-borgona-del-miercoles-30-abril-al-sabado-3-de-mayo#primaryimage\",\"url\":\"https:\\\/\\\/www.entrearteycultura.es\\\/wp-content\\\/uploads\\\/2025\\\/01\\\/Imagen3.jpg\",\"contentUrl\":\"https:\\\/\\\/www.entrearteycultura.es\\\/wp-content\\\/uploads\\\/2025\\\/01\\\/Imagen3.jpg\",\"width\":567,\"height\":198},{\"@type\":\"BreadcrumbList\",\"@id\":\"https:\\\/\\\/www.entrearteycultura.es\\\/?eap_event=viaje-a-borgona-del-miercoles-30-abril-al-sabado-3-de-mayo#breadcrumb\",\"itemListElement\":[{\"@type\":\"ListItem\",\"position\":1,\"name\":\"Portada\",\"item\":\"https:\\\/\\\/www.entrearteycultura.es\\\/\"},{\"@type\":\"ListItem\",\"position\":2,\"name\":\"Events\",\"item\":\"https:\\\/\\\/www.entrearteycultura.es\\\/?post_type=eap_event\"},{\"@type\":\"ListItem\",\"position\":3,\"name\":\"VIAJE A BORGO\u00d1A. Mucho m\u00e1s que vinos. Del mi\u00e9rcoles 30 abril al s\u00e1bado 3 de mayo\"}]},{\"@type\":\"WebSite\",\"@id\":\"https:\\\/\\\/www.entrearteycultura.es\\\/#website\",\"url\":\"https:\\\/\\\/www.entrearteycultura.es\\\/\",\"name\":\"Entre Arte y cultura\",\"description\":\"Viajes, eventos cuturales, conferencias y tertulias\",\"potentialAction\":[{\"@type\":\"SearchAction\",\"target\":{\"@type\":\"EntryPoint\",\"urlTemplate\":\"https:\\\/\\\/www.entrearteycultura.es\\\/?s={search_term_string}\"},\"query-input\":{\"@type\":\"PropertyValueSpecification\",\"valueRequired\":true,\"valueName\":\"search_term_string\"}}],\"inLanguage\":\"en-US\"}]}<\/script>\n<!-- \/ Yoast SEO plugin. -->","yoast_head_json":{"title":"VIAJE A BORGO\u00d1A. Mucho m\u00e1s que vinos. Del mi\u00e9rcoles 30 abril al s\u00e1bado 3 de mayo - Entre Arte y cultura","robots":{"index":"index","follow":"follow","max-snippet":"max-snippet:-1","max-image-preview":"max-image-preview:large","max-video-preview":"max-video-preview:-1"},"canonical":"https:\/\/www.entrearteycultura.es\/?eap_event=viaje-a-borgona-del-miercoles-30-abril-al-sabado-3-de-mayo","og_locale":"en_US","og_type":"article","og_title":"VIAJE A BORGO\u00d1A. Mucho m\u00e1s que vinos. Del mi\u00e9rcoles 30 abril al s\u00e1bado 3 de mayo - Entre Arte y cultura","og_description":"Borgo\u00f1a es una regi\u00f3n del centro de Francia, al sureste de Par\u00eds y frontera con Suiza, con una rica y antigua historia, protagonizada por los Duques de Borgo\u00f1a. Actualmente es conocida por sus excelentes vi\u00f1edos cultivados en\u00a0domaines\u00a0o castillos alrededor del pueblo de\u00a0Beaune\u00a0que producen grand\u00edsimos vinos, donde tendremos oportunidad de realizar una cata en\u00a0Chateau de Pommard. [&hellip;]","og_url":"https:\/\/www.entrearteycultura.es\/?eap_event=viaje-a-borgona-del-miercoles-30-abril-al-sabado-3-de-mayo","og_site_name":"Entre Arte y cultura","article_modified_time":"2025-05-04T17:42:46+00:00","og_image":[{"width":567,"height":198,"url":"https:\/\/www.entrearteycultura.es\/wp-content\/uploads\/2025\/01\/Imagen3.jpg","type":"image\/jpeg"}],"twitter_card":"summary_large_image","twitter_misc":{"Est. reading time":"1 minute"},"schema":{"@context":"https:\/\/schema.org","@graph":[{"@type":"WebPage","@id":"https:\/\/www.entrearteycultura.es\/?eap_event=viaje-a-borgona-del-miercoles-30-abril-al-sabado-3-de-mayo","url":"https:\/\/www.entrearteycultura.es\/?eap_event=viaje-a-borgona-del-miercoles-30-abril-al-sabado-3-de-mayo","name":"VIAJE A BORGO\u00d1A. Mucho m\u00e1s que vinos. Del mi\u00e9rcoles 30 abril al s\u00e1bado 3 de mayo - Entre Arte y cultura","isPartOf":{"@id":"https:\/\/www.entrearteycultura.es\/#website"},"primaryImageOfPage":{"@id":"https:\/\/www.entrearteycultura.es\/?eap_event=viaje-a-borgona-del-miercoles-30-abril-al-sabado-3-de-mayo#primaryimage"},"image":{"@id":"https:\/\/www.entrearteycultura.es\/?eap_event=viaje-a-borgona-del-miercoles-30-abril-al-sabado-3-de-mayo#primaryimage"},"thumbnailUrl":"https:\/\/www.entrearteycultura.es\/wp-content\/uploads\/2025\/01\/Imagen3.jpg","datePublished":"2025-01-09T14:44:04+00:00","dateModified":"2025-05-04T17:42:46+00:00","breadcrumb":{"@id":"https:\/\/www.entrearteycultura.es\/?eap_event=viaje-a-borgona-del-miercoles-30-abril-al-sabado-3-de-mayo#breadcrumb"},"inLanguage":"en-US","potentialAction":[{"@type":"ReadAction","target":["https:\/\/www.entrearteycultura.es\/?eap_event=viaje-a-borgona-del-miercoles-30-abril-al-sabado-3-de-mayo"]}]},{"@type":"ImageObject","inLanguage":"en-US","@id":"https:\/\/www.entrearteycultura.es\/?eap_event=viaje-a-borgona-del-miercoles-30-abril-al-sabado-3-de-mayo#primaryimage","url":"https:\/\/www.entrearteycultura.es\/wp-content\/uploads\/2025\/01\/Imagen3.jpg","contentUrl":"https:\/\/www.entrearteycultura.es\/wp-content\/uploads\/2025\/01\/Imagen3.jpg","width":567,"height":198},{"@type":"BreadcrumbList","@id":"https:\/\/www.entrearteycultura.es\/?eap_event=viaje-a-borgona-del-miercoles-30-abril-al-sabado-3-de-mayo#breadcrumb","itemListElement":[{"@type":"ListItem","position":1,"name":"Portada","item":"https:\/\/www.entrearteycultura.es\/"},{"@type":"ListItem","position":2,"name":"Events","item":"https:\/\/www.entrearteycultura.es\/?post_type=eap_event"},{"@type":"ListItem","position":3,"name":"VIAJE A BORGO\u00d1A. Mucho m\u00e1s que vinos. Del mi\u00e9rcoles 30 abril al s\u00e1bado 3 de mayo"}]},{"@type":"WebSite","@id":"https:\/\/www.entrearteycultura.es\/#website","url":"https:\/\/www.entrearteycultura.es\/","name":"Entre Arte y cultura","description":"Viajes, eventos cuturales, conferencias y tertulias","potentialAction":[{"@type":"SearchAction","target":{"@type":"EntryPoint","urlTemplate":"https:\/\/www.entrearteycultura.es\/?s={search_term_string}"},"query-input":{"@type":"PropertyValueSpecification","valueRequired":true,"valueName":"search_term_string"}}],"inLanguage":"en-US"}]}},"_links":{"self":[{"href":"https:\/\/www.entrearteycultura.es\/index.php?rest_route=\/wp\/v2\/eap_event\/1049","targetHints":{"allow":["GET"]}}],"collection":[{"href":"https:\/\/www.entrearteycultura.es\/index.php?rest_route=\/wp\/v2\/eap_event"}],"about":[{"href":"https:\/\/www.entrearteycultura.es\/index.php?rest_route=\/wp\/v2\/types\/eap_event"}],"author":[{"embeddable":true,"href":"https:\/\/www.entrearteycultura.es\/index.php?rest_route=\/wp\/v2\/users\/1"}],"replies":[{"embeddable":true,"href":"https:\/\/www.entrearteycultura.es\/index.php?rest_route=%2Fwp%2Fv2%2Fcomments&post=1049"}],"version-history":[{"count":2,"href":"https:\/\/www.entrearteycultura.es\/index.php?rest_route=\/wp\/v2\/eap_event\/1049\/revisions"}],"predecessor-version":[{"id":1053,"href":"https:\/\/www.entrearteycultura.es\/index.php?rest_route=\/wp\/v2\/eap_event\/1049\/revisions\/1053"}],"wp:featuredmedia":[{"embeddable":true,"href":"https:\/\/www.entrearteycultura.es\/index.php?rest_route=\/wp\/v2\/media\/1050"}],"wp:attachment":[{"href":"https:\/\/www.entrearteycultura.es\/index.php?rest_route=%2Fwp%2Fv2%2Fmedia&parent=1049"}],"wp:term":[{"taxonomy":"category","embeddable":true,"href":"https:\/\/www.entrearteycultura.es\/index.php?rest_route=%2Fwp%2Fv2%2Fcategories&post=1049"}],"curies":[{"name":"wp","href":"https:\/\/api.w.org\/{rel}","templated":true}]}}